{"nbFiches":1,"dataPrest":{"infoPrest":{"pave1":{"libelle":"Descriptif","contenu":"","fichiers":[]},"pave2":{"libelle":"Descriptif court","contenu":"Course de Ski Alpinisme Nocturne Mont\u00e9e s\u00e8che de 776m de d\u00e9nivel\u00e9 + pour 3,5 km. \u003Cbr \/\u003E\r\n\u003Cbr \/\u003E\r\nCourse #9","fichiers":[]},"pave3":{"libelle":"Descriptif d\u00e9taill\u00e9","contenu":"Cette \u00e9preuve est une course de ski alpinisme, de type \"Vertical Race\", courue sur piste de ski alpin, en nocturne et en contre la montre ; chronom\u00e9tr\u00e9e seulement \u00e0 la mont\u00e9e. \u003Cbr \/\u003E\r\nLe d\u00e9part est donn\u00e9 sur le front de neige de l'Aiguille. L'arriv\u00e9e est jug\u00e9e au niveau du d\u00e9barquement du t\u00e9l\u00e9si\u00e8ge l\u2019Observatoire.\u003Cbr \/\u003E\r\n\u003Cbr \/\u003E\r\n776m de d\u00e9nivel\u00e9 \/ 3,5 km de distance, d\u00e9part chrono toutes les 20 secondes.\u003Cbr \/\u003E\r\nD\u00e9part du Front de Neige \u00e0 1800 m. \u003Cbr \/\u003E\r\nArriv\u00e9e situ\u00e9e \u00e0 2 576 m d\u2019altitude\u003Cbr \/\u003E\r\n\u003Cbr \/\u003E\r\nProgramme pr\u00e9visionnel\u003Cbr \/\u003E\r\nDe 16h00 \u00e0 17h45   Remise des dossards sur le Front de Neige (pas d'inscription sur place). \u003Cbr \/\u003E\r\nDe 16h00 \u00e0 18h00 D\u00e9pose des sacs de rechanges qui seront achemin\u00e9s par l'organisation \u00e0 l\u2019arriv\u00e9e au sommet. Minimisez le volume de votre bagage, la place est limit\u00e9e.\u003Cbr \/\u003E\r\n\u003Cbr \/\u003E\r\nDe 16h00 \u00e0 18h00 animation propos\u00e9e par le Parc national du Mercantour \"Survivre \u00e0 l'hiver : les secrets de la faune sauvage en montagne \"\u003Cbr \/\u003E\r\nEn attendant le d\u00e9part des coureurs de l'Obs by night, venez d\u00e9couvrir sur le stand du Parc national du Mercantour les incroyables strat\u00e9gies que la faune sauvage met en \u0153uvre pour r\u00e9sister aux rudes hivers de la montagne. \u003Cbr \/\u003E\r\nComment les animaux parviennent ils \u00e0 survivre \u00e0 l'hiver, lorsque le froid s'installe et que les ressources alimentaires se rar\u00e9fient ? \u003Cbr \/\u003E\r\nA travers des jeux et des anecdotes, plongez dans l'intimit\u00e9 de la faune sauvage de la faune alpine et d\u00e9couvrez les myst\u00e8res de leur survie en haute altitude. \u003Cbr \/\u003E\r\nUne occasion de mieux comprendre les animaux sauvages qui nous entourent et de savoir comment respecter leur qui\u00e9tude en hiver \"\u003Cbr \/\u003E\r\n\u003Cbr \/\u003E\r\nDe 17h00 \u00e0 21h00 Animations sur le front de neige assur\u00e9es par l'ESF de la Foux d'Allos et le service animations \u003Cbr \/\u003E\r\n\u003Cbr \/\u003E\r\n18h00   Briefing de Course\u003Cbr \/\u003E\r\n18h00   D\u00e9part de la dameuse charg\u00e9e des sacs coureurs\u003Cbr \/\u003E\r\n18h30   D\u00e9part du 1er coureur, puis d\u00e9part \u00e9chelonn\u00e9 toutes les 20 secondes\u003Cbr \/\u003E\r\n19h15  Feu d\u2019Artifice tir\u00e9 du sommet de l\u2019Observatoire\u003Cbr \/\u003E\r\n20h45 Remise des prix  (Front de Neige de l\u2019Aiguille)\u003Cbr \/\u003E\r\n\u003Cbr \/\u003E\r\n\u003Cbr \/\u003E\r\nOuverture sp\u00e9ciale des restaurants d'altitude du Parapente et de l'Altiplano. \u003Cbr \/\u003E\r\nLes spectateurs sont les bienvenus sur place pour venir encourager les coureurs.\u003Cbr \/\u003E\r\n\u003Cbr \/\u003E\r\n\u2022\t1\u00e8re arriv\u00e9e au sommet estim\u00e9e \u00e0 19h25 - 19h30 \/ derni\u00e8re arriv\u00e9e estim\u00e9e \u00e0 20h45\u003Cbr \/\u003E\r\n\u2022\tDernier d\u00e9part du front de neige vers 19h20 \/ 19h30, (suivant le nombre r\u00e9el de coureurs pr\u00e9sents au d\u00e9part et le nombre de DUO - 180 coureurs toutes les 20 secondes = 60 minutes)\u003Cbr \/\u003E\r\n\u003Cbr \/\u003E\r\nProgramme susceptible de modification","fichiers":[]},"pave4":{"libelle":"Bons plans","contenu":"","fichiers":[]},"pave5":{"libelle":"Compl\u00e9ment localisation","contenu":"","fichiers":[]},"pave6":{"libelle":"Compl\u00e9ment accueil","contenu":"","fichiers":[]},"pave7":{"libelle":"P\u00e9riodes en clair","contenu":"Samedi 6 f\u00e9vrier 2027.","fichiers":[]},"pave8":{"libelle":"Tarifs en clair","contenu":"25\u20ac en solo \u003Cbr \/\u003E\r\n40\u20ac en \u00e9quipe mixte.","fichiers":[]},"pave9":{"libelle":"Compl\u00e9ment Tarifs","contenu":"25\u20ac en solo \u003Cbr \/\u003E\r\n40\u20ac en \u00e9quipe mixte","fichiers":[]},"pave10":{"libelle":"Compl\u00e9ment R\u00e9servation","contenu":"","fichiers":[]},"pave11":{"libelle":"Descriptif court","contenu":"","fichiers":[]},"pave12":{"libelle":"Descriptif d\u00e9taill\u00e9","contenu":"","fichiers":[]},"pave13":{"libelle":"Bons plans","contenu":"","fichiers":[]},"pave14":{"libelle":"Tarifs (Tarifs en clair, Compl\u00e9ment Tarifs)","contenu":"","fichiers":[]},"pave15":{"libelle":"P\u00e9riodes en clair","contenu":"","fichiers":[]},"pave16":{"libelle":"Descriptif court","contenu":"","fichiers":[]},"pave17":{"libelle":"Descriptif d\u00e9taill\u00e9","contenu":"","fichiers":[]},"pave18":{"libelle":"Bons plans","contenu":"","fichiers":[]},"pave19":{"libelle":"Tarifs (Tarifs en clair, Compl\u00e9ment Tarifs)","contenu":"","fichiers":[]},"pave20":{"libelle":"P\u00e9riodes en clair","contenu":"","fichiers":[]},"pave21":{"libelle":"Dispositions sp\u00e9ciales","contenu":"","fichiers":[]},"pave22":{"libelle":"Nouveaut\u00e9s","contenu":"","fichiers":[]},"pave23":{"libelle":"Gestes pour l'environnement","contenu":"","fichiers":[]},"pave24":{"libelle":"","contenu":""},"pave25":{"libelle":"","contenu":""},"Libelle":"L'Obs by night","Reference":"","Reftar":"","Type":"PRESTATION","TypePrestataire":"Y","ContexteStat":"PRESTATION-Y-6370616-4817091","DateModificationIso":"2026-02-23T00:17:00+01:00","Adresse":{"LigneAdresse1":"","LigneAdresse2":"","LigneAdresse3":"","CodePostal":"04260","Ville":"La Foux d\u2019Allos","Cedex":"","Etat":"","Pays":"FRA"},"Id":"y-6370616-4817091","Code":"Y|6370616|4817091","Cle":"Y|6370616|4817091","Url":"l-obs-by-night-0.html","Localisation":{"GoogleMap":{"Latitude":"44.290547","Longitude":"6.567673"}},"ZoneGeo":"","Criteres":{"VISIB[ACCUEILETE":"","VISIB[ACCUEILHIVER":"","34[1591":"","prestations[surchargeTourismesAdaptes":"","prestations[surchargeDescriptifHandicapMoteur":"","prestations[surchargeDescriptifHandicapAuditif":"","prestations[surchargeDescriptifHandicapVisuel":"","prestations[surchargeDescriptifHandicapMental":"","prestations[surchargeNombreFauteuilsRoulants":"","languesParlees[1197":"","35[3736":"","114[435":"","typesManifestation[1971":"","97[2068":"","105[2155":"","105[2312":"","portee[2351":"","CINTSITRA[5664":"","CINTSITRA[8809":"","6241[126905":"","6241[5740912":"","3218[311229":"","3220[587401":"","3220[5575332":"","3233[591419":"","3221[4876304":"","3219[5127066":"","3219[5239406":"","3240[5778284":"","3230[6139211":"","VilleSitra[37282":"","VillageDeDepart[37282":""},"ContactsParType":{"IWEB":{"116934":{"id_contact":"116934","type_contact":"IWEB","categorie_contact":"PRESTATION","societe_contact":"","fonction_contact":"","civilite_nom_prenom_contact":"Association courir en Haut Verdon  ","adresse1_contact":"","adresse2_contact":"","adresse3_contact":"","cpostal_contact":"","ville_contact":"","teldom_contact":"04 92 83 96 10","telbur_contact":"","fax_contact":"","portable_contact":"","email_contact":"lobsbynight@gmail.com","siteweb_contact":"","commentaire_contact":"","langue_contact":"","autre_moyen_com":[]}},"RES":{"116935":{"id_contact":"116935","type_contact":"RES","categorie_contact":"PRESTATION","societe_contact":"","fonction_contact":"","civilite_nom_prenom_contact":"Inscription ","adresse1_contact":"","adresse2_contact":"","adresse3_contact":"","cpostal_contact":"","ville_contact":"","teldom_contact":"","telbur_contact":"","fax_contact":"","portable_contact":"","email_contact":"","siteweb_contact":"https:\/\/sportips.fr\/inscription\/LOBS26","commentaire_contact":"","langue_contact":"","autre_moyen_com":[]}}},"LiensEtWidgetsParType":{"R":[{"Id":"16203","TypePrestataire":"Y","CodePrestataire":"6370616","CodePrestation":"4817091","CodeLibelle":"URL00002244","Type":"R","Url":"https:\/\/sportips.fr\/inscription\/LOBS26","Defaut":"N","Langue":"","Nature":"URL","Import":"SITRA2","LibelleText":"Inscription","Theme":""}]},"LiensEtWidgets":[{"Id":"16203","TypePrestataire":"Y","CodePrestataire":"6370616","CodePrestation":"4817091","CodeLibelle":"URL00002244","Type":"R","Url":"https:\/\/sportips.fr\/inscription\/LOBS26","Defaut":"N","Langue":"","Nature":"URL","Import":"SITRA2","LibelleText":"Inscription","Theme":""}],"ContactRemplaceCoordonnees":"116934","Prestataire":{"pave1":{"libelle":"","contenu":""},"pave2":{"libelle":"","contenu":""},"pave3":{"libelle":"","contenu":""},"pave4":{"libelle":"","contenu":""},"pave5":{"libelle":"","contenu":""},"pave6":{"libelle":"","contenu":""},"pave7":{"libelle":"","contenu":""},"pave8":{"libelle":"","contenu":""},"pave9":{"libelle":"","contenu":""},"pave10":{"libelle":"","contenu":""},"pave11":{"libelle":"","contenu":""},"pave12":{"libelle":"","contenu":""},"pave13":{"libelle":"","contenu":""},"pave14":{"libelle":"","contenu":""},"pave15":{"libelle":"","contenu":""},"pave16":{"libelle":"","contenu":""},"pave17":{"libelle":"","contenu":""},"pave18":{"libelle":"","contenu":""},"pave19":{"libelle":"","contenu":""},"pave20":{"libelle":"","contenu":""},"pave21":{"libelle":"","contenu":""},"pave22":{"libelle":"","contenu":""},"pave23":{"libelle":"","contenu":""},"pave24":{"libelle":"","contenu":""},"pave25":{"libelle":"","contenu":""},"ContactsParType":{"DIR":{"112549":{"id_contact":"112549","type_contact":"DIR","categorie_contact":"PRESTATAIRE","societe_contact":"","fonction_contact":"","civilite_nom_prenom_contact":"M ROVERA Ren\u00e9 ","adresse1_contact":"","adresse2_contact":"","adresse3_contact":"","cpostal_contact":"","ville_contact":"","teldom_contact":"","telbur_contact":"","fax_contact":"","portable_contact":"06 11 12 26 22","email_contact":"","siteweb_contact":"","commentaire_contact":"","langue_contact":"","autre_moyen_com":[]}},"SCOM":{"112550":{"id_contact":"112550","type_contact":"SCOM","categorie_contact":"PRESTATAIRE","societe_contact":"","fonction_contact":"","civilite_nom_prenom_contact":"MME GOURMELON Anne-Claire ","adresse1_contact":"","adresse2_contact":"","adresse3_contact":"","cpostal_contact":"","ville_contact":"","teldom_contact":"","telbur_contact":"","fax_contact":"","portable_contact":"","email_contact":"","siteweb_contact":"","commentaire_contact":"","langue_contact":"","autre_moyen_com":[]}},"GEST":{"112552":{"id_contact":"112552","type_contact":"GEST","categorie_contact":"PRESTATAIRE","societe_contact":"","fonction_contact":"","civilite_nom_prenom_contact":"Association courir en Haut Verdon ","adresse1_contact":"Office Intercommunal Jeunesse et Sports","adresse2_contact":"Maison de Pays","adresse3_contact":"","cpostal_contact":"04370","ville_contact":"Beauvezer","teldom_contact":"04 92 83 96 10","telbur_contact":"","fax_contact":"","portable_contact":"","email_contact":"contact-2020@traildesmelezes.fr","siteweb_contact":"","commentaire_contact":"","langue_contact":"","autre_moyen_com":[]}}},"Libelle":"Association courir en Haut Verdon","Nom":"Association courir en Haut Verdon ","Prenom":"","NomPrenom":"Association courir en Haut Verdon  ","CiviliteNomPrenom":"Association courir en Haut Verdon  ","Cle":"Y|6370616","PrestataireParent":"","ContexteStat":"PRESTATAIRE-Y-6370616","DateModificationIso":"2025-08-06T01:46:00+02:00","Type":"PRESTATAIRE","TypePrestataire":"Y","Adresse":{"LigneAdresse1":"","LigneAdresse2":"","LigneAdresse3":"","CodePostal":"","Ville":"","Cedex":"","Etat":"","Pays":""},"Email":"lobsbynight@gmail.com","Telephone":"04 92 83 96 10","TelephoneBureau":"","Portable":"","SiteWeb":"","Fax":"","Id":"y-6370616","Code":"Y|6370616","Fichier":[],"Url":"","Localisation":{"GoogleMap":{"Latitude":"","Longitude":""}},"ZoneGeo":"","Criteres":{"P.3218[311229":"","P.3220[520893":"","P.3220[587444":"","P.3220[5178430":"","P.3220[5575332":"","P.3233[591419":"","P.3221[4876304":"","P.3219[5127127":"","P.3219[5239406":"","P.3219[6436838":"","P.3227[5180675":"","P.VilleSitra[1574":"","P.VillageDeDepart[1574":""},"DateFinPublication":""},"Fichier":{"Image":[{"url":"https:\/\/www.valdallos.com\/medias\/images\/prestations\/78947-lobs_2024.jpg","chemin":"..\/medias\/images\/prestations\/78947-lobs_2024.jpg","libelle":"l'obs by night","extension":"jpg","categorie":"","largeur":800,"theme":"","hauteur":600,"type":"Image","origine":"","liaisonPave":"","langue":"","id":"78947","urlVignette":"https:\/\/www.valdallos.com\/medias\/images\/prestations\/v-78947-lobs_2024.jpg","alt":"l'obs by night","title":"l'obs by night - &copy B Courbon","MultiTaille":{"1920x1440":{"url":"https:\/\/www.valdallos.com\/medias\/images\/prestations\/multitailles\/1920x1440_78947-lobs_2024.jpg"},"1200x900":{"url":"https:\/\/www.valdallos.com\/medias\/images\/prestations\/multitailles\/1200x900_78947-lobs_2024.jpg"},"800x600":{"url":"https:\/\/www.valdallos.com\/medias\/images\/prestations\/multitailles\/800x600_78947-lobs_2024.jpg"},"640x480":{"url":"https:\/\/www.valdallos.com\/medias\/images\/prestations\/multitailles\/640x480_78947-lobs_2024.jpg"},"320x240":{"url":"https:\/\/www.valdallos.com\/medias\/images\/prestations\/multitailles\/320x240_78947-lobs_2024.jpg"},"160x120":{"url":"https:\/\/www.valdallos.com\/medias\/images\/prestations\/multitailles\/160x120_78947-lobs_2024.jpg"},"origine":{"url":"https:\/\/www.valdallos.com\/medias\/images\/prestations\/78947-lobs_2024.jpg"}},"urlLien":"","typeLien":"","nofollow":"N","copyright":"B Courbon"}],"ByCategorie":{"":[{"url":"https:\/\/www.valdallos.com\/medias\/images\/prestations\/78947-lobs_2024.jpg","chemin":"..\/medias\/images\/prestations\/78947-lobs_2024.jpg","libelle":"l'obs by night","extension":"jpg","categorie":"","largeur":800,"theme":"","hauteur":600,"type":"Image","origine":"","liaisonPave":"","langue":"","id":"78947","urlVignette":"https:\/\/www.valdallos.com\/medias\/images\/prestations\/v-78947-lobs_2024.jpg","alt":"l'obs by night","title":"l'obs by night - &copy B Courbon","MultiTaille":{"1920x1440":{"url":"https:\/\/www.valdallos.com\/medias\/images\/prestations\/multitailles\/1920x1440_78947-lobs_2024.jpg"},"1200x900":{"url":"https:\/\/www.valdallos.com\/medias\/images\/prestations\/multitailles\/1200x900_78947-lobs_2024.jpg"},"800x600":{"url":"https:\/\/www.valdallos.com\/medias\/images\/prestations\/multitailles\/800x600_78947-lobs_2024.jpg"},"640x480":{"url":"https:\/\/www.valdallos.com\/medias\/images\/prestations\/multitailles\/640x480_78947-lobs_2024.jpg"},"320x240":{"url":"https:\/\/www.valdallos.com\/medias\/images\/prestations\/multitailles\/320x240_78947-lobs_2024.jpg"},"160x120":{"url":"https:\/\/www.valdallos.com\/medias\/images\/prestations\/multitailles\/160x120_78947-lobs_2024.jpg"},"origine":{"url":"https:\/\/www.valdallos.com\/medias\/images\/prestations\/78947-lobs_2024.jpg"}},"urlLien":"","typeLien":"","nofollow":"N","copyright":"B Courbon"},{"url":"https:\/\/youtu.be\/9iAD3Eo7N8I?si=DM_IPEd-9e0DVgrb","libelle":"L'obs by night","categorie":"","largeur":"","theme":"","hauteur":"","type":"Video","origine":"YOUTUBE","liaisonPave":"","langue":"FR","id":"78949","htmlVideo":"\u003Ciframe src=\"https:\/\/www.youtube.com\/embed\/9iAD3Eo7N8I?wmode=opaque&rel=0&start=0\" width=\"\" height=\"\" style=\"border:0;\" allowfullscreen\u003E\u003C\/iframe\u003E","vignetteVideo":"\u003Cimg src=\"https:\/\/img.youtube.com\/vi\/9iAD3Eo7N8I\/0.jpg\" \/\u003E"}]},"Video":[{"url":"https:\/\/youtu.be\/9iAD3Eo7N8I?si=DM_IPEd-9e0DVgrb","libelle":"L'obs by night","categorie":"","largeur":"","theme":"","hauteur":"","type":"Video","origine":"YOUTUBE","liaisonPave":"","langue":"FR","id":"78949","htmlVideo":"\u003Ciframe src=\"https:\/\/www.youtube.com\/embed\/9iAD3Eo7N8I?wmode=opaque&rel=0&start=0\" width=\"\" height=\"\" style=\"border:0;\" allowfullscreen\u003E\u003C\/iframe\u003E","vignetteVideo":"\u003Cimg src=\"https:\/\/img.youtube.com\/vi\/9iAD3Eo7N8I\/0.jpg\" \/\u003E"}]},"DateDebPublication":"","DateFinPublication":"","PrixAPartirDe":"","PrixPour":"","FicheListeEnCours":"fiche_liste_fetes_manifestations_prestation_OT_v3","ParametresModele":{"AfficherPhotos":1,"NbPhotosMax":6,"AfficherReserver":0,"AfficherContact":0,"AfficherSalle":1,"AfficherZoneGeo":0,"AfficherEnSavoirPlus":"0","AfficherUneSeuleOuverture":0,"AfficherContactCarte":1,"AfficherTarifsChaudAPartirDe":0,"AfficherTarifChaudSansRecherche":0,"AfficherOuverture":"1","BlocPaveInfo":{"texte1":{"pave":["1"],"longeurmax":"250","afficherLibelle":"0","garderHtml":"0","boutonVoirPlus":""},"texte3":{"longeurmax":"","afficherLibelle":"0","garderHtml":"0","boutonVoirPlus":""}},"CriteresComportementResa":"RESA[OUIRESA","ModeleUrl":"fiche_fetes_manifestations_prestation_OT_v3","PositionBloc":"GALLERIE|ZONEPRINCIPALFICHEPRESTA|NOM|OUVERTURES|CARNET_VOYAGE","TypePrestataire":"Y","ComportementResa":false,"ComportementDispo":false},"AffichageCoordonnees":[],"Coordonnees":{"Ville":"La Foux d\u2019Allos"},"ContexteId":"PRESTATION|Y|6370616|4817091","ContexteIdHtml":"PRESTATION-Y-6370616-4817091","cleContexte":"Y|6370616|4817091","Bloc":{"texte1":"","texte3":"","critere1":{"libelle":"","contenu":[]},"critere2":{"libelle":"","contenu":[]},"critere3":{"libelle":"","contenu":[]},"critere4":{"libelle":"","contenu":[]},"critere5":{"libelle":"","contenu":[]},"critere6":{"libelle":"","contenu":[]},"critere7":{"libelle":"","contenu":[]},"critere8":{"libelle":"","contenu":[]},"critere9":{"libelle":"","contenu":[]}},"LocalisationGps":{"Latitude":"44.290547","Longitude":"6.567673"},"libelleDuPrestataire":"","vuePrestataire":{"pave1":{"libelle":"","contenu":""},"pave2":{"libelle":"","contenu":""},"pave3":{"libelle":"","contenu":""},"pave4":{"libelle":"","contenu":""},"pave5":{"libelle":"","contenu":""},"pave6":{"libelle":"","contenu":""},"pave7":{"libelle":"","contenu":""},"pave8":{"libelle":"","contenu":""},"pave9":{"libelle":"","contenu":""},"pave10":{"libelle":"","contenu":""},"pave11":{"libelle":"","contenu":""},"pave12":{"libelle":"","contenu":""},"pave13":{"libelle":"","contenu":""},"pave14":{"libelle":"","contenu":""},"pave15":{"libelle":"","contenu":""},"pave16":{"libelle":"","contenu":""},"pave17":{"libelle":"","contenu":""},"pave18":{"libelle":"","contenu":""},"pave19":{"libelle":"","contenu":""},"pave20":{"libelle":"","contenu":""},"pave21":{"libelle":"","contenu":""},"pave22":{"libelle":"","contenu":""},"pave23":{"libelle":"","contenu":""},"pave24":{"libelle":"","contenu":""},"pave25":{"libelle":"","contenu":""},"ContactsParType":{"DIR":{"112549":{"id_contact":"112549","type_contact":"DIR","categorie_contact":"PRESTATAIRE","societe_contact":"","fonction_contact":"","civilite_nom_prenom_contact":"M ROVERA Ren\u00e9 ","adresse1_contact":"","adresse2_contact":"","adresse3_contact":"","cpostal_contact":"","ville_contact":"","teldom_contact":"","telbur_contact":"","fax_contact":"","portable_contact":"06 11 12 26 22","email_contact":"","siteweb_contact":"","commentaire_contact":"","langue_contact":"","autre_moyen_com":[]}},"SCOM":{"112550":{"id_contact":"112550","type_contact":"SCOM","categorie_contact":"PRESTATAIRE","societe_contact":"","fonction_contact":"","civilite_nom_prenom_contact":"MME GOURMELON Anne-Claire ","adresse1_contact":"","adresse2_contact":"","adresse3_contact":"","cpostal_contact":"","ville_contact":"","teldom_contact":"","telbur_contact":"","fax_contact":"","portable_contact":"","email_contact":"","siteweb_contact":"","commentaire_contact":"","langue_contact":"","autre_moyen_com":[]}},"GEST":{"112552":{"id_contact":"112552","type_contact":"GEST","categorie_contact":"PRESTATAIRE","societe_contact":"","fonction_contact":"","civilite_nom_prenom_contact":"Association courir en Haut Verdon ","adresse1_contact":"Office Intercommunal Jeunesse et Sports","adresse2_contact":"Maison de Pays","adresse3_contact":"","cpostal_contact":"04370","ville_contact":"Beauvezer","teldom_contact":"04 92 83 96 10","telbur_contact":"","fax_contact":"","portable_contact":"","email_contact":"contact-2020@traildesmelezes.fr","siteweb_contact":"","commentaire_contact":"","langue_contact":"","autre_moyen_com":[]}}},"Libelle":"Association courir en Haut Verdon","Nom":"Association courir en Haut Verdon ","Prenom":"","NomPrenom":"Association courir en Haut Verdon  ","CiviliteNomPrenom":"Association courir en Haut Verdon  ","Cle":"Y|6370616","PrestataireParent":"","ContexteStat":"PRESTATAIRE-Y-6370616","DateModificationIso":"2025-08-06T01:46:00+02:00","Type":"PRESTATAIRE","TypePrestataire":"Y","Adresse":{"LigneAdresse1":"","LigneAdresse2":"","LigneAdresse3":"","CodePostal":"","Ville":"","Cedex":"","Etat":"","Pays":""},"Email":"lobsbynight@gmail.com","Telephone":"04 92 83 96 10","TelephoneBureau":"","Portable":"","SiteWeb":"","Fax":"","Id":"y-6370616","Code":"Y|6370616","Fichier":[],"Url":"","Localisation":{"GoogleMap":{"Latitude":"","Longitude":""}},"ZoneGeo":"","Criteres":{"P.3218[311229":"","P.3220[520893":"","P.3220[587444":"","P.3220[5178430":"","P.3220[5575332":"","P.3233[591419":"","P.3221[4876304":"","P.3219[5127127":"","P.3219[5239406":"","P.3219[6436838":"","P.3227[5180675":"","P.VilleSitra[1574":"","P.VillageDeDepart[1574":""},"DateFinPublication":"","AffichageCoordonnees":[]},"listeCriteres":{"VISIB":{"ACCUEILETE":"","ACCUEILHIVER":""},"34":{"1591":""},"prestations":{"surchargeTourismesAdaptes":"","surchargeDescriptifHandicapMoteur":"","surchargeDescriptifHandicapAuditif":"","surchargeDescriptifHandicapVisuel":"","surchargeDescriptifHandicapMental":"","surchargeNombreFauteuilsRoulants":""},"languesParlees":{"1197":""},"35":{"3736":""},"114":{"435":""},"typesManifestation":{"1971":""},"97":{"2068":""},"105":{"2155":"","2312":""},"portee":{"2351":""},"CINTSITRA":{"5664":"","8809":""},"6241":{"126905":"","5740912":""},"3218":{"311229":""},"3220":{"587401":"","5575332":""},"3233":{"591419":""},"3221":{"4876304":""},"3219":{"5127066":"","5239406":""},"3240":{"5778284":""},"3230":{"6139211":""},"VilleSitra":{"37282":""},"VillageDeDepart":{"37282":""},"P.3218":{"311229":""},"P.3220":{"520893":"","587444":"","5178430":"","5575332":""},"P.3233":{"591419":""},"P.3221":{"4876304":""},"P.3219":{"5127127":"","5239406":"","6436838":""},"P.3227":{"5180675":""},"P.VilleSitra":{"1574":""},"P.VillageDeDepart":{"1574":""}},"dansCarnetVoyage":true,"Ouverture":{"0-unique":"\u003Cp class=\"date\" \u003ESamedi 06 f\u00e9vrier 2027\u003C\/p\u003E"},"OuverturePasse":[],"OuvertureObjs":[{}],"OuvertureTab":[["20270206","20270206"]]},"html":" \n \u003Cdiv id=\"CV-PRESTATION-Y-6370616-4817091\" data-contexte-id=\"PRESTATION|Y|6370616|4817091\" data-cle=\"Y|6370616|4817091\" class=\"fiche-liste\"\u003E\n    \n\n    \u003C!-- partie photo --\u003E\n    \u003Cdiv class=\"photo\"\u003E\t\t\t\t\t\t\t\t\t\t\t\t\t\t\t\t\t\t\t\t\t\n        \u003Cdiv class=\"cadre_photo_principale\"\u003E\t\t\n        \n            \t\t\t\t\t\n                    \u003Ca href=\"l-obs-by-night-0.html?origine=carnet#media\"\u003E\n                        \u003Cimg class=\"photo_principale\" alt=\"l'obs by night\" src=\"https:\/\/www.valdallos.com\/medias\/images\/prestations\/multitailles\/320x240_78947-lobs_2024.jpg\" itemprop=\"image\"\u003E\n                    \u003C\/a\u003E\t\t\t\t\t\t\n                \n                    \u003C\/div\u003E\t\t\t\t\t\t\t\t\t\t\t\t\t\t\t\t\t\t\t \t\t\n    \u003C\/div\u003E\n    \n    \u003C!-- partie nom prest --\u003E\n    \u003Cdiv class=\"nom\"\u003E\n        \u003Ch2\u003EL'Obs by night\u003C\/h2\u003E\n        \n            \u003C\/div\u003E\n\n     \u003Cul style=\"display: none\" class=\"ouverture_list\"\u003E\u003Cli class=\"ouverture_item\"\u003E\u003Cp class=\"date\" \u003ESamedi 06 f\u00e9vrier 2027\u003C\/p\u003E\u003C\/li\u003E\u003C\/ul\u003E    \n    \u003C!-- partie adresse --\u003E\n    \u003Cdiv class=\"adresse\"\u003E\n    \n          \n    \u003C\/div\u003E\n    \n    \u003C!-- partie liens --\u003E\n    \u003Cdiv class=\"liens\"\u003E\n            \u003Ca class=\"btn-icon btn-view \" title=\"Voir la fiche d\u00e9taill\u00e9e\" href=\"l-obs-by-night-0.html?origine=carnet\"\u003E\u003C\/a\u003E\u003C!--\u003Ca class=\"btn-icon btn-view \" title=\"\" href=\"?origine=carnet#thaut\"\u003E\u003C\/a\u003E--\u003E\n      \u003Ca class=\"btn-icon btn-trash carnet_voyage_supprimer\" title=\"Supprimer cette fiche de mon carnet de voyage\" href=\"carnet-voyage?action=remove&fiche=Y|6370616|4817091\"\u003E\u003C\/a\u003E\n    \u003C\/div\u003E\n\n\u003C\/div\u003E\n\n","icon":"https:\/\/static.ingenie.fr\/images\/carnetVoyageV3\/Y.png"},"fiche":"Y|6370616|4817091","popup":"\u003Cdiv id=\"bloc_popup_ajout_fiche_carnet\"\u003E\n    \u003Cdiv class=\"info_popup_ajout_fiche_carnet\"\u003E\n        Vous venez d'ajouter cet \u00e9l\u00e9ment \u00e0 votre s\u00e9lection :    \u003C\/div\u003E\n    \u003Cdiv class=\"prest_popup_ajout_fiche_carnet\"\u003E\n        L&#039;Obs by night    \u003C\/div\u003E\n    \u003Cdiv class=\"bloc_btn_ajout_fiche_carnet form_submit_div\"\u003E\n        \u003Cinput type=\"button\" value=\"Continuer ma s\u00e9lection\" title=\"Continuer ma s\u00e9lection\" name=\"btn_close\" class=\"btn_close_popup_carnet form_submit\" onclick=\"$.colorbox.close()\" \/\u003E\n        \u003Cinput type=\"button\" value=\"Voir ma s\u00e9lection\" title=\"Voir ma s\u00e9lection\" name=\"btn_panier\" class=\"btn_panier_popup_carnet form_submit\" onclick=\"if(typeof CarnetVoyage != 'undefined') {CarnetVoyage.voirCarnet();}\" \/\u003E\n    \u003C\/div\u003E\n    \u003Cdiv class=\"bloc_btn_ajout_fiche_carnet\"\u003E\n        \u003Cinput type=\"checkbox\" value=\"1\" name=\"desactiver_popup\" id=\"desactiver_popup\" \/\u003E\n        \u003Clabel for=\"desactiver_popup\"\u003ENe plus afficher ce message\u003C\/label\u003E\n    \u003C\/div\u003E\n\u003C\/div\u003E","success":1}