{"nbFiches":1,"dataPrest":{"infoPrest":{"pave1":{"libelle":"Descriptif court pour le web","contenu":"\u003Cstrong\u003EEn dehors des p&eacute;riodes de forte fr&eacute;quentation la r&eacute;servation en ligne n&#39;est pas ouverte.\u003Cbr \/\u003E\r\nL&#39;acc&egrave;s au parking du lac d&#39;Allos varie selon la saison et les al&eacute;as climatiques. Avant votre visite nous vous invitons &agrave; consulter la page &quot;\u003Ca href=\"https:\/\/www.valdallos.com\/comment-se-rendre-au-lac-d-allos-selon-les-saisons.html\" target=\"_blank\"\u003Ecomment se rendre au lac d&#39;Allos en fonction des saisons\u003C\/a\u003E&quot;\u003Cbr \/\u003E\r\n\u003Cbr \/\u003E\r\nDurant les vacances de la Toussaint l&#39;acc&egrave;s au parking sera ouvert, sous r&eacute;serve des conditions m&eacute;t&eacute;orologiques et payant.&nbsp;\u003C\/strong\u003E\u003Cbr \/\u003E\r\n\u003Cbr \/\u003E\r\n\u003Cbr \/\u003E\r\nLes acc&egrave;s r&eacute;serv&eacute;s, conform&eacute;ment aux conditions g&eacute;n&eacute;rales de ventes du parking ne sont ni modifiables, ni &eacute;changeables, ni remboursables.\u003Cbr \/\u003E\r\nAvant d&#39;effectuer votre r&eacute;servation il convient de prendre connaissance de l&#39;ensemble des informations renseign&eacute;es ci-dessous.\u003Cbr \/\u003E\r\n\u003Cbr \/\u003E\r\nLa r&eacute;servation permet d&#39;acc&eacute;der au parking, sans tenir compte de la dur&eacute;e de stationnement, ni de l&#39;heure d&#39;arriv&eacute;e (&agrave; partir de 7h).\u003Cbr \/\u003E\r\n\u003Cbr \/\u003E\r\nSeule une partie des acc&egrave;s au parking sont r&eacute;servables en ligne au plus tard la veille avant 16h. Sans r&eacute;servation les places restantes s&#39;ach&egrave;tent, en fonction de la fr&eacute;quentation quotidienne, au parking de la Cluite, o&ugrave; un p&eacute;age g&egrave;re le flux des v&eacute;hicules.\u003Cbr \/\u003E\r\nTout au long de la journ&eacute;e des places sont susceptibles de se lib&eacute;rer.\u003Cbr \/\u003E\r\nEn amont de cet acc&egrave;s, d&egrave;s le d&eacute;part de la route du lac un panneau lumineux vous indique quotidiennement la disponibilit&eacute; de ces deux parkings (Laus et Cluite).\u003Cbr \/\u003E\r\n\u003Cbr \/\u003E\r\n\u003Cbr \/\u003E\r\n&nbsp;","fichiers":[]},"pave2":{"libelle":"Descriptif d\u00e9taill\u00e9","contenu":"\u003Cbr \/\u003E\r\n\u003Cstrong\u003EBON A SAVOIR\u003C\/strong\u003E&nbsp;:&nbsp;\u003Cbr \/\u003E\r\nLes v&eacute;hicules dont le gabarit d&eacute;passe les 2m10 de hauteur ne peuvent pas acc&eacute;der &agrave; ce parking.\u003Cbr \/\u003E\r\nToute forme de camping est interdite d&egrave;s lors que vous entrez dans le coeur du Parc national du Mercantour, seul le bivouac est tol&eacute;r&eacute;. Pensez &agrave; vous renseigner avant votre visite.\u003Cbr \/\u003E\r\n\u003Cbr \/\u003E\r\nCe parking est situ&eacute; dans le Parc national du Mercantour qui est un espace naturel r&eacute;glement&eacute; :\u003Cbr \/\u003E\r\nLes animaux n&#39;y sont pas admis\u003Cbr \/\u003E\r\nLe survol de&nbsp;dr&ocirc;nes n&#39;est pas autoris&eacute;\u003Cbr \/\u003E\r\n\u003Cbr \/\u003E\r\nLa baignade au lac d&#39;Allos est interdite selon un arr&ecirc;t&eacute; municipal en vigueur\u003Cbr \/\u003E\r\nLa pratique d&#39;activit&eacute;s aquatiques n&#39;est pas autoris&eacute;e et inadapt&eacute;e aux lacs d&#39;altitude\u003Cbr \/\u003E\r\n\u003Cbr \/\u003E\r\n\u003Cbr \/\u003E\r\nLa zone de couverture mobile est d&eacute;faillante dans ce secteur, pensez &agrave; t&eacute;l&eacute;charger\/imprimer votre billet de r&eacute;servation avant votre arriv&eacute;e.\u003Cbr \/\u003E\r\nSur place l&#39;eau est consid&eacute;r&eacute;e comme impropre &agrave; la consommation, nous vous recommandons de pr&eacute;voir une gourde remplie pour votre usage personnel.","fichiers":[]},"pave3":{"libelle":"Informations sp\u00e9cifiques pour le e-billet","contenu":"Parking du Laus (lac d&#39;Allos), r&eacute;servation&nbsp; valable pour un acc&egrave;s.\u003Cbr \/\u003E\r\nCe parking est situ&eacute; dans le Parc national du Mercantour qui est un espace naturel r&eacute;glement&eacute;.\u003Cbr \/\u003E\r\n\u003Cbr \/\u003E\r\nNous vous rappelons qu&#39;introduire un animal domestique dans cet espace est passible d&#39;une amende.","fichiers":[]},"pave4":{"libelle":"","contenu":""},"pave5":{"libelle":"","contenu":""},"pave6":{"libelle":"","contenu":""},"pave7":{"libelle":"","contenu":""},"pave8":{"libelle":"","contenu":""},"pave9":{"libelle":"","contenu":""},"pave10":{"libelle":"","contenu":""},"pave11":{"libelle":"","contenu":""},"pave12":{"libelle":"","contenu":""},"pave13":{"libelle":"","contenu":""},"pave14":{"libelle":"","contenu":""},"pave15":{"libelle":"","contenu":""},"pave16":{"libelle":"","contenu":""},"pave17":{"libelle":"","contenu":""},"pave18":{"libelle":"","contenu":""},"pave19":{"libelle":"","contenu":""},"pave20":{"libelle":"","contenu":""},"pave21":{"libelle":"","contenu":""},"pave22":{"libelle":"","contenu":""},"pave23":{"libelle":"","contenu":""},"pave24":{"libelle":"","contenu":""},"pave25":{"libelle":"","contenu":""},"Libelle":"Parking du Laus","Reference":"","Reftar":"","Type":"PRESTATION","TypePrestataire":"V","ContexteStat":"PRESTATION-V-893948-PARKINGLAUS","DateModificationIso":"2026-04-09T12:32:00+02:00","Adresse":{"LigneAdresse1":"","LigneAdresse2":"","LigneAdresse3":"","CodePostal":"","Ville":"","Cedex":"","Etat":"","Pays":"FRA"},"Id":"v-893948-parkinglaus","Code":"V|893948|PARKINGLAUS","Cle":"V|893948|PARKINGLAUS","Url":"parking-du-laus.html","Localisation":{"GoogleMap":{"Latitude":"","Longitude":""}},"ZoneGeo":"","Criteres":{"VRESAVEL[OUI":"","VTYPERESA[AVECDATE":"","CATEGORIESWEB[PARKING":"","TYPEPUBLIC[ENFANTS":"","TYPEPUBLIC[FAMILLE":"","MATERIELAPREVOIR[BASKETS":"","MATERIELAPREVOIR[CHAPEAU":"","MATERIELAPREVOIR[EAU":"","MATERIELAPREVOIR[CREMESOLAIRE":"","SERVICE[PARKING":""},"Prestataire":{"pave1":{"libelle":"","contenu":""},"pave2":{"libelle":"","contenu":""},"pave3":{"libelle":"","contenu":""},"pave4":{"libelle":"","contenu":""},"pave5":{"libelle":"","contenu":""},"pave6":{"libelle":"","contenu":""},"pave7":{"libelle":"","contenu":""},"pave8":{"libelle":"","contenu":""},"pave9":{"libelle":"","contenu":""},"pave10":{"libelle":"","contenu":""},"pave11":{"libelle":"","contenu":""},"pave12":{"libelle":"","contenu":""},"pave13":{"libelle":"","contenu":""},"pave14":{"libelle":"","contenu":""},"pave15":{"libelle":"","contenu":""},"pave16":{"libelle":"","contenu":""},"pave17":{"libelle":"","contenu":""},"pave18":{"libelle":"","contenu":""},"pave19":{"libelle":"","contenu":""},"pave20":{"libelle":"","contenu":""},"pave21":{"libelle":"","contenu":""},"pave22":{"libelle":"","contenu":""},"pave23":{"libelle":"","contenu":""},"pave24":{"libelle":"","contenu":""},"pave25":{"libelle":"","contenu":""},"ContactsParType":{"GEST":{"110044":{"id_contact":"110044","type_contact":"GEST","categorie_contact":"PRESTATAIRE","societe_contact":"","fonction_contact":"","civilite_nom_prenom_contact":"Mairie d'Allos ","adresse1_contact":"Val d'Allos - le village","adresse2_contact":"","adresse3_contact":"","cpostal_contact":"04260","ville_contact":"Allos","teldom_contact":"04 92 83 18 00","telbur_contact":"","fax_contact":"","portable_contact":"","email_contact":"accueil@mairie-allos.fr","siteweb_contact":"","commentaire_contact":"","langue_contact":"","autre_moyen_com":[]}}},"ZoneGeoLibelle":"Val d'Allos","Libelle":"Mairie d'Allos","Nom":"Mairie d'Allos","Prenom":"","NomPrenom":"Mairie d'Allos ","CiviliteNomPrenom":"Mairie d'Allos ","Cle":"V|893948","PrestataireParent":"","ContexteStat":"PRESTATAIRE-V-893948","DateModificationIso":"2025-05-09T11:10:00+02:00","Type":"PRESTATAIRE","TypePrestataire":"V","Adresse":{"LigneAdresse1":"Val d'Allos - le village","LigneAdresse2":"","LigneAdresse3":"","CodePostal":"04260","Ville":"Allos","Cedex":"","Etat":"","Pays":"FRA"},"Email":"","Telephone":"","TelephoneBureau":"","Portable":"","SiteWeb":"","Fax":"","Id":"v-893948","Code":"V|893948","Fichier":{"Image":[{"url":"https:\/\/www.valdallos.com\/medias\/images\/prestataires\/mairie-293-120447.jpg","chemin":"..\/medias\/images\/prestataires\/mairie-293-120447.jpg","libelle":"mairie","extension":"jpg","categorie":"","largeur":800,"theme":"","hauteur":533,"type":"Image","origine":"","liaisonPave":"","langue":"","id":"120447","urlVignette":"https:\/\/www.valdallos.com\/medias\/images\/prestataires\/v-mairie-293-120447.jpg","alt":"mairie","title":"mairie","MultiTaille":{"1920x1440":{"url":"https:\/\/www.valdallos.com\/medias\/images\/prestataires\/multitailles\/1920x1440_mairie-293-120447.jpg"},"1200x900":{"url":"https:\/\/www.valdallos.com\/medias\/images\/prestataires\/multitailles\/1200x900_mairie-293-120447.jpg"},"800x600":{"url":"https:\/\/www.valdallos.com\/medias\/images\/prestataires\/multitailles\/800x600_mairie-293-120447.jpg"},"640x480":{"url":"https:\/\/www.valdallos.com\/medias\/images\/prestataires\/multitailles\/640x480_mairie-293-120447.jpg"},"320x240":{"url":"https:\/\/www.valdallos.com\/medias\/images\/prestataires\/multitailles\/320x240_mairie-293-120447.jpg"},"160x120":{"url":"https:\/\/www.valdallos.com\/medias\/images\/prestataires\/multitailles\/160x120_mairie-293-120447.jpg"},"origine":{"url":"https:\/\/www.valdallos.com\/medias\/images\/prestataires\/mairie-293-120447.jpg"}},"urlLien":"","typeLien":"","nofollow":"N","copyright":""},{"url":"https:\/\/www.valdallos.com\/medias\/images\/prestataires\/119182-mairie-120448.jpg","chemin":"..\/medias\/images\/prestataires\/119182-mairie-120448.jpg","libelle":"Mairie d'Allos","extension":"jpg","categorie":"","largeur":800,"theme":"","hauteur":533,"type":"Image","origine":"","liaisonPave":"","langue":"","id":"120448","urlVignette":"https:\/\/www.valdallos.com\/medias\/images\/prestataires\/v-119182-mairie-120448.jpg","alt":"Mairie d'Allos","title":"Mairie d'Allos","MultiTaille":{"1920x1440":{"url":"https:\/\/www.valdallos.com\/medias\/images\/prestataires\/multitailles\/1920x1440_119182-mairie-120448.jpg"},"1200x900":{"url":"https:\/\/www.valdallos.com\/medias\/images\/prestataires\/multitailles\/1200x900_119182-mairie-120448.jpg"},"800x600":{"url":"https:\/\/www.valdallos.com\/medias\/images\/prestataires\/multitailles\/800x600_119182-mairie-120448.jpg"},"640x480":{"url":"https:\/\/www.valdallos.com\/medias\/images\/prestataires\/multitailles\/640x480_119182-mairie-120448.jpg"},"320x240":{"url":"https:\/\/www.valdallos.com\/medias\/images\/prestataires\/multitailles\/320x240_119182-mairie-120448.jpg"},"160x120":{"url":"https:\/\/www.valdallos.com\/medias\/images\/prestataires\/multitailles\/160x120_119182-mairie-120448.jpg"},"origine":{"url":"https:\/\/www.valdallos.com\/medias\/images\/prestataires\/119182-mairie-120448.jpg"}},"urlLien":"","typeLien":"","nofollow":"N","copyright":"R Palomba\/office de tourisme du Val d'Allos"}],"ByCategorie":{"":[{"url":"https:\/\/www.valdallos.com\/medias\/images\/prestataires\/mairie-293-120447.jpg","chemin":"..\/medias\/images\/prestataires\/mairie-293-120447.jpg","libelle":"mairie","extension":"jpg","categorie":"","largeur":800,"theme":"","hauteur":533,"type":"Image","origine":"","liaisonPave":"","langue":"","id":"120447","urlVignette":"https:\/\/www.valdallos.com\/medias\/images\/prestataires\/v-mairie-293-120447.jpg","alt":"mairie","title":"mairie","MultiTaille":{"1920x1440":{"url":"https:\/\/www.valdallos.com\/medias\/images\/prestataires\/multitailles\/1920x1440_mairie-293-120447.jpg"},"1200x900":{"url":"https:\/\/www.valdallos.com\/medias\/images\/prestataires\/multitailles\/1200x900_mairie-293-120447.jpg"},"800x600":{"url":"https:\/\/www.valdallos.com\/medias\/images\/prestataires\/multitailles\/800x600_mairie-293-120447.jpg"},"640x480":{"url":"https:\/\/www.valdallos.com\/medias\/images\/prestataires\/multitailles\/640x480_mairie-293-120447.jpg"},"320x240":{"url":"https:\/\/www.valdallos.com\/medias\/images\/prestataires\/multitailles\/320x240_mairie-293-120447.jpg"},"160x120":{"url":"https:\/\/www.valdallos.com\/medias\/images\/prestataires\/multitailles\/160x120_mairie-293-120447.jpg"},"origine":{"url":"https:\/\/www.valdallos.com\/medias\/images\/prestataires\/mairie-293-120447.jpg"}},"urlLien":"","typeLien":"","nofollow":"N","copyright":""},{"url":"https:\/\/www.valdallos.com\/medias\/images\/prestataires\/119182-mairie-120448.jpg","chemin":"..\/medias\/images\/prestataires\/119182-mairie-120448.jpg","libelle":"Mairie d'Allos","extension":"jpg","categorie":"","largeur":800,"theme":"","hauteur":533,"type":"Image","origine":"","liaisonPave":"","langue":"","id":"120448","urlVignette":"https:\/\/www.valdallos.com\/medias\/images\/prestataires\/v-119182-mairie-120448.jpg","alt":"Mairie d'Allos","title":"Mairie d'Allos","MultiTaille":{"1920x1440":{"url":"https:\/\/www.valdallos.com\/medias\/images\/prestataires\/multitailles\/1920x1440_119182-mairie-120448.jpg"},"1200x900":{"url":"https:\/\/www.valdallos.com\/medias\/images\/prestataires\/multitailles\/1200x900_119182-mairie-120448.jpg"},"800x600":{"url":"https:\/\/www.valdallos.com\/medias\/images\/prestataires\/multitailles\/800x600_119182-mairie-120448.jpg"},"640x480":{"url":"https:\/\/www.valdallos.com\/medias\/images\/prestataires\/multitailles\/640x480_119182-mairie-120448.jpg"},"320x240":{"url":"https:\/\/www.valdallos.com\/medias\/images\/prestataires\/multitailles\/320x240_119182-mairie-120448.jpg"},"160x120":{"url":"https:\/\/www.valdallos.com\/medias\/images\/prestataires\/multitailles\/160x120_119182-mairie-120448.jpg"},"origine":{"url":"https:\/\/www.valdallos.com\/medias\/images\/prestataires\/119182-mairie-120448.jpg"}},"urlLien":"","typeLien":"","nofollow":"N","copyright":"R Palomba\/office de tourisme du Val d'Allos"}]}},"Url":"","Localisation":{"GoogleMap":{"Latitude":"44.24092","Longitude":"6.62903"},"PlanStation":{"idPlan":"1","nomPlan":"Plan village Allos","carte":"\/plan\/plan_allos[HIVER_FR[.jpg","PositionAbs":"835","PositionOrd":"192"}},"ZoneGeo":"FRPA04VAVALLO","Criteres":[],"DateFinPublication":""},"Fichier":{"Image":[{"url":"https:\/\/www.valdallos.com\/medias\/images\/prestations\/lac-dallos-74898.jpg","chemin":"..\/medias\/images\/prestations\/lac-dallos-74898.jpg","libelle":"lac-dallos","extension":"jpg","categorie":"","largeur":800,"theme":"","hauteur":600,"type":"Image","origine":"","liaisonPave":"","langue":"","id":"74898","urlVignette":"https:\/\/www.valdallos.com\/medias\/images\/prestations\/v-lac-dallos-74898.jpg","alt":"lac-dallos","title":"lac-dallos - &copy R Palomba Office de tourisme du Val d'Allos","MultiTaille":{"1920x1440":{"url":"https:\/\/www.valdallos.com\/medias\/images\/prestations\/multitailles\/1920x1440_lac-dallos-74898.jpg"},"1200x900":{"url":"https:\/\/www.valdallos.com\/medias\/images\/prestations\/multitailles\/1200x900_lac-dallos-74898.jpg"},"800x600":{"url":"https:\/\/www.valdallos.com\/medias\/images\/prestations\/multitailles\/800x600_lac-dallos-74898.jpg"},"640x480":{"url":"https:\/\/www.valdallos.com\/medias\/images\/prestations\/multitailles\/640x480_lac-dallos-74898.jpg"},"320x240":{"url":"https:\/\/www.valdallos.com\/medias\/images\/prestations\/multitailles\/320x240_lac-dallos-74898.jpg"},"160x120":{"url":"https:\/\/www.valdallos.com\/medias\/images\/prestations\/multitailles\/160x120_lac-dallos-74898.jpg"},"origine":{"url":"https:\/\/www.valdallos.com\/medias\/images\/prestations\/lac-dallos-74898.jpg"}},"urlLien":"","typeLien":"|","nofollow":"N","copyright":"R Palomba Office de tourisme du Val d'Allos"}],"ByCategorie":{"":[{"url":"https:\/\/www.valdallos.com\/medias\/images\/prestations\/lac-dallos-74898.jpg","chemin":"..\/medias\/images\/prestations\/lac-dallos-74898.jpg","libelle":"lac-dallos","extension":"jpg","categorie":"","largeur":800,"theme":"","hauteur":600,"type":"Image","origine":"","liaisonPave":"","langue":"","id":"74898","urlVignette":"https:\/\/www.valdallos.com\/medias\/images\/prestations\/v-lac-dallos-74898.jpg","alt":"lac-dallos","title":"lac-dallos - &copy R Palomba Office de tourisme du Val d'Allos","MultiTaille":{"1920x1440":{"url":"https:\/\/www.valdallos.com\/medias\/images\/prestations\/multitailles\/1920x1440_lac-dallos-74898.jpg"},"1200x900":{"url":"https:\/\/www.valdallos.com\/medias\/images\/prestations\/multitailles\/1200x900_lac-dallos-74898.jpg"},"800x600":{"url":"https:\/\/www.valdallos.com\/medias\/images\/prestations\/multitailles\/800x600_lac-dallos-74898.jpg"},"640x480":{"url":"https:\/\/www.valdallos.com\/medias\/images\/prestations\/multitailles\/640x480_lac-dallos-74898.jpg"},"320x240":{"url":"https:\/\/www.valdallos.com\/medias\/images\/prestations\/multitailles\/320x240_lac-dallos-74898.jpg"},"160x120":{"url":"https:\/\/www.valdallos.com\/medias\/images\/prestations\/multitailles\/160x120_lac-dallos-74898.jpg"},"origine":{"url":"https:\/\/www.valdallos.com\/medias\/images\/prestations\/lac-dallos-74898.jpg"}},"urlLien":"","typeLien":"|","nofollow":"N","copyright":"R Palomba Office de tourisme du Val d'Allos"}]}},"DateDebPublication":"","DateFinPublication":"","PrixAPartirDe":"","PrixPour":"","FicheListeEnCours":"fiche_liste_activites_visites_billetterie_prestation","ParametresModele":{"AfficherPhotos":1,"NbPhotosMax":6,"AfficherReserver":"1","AfficherContact":0,"AfficherSalle":1,"AfficherZoneGeo":0,"AfficherEnSavoirPlus":"0","AfficherUneSeuleOuverture":"1","AfficherContactCarte":0,"AfficherTarifsChaudAPartirDe":0,"AfficherTarifChaudSansRecherche":0,"AfficherOuverture":"1","BlocCritereInfo":{"critere1":{"libelle":""},"critere2":{"libelle":"","liste_critere":["DUREE|V"]},"critere3":{"libelle":""},"critere4":{"libelle":""},"critere5":{"libelle":""},"critere6":{"libelle":""},"critere7":{"libelle":""},"critere8":{"libelle":""},"critere9":{"libelle":""},"afficherpictoetpaslibelle":"1"},"Criteres":"VTYPERESA[AVECDATE","PositionBloc":"GALLERIE|NOM|ADRESSE|CRITERESORDONNEES|ZONEPRINCIPALFICHEPRESTA|CARNET_VOYAGE|LIEN_RESERVER_DETAIL|ACCROCHE_TARIF|OUVERTURES","TypePrestataire":"V","TypeSlider":"SWIPER","ComportementResa":false,"ComportementDispo":false},"AffichageCoordonnees":[],"Coordonnees":{"Ville":""},"ContexteId":"PRESTATION|V|893948|PARKINGLAUS","ContexteIdHtml":"PRESTATION-V-893948-PARKINGLAUS","cleContexte":"V|893948|PARKINGLAUS","Bloc":{"texte1":"","texte3":"","critere1":{"libelle":"","contenu":[]},"critere2":{"libelle":"","contenu":[]},"critere3":{"libelle":"","contenu":[]},"critere4":{"libelle":"","contenu":[]},"critere5":{"libelle":"","contenu":[]},"critere6":{"libelle":"","contenu":[]},"critere7":{"libelle":"","contenu":[]},"critere8":{"libelle":"","contenu":[]},"critere9":{"libelle":"","contenu":[]}},"libelleDuPrestataire":"","vuePrestataire":{"pave1":{"libelle":"","contenu":""},"pave2":{"libelle":"","contenu":""},"pave3":{"libelle":"","contenu":""},"pave4":{"libelle":"","contenu":""},"pave5":{"libelle":"","contenu":""},"pave6":{"libelle":"","contenu":""},"pave7":{"libelle":"","contenu":""},"pave8":{"libelle":"","contenu":""},"pave9":{"libelle":"","contenu":""},"pave10":{"libelle":"","contenu":""},"pave11":{"libelle":"","contenu":""},"pave12":{"libelle":"","contenu":""},"pave13":{"libelle":"","contenu":""},"pave14":{"libelle":"","contenu":""},"pave15":{"libelle":"","contenu":""},"pave16":{"libelle":"","contenu":""},"pave17":{"libelle":"","contenu":""},"pave18":{"libelle":"","contenu":""},"pave19":{"libelle":"","contenu":""},"pave20":{"libelle":"","contenu":""},"pave21":{"libelle":"","contenu":""},"pave22":{"libelle":"","contenu":""},"pave23":{"libelle":"","contenu":""},"pave24":{"libelle":"","contenu":""},"pave25":{"libelle":"","contenu":""},"ContactsParType":{"GEST":{"110044":{"id_contact":"110044","type_contact":"GEST","categorie_contact":"PRESTATAIRE","societe_contact":"","fonction_contact":"","civilite_nom_prenom_contact":"Mairie d'Allos ","adresse1_contact":"Val d'Allos - le village","adresse2_contact":"","adresse3_contact":"","cpostal_contact":"04260","ville_contact":"Allos","teldom_contact":"04 92 83 18 00","telbur_contact":"","fax_contact":"","portable_contact":"","email_contact":"accueil@mairie-allos.fr","siteweb_contact":"","commentaire_contact":"","langue_contact":"","autre_moyen_com":[]}}},"ZoneGeoLibelle":"Val d'Allos","Libelle":"Mairie d'Allos","Nom":"Mairie d'Allos","Prenom":"","NomPrenom":"Mairie d'Allos ","CiviliteNomPrenom":"Mairie d'Allos ","Cle":"V|893948","PrestataireParent":"","ContexteStat":"PRESTATAIRE-V-893948","DateModificationIso":"2025-05-09T11:10:00+02:00","Type":"PRESTATAIRE","TypePrestataire":"V","Adresse":{"LigneAdresse1":"Val d'Allos - le village","LigneAdresse2":"","LigneAdresse3":"","CodePostal":"04260","Ville":"Allos","Cedex":"","Etat":"","Pays":"FRA"},"Email":"","Telephone":"","TelephoneBureau":"","Portable":"","SiteWeb":"","Fax":"","Id":"v-893948","Code":"V|893948","Fichier":{"Image":[{"url":"https:\/\/www.valdallos.com\/medias\/images\/prestataires\/mairie-293-120447.jpg","chemin":"..\/medias\/images\/prestataires\/mairie-293-120447.jpg","libelle":"mairie","extension":"jpg","categorie":"","largeur":800,"theme":"","hauteur":533,"type":"Image","origine":"","liaisonPave":"","langue":"","id":"120447","urlVignette":"https:\/\/www.valdallos.com\/medias\/images\/prestataires\/v-mairie-293-120447.jpg","alt":"mairie","title":"mairie","MultiTaille":{"1920x1440":{"url":"https:\/\/www.valdallos.com\/medias\/images\/prestataires\/multitailles\/1920x1440_mairie-293-120447.jpg"},"1200x900":{"url":"https:\/\/www.valdallos.com\/medias\/images\/prestataires\/multitailles\/1200x900_mairie-293-120447.jpg"},"800x600":{"url":"https:\/\/www.valdallos.com\/medias\/images\/prestataires\/multitailles\/800x600_mairie-293-120447.jpg"},"640x480":{"url":"https:\/\/www.valdallos.com\/medias\/images\/prestataires\/multitailles\/640x480_mairie-293-120447.jpg"},"320x240":{"url":"https:\/\/www.valdallos.com\/medias\/images\/prestataires\/multitailles\/320x240_mairie-293-120447.jpg"},"160x120":{"url":"https:\/\/www.valdallos.com\/medias\/images\/prestataires\/multitailles\/160x120_mairie-293-120447.jpg"},"origine":{"url":"https:\/\/www.valdallos.com\/medias\/images\/prestataires\/mairie-293-120447.jpg"}},"urlLien":"","typeLien":"","nofollow":"N","copyright":""},{"url":"https:\/\/www.valdallos.com\/medias\/images\/prestataires\/119182-mairie-120448.jpg","chemin":"..\/medias\/images\/prestataires\/119182-mairie-120448.jpg","libelle":"Mairie d'Allos","extension":"jpg","categorie":"","largeur":800,"theme":"","hauteur":533,"type":"Image","origine":"","liaisonPave":"","langue":"","id":"120448","urlVignette":"https:\/\/www.valdallos.com\/medias\/images\/prestataires\/v-119182-mairie-120448.jpg","alt":"Mairie d'Allos","title":"Mairie d'Allos","MultiTaille":{"1920x1440":{"url":"https:\/\/www.valdallos.com\/medias\/images\/prestataires\/multitailles\/1920x1440_119182-mairie-120448.jpg"},"1200x900":{"url":"https:\/\/www.valdallos.com\/medias\/images\/prestataires\/multitailles\/1200x900_119182-mairie-120448.jpg"},"800x600":{"url":"https:\/\/www.valdallos.com\/medias\/images\/prestataires\/multitailles\/800x600_119182-mairie-120448.jpg"},"640x480":{"url":"https:\/\/www.valdallos.com\/medias\/images\/prestataires\/multitailles\/640x480_119182-mairie-120448.jpg"},"320x240":{"url":"https:\/\/www.valdallos.com\/medias\/images\/prestataires\/multitailles\/320x240_119182-mairie-120448.jpg"},"160x120":{"url":"https:\/\/www.valdallos.com\/medias\/images\/prestataires\/multitailles\/160x120_119182-mairie-120448.jpg"},"origine":{"url":"https:\/\/www.valdallos.com\/medias\/images\/prestataires\/119182-mairie-120448.jpg"}},"urlLien":"","typeLien":"","nofollow":"N","copyright":"R Palomba\/office de tourisme du Val d'Allos"}],"ByCategorie":{"":[{"url":"https:\/\/www.valdallos.com\/medias\/images\/prestataires\/mairie-293-120447.jpg","chemin":"..\/medias\/images\/prestataires\/mairie-293-120447.jpg","libelle":"mairie","extension":"jpg","categorie":"","largeur":800,"theme":"","hauteur":533,"type":"Image","origine":"","liaisonPave":"","langue":"","id":"120447","urlVignette":"https:\/\/www.valdallos.com\/medias\/images\/prestataires\/v-mairie-293-120447.jpg","alt":"mairie","title":"mairie","MultiTaille":{"1920x1440":{"url":"https:\/\/www.valdallos.com\/medias\/images\/prestataires\/multitailles\/1920x1440_mairie-293-120447.jpg"},"1200x900":{"url":"https:\/\/www.valdallos.com\/medias\/images\/prestataires\/multitailles\/1200x900_mairie-293-120447.jpg"},"800x600":{"url":"https:\/\/www.valdallos.com\/medias\/images\/prestataires\/multitailles\/800x600_mairie-293-120447.jpg"},"640x480":{"url":"https:\/\/www.valdallos.com\/medias\/images\/prestataires\/multitailles\/640x480_mairie-293-120447.jpg"},"320x240":{"url":"https:\/\/www.valdallos.com\/medias\/images\/prestataires\/multitailles\/320x240_mairie-293-120447.jpg"},"160x120":{"url":"https:\/\/www.valdallos.com\/medias\/images\/prestataires\/multitailles\/160x120_mairie-293-120447.jpg"},"origine":{"url":"https:\/\/www.valdallos.com\/medias\/images\/prestataires\/mairie-293-120447.jpg"}},"urlLien":"","typeLien":"","nofollow":"N","copyright":""},{"url":"https:\/\/www.valdallos.com\/medias\/images\/prestataires\/119182-mairie-120448.jpg","chemin":"..\/medias\/images\/prestataires\/119182-mairie-120448.jpg","libelle":"Mairie d'Allos","extension":"jpg","categorie":"","largeur":800,"theme":"","hauteur":533,"type":"Image","origine":"","liaisonPave":"","langue":"","id":"120448","urlVignette":"https:\/\/www.valdallos.com\/medias\/images\/prestataires\/v-119182-mairie-120448.jpg","alt":"Mairie d'Allos","title":"Mairie d'Allos","MultiTaille":{"1920x1440":{"url":"https:\/\/www.valdallos.com\/medias\/images\/prestataires\/multitailles\/1920x1440_119182-mairie-120448.jpg"},"1200x900":{"url":"https:\/\/www.valdallos.com\/medias\/images\/prestataires\/multitailles\/1200x900_119182-mairie-120448.jpg"},"800x600":{"url":"https:\/\/www.valdallos.com\/medias\/images\/prestataires\/multitailles\/800x600_119182-mairie-120448.jpg"},"640x480":{"url":"https:\/\/www.valdallos.com\/medias\/images\/prestataires\/multitailles\/640x480_119182-mairie-120448.jpg"},"320x240":{"url":"https:\/\/www.valdallos.com\/medias\/images\/prestataires\/multitailles\/320x240_119182-mairie-120448.jpg"},"160x120":{"url":"https:\/\/www.valdallos.com\/medias\/images\/prestataires\/multitailles\/160x120_119182-mairie-120448.jpg"},"origine":{"url":"https:\/\/www.valdallos.com\/medias\/images\/prestataires\/119182-mairie-120448.jpg"}},"urlLien":"","typeLien":"","nofollow":"N","copyright":"R Palomba\/office de tourisme du Val d'Allos"}]}},"Url":"","Localisation":{"GoogleMap":{"Latitude":"44.24092","Longitude":"6.62903"},"PlanStation":{"idPlan":"1","nomPlan":"Plan village Allos","carte":"\/plan\/plan_allos[HIVER_FR[.jpg","PositionAbs":"835","PositionOrd":"192"}},"ZoneGeo":"FRPA04VAVALLO","Criteres":[],"DateFinPublication":"","AffichageCoordonnees":[]},"listeCriteres":{"VRESAVEL":{"OUI":""},"VTYPERESA":{"AVECDATE":""},"CATEGORIESWEB":{"PARKING":""},"TYPEPUBLIC":{"ENFANTS":"","FAMILLE":""},"MATERIELAPREVOIR":{"BASKETS":"","CHAPEAU":"","EAU":"","CREMESOLAIRE":""},"SERVICE":{"PARKING":""}},"dansCarnetVoyage":true,"Ouverture":[],"OuverturePasse":[]},"html":" \n \u003Cdiv id=\"CV-PRESTATION-V-893948-PARKINGLAUS\" data-contexte-id=\"PRESTATION|V|893948|PARKINGLAUS\" data-cle=\"V|893948|PARKINGLAUS\" class=\"fiche-liste\"\u003E\n    \n\n    \u003C!-- partie photo --\u003E\n    \u003Cdiv class=\"photo\"\u003E\t\t\t\t\t\t\t\t\t\t\t\t\t\t\t\t\t\t\t\t\t\n        \u003Cdiv class=\"cadre_photo_principale\"\u003E\t\t\n        \n            \t\t\t\t\t\n                    \u003Ca href=\"parking-du-laus.html?origine=carnet#media\"\u003E\n                        \u003Cimg class=\"photo_principale\" alt=\"lac-dallos\" src=\"https:\/\/www.valdallos.com\/medias\/images\/prestations\/multitailles\/320x240_lac-dallos-74898.jpg\" itemprop=\"image\"\u003E\n                    \u003C\/a\u003E\t\t\t\t\t\t\n                \n                    \u003C\/div\u003E\t\t\t\t\t\t\t\t\t\t\t\t\t\t\t\t\t\t\t \t\t\n    \u003C\/div\u003E\n    \n    \u003C!-- partie nom prest --\u003E\n    \u003Cdiv class=\"nom\"\u003E\n        \u003Ch2\u003EParking du Laus\u003C\/h2\u003E\n        \n            \u003C\/div\u003E\n\n         \n    \u003C!-- partie adresse --\u003E\n    \u003Cdiv class=\"adresse\"\u003E\n    \n          \n    \u003C\/div\u003E\n    \n    \u003C!-- partie liens --\u003E\n    \u003Cdiv class=\"liens\"\u003E\n            \u003Ca class=\"btn-icon btn-view \" title=\"Voir la fiche d\u00e9taill\u00e9e\" href=\"parking-du-laus.html?origine=carnet\"\u003E\u003C\/a\u003E\u003C!--\u003Ca class=\"btn-icon btn-view \" title=\"\" href=\"?origine=carnet#thaut\"\u003E\u003C\/a\u003E--\u003E\n      \u003Ca class=\"btn-icon btn-trash carnet_voyage_supprimer\" title=\"Supprimer cette fiche de mon carnet de voyage\" href=\"carnet-voyage?action=remove&fiche=V|893948|PARKINGLAUS\"\u003E\u003C\/a\u003E\n    \u003C\/div\u003E\n\n\u003C\/div\u003E\n\n","icon":"https:\/\/static.ingenie.fr\/images\/carnetVoyageV3\/V.png"},"fiche":"V|893948|PARKINGLAUS","popup":"\u003Cdiv id=\"bloc_popup_ajout_fiche_carnet\"\u003E\n    \u003Cdiv class=\"info_popup_ajout_fiche_carnet\"\u003E\n        Vous venez d'ajouter cet \u00e9l\u00e9ment \u00e0 votre s\u00e9lection :    \u003C\/div\u003E\n    \u003Cdiv class=\"prest_popup_ajout_fiche_carnet\"\u003E\n        Parking du Laus    \u003C\/div\u003E\n    \u003Cdiv class=\"bloc_btn_ajout_fiche_carnet form_submit_div\"\u003E\n        \u003Cinput type=\"button\" value=\"Continuer ma s\u00e9lection\" title=\"Continuer ma s\u00e9lection\" name=\"btn_close\" class=\"btn_close_popup_carnet form_submit\" onclick=\"$.colorbox.close()\" \/\u003E\n        \u003Cinput type=\"button\" value=\"Voir ma s\u00e9lection\" title=\"Voir ma s\u00e9lection\" name=\"btn_panier\" class=\"btn_panier_popup_carnet form_submit\" onclick=\"if(typeof CarnetVoyage != 'undefined') {CarnetVoyage.voirCarnet();}\" \/\u003E\n    \u003C\/div\u003E\n    \u003Cdiv class=\"bloc_btn_ajout_fiche_carnet\"\u003E\n        \u003Cinput type=\"checkbox\" value=\"1\" name=\"desactiver_popup\" id=\"desactiver_popup\" \/\u003E\n        \u003Clabel for=\"desactiver_popup\"\u003ENe plus afficher ce message\u003C\/label\u003E\n    \u003C\/div\u003E\n\u003C\/div\u003E","success":1}