{"nbFiches":1,"dataPrest":{"infoPrest":{"pave1":{"libelle":"Descriptif","contenu":"Cours et balade \u00e0 poney, \u00e0 cheval et en attelage"},"pave2":{"libelle":"Tarifs Hiver","contenu":""},"pave3":{"libelle":"Tarifs Et\u00e9","contenu":""},"pave4":{"libelle":"URL de la r\u00e9servation ou vente en ligne","contenu":""},"pave5":{"libelle":"Descriptif court (old)","contenu":""},"pave6":{"libelle":"Descriptif d\u00e9taill\u00e9","contenu":"Les balades se font au d\u00e9part d'Allos tout au long de l'ann\u00e9e et \u00e9galement au d\u00e9part de la Foux d'Allos l'\u00e9t\u00e9"},"pave7":{"libelle":"Bons plans","contenu":""},"pave8":{"libelle":"Compl\u00e9ment localisation","contenu":""},"pave9":{"libelle":"Compl\u00e9ment accueil","contenu":""},"pave10":{"libelle":"P\u00e9riodes en clair","contenu":"Du 11\/04 au 26\/04\/2026 tous les jours.\u003Cbr \/\u003E\nBalades au d\u00e9part d'Allos.\u003Cbr \/\u003E\n\u003Cbr \/\u003E\nDu 01\/07 au 31\/08\/2026 tous les jours.\u003Cbr \/\u003E\nBalades au d\u00e9part d'Allos et La Foux."},"pave11":{"libelle":"Tarifs en clair","contenu":"Activit\u00e9 \u00e0 th\u00e8me,  60\u20ac par personne pour les activit\u00e9s ci-dessous : \u003Cbr \/\u003E\r\n- Les heures d\u00e9couverte : 2h d'activit\u00e9 au plus proche des animaux, en petit groupe pour observer, comprendre et cr\u00e9er un lien avec les chevaux en douceur\u003Cbr \/\u003E\r\n- L'\u00e9thologie ou la science qui \u00e9tudie le comportement animal : une parenth\u00e8se de 2h pour d\u00e9couvrir le cheval autrement, \u00e0 travers l'observation\u003Cbr \/\u003E\r\n- La mise en selle : 2h d'activit\u00e9s en groupe pour apprendre \u00e0 pr\u00e9parer son cheval et revoir les bases progressivement. \u003Cbr \/\u003E\r\n- La voltige : 1h d'activit\u00e9 comprenant la pr\u00e9paration du cheval de voltige, la pr\u00e9sentation de la discipline, l'\u00e9chauffement des voltigeurs et la pratique.\u003Cbr \/\u003E\r\n\u003Cbr \/\u003E\r\nStages et cours : \u003Cbr \/\u003E\r\n- Stages demi-journ\u00e9es : accessible \u00e0 tous, par groupe de niveau et \u00e2ge. 40\u20ac par personne ou journ\u00e9e compl\u00e8te 70\u20ac par personne\u003Cbr \/\u003E\r\n- Cours particulier \u00e0 cheval ou en attelage : 50\u20ac par personne, s\u00e9ances de 1h30. \u003Cbr \/\u003E\r\n- Les vendredis : ambiance conviviale pour toute la famille. Prix \u00e0 demander en fonction de l'activit\u00e9\u003Cbr \/\u003E\r\n\u003Cbr \/\u003E\r\nBalades : \u003Cbr \/\u003E\r\n- Balades \u00e0 cheval : 1h ou 2h avec un guide en montagne : 50\u20ac ou 60\u20ac par personne\u003Cbr \/\u003E\r\n- Balades de 1h en cal\u00e8che jusqu'\u00e0 4 personnes : 90\u20ac (ou + de 4 personnes :130\u20ac\/ cal\u00e8che)\u003Cbr \/\u003E\r\n- Balades de 20 minutes \u00e0 poney (tenu par un parent) : 15\u20ac par enfant (id\u00e9al pour les enfants de 2 \u00e0 5 ans)."},"pave12":{"libelle":"Compl\u00e9ment Tarifs","contenu":"Activit\u00e9 \u00e0 th\u00e8me,  60\u20ac par personne pour les activit\u00e9s ci-dessous : \u003Cbr \/\u003E\r\n- Les heures d\u00e9couverte : 2h d'activit\u00e9 au plus proche des animaux, en petit groupe pour observer, comprendre et cr\u00e9er un lien avec les chevaux en douceur\u003Cbr \/\u003E\r\n- L'\u00e9thologie ou la science qui \u00e9tudie le comportement animal : une parenth\u00e8se de 2h pour d\u00e9couvrir le cheval autrement, \u00e0 travers l'observation\u003Cbr \/\u003E\r\n- La mise en selle : 2h d'activit\u00e9s en groupe pour apprendre \u00e0 pr\u00e9parer son cheval et revoir les bases progressivement. \u003Cbr \/\u003E\r\n- La voltige : 1h d'activit\u00e9 comprenant la pr\u00e9paration du cheval de voltige, la pr\u00e9sentation de la discipline, l'\u00e9chauffement des voltigeurs et la pratique.\u003Cbr \/\u003E\r\n\u003Cbr \/\u003E\r\nStages et cours : \u003Cbr \/\u003E\r\n- Stages demi-journ\u00e9es : accessible \u00e0 tous, par groupe de niveau et \u00e2ge. 40\u20ac par personne ou journ\u00e9e compl\u00e8te 70\u20ac par personne\u003Cbr \/\u003E\r\n- Cours particulier \u00e0 cheval ou en attelage : 50\u20ac par personne, s\u00e9ances de 1h30. \u003Cbr \/\u003E\r\n- Les vendredis : ambiance conviviale pour toute la famille. Prix \u00e0 demander en fonction de l'activit\u00e9\u003Cbr \/\u003E\r\n\u003Cbr \/\u003E\r\nBalades : \u003Cbr \/\u003E\r\n- Balades \u00e0 cheval : 1h ou 2h avec un guide en montagne : 50\u20ac ou 60\u20ac par personne\u003Cbr \/\u003E\r\n- Balades de 1h en cal\u00e8che jusqu'\u00e0 4 personnes : 90\u20ac (ou + de 4 personnes :130\u20ac\/ cal\u00e8che)\u003Cbr \/\u003E\r\n- Balades de 20 minutes \u00e0 poney (tenu par un parent) : 15\u20ac par enfant (id\u00e9al pour les enfants de 2 \u00e0 5 ans)"},"pave13":{"libelle":"Compl\u00e9ment R\u00e9servation","contenu":""},"pave14":{"libelle":"Descriptif court","contenu":""},"pave15":{"libelle":"Descriptif d\u00e9taill\u00e9","contenu":""},"pave16":{"libelle":"Bons plans","contenu":""},"pave17":{"libelle":"Tarifs (Tarifs en clair, Compl\u00e9ment Tarifs)","contenu":""},"pave18":{"libelle":"P\u00e9riodes en clair","contenu":""},"pave19":{"libelle":"Descriptif court","contenu":""},"pave20":{"libelle":"Descriptif d\u00e9taill\u00e9","contenu":""},"pave21":{"libelle":"Bons plans","contenu":""},"pave22":{"libelle":"Tarifs (Tarifs en clair, Compl\u00e9ment Tarifs)","contenu":""},"pave23":{"libelle":"P\u00e9riodes en clair","contenu":""},"pave24":{"libelle":"Dispositions sp\u00e9ciales","contenu":""},"pave25":{"libelle":"","contenu":""},"ZoneGeoLibelle":"Val d'Allos","Libelle":"Les \u00e9curies du Val d'Allos","Nom":"Les \u00e9curies du Val d'Allos","Prenom":"","NomPrenom":"Les \u00e9curies du Val d'Allos ","CiviliteNomPrenom":"Les \u00e9curies du Val d'Allos ","Cle":"E|7777745","PrestataireParent":"","ContexteStat":"PRESTATAIRE-E-7777745","DateModificationIso":"2026-04-27T15:28:00+02:00","Type":"PRESTATAIRE","TypePrestataire":"E","Adresse":{"LigneAdresse1":"Val d'Allos le Village et Val d'Allos - La Foux","LigneAdresse2":"","LigneAdresse3":"","CodePostal":"04260","Ville":"Allos","Cedex":"","Etat":"","Pays":"FRA"},"Email":"","Telephone":"06 87 04 50 01","TelephoneBureau":"","Portable":"06 86 10 90 17","SiteWeb":"","Fax":"","Id":"e-7777745","Code":"E|7777745","Fichier":{"ByCategorie":{"DEFAUT":[{"url":"https:\/\/www.valdallos.com\/medias\/images\/info_menu\/defaut-1771.jpg","chemin":"..\/medias\/images\/info_menu\/defaut-1771.jpg","libelle":"Defaut","extension":"jpg","categorie":"SOMM2014","largeur":640,"theme":"","hauteur":426,"type":"Image","origine":"","liaisonPave":"","langue":"","id":"1771","urlVignette":"https:\/\/www.valdallos.com\/medias\/images\/info_menu\/v-defaut-1771.jpg","alt":"Defaut","title":"D\u00e9faut","MultiTaille":{"1920x1440":{"url":"https:\/\/www.valdallos.com\/medias\/images\/info_menu\/multitailles\/1920x1440_defaut-1771.jpg"},"1200x900":{"url":"https:\/\/www.valdallos.com\/medias\/images\/info_menu\/multitailles\/1200x900_defaut-1771.jpg"},"800x600":{"url":"https:\/\/www.valdallos.com\/medias\/images\/info_menu\/multitailles\/800x600_defaut-1771.jpg"},"640x480":{"url":"https:\/\/www.valdallos.com\/medias\/images\/info_menu\/multitailles\/640x480_defaut-1771.jpg"},"320x240":{"url":"https:\/\/www.valdallos.com\/medias\/images\/info_menu\/multitailles\/320x240_defaut-1771.jpg"},"160x120":{"url":"https:\/\/www.valdallos.com\/medias\/images\/info_menu\/multitailles\/160x120_defaut-1771.jpg"},"origine":{"url":"https:\/\/www.valdallos.com\/medias\/images\/info_menu\/defaut-1771.jpg"}},"urlLien":"","typeLien":"|","nofollow":"N","copyright":""}]},"Image":[{"url":"https:\/\/www.valdallos.com\/medias\/images\/info_menu\/defaut-1771.jpg","chemin":"..\/medias\/images\/info_menu\/defaut-1771.jpg","libelle":"Defaut","extension":"jpg","categorie":"SOMM2014","largeur":640,"theme":"","hauteur":426,"type":"Image","origine":"","liaisonPave":"","langue":"","id":"1771","urlVignette":"https:\/\/www.valdallos.com\/medias\/images\/info_menu\/v-defaut-1771.jpg","alt":"Defaut","title":"D\u00e9faut","MultiTaille":{"1920x1440":{"url":"https:\/\/www.valdallos.com\/medias\/images\/info_menu\/multitailles\/1920x1440_defaut-1771.jpg"},"1200x900":{"url":"https:\/\/www.valdallos.com\/medias\/images\/info_menu\/multitailles\/1200x900_defaut-1771.jpg"},"800x600":{"url":"https:\/\/www.valdallos.com\/medias\/images\/info_menu\/multitailles\/800x600_defaut-1771.jpg"},"640x480":{"url":"https:\/\/www.valdallos.com\/medias\/images\/info_menu\/multitailles\/640x480_defaut-1771.jpg"},"320x240":{"url":"https:\/\/www.valdallos.com\/medias\/images\/info_menu\/multitailles\/320x240_defaut-1771.jpg"},"160x120":{"url":"https:\/\/www.valdallos.com\/medias\/images\/info_menu\/multitailles\/160x120_defaut-1771.jpg"},"origine":{"url":"https:\/\/www.valdallos.com\/medias\/images\/info_menu\/defaut-1771.jpg"}},"urlLien":"","typeLien":"|","nofollow":"N","copyright":""}]},"Url":"les-ecuries-du-val-d-allos-allos.html","Localisation":{"GoogleMap":{"Latitude":"44.23748","Longitude":"6.62671"}},"ZoneGeo":"","Criteres":{"PUBLICATION[VALDALLOS":"","EADHER[EOFFIC":"","ZONEGEO[FRPA04VAV1400":"","EACETE[ECEEQU":"","P.CINTSITRA[8809":"","P.CINTSITRA[5660":"","P.CINTSITRA[5663":"","P.prestations[surchargeTourismesAdaptes":"","P.prestations[surchargeDescriptifHandicapMoteur":"","P.prestations[surchargeDescriptifHandicapAuditif":"","P.prestations[surchargeDescriptifHandicapVisuel":"","P.prestations[surchargeDescriptifHandicapMental":"","P.prestations[surchargeNombreFauteuilsRoulants":"","P.environnements[195":"","P.114[418":"","P.114[436":"","P.habilitationsPrestataires[3156":"","P.modesPaiement[1271":"","P.modesPaiement[1274":"","P.languesParlees[1197":"","P.languesParlees[1192":"","P.59[2006":"","P.59[2008":"","P.59[2011":"","P.59[2013":"","P.VilleSitra[1559":"","P.3220[587401":"","P.3220[5575332":"","P.3221[4876304":"","P.3218[311229":"","P.3233[591419":"","P.3219[5127127":"","P.3219[5239406":"","P.3219[6436838":"","P.typesDetailles[4039":"","P.typesDetailles[4041":"","P.commerceEtServiceType[4015":"","P.6241[126905":"","P.6241[5740912":"","P.6242[5843488":"","P.3240[5778284":"","P.VillageDeDepart[1559":"","P.3230[6139211":"","P.tourismeAffaires[tourismeAffairesEnabled":"","P.tourismeAffaires[devise":"EUR"},"DateFinPublication":"","PrixAPartirDe":"","PrixPour":"","FicheListeEnCours":"fiche_liste_activites_loisirs_enfants_OT_v3","ParametresModele":{"AfficherPhotos":1,"NbPhotosMax":6,"AfficherReserver":0,"AfficherContact":0,"AfficherSalle":1,"AfficherZoneGeo":0,"AfficherEnSavoirPlus":"0","AfficherUneSeuleOuverture":0,"AfficherContactCarte":1,"AfficherTarifsChaudAPartirDe":0,"AfficherTarifChaudSansRecherche":0,"BlocCritereInfo":{"critere1":{"libelle":""},"critere2":{"libelle":"","liste_critere":["ZONEGEO|E"]},"critere3":{"libelle":""},"critere4":{"libelle":""},"critere5":{"libelle":"","liste_critere":["P.113|1593|E"]},"critere6":{"libelle":"","liste_critere":["P.prestations|ANINOAD|E"]},"critere7":{"libelle":""},"critere8":{"libelle":""},"afficherpictoetpaslibelle":"1"},"BlocPaveInfo":{"texte1":{"pave":["1","19","14"],"longeurmax":"250","afficherLibelle":"0","garderHtml":"0"}},"PositionBloc":"GALLERIE|ZONEPRINCIPALFICHEPRESTA|NOM|CARNET_VOYAGE","TypePrestataire":"E","ComportementResa":false,"ComportementDispo":false},"AffichageCoordonnees":[],"Coordonnees":{"Ville":"Allos"},"ContexteId":"PRESTATAIRE|E|7777745","ContexteIdHtml":"PRESTATAIRE-E-7777745","cleContexte":"E|7777745","Bloc":{"texte1":"Cours et balade \u00e0 poney, \u00e0 cheval et en attelage","texte3":"","critere1":{"libelle":"","contenu":[]},"critere2":{"libelle":"","contenu":{"ZONEGEO":{"libelle":"Localisation g\u00e9ographique","contenu":{"3":"Val d'Allos - Le village"},"codesValeurs":{"3":"ZONEGEO|FRPA04VAV1400|E"},"criteres_datas":{"valeurs":{"3":{"FRPA04VAV1400":{"descriptif":""}}}}}}},"critere3":{"libelle":"","contenu":[]},"critere4":{"libelle":"","contenu":[]},"critere5":{"libelle":"","contenu":[]},"critere6":{"libelle":"","contenu":[]},"critere7":{"libelle":"","contenu":[]},"critere8":{"libelle":"","contenu":[]},"critere9":{"libelle":"","contenu":[]}},"LocalisationGps":{"Latitude":"44.23748","Longitude":"6.62671"},"libelleDuPrestataire":"","listeCriteres":{"PUBLICATION":{"VALDALLOS":""},"EADHER":{"EOFFIC":""},"ZONEGEO":{"FRPA04VAV1400":""},"EACETE":{"ECEEQU":""},"P.CINTSITRA":{"8809":"","5660":"","5663":""},"P.prestations":{"surchargeTourismesAdaptes":"","surchargeDescriptifHandicapMoteur":"","surchargeDescriptifHandicapAuditif":"","surchargeDescriptifHandicapVisuel":"","surchargeDescriptifHandicapMental":"","surchargeNombreFauteuilsRoulants":""},"P.environnements":{"195":""},"P.114":{"418":"","436":""},"P.habilitationsPrestataires":{"3156":""},"P.modesPaiement":{"1271":"","1274":""},"P.languesParlees":{"1197":"","1192":""},"P.59":{"2006":"","2008":"","2011":"","2013":""},"P.VilleSitra":{"1559":""},"P.3220":{"587401":"","5575332":""},"P.3221":{"4876304":""},"P.3218":{"311229":""},"P.3233":{"591419":""},"P.3219":{"5127127":"","5239406":"","6436838":""},"P.typesDetailles":{"4039":"","4041":""},"P.commerceEtServiceType":{"4015":""},"P.6241":{"126905":"","5740912":""},"P.6242":{"5843488":""},"P.3240":{"5778284":""},"P.VillageDeDepart":{"1559":""},"P.3230":{"6139211":""},"P.tourismeAffaires":{"tourismeAffairesEnabled":"","devise":"EUR"}},"dansCarnetVoyage":true,"Ouverture":""},"html":" \n \u003Cdiv id=\"CV-PRESTATAIRE-E-7777745\" data-contexte-id=\"PRESTATAIRE|E|7777745\" data-cle=\"E|7777745\" class=\"fiche-liste\"\u003E\n    \n\n    \u003C!-- partie photo --\u003E\n    \u003Cdiv class=\"photo\"\u003E\t\t\t\t\t\t\t\t\t\t\t\t\t\t\t\t\t\t\t\t\t\n        \u003Cdiv class=\"cadre_photo_principale\"\u003E\t\t\n        \n            \t\t\t\t\t\n                    \u003Ca href=\"les-ecuries-du-val-d-allos-allos.html?origine=carnet#media\"\u003E\n                        \u003Cimg class=\"photo_principale\" alt=\"Defaut\" src=\"https:\/\/www.valdallos.com\/medias\/images\/info_menu\/multitailles\/320x240_defaut-1771.jpg\" itemprop=\"image\"\u003E\n                    \u003C\/a\u003E\t\t\t\t\t\t\n                \n                    \u003C\/div\u003E\t\t\t\t\t\t\t\t\t\t\t\t\t\t\t\t\t\t\t \t\t\n    \u003C\/div\u003E\n    \n    \u003C!-- partie nom prest --\u003E\n    \u003Cdiv class=\"nom\"\u003E\n        \u003Ch2\u003ELes \u00e9curies du Val d'Allos\u003C\/h2\u003E\n        \n            \u003C\/div\u003E\n\n         \n    \u003C!-- partie adresse --\u003E\n    \u003Cdiv class=\"adresse\"\u003E\n    \n          \n    \u003C\/div\u003E\n    \n    \u003C!-- partie liens --\u003E\n    \u003Cdiv class=\"liens\"\u003E\n            \u003Ca class=\"btn-icon btn-view \" title=\"Voir la fiche d\u00e9taill\u00e9e\" href=\"les-ecuries-du-val-d-allos-allos.html?origine=carnet\"\u003E\u003C\/a\u003E\u003C!--\u003Ca class=\"btn-icon btn-view \" title=\"\" href=\"?origine=carnet#thaut\"\u003E\u003C\/a\u003E--\u003E\n      \u003Ca class=\"btn-icon btn-trash carnet_voyage_supprimer\" title=\"Supprimer cette fiche de mon carnet de voyage\" href=\"carnet-voyage?action=remove&fiche=E|7777745\"\u003E\u003C\/a\u003E\n    \u003C\/div\u003E\n\n\u003C\/div\u003E\n\n","icon":"https:\/\/static.ingenie.fr\/images\/carnetVoyageV3\/E.png"},"fiche":"E|7777745","popup":"\u003Cdiv id=\"bloc_popup_ajout_fiche_carnet\"\u003E\n    \u003Cdiv class=\"info_popup_ajout_fiche_carnet\"\u003E\n        Vous venez d'ajouter cet \u00e9l\u00e9ment \u00e0 votre s\u00e9lection :    \u003C\/div\u003E\n    \u003Cdiv class=\"prest_popup_ajout_fiche_carnet\"\u003E\n        Les &eacute;curies du Val d&#039;Allos    \u003C\/div\u003E\n    \u003Cdiv class=\"bloc_btn_ajout_fiche_carnet form_submit_div\"\u003E\n        \u003Cinput type=\"button\" value=\"Continuer ma s\u00e9lection\" title=\"Continuer ma s\u00e9lection\" name=\"btn_close\" class=\"btn_close_popup_carnet form_submit\" onclick=\"$.colorbox.close()\" \/\u003E\n        \u003Cinput type=\"button\" value=\"Voir ma s\u00e9lection\" title=\"Voir ma s\u00e9lection\" name=\"btn_panier\" class=\"btn_panier_popup_carnet form_submit\" onclick=\"if(typeof CarnetVoyage != 'undefined') {CarnetVoyage.voirCarnet();}\" \/\u003E\n    \u003C\/div\u003E\n    \u003Cdiv class=\"bloc_btn_ajout_fiche_carnet\"\u003E\n        \u003Cinput type=\"checkbox\" value=\"1\" name=\"desactiver_popup\" id=\"desactiver_popup\" \/\u003E\n        \u003Clabel for=\"desactiver_popup\"\u003ENe plus afficher ce message\u003C\/label\u003E\n    \u003C\/div\u003E\n\u003C\/div\u003E","success":1}