{"nbFiches":1,"dataPrest":{"infoPrest":{"pave1":{"libelle":"Descriptif","contenu":"D\u00e9couverte du village d'Allos"},"pave2":{"libelle":"Tarifs Hiver","contenu":""},"pave3":{"libelle":"Tarifs Et\u00e9","contenu":""},"pave4":{"libelle":"URL de la r\u00e9servation ou vente en ligne","contenu":""},"pave5":{"libelle":"Descriptif court (old)","contenu":""},"pave6":{"libelle":"Descriptif d\u00e9taill\u00e9","contenu":"Le village d'Allos vu par Gilles, ambassadeur et habitant du village\u003Cbr \/\u003E\r\n\u003Cbr \/\u003E\r\nDurant toute la saison estivale, profitez de ces d\u00e9couvertes culturelles.\u003Cbr \/\u003E\r\n\u003Cbr \/\u003E\r\nLe mercredi matin \u00e0 10h : D\u00e9couverte comment\u00e9e du village et de son patrimoine (sur inscription, les places sont limit\u00e9es).\u003Cbr \/\u003E\r\nLe Jeudi apr\u00e8s-midi  de 15h \u00e0 18h  : D\u00e9couverte libre de l\u2019\u00e9glise Notre-Dame de Valvert, joyau du XIIIe si\u00e8cle situ\u00e9 \u00e0 l\u2019entr\u00e9e sud du village.\u003Cbr \/\u003E\r\n\u003Cbr \/\u003E\r\n\u00c0 l\u2019occasion des Journ\u00e9es Europ\u00e9ennes du Patrimoine \u003Cbr \/\u003E\r\nSamedi : Ouverture de l\u2019\u00e9glise de 10h \u00e0 12h et de 14h30 \u00e0 17h30.\u003Cbr \/\u003E\r\nDimanche : Ouverture de 10h \u00e0 12h pour une visite libre."},"pave7":{"libelle":"Bons plans","contenu":""},"pave8":{"libelle":"Compl\u00e9ment localisation","contenu":""},"pave9":{"libelle":"Compl\u00e9ment accueil","contenu":""},"pave10":{"libelle":"P\u00e9riodes en clair","contenu":"Du 15\/07 au 27\/08\/2026 le mercredi et jeudi.\u003Cbr \/\u003E\nSur r\u00e9servation pr\u00e9alable.\u003Cbr \/\u003E\n\u003Cbr \/\u003E\nDu 19\/09 au 20\/09\/2026."},"pave11":{"libelle":"Tarifs en clair","contenu":"Gratuit."},"pave12":{"libelle":"Compl\u00e9ment Tarifs","contenu":""},"pave13":{"libelle":"Compl\u00e9ment R\u00e9servation","contenu":""},"pave14":{"libelle":"Descriptif court","contenu":""},"pave15":{"libelle":"Descriptif d\u00e9taill\u00e9","contenu":""},"pave16":{"libelle":"Bons plans","contenu":""},"pave17":{"libelle":"Tarifs (Tarifs en clair, Compl\u00e9ment Tarifs)","contenu":""},"pave18":{"libelle":"P\u00e9riodes en clair","contenu":""},"pave19":{"libelle":"Descriptif court","contenu":""},"pave20":{"libelle":"Descriptif d\u00e9taill\u00e9","contenu":""},"pave21":{"libelle":"Bons plans","contenu":""},"pave22":{"libelle":"Tarifs (Tarifs en clair, Compl\u00e9ment Tarifs)","contenu":""},"pave23":{"libelle":"P\u00e9riodes en clair","contenu":""},"pave24":{"libelle":"Dispositions sp\u00e9ciales","contenu":""},"pave25":{"libelle":"","contenu":""},"ContactsParType":{"RES":{"118034":{"id_contact":"118034","type_contact":"RES","categorie_contact":"PRESTATAIRE","societe_contact":"","fonction_contact":"","civilite_nom_prenom_contact":"D\u00e9couverte culturelle ","adresse1_contact":"","adresse2_contact":"","adresse3_contact":"","cpostal_contact":"","ville_contact":"","teldom_contact":"","telbur_contact":"","fax_contact":"","portable_contact":"","email_contact":"","siteweb_contact":"https:\/\/www.valdallos.com\/decouverte-du-patrimoine-du-village.html#reservation","commentaire_contact":"","langue_contact":"","autre_moyen_com":[]}}},"Libelle":"D\u00e9couverte culturelle","Nom":"D\u00e9couverte culturelle","Prenom":"","NomPrenom":"D\u00e9couverte culturelle ","CiviliteNomPrenom":"D\u00e9couverte culturelle ","Cle":"E|7704167","PrestataireParent":"","ContexteStat":"PRESTATAIRE-E-7704167","DateModificationIso":"2026-04-11T00:12:00+02:00","Type":"PRESTATAIRE","TypePrestataire":"E","Adresse":{"LigneAdresse1":"Val d'Allos - le Village","LigneAdresse2":"","LigneAdresse3":"","CodePostal":"04260","Ville":"Allos","Cedex":"","Etat":"","Pays":"FRA"},"Email":"","Telephone":"04 92 83 02 81","TelephoneBureau":"","Portable":"","SiteWeb":"https:\/\/www.valdallos.com","Fax":"","Id":"e-7704167","Code":"E|7704167","Fichier":{"Image":[{"url":"https:\/\/www.valdallos.com\/medias\/images\/prestataires\/138800-patrimoine_valvert.jpg","chemin":"..\/medias\/images\/prestataires\/138800-patrimoine_valvert.jpg","libelle":"D\u00e9couverte culturelle_Allos","extension":"jpg","categorie":"","largeur":800,"theme":"","hauteur":600,"type":"Image","origine":"","liaisonPave":"","langue":"","id":"138800","urlVignette":"https:\/\/www.valdallos.com\/medias\/images\/prestataires\/v-138800-patrimoine_valvert.jpg","alt":"D\u00e9couverte culturelle_Allos","title":"D\u00e9couverte culturelle_Allos - &copy R Palomba\/office de tourisme du Val d'Allos","MultiTaille":{"1920x1440":{"url":"https:\/\/www.valdallos.com\/medias\/images\/prestataires\/multitailles\/1920x1440_138800-patrimoine_valvert.jpg"},"1200x900":{"url":"https:\/\/www.valdallos.com\/medias\/images\/prestataires\/multitailles\/1200x900_138800-patrimoine_valvert.jpg"},"800x600":{"url":"https:\/\/www.valdallos.com\/medias\/images\/prestataires\/multitailles\/800x600_138800-patrimoine_valvert.jpg"},"640x480":{"url":"https:\/\/www.valdallos.com\/medias\/images\/prestataires\/multitailles\/640x480_138800-patrimoine_valvert.jpg"},"320x240":{"url":"https:\/\/www.valdallos.com\/medias\/images\/prestataires\/multitailles\/320x240_138800-patrimoine_valvert.jpg"},"160x120":{"url":"https:\/\/www.valdallos.com\/medias\/images\/prestataires\/multitailles\/160x120_138800-patrimoine_valvert.jpg"},"origine":{"url":"https:\/\/www.valdallos.com\/medias\/images\/prestataires\/138800-patrimoine_valvert.jpg"}},"urlLien":"","typeLien":"","nofollow":"N","copyright":"R Palomba\/office de tourisme du Val d'Allos"}],"ByCategorie":{"":[{"url":"https:\/\/www.valdallos.com\/medias\/images\/prestataires\/138800-patrimoine_valvert.jpg","chemin":"..\/medias\/images\/prestataires\/138800-patrimoine_valvert.jpg","libelle":"D\u00e9couverte culturelle_Allos","extension":"jpg","categorie":"","largeur":800,"theme":"","hauteur":600,"type":"Image","origine":"","liaisonPave":"","langue":"","id":"138800","urlVignette":"https:\/\/www.valdallos.com\/medias\/images\/prestataires\/v-138800-patrimoine_valvert.jpg","alt":"D\u00e9couverte culturelle_Allos","title":"D\u00e9couverte culturelle_Allos - &copy R Palomba\/office de tourisme du Val d'Allos","MultiTaille":{"1920x1440":{"url":"https:\/\/www.valdallos.com\/medias\/images\/prestataires\/multitailles\/1920x1440_138800-patrimoine_valvert.jpg"},"1200x900":{"url":"https:\/\/www.valdallos.com\/medias\/images\/prestataires\/multitailles\/1200x900_138800-patrimoine_valvert.jpg"},"800x600":{"url":"https:\/\/www.valdallos.com\/medias\/images\/prestataires\/multitailles\/800x600_138800-patrimoine_valvert.jpg"},"640x480":{"url":"https:\/\/www.valdallos.com\/medias\/images\/prestataires\/multitailles\/640x480_138800-patrimoine_valvert.jpg"},"320x240":{"url":"https:\/\/www.valdallos.com\/medias\/images\/prestataires\/multitailles\/320x240_138800-patrimoine_valvert.jpg"},"160x120":{"url":"https:\/\/www.valdallos.com\/medias\/images\/prestataires\/multitailles\/160x120_138800-patrimoine_valvert.jpg"},"origine":{"url":"https:\/\/www.valdallos.com\/medias\/images\/prestataires\/138800-patrimoine_valvert.jpg"}},"urlLien":"","typeLien":"","nofollow":"N","copyright":"R Palomba\/office de tourisme du Val d'Allos"}]}},"Url":"decouverte-culturelle-allos.html","Localisation":{"GoogleMap":{"Latitude":"44.241603","Longitude":"6.62672"}},"ZoneGeo":"","LiensEtWidgetsParType":{"YOU":[{"Id":"16406","TypePrestataire":"E","CodePrestataire":"7704167","CodePrestation":"","CodeLibelle":"","Type":"YOU","Url":"https:\/\/www.youtube.com\/user\/valdallos","Defaut":"N","Langue":"","Nature":"URL","Import":"SITRA2","LibelleText":"","Theme":""}],"R":[{"Id":"16407","TypePrestataire":"E","CodePrestataire":"7704167","CodePrestation":"","CodeLibelle":"URL00002386","Type":"R","Url":"https:\/\/www.valdallos.com\/decouverte-du-patrimoine-du-village.html#reservation","Defaut":"N","Langue":"","Nature":"URL","Import":"SITRA2","LibelleText":"D\u00e9couverte culturelle","Theme":""}]},"LiensEtWidgets":[{"Id":"16406","TypePrestataire":"E","CodePrestataire":"7704167","CodePrestation":"","CodeLibelle":"","Type":"YOU","Url":"https:\/\/www.youtube.com\/user\/valdallos","Defaut":"N","Langue":"","Nature":"URL","Import":"SITRA2","LibelleText":"","Theme":""},{"Id":"16407","TypePrestataire":"E","CodePrestataire":"7704167","CodePrestation":"","CodeLibelle":"URL00002386","Type":"R","Url":"https:\/\/www.valdallos.com\/decouverte-du-patrimoine-du-village.html#reservation","Defaut":"N","Langue":"","Nature":"URL","Import":"SITRA2","LibelleText":"D\u00e9couverte culturelle","Theme":""}],"Criteres":{"EADHER[EGRAT":"","PUBLICATION[VALDALLOS":"","ZONEGEO[FRPA04VAV1400":"","P.126[1321":"","P.prestations[surchargeTourismesAdaptes":"","P.prestations[surchargeDescriptifHandicapMoteur":"","P.prestations[surchargeDescriptifHandicapAuditif":"","P.prestations[surchargeDescriptifHandicapVisuel":"","P.prestations[surchargeDescriptifHandicapMental":"","P.prestations[surchargeNombreFauteuilsRoulants":"","P.prestations[ageMin":"8","P.languesParlees[1197":"","P.114[418":"","P.tourismeAffaires[tourismeAffairesEnabled":"","P.tourismeAffaires[devise":"EUR","P.commerceEtServiceType[4015":"","P.typesDetailles[4039":"","P.typesDetailles[4041":"","P.6[6332":"","P.CINTSITRA[5662":"","P.CINTSITRA[5663":"","P.CINTSITRA[5664":"","P.CINTSITRA[8809":"","P.6241[126905":"","P.6241[5740912":"","P.3218[311229":"","P.3220[587401":"","P.3220[5575332":"","P.3233[591419":"","P.3221[4876304":"","P.3219[5127127":"","P.3219[5239406":"","P.3219[6436838":"","P.3240[5778284":"","P.6242[5843488":"","P.3230[6139211":"","P.VilleSitra[1559":"","P.VillageDeDepart[1559":"","INDICATIONPRIX[GRATUIT":""},"DateFinPublication":"","PrixAPartirDe":"","PrixPour":"","FicheListeEnCours":"fiche_liste_activites_loisirs_enfants_OT_v3","ParametresModele":{"AfficherPhotos":1,"NbPhotosMax":6,"AfficherReserver":0,"AfficherContact":0,"AfficherSalle":1,"AfficherZoneGeo":0,"AfficherEnSavoirPlus":"0","AfficherUneSeuleOuverture":0,"AfficherContactCarte":1,"AfficherTarifsChaudAPartirDe":0,"AfficherTarifChaudSansRecherche":0,"BlocCritereInfo":{"critere1":{"libelle":""},"critere2":{"libelle":"","liste_critere":["ZONEGEO|E"]},"critere3":{"libelle":""},"critere4":{"libelle":""},"critere5":{"libelle":"","liste_critere":["P.113|1593|E"]},"critere6":{"libelle":"","liste_critere":["P.prestations|ANINOAD|E"]},"critere7":{"libelle":""},"critere8":{"libelle":""},"afficherpictoetpaslibelle":"1"},"BlocPaveInfo":{"texte1":{"pave":["1","19","14"],"longeurmax":"250","afficherLibelle":"0","garderHtml":"0"}},"PositionBloc":"GALLERIE|ZONEPRINCIPALFICHEPRESTA|NOM|CARNET_VOYAGE","TypePrestataire":"E","ComportementResa":false,"ComportementDispo":false},"AffichageCoordonnees":[],"Coordonnees":{"Ville":"Allos"},"ContexteId":"PRESTATAIRE|E|7704167","ContexteIdHtml":"PRESTATAIRE-E-7704167","cleContexte":"E|7704167","Bloc":{"texte1":"D\u00e9couverte du village d'Allos","texte3":"","critere1":{"libelle":"","contenu":[]},"critere2":{"libelle":"","contenu":{"ZONEGEO":{"libelle":"Localisation g\u00e9ographique","contenu":{"3":"Val d'Allos - Le village"},"codesValeurs":{"3":"ZONEGEO|FRPA04VAV1400|E"},"criteres_datas":{"valeurs":{"3":{"FRPA04VAV1400":{"descriptif":""}}}}}}},"critere3":{"libelle":"","contenu":[]},"critere4":{"libelle":"","contenu":[]},"critere5":{"libelle":"","contenu":[]},"critere6":{"libelle":"","contenu":[]},"critere7":{"libelle":"","contenu":[]},"critere8":{"libelle":"","contenu":[]},"critere9":{"libelle":"","contenu":[]}},"LocalisationGps":{"Latitude":"44.241603","Longitude":"6.62672"},"libelleDuPrestataire":"","listeCriteres":{"EADHER":{"EGRAT":""},"PUBLICATION":{"VALDALLOS":""},"ZONEGEO":{"FRPA04VAV1400":""},"P.126":{"1321":""},"P.prestations":{"surchargeTourismesAdaptes":"","surchargeDescriptifHandicapMoteur":"","surchargeDescriptifHandicapAuditif":"","surchargeDescriptifHandicapVisuel":"","surchargeDescriptifHandicapMental":"","surchargeNombreFauteuilsRoulants":"","ageMin":"8"},"P.languesParlees":{"1197":""},"P.114":{"418":""},"P.tourismeAffaires":{"tourismeAffairesEnabled":"","devise":"EUR"},"P.commerceEtServiceType":{"4015":""},"P.typesDetailles":{"4039":"","4041":""},"P.6":{"6332":""},"P.CINTSITRA":{"5662":"","5663":"","5664":"","8809":""},"P.6241":{"126905":"","5740912":""},"P.3218":{"311229":""},"P.3220":{"587401":"","5575332":""},"P.3233":{"591419":""},"P.3221":{"4876304":""},"P.3219":{"5127127":"","5239406":"","6436838":""},"P.3240":{"5778284":""},"P.6242":{"5843488":""},"P.3230":{"6139211":""},"P.VilleSitra":{"1559":""},"P.VillageDeDepart":{"1559":""},"INDICATIONPRIX":{"GRATUIT":""}},"dansCarnetVoyage":true,"Ouverture":""},"html":" \n \u003Cdiv id=\"CV-PRESTATAIRE-E-7704167\" data-contexte-id=\"PRESTATAIRE|E|7704167\" data-cle=\"E|7704167\" class=\"fiche-liste\"\u003E\n    \n\n    \u003C!-- partie photo --\u003E\n    \u003Cdiv class=\"photo\"\u003E\t\t\t\t\t\t\t\t\t\t\t\t\t\t\t\t\t\t\t\t\t\n        \u003Cdiv class=\"cadre_photo_principale\"\u003E\t\t\n        \n            \t\t\t\t\t\n                    \u003Ca href=\"decouverte-culturelle-allos.html?origine=carnet#media\"\u003E\n                        \u003Cimg class=\"photo_principale\" alt=\"D\u00e9couverte culturelle_Allos\" src=\"https:\/\/www.valdallos.com\/medias\/images\/prestataires\/multitailles\/320x240_138800-patrimoine_valvert.jpg\" itemprop=\"image\"\u003E\n                    \u003C\/a\u003E\t\t\t\t\t\t\n                \n                    \u003C\/div\u003E\t\t\t\t\t\t\t\t\t\t\t\t\t\t\t\t\t\t\t \t\t\n    \u003C\/div\u003E\n    \n    \u003C!-- partie nom prest --\u003E\n    \u003Cdiv class=\"nom\"\u003E\n        \u003Ch2\u003ED\u00e9couverte culturelle\u003C\/h2\u003E\n        \n            \u003C\/div\u003E\n\n         \n    \u003C!-- partie adresse --\u003E\n    \u003Cdiv class=\"adresse\"\u003E\n    \n          \n    \u003C\/div\u003E\n    \n    \u003C!-- partie liens --\u003E\n    \u003Cdiv class=\"liens\"\u003E\n            \u003Ca class=\"btn-icon btn-view \" title=\"Voir la fiche d\u00e9taill\u00e9e\" href=\"decouverte-culturelle-allos.html?origine=carnet\"\u003E\u003C\/a\u003E\u003C!--\u003Ca class=\"btn-icon btn-view \" title=\"\" href=\"?origine=carnet#thaut\"\u003E\u003C\/a\u003E--\u003E\n      \u003Ca class=\"btn-icon btn-trash carnet_voyage_supprimer\" title=\"Supprimer cette fiche de mon carnet de voyage\" href=\"carnet-voyage?action=remove&fiche=E|7704167\"\u003E\u003C\/a\u003E\n    \u003C\/div\u003E\n\n\u003C\/div\u003E\n\n","icon":"https:\/\/static.ingenie.fr\/images\/carnetVoyageV3\/E.png"},"fiche":"E|7704167","popup":"\u003Cdiv id=\"bloc_popup_ajout_fiche_carnet\"\u003E\n    \u003Cdiv class=\"info_popup_ajout_fiche_carnet\"\u003E\n        Vous venez d'ajouter cet \u00e9l\u00e9ment \u00e0 votre s\u00e9lection :    \u003C\/div\u003E\n    \u003Cdiv class=\"prest_popup_ajout_fiche_carnet\"\u003E\n        D&eacute;couverte culturelle    \u003C\/div\u003E\n    \u003Cdiv class=\"bloc_btn_ajout_fiche_carnet form_submit_div\"\u003E\n        \u003Cinput type=\"button\" value=\"Continuer ma s\u00e9lection\" title=\"Continuer ma s\u00e9lection\" name=\"btn_close\" class=\"btn_close_popup_carnet form_submit\" onclick=\"$.colorbox.close()\" \/\u003E\n        \u003Cinput type=\"button\" value=\"Voir ma s\u00e9lection\" title=\"Voir ma s\u00e9lection\" name=\"btn_panier\" class=\"btn_panier_popup_carnet form_submit\" onclick=\"if(typeof CarnetVoyage != 'undefined') {CarnetVoyage.voirCarnet();}\" \/\u003E\n    \u003C\/div\u003E\n    \u003Cdiv class=\"bloc_btn_ajout_fiche_carnet\"\u003E\n        \u003Cinput type=\"checkbox\" value=\"1\" name=\"desactiver_popup\" id=\"desactiver_popup\" \/\u003E\n        \u003Clabel for=\"desactiver_popup\"\u003ENe plus afficher ce message\u003C\/label\u003E\n    \u003C\/div\u003E\n\u003C\/div\u003E","success":1}