{"nbFiches":1,"dataPrest":{"infoPrest":{"pave1":{"libelle":"Descriptif","contenu":"Ateliers et visites autour de l'histoire d'Allos"},"pave2":{"libelle":"Tarifs Hiver","contenu":""},"pave3":{"libelle":"Tarifs Et\u00e9","contenu":""},"pave4":{"libelle":"URL de la r\u00e9servation ou vente en ligne","contenu":""},"pave5":{"libelle":"Descriptif court (old)","contenu":""},"pave6":{"libelle":"Descriptif d\u00e9taill\u00e9","contenu":"Laetitia, guide culturelle, fait revivre l'histoire du village. Des ateliers participatifs et des visites guid\u00e9es sur mesure et qui vous feront d\u00e9couvrir l'histoire d'Allos.\u003Cbr \/\u003E\r\n\u003Cbr \/\u003E\r\nSECRETS D'HISTOIRE\u003Cbr \/\u003E\r\nPlongez dans l\u2019histoire et les anecdotes locales gr\u00e2ce \u00e0 cette visite guid\u00e9e, o\u00f9 chaque participant devient acteur de l\u2019aventure. Avec Laetitia, votre guide passionn\u00e9e et passionnante, explorez les lieux embl\u00e9matiques du village d\u2019une mani\u00e8re originale et interactive.\u003Cbr \/\u003E\r\nUne visite participative et amusante\u003Cbr \/\u003E\r\nIci, pas de parcours tout trac\u00e9. C\u2019est vous qui choisissez, gr\u00e2ce \u00e0 des cartes tir\u00e9es au sort, les sites que vous allez d\u00e9couvrir ensemble. Une fa\u00e7on ludique et conviviale de vivre une visite guid\u00e9e, rythm\u00e9e par l\u2019enthousiasme et l\u2019accent chantant de Laetitia.\u003Cbr \/\u003E\r\nAdapt\u00e9e \u00e0 toutes les conditions\u003Cbr \/\u003E\r\nM\u00eame en cas de mauvais temps, la visite se poursuit en int\u00e9rieur, pour que rien ne g\u00e2che votre plaisir de d\u00e9couvrir les richesses de ce patrimoine.\u003Cbr \/\u003E\r\nPr\u00eat \u00e0 vivre une aventure humaine et culturelle ?\u003Cbr \/\u003E\r\nRejoignez nous pour une balade o\u00f9 curiosit\u00e9, partage et bonne humeur sont au rendez-vous \u003Cbr \/\u003E\r\nCette visite est propos\u00e9e en int\u00e9rieur, en p\u00e9riode hivernale\u003Cbr \/\u003E\r\n\u003Cbr \/\u003E\r\n\u003Cbr \/\u003E\r\nLA MACHINE A REMONTER LE TEMPS\u003Cbr \/\u003E\r\nPrenez le temps d'une aventure sensorielle et interactive o\u00f9 la montagne se r\u00e9v\u00e8le sous vos doigts, vos yeux et vos oreilles. \u003Cbr \/\u003E\r\nTouchez des objets d\u2019autrefois, \u00e9coutez les sons qui peuplaient les villages, plongez dans des images immersives\u2026 Une exp\u00e9rience agr\u00e9able pour vivre la montagne comme si vous y \u00e9tiez !\u003Cbr \/\u003E\r\n\u003Cbr \/\u003E\r\nUne animation ludique et accessible \u00e0 tous\u003Cbr \/\u003E\r\nD\u00e9couvrez la vie en montagne autrefois, avec ses traditions et ses habitudes :\u003Cbr \/\u003E\r\nLes veill\u00e9es au coin du feu et leurs histoires, mais aussi un mets surprenant\u2026 Le connaissez-vous ?\u003Cbr \/\u003E\r\nL\u2019histoire du ski, de ses origines en Norv\u00e8ge jusqu\u2019au Val d\u2019Allos. Saurez vous \u00e0 reconstituer une paire de skis d\u2019antan ?\u003Cbr \/\u003E\r\nLa faune et la flore en hiver : saurez-vous reconna\u00eetre les v\u00e9ritables sons de la nature ?\u003Cbr \/\u003E\r\nDevenez acteur de cette aventure\u003Cbr \/\u003E\r\nCette visite est une invitation \u00e0 voyager \u00e0 travers le temps et les paysages, o\u00f9 chaque participant vit une exp\u00e9rience riche en \u00e9motions et en d\u00e9couvertes.\u003Cbr \/\u003E\r\nInfos pratiques\u003Cbr \/\u003E\r\nPlaces limit\u00e9es \u2013 Inscription obligatoire sur place \u00e0 l\u2019office de tourisme.\u003Cbr \/\u003E\r\nPr\u00eat \u00e0 venir vivre ce moment avec Laetitia ?\u003Cbr \/\u003E\r\nCette visite est propos\u00e9e en ext\u00e9rieur, \u00e0 la belle saison. En cas d'intemp\u00e9rie l'animation s'organise en int\u00e9rieur pour le confort de chacun."},"pave7":{"libelle":"Bons plans","contenu":""},"pave8":{"libelle":"Compl\u00e9ment localisation","contenu":""},"pave9":{"libelle":"Compl\u00e9ment accueil","contenu":""},"pave10":{"libelle":"P\u00e9riodes en clair","contenu":"09\/05\/2026 de 17h \u00e0 18h.\u003Cbr \/\u003E\nSur r\u00e9servation pr\u00e9alable.\u003Cbr \/\u003E\n\u003Cbr \/\u003E\n13\/06\/2026 de 17h \u00e0 18h.\u003Cbr \/\u003E\nSur r\u00e9servation pr\u00e9alable.\u003Cbr \/\u003E\n\u003Cbr \/\u003E\nDu 07\/07 au 18\/08\/2026 le mardi de 17h \u00e0 18h.\u003Cbr \/\u003E\nSur r\u00e9servation pr\u00e9alable."},"pave11":{"libelle":"Tarifs en clair","contenu":"09\/05\/2026\u003Cbr \/\u003E\nAdulte : 6 \u20ac.\u003Cbr \/\u003E\n\u003Cbr \/\u003E\n13\/06\/2026\u003Cbr \/\u003E\nAdulte : 6 \u20ac.\u003Cbr \/\u003E\n\u003Cbr \/\u003E\nDu 07\/07 au 18\/08\/2026\u003Cbr \/\u003E\nAdulte : 6 \u20ac.\u003Cbr \/\u003E\n\u003Cbr \/\u003E\n\u003Cbr \/\u003E\nGratuit moins de 18 ans."},"pave12":{"libelle":"Compl\u00e9ment Tarifs","contenu":"Gratuit moins de 18 ans"},"pave13":{"libelle":"Compl\u00e9ment R\u00e9servation","contenu":""},"pave14":{"libelle":"Descriptif court","contenu":""},"pave15":{"libelle":"Descriptif d\u00e9taill\u00e9","contenu":""},"pave16":{"libelle":"Bons plans","contenu":""},"pave17":{"libelle":"Tarifs (Tarifs en clair, Compl\u00e9ment Tarifs)","contenu":""},"pave18":{"libelle":"P\u00e9riodes en clair","contenu":""},"pave19":{"libelle":"Descriptif court","contenu":""},"pave20":{"libelle":"Descriptif d\u00e9taill\u00e9","contenu":""},"pave21":{"libelle":"Bons plans","contenu":""},"pave22":{"libelle":"Tarifs (Tarifs en clair, Compl\u00e9ment Tarifs)","contenu":""},"pave23":{"libelle":"P\u00e9riodes en clair","contenu":""},"pave24":{"libelle":"Dispositions sp\u00e9ciales","contenu":""},"pave25":{"libelle":"","contenu":""},"ContactsParType":{"RES":{"117954":{"id_contact":"117954","type_contact":"RES","categorie_contact":"PRESTATAIRE","societe_contact":"","fonction_contact":"","civilite_nom_prenom_contact":"Secrets du Val d'Allos ","adresse1_contact":"","adresse2_contact":"","adresse3_contact":"","cpostal_contact":"","ville_contact":"","teldom_contact":"","telbur_contact":"","fax_contact":"","portable_contact":"","email_contact":"","siteweb_contact":"https:\/\/www.valdallos.com\/secrets-du-val-d-allos.html#reservation","commentaire_contact":"","langue_contact":"","autre_moyen_com":[]},"117955":{"id_contact":"117955","type_contact":"RES","categorie_contact":"PRESTATAIRE","societe_contact":"","fonction_contact":"","civilite_nom_prenom_contact":"La machine \u00e0 remonter le temps ","adresse1_contact":"","adresse2_contact":"","adresse3_contact":"","cpostal_contact":"","ville_contact":"","teldom_contact":"","telbur_contact":"","fax_contact":"","portable_contact":"","email_contact":"","siteweb_contact":"https:\/\/www.valdallos.com\/la-machine-a-remonter-le-temps.html","commentaire_contact":"","langue_contact":"","autre_moyen_com":[]}}},"Libelle":"Visites culturelles","Nom":"Visites culturelles","Prenom":"","NomPrenom":"Visites culturelles ","CiviliteNomPrenom":"Visites culturelles ","Cle":"E|7704040","PrestataireParent":"","ContexteStat":"PRESTATAIRE-E-7704040","DateModificationIso":"2026-04-05T00:06:00+02:00","Type":"PRESTATAIRE","TypePrestataire":"E","Adresse":{"LigneAdresse1":"Val d'Allos - le Village","LigneAdresse2":"","LigneAdresse3":"","CodePostal":"04260","Ville":"Allos","Cedex":"","Etat":"","Pays":"FRA"},"Email":"","Telephone":"04 92 83 02 81","TelephoneBureau":"","Portable":"","SiteWeb":"https:\/\/www.valdallos.com","Fax":"","Id":"e-7704040","Code":"E|7704040","Fichier":{"Image":[{"url":"https:\/\/www.valdallos.com\/medias\/images\/prestataires\/138609-patrimoine_visites_culturelles.jpg","chemin":"..\/medias\/images\/prestataires\/138609-patrimoine_visites_culturelles.jpg","libelle":"Visites culturelles_Allos","extension":"jpg","categorie":"","largeur":800,"theme":"","hauteur":600,"type":"Image","origine":"","liaisonPave":"","langue":"","id":"138609","urlVignette":"https:\/\/www.valdallos.com\/medias\/images\/prestataires\/v-138609-patrimoine_visites_culturelles.jpg","alt":"Visites culturelles_Allos","title":"Visites culturelles_Allos - &copy R Palomba\/office de tourisme du Val d'Allos","MultiTaille":{"1920x1440":{"url":"https:\/\/www.valdallos.com\/medias\/images\/prestataires\/multitailles\/1920x1440_138609-patrimoine_visites_culturelles.jpg"},"1200x900":{"url":"https:\/\/www.valdallos.com\/medias\/images\/prestataires\/multitailles\/1200x900_138609-patrimoine_visites_culturelles.jpg"},"800x600":{"url":"https:\/\/www.valdallos.com\/medias\/images\/prestataires\/multitailles\/800x600_138609-patrimoine_visites_culturelles.jpg"},"640x480":{"url":"https:\/\/www.valdallos.com\/medias\/images\/prestataires\/multitailles\/640x480_138609-patrimoine_visites_culturelles.jpg"},"320x240":{"url":"https:\/\/www.valdallos.com\/medias\/images\/prestataires\/multitailles\/320x240_138609-patrimoine_visites_culturelles.jpg"},"160x120":{"url":"https:\/\/www.valdallos.com\/medias\/images\/prestataires\/multitailles\/160x120_138609-patrimoine_visites_culturelles.jpg"},"origine":{"url":"https:\/\/www.valdallos.com\/medias\/images\/prestataires\/138609-patrimoine_visites_culturelles.jpg"}},"urlLien":"","typeLien":"","nofollow":"N","copyright":"R Palomba\/office de tourisme du Val d'Allos"}],"ByCategorie":{"":[{"url":"https:\/\/www.valdallos.com\/medias\/images\/prestataires\/138609-patrimoine_visites_culturelles.jpg","chemin":"..\/medias\/images\/prestataires\/138609-patrimoine_visites_culturelles.jpg","libelle":"Visites culturelles_Allos","extension":"jpg","categorie":"","largeur":800,"theme":"","hauteur":600,"type":"Image","origine":"","liaisonPave":"","langue":"","id":"138609","urlVignette":"https:\/\/www.valdallos.com\/medias\/images\/prestataires\/v-138609-patrimoine_visites_culturelles.jpg","alt":"Visites culturelles_Allos","title":"Visites culturelles_Allos - &copy R Palomba\/office de tourisme du Val d'Allos","MultiTaille":{"1920x1440":{"url":"https:\/\/www.valdallos.com\/medias\/images\/prestataires\/multitailles\/1920x1440_138609-patrimoine_visites_culturelles.jpg"},"1200x900":{"url":"https:\/\/www.valdallos.com\/medias\/images\/prestataires\/multitailles\/1200x900_138609-patrimoine_visites_culturelles.jpg"},"800x600":{"url":"https:\/\/www.valdallos.com\/medias\/images\/prestataires\/multitailles\/800x600_138609-patrimoine_visites_culturelles.jpg"},"640x480":{"url":"https:\/\/www.valdallos.com\/medias\/images\/prestataires\/multitailles\/640x480_138609-patrimoine_visites_culturelles.jpg"},"320x240":{"url":"https:\/\/www.valdallos.com\/medias\/images\/prestataires\/multitailles\/320x240_138609-patrimoine_visites_culturelles.jpg"},"160x120":{"url":"https:\/\/www.valdallos.com\/medias\/images\/prestataires\/multitailles\/160x120_138609-patrimoine_visites_culturelles.jpg"},"origine":{"url":"https:\/\/www.valdallos.com\/medias\/images\/prestataires\/138609-patrimoine_visites_culturelles.jpg"}},"urlLien":"","typeLien":"","nofollow":"N","copyright":"R Palomba\/office de tourisme du Val d'Allos"}]}},"Url":"visites-culturelles-allos.html","Localisation":{"GoogleMap":{"Latitude":"44.241603","Longitude":"6.62672"}},"ZoneGeo":"","LiensEtWidgetsParType":{"YOU":[{"Id":"16393","TypePrestataire":"E","CodePrestataire":"7704040","CodePrestation":"","CodeLibelle":"","Type":"YOU","Url":"https:\/\/www.youtube.com\/user\/valdallos","Defaut":"N","Langue":"","Nature":"URL","Import":"SITRA2","LibelleText":"","Theme":""}],"R":[{"Id":"16394","TypePrestataire":"E","CodePrestataire":"7704040","CodePrestation":"","CodeLibelle":"URL00002377","Type":"R","Url":"https:\/\/www.valdallos.com\/secrets-du-val-d-allos.html#reservation","Defaut":"N","Langue":"","Nature":"URL","Import":"SITRA2","LibelleText":"Secrets du Val d'Allos","Theme":""},{"Id":"16395","TypePrestataire":"E","CodePrestataire":"7704040","CodePrestation":"","CodeLibelle":"URL00002378","Type":"R","Url":"https:\/\/www.valdallos.com\/la-machine-a-remonter-le-temps.html","Defaut":"N","Langue":"","Nature":"URL","Import":"SITRA2","LibelleText":"La machine \u00e0 remonter le temps","Theme":""}]},"LiensEtWidgets":[{"Id":"16393","TypePrestataire":"E","CodePrestataire":"7704040","CodePrestation":"","CodeLibelle":"","Type":"YOU","Url":"https:\/\/www.youtube.com\/user\/valdallos","Defaut":"N","Langue":"","Nature":"URL","Import":"SITRA2","LibelleText":"","Theme":""},{"Id":"16394","TypePrestataire":"E","CodePrestataire":"7704040","CodePrestation":"","CodeLibelle":"URL00002377","Type":"R","Url":"https:\/\/www.valdallos.com\/secrets-du-val-d-allos.html#reservation","Defaut":"N","Langue":"","Nature":"URL","Import":"SITRA2","LibelleText":"Secrets du Val d'Allos","Theme":""},{"Id":"16395","TypePrestataire":"E","CodePrestataire":"7704040","CodePrestation":"","CodeLibelle":"URL00002378","Type":"R","Url":"https:\/\/www.valdallos.com\/la-machine-a-remonter-le-temps.html","Defaut":"N","Langue":"","Nature":"URL","Import":"SITRA2","LibelleText":"La machine \u00e0 remonter le temps","Theme":""}],"Criteres":{"EADHER[EGRAT":"","PUBLICATION[VALDALLOS":"","ZONEGEO[FRPA04VAV1400":"","P.4790[5063":"","P.126[1321":"","P.prestations[surchargeTourismesAdaptes":"","P.prestations[surchargeDescriptifHandicapMoteur":"","P.prestations[surchargeDescriptifHandicapAuditif":"","P.prestations[surchargeDescriptifHandicapVisuel":"","P.prestations[surchargeDescriptifHandicapMental":"","P.prestations[surchargeNombreFauteuilsRoulants":"","P.prestations[ageMin":"5","P.languesParlees[1197":"","P.114[418":"","P.114[436":"","P.tourismeAffaires[tourismeAffairesEnabled":"","P.tourismeAffaires[devise":"EUR","P.commerceEtServiceType[4015":"","P.typesDetailles[4039":"","P.typesDetailles[4041":"","P.6[6332":"","P.CINTSITRA[5662":"","P.CINTSITRA[5663":"","P.CINTSITRA[5664":"","P.CINTSITRA[8809":"","P.6241[126905":"","P.6241[5740912":"","P.3218[311229":"","P.3220[587401":"","P.3220[5575332":"","P.3233[591419":"","P.3221[4876304":"","P.3219[5127127":"","P.3219[5239406":"","P.3219[6436838":"","P.3240[5778284":"","P.6242[5843488":"","P.3230[6139211":"","P.VilleSitra[1559":"","P.VillageDeDepart[1559":""},"DateFinPublication":"","PrixAPartirDe":"","PrixPour":"","FicheListeEnCours":"fiche_liste_activites_loisirs_enfants_OT_v3","ParametresModele":{"AfficherPhotos":1,"NbPhotosMax":6,"AfficherReserver":0,"AfficherContact":0,"AfficherSalle":1,"AfficherZoneGeo":0,"AfficherEnSavoirPlus":"0","AfficherUneSeuleOuverture":0,"AfficherContactCarte":1,"AfficherTarifsChaudAPartirDe":0,"AfficherTarifChaudSansRecherche":0,"BlocCritereInfo":{"critere1":{"libelle":""},"critere2":{"libelle":"","liste_critere":["ZONEGEO|E"]},"critere3":{"libelle":""},"critere4":{"libelle":""},"critere5":{"libelle":"","liste_critere":["P.113|1593|E"]},"critere6":{"libelle":"","liste_critere":["P.prestations|ANINOAD|E"]},"critere7":{"libelle":""},"critere8":{"libelle":""},"afficherpictoetpaslibelle":"1"},"BlocPaveInfo":{"texte1":{"pave":["1","19","14"],"longeurmax":"250","afficherLibelle":"0","garderHtml":"0"}},"PositionBloc":"GALLERIE|ZONEPRINCIPALFICHEPRESTA|NOM|CARNET_VOYAGE","TypePrestataire":"E","ComportementResa":false,"ComportementDispo":false},"AffichageCoordonnees":[],"Coordonnees":{"Ville":"Allos"},"ContexteId":"PRESTATAIRE|E|7704040","ContexteIdHtml":"PRESTATAIRE-E-7704040","cleContexte":"E|7704040","Bloc":{"texte1":"Ateliers et visites autour de l'histoire d'Allos","texte3":"","critere1":{"libelle":"","contenu":[]},"critere2":{"libelle":"","contenu":{"ZONEGEO":{"libelle":"Localisation g\u00e9ographique","contenu":{"3":"Val d'Allos - Le village"},"codesValeurs":{"3":"ZONEGEO|FRPA04VAV1400|E"},"criteres_datas":{"valeurs":{"3":{"FRPA04VAV1400":{"descriptif":""}}}}}}},"critere3":{"libelle":"","contenu":[]},"critere4":{"libelle":"","contenu":[]},"critere5":{"libelle":"","contenu":[]},"critere6":{"libelle":"","contenu":[]},"critere7":{"libelle":"","contenu":[]},"critere8":{"libelle":"","contenu":[]},"critere9":{"libelle":"","contenu":[]}},"LocalisationGps":{"Latitude":"44.241603","Longitude":"6.62672"},"libelleDuPrestataire":"","listeCriteres":{"EADHER":{"EGRAT":""},"PUBLICATION":{"VALDALLOS":""},"ZONEGEO":{"FRPA04VAV1400":""},"P.4790":{"5063":""},"P.126":{"1321":""},"P.prestations":{"surchargeTourismesAdaptes":"","surchargeDescriptifHandicapMoteur":"","surchargeDescriptifHandicapAuditif":"","surchargeDescriptifHandicapVisuel":"","surchargeDescriptifHandicapMental":"","surchargeNombreFauteuilsRoulants":"","ageMin":"5"},"P.languesParlees":{"1197":""},"P.114":{"418":"","436":""},"P.tourismeAffaires":{"tourismeAffairesEnabled":"","devise":"EUR"},"P.commerceEtServiceType":{"4015":""},"P.typesDetailles":{"4039":"","4041":""},"P.6":{"6332":""},"P.CINTSITRA":{"5662":"","5663":"","5664":"","8809":""},"P.6241":{"126905":"","5740912":""},"P.3218":{"311229":""},"P.3220":{"587401":"","5575332":""},"P.3233":{"591419":""},"P.3221":{"4876304":""},"P.3219":{"5127127":"","5239406":"","6436838":""},"P.3240":{"5778284":""},"P.6242":{"5843488":""},"P.3230":{"6139211":""},"P.VilleSitra":{"1559":""},"P.VillageDeDepart":{"1559":""}},"dansCarnetVoyage":true,"Ouverture":""},"html":" \n \u003Cdiv id=\"CV-PRESTATAIRE-E-7704040\" data-contexte-id=\"PRESTATAIRE|E|7704040\" data-cle=\"E|7704040\" class=\"fiche-liste\"\u003E\n    \n\n    \u003C!-- partie photo --\u003E\n    \u003Cdiv class=\"photo\"\u003E\t\t\t\t\t\t\t\t\t\t\t\t\t\t\t\t\t\t\t\t\t\n        \u003Cdiv class=\"cadre_photo_principale\"\u003E\t\t\n        \n            \t\t\t\t\t\n                    \u003Ca href=\"visites-culturelles-allos.html?origine=carnet#media\"\u003E\n                        \u003Cimg class=\"photo_principale\" alt=\"Visites culturelles_Allos\" src=\"https:\/\/www.valdallos.com\/medias\/images\/prestataires\/multitailles\/320x240_138609-patrimoine_visites_culturelles.jpg\" itemprop=\"image\"\u003E\n                    \u003C\/a\u003E\t\t\t\t\t\t\n                \n                    \u003C\/div\u003E\t\t\t\t\t\t\t\t\t\t\t\t\t\t\t\t\t\t\t \t\t\n    \u003C\/div\u003E\n    \n    \u003C!-- partie nom prest --\u003E\n    \u003Cdiv class=\"nom\"\u003E\n        \u003Ch2\u003EVisites culturelles\u003C\/h2\u003E\n        \n            \u003C\/div\u003E\n\n         \n    \u003C!-- partie adresse --\u003E\n    \u003Cdiv class=\"adresse\"\u003E\n    \n          \n    \u003C\/div\u003E\n    \n    \u003C!-- partie liens --\u003E\n    \u003Cdiv class=\"liens\"\u003E\n            \u003Ca class=\"btn-icon btn-view \" title=\"Voir la fiche d\u00e9taill\u00e9e\" href=\"visites-culturelles-allos.html?origine=carnet\"\u003E\u003C\/a\u003E\u003C!--\u003Ca class=\"btn-icon btn-view \" title=\"\" href=\"?origine=carnet#thaut\"\u003E\u003C\/a\u003E--\u003E\n      \u003Ca class=\"btn-icon btn-trash carnet_voyage_supprimer\" title=\"Supprimer cette fiche de mon carnet de voyage\" href=\"carnet-voyage?action=remove&fiche=E|7704040\"\u003E\u003C\/a\u003E\n    \u003C\/div\u003E\n\n\u003C\/div\u003E\n\n","icon":"https:\/\/static.ingenie.fr\/images\/carnetVoyageV3\/E.png"},"fiche":"E|7704040","popup":"\u003Cdiv id=\"bloc_popup_ajout_fiche_carnet\"\u003E\n    \u003Cdiv class=\"info_popup_ajout_fiche_carnet\"\u003E\n        Vous venez d'ajouter cet \u00e9l\u00e9ment \u00e0 votre s\u00e9lection :    \u003C\/div\u003E\n    \u003Cdiv class=\"prest_popup_ajout_fiche_carnet\"\u003E\n        Visites culturelles    \u003C\/div\u003E\n    \u003Cdiv class=\"bloc_btn_ajout_fiche_carnet form_submit_div\"\u003E\n        \u003Cinput type=\"button\" value=\"Continuer ma s\u00e9lection\" title=\"Continuer ma s\u00e9lection\" name=\"btn_close\" class=\"btn_close_popup_carnet form_submit\" onclick=\"$.colorbox.close()\" \/\u003E\n        \u003Cinput type=\"button\" value=\"Voir ma s\u00e9lection\" title=\"Voir ma s\u00e9lection\" name=\"btn_panier\" class=\"btn_panier_popup_carnet form_submit\" onclick=\"if(typeof CarnetVoyage != 'undefined') {CarnetVoyage.voirCarnet();}\" \/\u003E\n    \u003C\/div\u003E\n    \u003Cdiv class=\"bloc_btn_ajout_fiche_carnet\"\u003E\n        \u003Cinput type=\"checkbox\" value=\"1\" name=\"desactiver_popup\" id=\"desactiver_popup\" \/\u003E\n        \u003Clabel for=\"desactiver_popup\"\u003ENe plus afficher ce message\u003C\/label\u003E\n    \u003C\/div\u003E\n\u003C\/div\u003E","success":1}