{"nbFiches":1,"dataPrest":{"infoPrest":{"pave1":{"libelle":"Descriptif","contenu":"\u003Ca href=\"https:\/\/www.valdallos.com\/medias\/documents\/parcours_6_la_verte_du_val_dallos-15811876-1737472362-359_2.gpx\"\u003ETrace GPX du parcours le plan - village\u003C\/a\u003E"},"pave2":{"libelle":"Tarifs Hiver","contenu":""},"pave3":{"libelle":"Tarifs Et\u00e9","contenu":""},"pave4":{"libelle":"URL de la r\u00e9servation ou vente en ligne","contenu":""},"pave5":{"libelle":"Descriptif court (old)","contenu":"Ce parcours de trail de 4,6 km au d\u00e9part du village longe le Verdon"},"pave6":{"libelle":"Descriptif d\u00e9taill\u00e9","contenu":"L\u2019Espace Trail \u00ab Des Sources aux Gorges du Verdon \u00bb propose un ensemble de parcours  vari\u00e9s et originaux.\u003Cbr \/\u003E\r\nAu sein d\u2019une nature pr\u00e9serv\u00e9e, partez \u00e0 la d\u00e9couverte du territoire et de sites embl\u00e9matiques sur plus de 300 km de sentiers balis\u00e9s pour tous les niveaux, r\u00e9partis sur quatre secteurs."},"pave7":{"libelle":"Bons plans","contenu":""},"pave8":{"libelle":"Compl\u00e9ment localisation","contenu":""},"pave9":{"libelle":"Compl\u00e9ment accueil","contenu":""},"pave10":{"libelle":"P\u00e9riodes en clair","contenu":""},"pave11":{"libelle":"Tarifs en clair","contenu":"Gratuit."},"pave12":{"libelle":"Compl\u00e9ment Tarifs","contenu":""},"pave13":{"libelle":"Compl\u00e9ment R\u00e9servation","contenu":""},"pave14":{"libelle":"Descriptif court","contenu":""},"pave15":{"libelle":"Descriptif d\u00e9taill\u00e9","contenu":""},"pave16":{"libelle":"Bons plans","contenu":""},"pave17":{"libelle":"Tarifs (Tarifs en clair, Compl\u00e9ment Tarifs)","contenu":""},"pave18":{"libelle":"P\u00e9riodes en clair","contenu":""},"pave19":{"libelle":"Descriptif court","contenu":""},"pave20":{"libelle":"Descriptif d\u00e9taill\u00e9","contenu":""},"pave21":{"libelle":"Bons plans","contenu":""},"pave22":{"libelle":"Tarifs (Tarifs en clair, Compl\u00e9ment Tarifs)","contenu":""},"pave23":{"libelle":"P\u00e9riodes en clair","contenu":""},"pave24":{"libelle":"Dispositions sp\u00e9ciales","contenu":""},"pave25":{"libelle":"","contenu":""},"Libelle":"Trail : Le plan - le village","Nom":"Trail : Le plan - le village","Prenom":"","NomPrenom":"Trail : Le plan - le village ","CiviliteNomPrenom":"Trail : Le plan - le village ","Cle":"E|7364488","PrestataireParent":"","ContexteStat":"PRESTATAIRE-E-7364488","DateModificationIso":"2026-04-01T00:11:00+02:00","Type":"PRESTATAIRE","TypePrestataire":"E","Adresse":{"LigneAdresse1":"Route du plan d'eau","LigneAdresse2":"Val d'Allos - Le Village","LigneAdresse3":"","CodePostal":"04260","Ville":"Allos","Cedex":"","Etat":"","Pays":"FRA"},"Email":"","Telephone":"04 92 83 02 81","TelephoneBureau":"","Portable":"","SiteWeb":"https:\/\/www.valdallos.com","Fax":"","Id":"e-7364488","Code":"E|7364488","Fichier":{"Image":[{"url":"https:\/\/www.valdallos.com\/medias\/images\/prestataires\/138504-trail_le_plan_2.jpg","chemin":"..\/medias\/images\/prestataires\/138504-trail_le_plan_2.jpg","libelle":"Sentier de trail du Plan - le Village, passant \u00e0 c\u00f4t\u00e9 du Parc de Loisirs, en for\u00eat","extension":"jpg","categorie":"","largeur":800,"theme":"","hauteur":600,"type":"Image","origine":"","liaisonPave":"","langue":"","id":"138504","urlVignette":"https:\/\/www.valdallos.com\/medias\/images\/prestataires\/v-138504-trail_le_plan_2.jpg","alt":"Sentier de trail du Plan - le Village, passant \u00e0 c\u00f4t\u00e9 du Parc de Loisirs, en for\u00eat","title":"Sentier de trail du Plan - le Village, passant \u00e0 c\u00f4t\u00e9 du Parc de Loisirs, en for\u00eat - &copy B Courbon","MultiTaille":{"1920x1440":{"url":"https:\/\/www.valdallos.com\/medias\/images\/prestataires\/multitailles\/1920x1440_138504-trail_le_plan_2.jpg"},"1200x900":{"url":"https:\/\/www.valdallos.com\/medias\/images\/prestataires\/multitailles\/1200x900_138504-trail_le_plan_2.jpg"},"800x600":{"url":"https:\/\/www.valdallos.com\/medias\/images\/prestataires\/multitailles\/800x600_138504-trail_le_plan_2.jpg"},"640x480":{"url":"https:\/\/www.valdallos.com\/medias\/images\/prestataires\/multitailles\/640x480_138504-trail_le_plan_2.jpg"},"320x240":{"url":"https:\/\/www.valdallos.com\/medias\/images\/prestataires\/multitailles\/320x240_138504-trail_le_plan_2.jpg"},"160x120":{"url":"https:\/\/www.valdallos.com\/medias\/images\/prestataires\/multitailles\/160x120_138504-trail_le_plan_2.jpg"},"origine":{"url":"https:\/\/www.valdallos.com\/medias\/images\/prestataires\/138504-trail_le_plan_2.jpg"}},"urlLien":"","typeLien":"","nofollow":"N","copyright":"B Courbon"},{"url":"https:\/\/www.valdallos.com\/medias\/images\/prestataires\/138505-trail_le_plan.jpg","chemin":"..\/medias\/images\/prestataires\/138505-trail_le_plan.jpg","libelle":"Large sentier plat de trail passant en for\u00eat","extension":"jpg","categorie":"","largeur":800,"theme":"","hauteur":600,"type":"Image","origine":"","liaisonPave":"","langue":"","id":"138505","urlVignette":"https:\/\/www.valdallos.com\/medias\/images\/prestataires\/v-138505-trail_le_plan.jpg","alt":"Large sentier plat de trail passant en for\u00eat","title":"Large sentier plat de trail passant en for\u00eat - &copy B Courbon","MultiTaille":{"1920x1440":{"url":"https:\/\/www.valdallos.com\/medias\/images\/prestataires\/multitailles\/1920x1440_138505-trail_le_plan.jpg"},"1200x900":{"url":"https:\/\/www.valdallos.com\/medias\/images\/prestataires\/multitailles\/1200x900_138505-trail_le_plan.jpg"},"800x600":{"url":"https:\/\/www.valdallos.com\/medias\/images\/prestataires\/multitailles\/800x600_138505-trail_le_plan.jpg"},"640x480":{"url":"https:\/\/www.valdallos.com\/medias\/images\/prestataires\/multitailles\/640x480_138505-trail_le_plan.jpg"},"320x240":{"url":"https:\/\/www.valdallos.com\/medias\/images\/prestataires\/multitailles\/320x240_138505-trail_le_plan.jpg"},"160x120":{"url":"https:\/\/www.valdallos.com\/medias\/images\/prestataires\/multitailles\/160x120_138505-trail_le_plan.jpg"},"origine":{"url":"https:\/\/www.valdallos.com\/medias\/images\/prestataires\/138505-trail_le_plan.jpg"}},"urlLien":"","typeLien":"","nofollow":"N","copyright":"B Courbon"},{"url":"https:\/\/www.valdallos.com\/medias\/images\/prestataires\/138506-espace_trail_allos_couleur_etroit.jpg","chemin":"..\/medias\/images\/prestataires\/138506-espace_trail_allos_couleur_etroit.jpg","libelle":"Logo de l'\"Espace Trail Secteur du Val d'Allos\"","extension":"jpg","categorie":"","largeur":1200,"theme":"","hauteur":689,"type":"Image","origine":"","liaisonPave":"","langue":"","id":"138506","urlVignette":"https:\/\/www.valdallos.com\/medias\/images\/prestataires\/v-138506-espace_trail_allos_couleur_etroit.jpg","alt":"Logo de l'\"Espace Trail Secteur du Val d'Allos\"","title":"Logo de l'\"Espace Trail Secteur du Val d'Allos\" - &copy CCAPV","MultiTaille":{"1920x1440":{"url":"https:\/\/www.valdallos.com\/medias\/images\/prestataires\/multitailles\/1920x1440_138506-espace_trail_allos_couleur_etroit.jpg"},"1200x900":{"url":"https:\/\/www.valdallos.com\/medias\/images\/prestataires\/multitailles\/1200x900_138506-espace_trail_allos_couleur_etroit.jpg"},"800x600":{"url":"https:\/\/www.valdallos.com\/medias\/images\/prestataires\/multitailles\/800x600_138506-espace_trail_allos_couleur_etroit.jpg"},"640x480":{"url":"https:\/\/www.valdallos.com\/medias\/images\/prestataires\/multitailles\/640x480_138506-espace_trail_allos_couleur_etroit.jpg"},"320x240":{"url":"https:\/\/www.valdallos.com\/medias\/images\/prestataires\/multitailles\/320x240_138506-espace_trail_allos_couleur_etroit.jpg"},"160x120":{"url":"https:\/\/www.valdallos.com\/medias\/images\/prestataires\/multitailles\/160x120_138506-espace_trail_allos_couleur_etroit.jpg"},"origine":{"url":"https:\/\/www.valdallos.com\/medias\/images\/prestataires\/138506-espace_trail_allos_couleur_etroit.jpg"}},"urlLien":"","typeLien":"","nofollow":"N","copyright":"CCAPV"}],"ByCategorie":{"":[{"url":"https:\/\/www.valdallos.com\/medias\/images\/prestataires\/138504-trail_le_plan_2.jpg","chemin":"..\/medias\/images\/prestataires\/138504-trail_le_plan_2.jpg","libelle":"Sentier de trail du Plan - le Village, passant \u00e0 c\u00f4t\u00e9 du Parc de Loisirs, en for\u00eat","extension":"jpg","categorie":"","largeur":800,"theme":"","hauteur":600,"type":"Image","origine":"","liaisonPave":"","langue":"","id":"138504","urlVignette":"https:\/\/www.valdallos.com\/medias\/images\/prestataires\/v-138504-trail_le_plan_2.jpg","alt":"Sentier de trail du Plan - le Village, passant \u00e0 c\u00f4t\u00e9 du Parc de Loisirs, en for\u00eat","title":"Sentier de trail du Plan - le Village, passant \u00e0 c\u00f4t\u00e9 du Parc de Loisirs, en for\u00eat - &copy B Courbon","MultiTaille":{"1920x1440":{"url":"https:\/\/www.valdallos.com\/medias\/images\/prestataires\/multitailles\/1920x1440_138504-trail_le_plan_2.jpg"},"1200x900":{"url":"https:\/\/www.valdallos.com\/medias\/images\/prestataires\/multitailles\/1200x900_138504-trail_le_plan_2.jpg"},"800x600":{"url":"https:\/\/www.valdallos.com\/medias\/images\/prestataires\/multitailles\/800x600_138504-trail_le_plan_2.jpg"},"640x480":{"url":"https:\/\/www.valdallos.com\/medias\/images\/prestataires\/multitailles\/640x480_138504-trail_le_plan_2.jpg"},"320x240":{"url":"https:\/\/www.valdallos.com\/medias\/images\/prestataires\/multitailles\/320x240_138504-trail_le_plan_2.jpg"},"160x120":{"url":"https:\/\/www.valdallos.com\/medias\/images\/prestataires\/multitailles\/160x120_138504-trail_le_plan_2.jpg"},"origine":{"url":"https:\/\/www.valdallos.com\/medias\/images\/prestataires\/138504-trail_le_plan_2.jpg"}},"urlLien":"","typeLien":"","nofollow":"N","copyright":"B Courbon"},{"url":"https:\/\/www.valdallos.com\/medias\/images\/prestataires\/138507-parcours_6_la_verte_du_val_dallos_15811876_1737472362_359.gpx","chemin":"..\/medias\/images\/prestataires\/138507-parcours_6_la_verte_du_val_dallos_15811876_1737472362_359.gpx","libelle":"Trace GPX : Le plan - le village","extension":"gpx","categorie":"","largeur":"","theme":"","hauteur":"","type":"Document","origine":"","liaisonPave":"","langue":"","id":"138507","poids":"13.09 Ko","alt":"Trace GPX : Le plan - le village","title":"Trace GPX : Le plan - le village"},{"url":"https:\/\/www.valdallos.com\/medias\/images\/prestataires\/138505-trail_le_plan.jpg","chemin":"..\/medias\/images\/prestataires\/138505-trail_le_plan.jpg","libelle":"Large sentier plat de trail passant en for\u00eat","extension":"jpg","categorie":"","largeur":800,"theme":"","hauteur":600,"type":"Image","origine":"","liaisonPave":"","langue":"","id":"138505","urlVignette":"https:\/\/www.valdallos.com\/medias\/images\/prestataires\/v-138505-trail_le_plan.jpg","alt":"Large sentier plat de trail passant en for\u00eat","title":"Large sentier plat de trail passant en for\u00eat - &copy B Courbon","MultiTaille":{"1920x1440":{"url":"https:\/\/www.valdallos.com\/medias\/images\/prestataires\/multitailles\/1920x1440_138505-trail_le_plan.jpg"},"1200x900":{"url":"https:\/\/www.valdallos.com\/medias\/images\/prestataires\/multitailles\/1200x900_138505-trail_le_plan.jpg"},"800x600":{"url":"https:\/\/www.valdallos.com\/medias\/images\/prestataires\/multitailles\/800x600_138505-trail_le_plan.jpg"},"640x480":{"url":"https:\/\/www.valdallos.com\/medias\/images\/prestataires\/multitailles\/640x480_138505-trail_le_plan.jpg"},"320x240":{"url":"https:\/\/www.valdallos.com\/medias\/images\/prestataires\/multitailles\/320x240_138505-trail_le_plan.jpg"},"160x120":{"url":"https:\/\/www.valdallos.com\/medias\/images\/prestataires\/multitailles\/160x120_138505-trail_le_plan.jpg"},"origine":{"url":"https:\/\/www.valdallos.com\/medias\/images\/prestataires\/138505-trail_le_plan.jpg"}},"urlLien":"","typeLien":"","nofollow":"N","copyright":"B Courbon"},{"url":"https:\/\/www.valdallos.com\/medias\/images\/prestataires\/138506-espace_trail_allos_couleur_etroit.jpg","chemin":"..\/medias\/images\/prestataires\/138506-espace_trail_allos_couleur_etroit.jpg","libelle":"Logo de l'\"Espace Trail Secteur du Val d'Allos\"","extension":"jpg","categorie":"","largeur":1200,"theme":"","hauteur":689,"type":"Image","origine":"","liaisonPave":"","langue":"","id":"138506","urlVignette":"https:\/\/www.valdallos.com\/medias\/images\/prestataires\/v-138506-espace_trail_allos_couleur_etroit.jpg","alt":"Logo de l'\"Espace Trail Secteur du Val d'Allos\"","title":"Logo de l'\"Espace Trail Secteur du Val d'Allos\" - &copy CCAPV","MultiTaille":{"1920x1440":{"url":"https:\/\/www.valdallos.com\/medias\/images\/prestataires\/multitailles\/1920x1440_138506-espace_trail_allos_couleur_etroit.jpg"},"1200x900":{"url":"https:\/\/www.valdallos.com\/medias\/images\/prestataires\/multitailles\/1200x900_138506-espace_trail_allos_couleur_etroit.jpg"},"800x600":{"url":"https:\/\/www.valdallos.com\/medias\/images\/prestataires\/multitailles\/800x600_138506-espace_trail_allos_couleur_etroit.jpg"},"640x480":{"url":"https:\/\/www.valdallos.com\/medias\/images\/prestataires\/multitailles\/640x480_138506-espace_trail_allos_couleur_etroit.jpg"},"320x240":{"url":"https:\/\/www.valdallos.com\/medias\/images\/prestataires\/multitailles\/320x240_138506-espace_trail_allos_couleur_etroit.jpg"},"160x120":{"url":"https:\/\/www.valdallos.com\/medias\/images\/prestataires\/multitailles\/160x120_138506-espace_trail_allos_couleur_etroit.jpg"},"origine":{"url":"https:\/\/www.valdallos.com\/medias\/images\/prestataires\/138506-espace_trail_allos_couleur_etroit.jpg"}},"urlLien":"","typeLien":"","nofollow":"N","copyright":"CCAPV"}]},"Document":[{"url":"https:\/\/www.valdallos.com\/medias\/images\/prestataires\/138507-parcours_6_la_verte_du_val_dallos_15811876_1737472362_359.gpx","chemin":"..\/medias\/images\/prestataires\/138507-parcours_6_la_verte_du_val_dallos_15811876_1737472362_359.gpx","libelle":"Trace GPX : Le plan - le village","extension":"gpx","categorie":"","largeur":"","theme":"","hauteur":"","type":"Document","origine":"","liaisonPave":"","langue":"","id":"138507","poids":"13.09 Ko","alt":"Trace GPX : Le plan - le village","title":"Trace GPX : Le plan - le village"}]},"Url":"trail-le-plan-le-village-allos.html","Localisation":{"GoogleMap":{"Latitude":"44.241857","Longitude":"6.621351"}},"ZoneGeo":"","LiensEtWidgetsParType":{"S":[{"Id":"16383","TypePrestataire":"E","CodePrestataire":"7364488","CodePrestation":"","CodeLibelle":"","Type":"S","Url":"http:\/\/www.sports.ccapv.fr","Defaut":"N","Langue":"","Nature":"URL","Import":"SITRA2","LibelleText":"","Theme":""}]},"LiensEtWidgets":[{"Id":"16383","TypePrestataire":"E","CodePrestataire":"7364488","CodePrestation":"","CodeLibelle":"","Type":"S","Url":"http:\/\/www.sports.ccapv.fr","Defaut":"N","Langue":"","Nature":"URL","Import":"SITRA2","LibelleText":"","Theme":""}],"Criteres":{"EADHER[EGRAT":"","CIDUREE[TRAIL":"","ZONEGEO[FRPA04VAV1400":"","PUBLICATION[VALDALLOSITI":"","P.prestations[surchargeTourismesAdaptes":"","P.prestations[surchargeDescriptifHandicapMoteur":"","P.prestations[surchargeDescriptifHandicapAuditif":"","P.prestations[surchargeDescriptifHandicapVisuel":"","P.prestations[surchargeDescriptifHandicapMental":"","P.prestations[surchargeNombreFauteuilsRoulants":"","P.languesParlees[1197":"","P.ouverturesComplementaires[4188":"","P.tourismeAffaires[tourismeAffairesEnabled":"","P.tourismeAffaires[devise":"EUR","P.rubrique[2988":"","P.61[3184":"","P.61[4201":"","P.itineraire[denivellationPositive":"65","P.itineraire[denivellationNegative":"64","P.itineraire[distance":"5","P.itineraire[altitudeMaximum":"1435","P.itineraire[altitudeMinimum":"1378","P.itineraire[itineraireType":"BOUCLE","P.itineraire[itineraireBalise":"","P.itineraire[denivellation":"65","P.CINTSITRA[5662":"","P.CINTSITRA[5663":"","P.CINTSITRA[8809":"","P.6241[126905":"","P.6241[5740912":"","P.3218[311229":"","P.3220[587401":"","P.3220[5575332":"","P.3233[591419":"","P.3221[4876304":"","P.3219[5127127":"","P.3219[5239406":"","P.3219[6436838":"","P.3240[5778284":"","P.6242[5843488":"","P.3230[6139211":"","P.VilleSitra[1559":"","P.VillageDeDepart[1559":"","INDICATIONPRIX[GRATUIT":""},"DateFinPublication":"","PrixAPartirDe":"","PrixPour":"","FicheListeEnCours":"fiche_liste_itineraires_equip_v2018","ParametresModele":{"AfficherPhotos":1,"NbPhotosMax":6,"AfficherReserver":0,"AfficherContact":"1","AfficherSalle":1,"AfficherZoneGeo":0,"AfficherEnSavoirPlus":"0","AfficherUneSeuleOuverture":0,"AfficherContactCarte":1,"AfficherTarifsChaudAPartirDe":0,"AfficherTarifChaudSansRecherche":0,"AfficherAvis":"0","AfficherAvisIngenie":"1","BlocCritereInfo":{"critere1":{"libelle":""},"critere2":{"libelle":""},"critere3":{"libelle":""},"critere4":{"libelle":""},"critere5":{"libelle":""},"critere6":{"libelle":"","liste_critere":["CIDUREE|E","P.prestations|ANINOAD|E","P.itineraire|distance|E","P.itineraire|denivellation|E","P.itineraire|dureeJournaliere|E"]},"critere7":{"libelle":"","liste_critere":["ZONEGEO|FRPA04VAV1800|E","ZONEGEO|FRPA04VAV1500|E","ZONEGEO|FRPA04VAV1400|E"]},"critere8":{"libelle":""},"critere9":{"libelle":""},"afficherpictoetpaslibelle":"1"},"BlocPaveInfo":{"texte1":{"longeurmax":"","afficherLibelle":"0","garderHtml":"0"},"texte3":{"longeurmax":"","afficherLibelle":"0","garderHtml":"0"}},"Criteres":"PUBLICATION[VALDALLOSITI","ModeleUrl":"fiche_itineraires_equip_v2018","PositionBloc":"GALLERIE|NOM|CRITERESORDONNEES|ZONEPRINCIPALFICHEPRESTA|DESCRIPTIF|AVIS|CARNET_VOYAGE|URL","TypePrestataire":"E","ComportementResa":false,"ComportementDispo":false},"AffichageCoordonnees":[],"Coordonnees":{"Ville":"Allos"},"ContexteId":"PRESTATAIRE|E|7364488","ContexteIdHtml":"PRESTATAIRE-E-7364488","cleContexte":"E|7364488","Bloc":{"texte1":"","texte3":"","critere1":{"libelle":"","contenu":[]},"critere2":{"libelle":"","contenu":[]},"critere3":{"libelle":"","contenu":[]},"critere4":{"libelle":"","contenu":[]},"critere5":{"libelle":"","contenu":[]},"critere6":{"libelle":"","contenu":{"CIDUREE":{"libelle":"Typologie de l'itin\u00e9raire rando","contenu":{"10":"Trail"},"codesValeurs":{"10":"CIDUREE|TRAIL|E"},"criteres_datas":{"valeurs":{"10":{"TRAIL":{"descriptif":""}}}}},"P.itineraire":{"libelle":"Itin\u00e9raire","contenu":{"3":"\u003Cspan class=\"libelle\"\u003EDistance (en km)\u003C\/span\u003E \u003Cspan class=\"quantite\"\u003E5\u003C\/span\u003E","5":"\u003Cspan class=\"libelle\"\u003ED\u00e9nivellation (en m)\u003C\/span\u003E \u003Cspan class=\"quantite\"\u003E65\u003C\/span\u003E"},"codesValeurs":{"3":"P.itineraire|distance|E","5":"P.itineraire|denivellation|E"},"criteres_datas":{"valeurs":{"3":{"distance":{"descriptif":""}},"5":{"denivellation":{"descriptif":""}}}}}}},"critere7":{"libelle":"","contenu":{"ZONEGEO":{"libelle":"Localisation g\u00e9ographique","contenu":{"3":"Val d'Allos - Le village"},"codesValeurs":{"3":"ZONEGEO|FRPA04VAV1400|E"},"criteres_datas":{"valeurs":{"3":{"FRPA04VAV1400":{"descriptif":""}}}}}}},"critere8":{"libelle":"","contenu":[]},"critere9":{"libelle":"","contenu":[]}},"LocalisationGps":{"Latitude":"44.241857","Longitude":"6.621351"},"libelleDuPrestataire":"","listeCriteres":{"EADHER":{"EGRAT":""},"CIDUREE":{"TRAIL":""},"ZONEGEO":{"FRPA04VAV1400":""},"PUBLICATION":{"VALDALLOSITI":""},"P.prestations":{"surchargeTourismesAdaptes":"","surchargeDescriptifHandicapMoteur":"","surchargeDescriptifHandicapAuditif":"","surchargeDescriptifHandicapVisuel":"","surchargeDescriptifHandicapMental":"","surchargeNombreFauteuilsRoulants":""},"P.languesParlees":{"1197":""},"P.ouverturesComplementaires":{"4188":""},"P.tourismeAffaires":{"tourismeAffairesEnabled":"","devise":"EUR"},"P.rubrique":{"2988":""},"P.61":{"3184":"","4201":""},"P.itineraire":{"denivellationPositive":"65","denivellationNegative":"64","distance":"5","altitudeMaximum":"1435","altitudeMinimum":"1378","itineraireType":"BOUCLE","itineraireBalise":"","denivellation":"65"},"P.CINTSITRA":{"5662":"","5663":"","8809":""},"P.6241":{"126905":"","5740912":""},"P.3218":{"311229":""},"P.3220":{"587401":"","5575332":""},"P.3233":{"591419":""},"P.3221":{"4876304":""},"P.3219":{"5127127":"","5239406":"","6436838":""},"P.3240":{"5778284":""},"P.6242":{"5843488":""},"P.3230":{"6139211":""},"P.VilleSitra":{"1559":""},"P.VillageDeDepart":{"1559":""},"INDICATIONPRIX":{"GRATUIT":""}},"dansCarnetVoyage":true,"Ouverture":""},"html":" \n \u003Cdiv id=\"CV-PRESTATAIRE-E-7364488\" data-contexte-id=\"PRESTATAIRE|E|7364488\" data-cle=\"E|7364488\" class=\"fiche-liste\"\u003E\n    \n\n    \u003C!-- partie photo --\u003E\n    \u003Cdiv class=\"photo\"\u003E\t\t\t\t\t\t\t\t\t\t\t\t\t\t\t\t\t\t\t\t\t\n        \u003Cdiv class=\"cadre_photo_principale\"\u003E\t\t\n        \n            \t\t\t\t\t\n                    \u003Ca href=\"trail-le-plan-le-village-allos.html?origine=carnet#media\"\u003E\n                        \u003Cimg class=\"photo_principale\" alt=\"Sentier de trail du Plan - le Village, passant \u00e0 c\u00f4t\u00e9 du Parc de Loisirs, en for\u00eat\" src=\"https:\/\/www.valdallos.com\/medias\/images\/prestataires\/multitailles\/320x240_138504-trail_le_plan_2.jpg\" itemprop=\"image\"\u003E\n                    \u003C\/a\u003E\t\t\t\t\t\t\n                \n                    \u003C\/div\u003E\t\t\t\t\t\t\t\t\t\t\t\t\t\t\t\t\t\t\t \t\t\n    \u003C\/div\u003E\n    \n    \u003C!-- partie nom prest --\u003E\n    \u003Cdiv class=\"nom\"\u003E\n        \u003Ch2\u003ETrail : Le plan - le village\u003C\/h2\u003E\n        \n            \u003C\/div\u003E\n\n         \n    \u003C!-- partie adresse --\u003E\n    \u003Cdiv class=\"adresse\"\u003E\n    \n          \n    \u003C\/div\u003E\n    \n    \u003C!-- partie liens --\u003E\n    \u003Cdiv class=\"liens\"\u003E\n            \u003Ca class=\"btn-icon btn-view \" title=\"Voir la fiche d\u00e9taill\u00e9e\" href=\"trail-le-plan-le-village-allos.html?origine=carnet\"\u003E\u003C\/a\u003E\u003C!--\u003Ca class=\"btn-icon btn-view \" title=\"\" href=\"?origine=carnet#thaut\"\u003E\u003C\/a\u003E--\u003E\n      \u003Ca class=\"btn-icon btn-trash carnet_voyage_supprimer\" title=\"Supprimer cette fiche de mon carnet de voyage\" href=\"carnet-voyage?action=remove&fiche=E|7364488\"\u003E\u003C\/a\u003E\n    \u003C\/div\u003E\n\n\u003C\/div\u003E\n\n","icon":"https:\/\/static.ingenie.fr\/images\/carnetVoyageV3\/E.png"},"fiche":"E|7364488","popup":"\u003Cdiv id=\"bloc_popup_ajout_fiche_carnet\"\u003E\n    \u003Cdiv class=\"info_popup_ajout_fiche_carnet\"\u003E\n        Vous venez d'ajouter cet \u00e9l\u00e9ment \u00e0 votre s\u00e9lection :    \u003C\/div\u003E\n    \u003Cdiv class=\"prest_popup_ajout_fiche_carnet\"\u003E\n        Trail : Le plan - le village    \u003C\/div\u003E\n    \u003Cdiv class=\"bloc_btn_ajout_fiche_carnet form_submit_div\"\u003E\n        \u003Cinput type=\"button\" value=\"Continuer ma s\u00e9lection\" title=\"Continuer ma s\u00e9lection\" name=\"btn_close\" class=\"btn_close_popup_carnet form_submit\" onclick=\"$.colorbox.close()\" \/\u003E\n        \u003Cinput type=\"button\" value=\"Voir ma s\u00e9lection\" title=\"Voir ma s\u00e9lection\" name=\"btn_panier\" class=\"btn_panier_popup_carnet form_submit\" onclick=\"if(typeof CarnetVoyage != 'undefined') {CarnetVoyage.voirCarnet();}\" \/\u003E\n    \u003C\/div\u003E\n    \u003Cdiv class=\"bloc_btn_ajout_fiche_carnet\"\u003E\n        \u003Cinput type=\"checkbox\" value=\"1\" name=\"desactiver_popup\" id=\"desactiver_popup\" \/\u003E\n        \u003Clabel for=\"desactiver_popup\"\u003ENe plus afficher ce message\u003C\/label\u003E\n    \u003C\/div\u003E\n\u003C\/div\u003E","success":1}