{"nbFiches":1,"dataPrest":{"infoPrest":{"pave1":{"libelle":"Descriptif","contenu":""},"pave2":{"libelle":"Tarifs Hiver","contenu":""},"pave3":{"libelle":"Tarifs Et\u00e9","contenu":""},"pave4":{"libelle":"URL de la r\u00e9servation ou vente en ligne","contenu":""},"pave5":{"libelle":"Descriptif court (old)","contenu":"Itin\u00e9raire raquettes la Lumineuse"},"pave6":{"libelle":"Descriptif d\u00e9taill\u00e9","contenu":"Boucle balis\u00e9e  \u00e0 l'arriv\u00e9e du t\u00e9l\u00e9si\u00e8ge Marin Pascal (forfait pi\u00e9ton ou skieur requis). Ce circuit offre un point de vue imprenable \u00e0 plus de 2000m d'altitude.\u003Cbr \/\u003E\r\nVous effectuerez une boucle qui vous conduira au sommet du col d'Allos.\u003Cbr \/\u003E\r\nUne fois celle-ci effectu\u00e9e vous pourrez redescendre avec le t\u00e9l\u00e9si\u00e8ge jusqu'au centre station.\u003Cbr \/\u003E\r\n\u003Cbr \/\u003E\r\nAttention la derni\u00e8re descente pi\u00e9ton se fait \u00e0 16h30."},"pave7":{"libelle":"Bons plans","contenu":""},"pave8":{"libelle":"Compl\u00e9ment localisation","contenu":""},"pave9":{"libelle":"Compl\u00e9ment accueil","contenu":""},"pave10":{"libelle":"P\u00e9riodes en clair","contenu":"Du 13\/12 au 06\/04 tous les jours.\u003Cbr \/\u003E\nSelon enneigement."},"pave11":{"libelle":"Tarifs en clair","contenu":"Acc\u00e8s libre. Forfait skieur ou pi\u00e9ton requis pour emprunter le t\u00e9l\u00e9si\u00e8ge du Marin Pascal."},"pave12":{"libelle":"Compl\u00e9ment Tarifs","contenu":"Forfait skieur ou pi\u00e9ton requis pour emprunter le t\u00e9l\u00e9si\u00e8ge du Marin Pascal"},"pave13":{"libelle":"Compl\u00e9ment R\u00e9servation","contenu":""},"pave14":{"libelle":"Descriptif court","contenu":""},"pave15":{"libelle":"Descriptif d\u00e9taill\u00e9","contenu":""},"pave16":{"libelle":"Bons plans","contenu":""},"pave17":{"libelle":"Tarifs (Tarifs en clair, Compl\u00e9ment Tarifs)","contenu":""},"pave18":{"libelle":"P\u00e9riodes en clair","contenu":""},"pave19":{"libelle":"Descriptif court","contenu":""},"pave20":{"libelle":"Descriptif d\u00e9taill\u00e9","contenu":""},"pave21":{"libelle":"Bons plans","contenu":""},"pave22":{"libelle":"Tarifs (Tarifs en clair, Compl\u00e9ment Tarifs)","contenu":""},"pave23":{"libelle":"P\u00e9riodes en clair","contenu":""},"pave24":{"libelle":"Dispositions sp\u00e9ciales","contenu":""},"pave25":{"libelle":"","contenu":""},"ZoneGeoLibelle":"Val d\u2019Allos \u2013 La Foux","Libelle":"La Lumineuse","Nom":"La Lumineuse","Prenom":"","NomPrenom":"La Lumineuse ","CiviliteNomPrenom":"La Lumineuse ","Cle":"E|7248833","PrestataireParent":"","ContexteStat":"PRESTATAIRE-E-7248833","DateModificationIso":"2026-03-19T00:17:00+01:00","Type":"PRESTATAIRE","TypePrestataire":"E","Adresse":{"LigneAdresse1":"Domaine Skiable","LigneAdresse2":"Arriv\u00e9e du t\u00e9l\u00e9si\u00e8ge Marin Pascal","LigneAdresse3":"Val d'Allos - la Foux","CodePostal":"04260","Ville":"La Foux d\u2019Allos","Cedex":"","Etat":"","Pays":"FRA"},"Email":"","Telephone":"04 92 83 81 44","TelephoneBureau":"","Portable":"","SiteWeb":"","Fax":"","Id":"e-7248833","Code":"E|7248833","Fichier":{"Image":[{"url":"https:\/\/www.valdallos.com\/medias\/images\/prestataires\/137801-raquette_parcours_la_lumineuse_valdallos_sommet_marin_pascal.jpg","chemin":"..\/medias\/images\/prestataires\/137801-raquette_parcours_la_lumineuse_valdallos_sommet_marin_pascal.jpg","libelle":"3 randonneurs en raquette au sommet d'un sentier de randonn\u00e9e se situant pr\u00e8s d'un t\u00e9l\u00e9ski visible, grande surfaces enneig\u00e9es et montagnes","extension":"jpg","categorie":"","largeur":800,"theme":"","hauteur":533,"type":"Image","origine":"","liaisonPave":"","langue":"","id":"137801","urlVignette":"https:\/\/www.valdallos.com\/medias\/images\/prestataires\/v-137801-raquette_parcours_la_lumineuse_valdallos_sommet_marin_pascal.jpg","alt":"3 randonneurs en raquette au sommet d'un sentier de randonn\u00e9e se situant pr\u00e8s d'un t\u00e9l\u00e9ski visible, grande surfaces enneig\u00e9es et montagnes","title":"3 randonneurs en raquette au sommet d'un sentier de randonn\u00e9e se situant pr\u00e8s d'un t\u00e9l\u00e9ski visible, grande surfaces enneig\u00e9es et montagnes - &copy R Palomba\/office de tourisme du Val d'Allos","MultiTaille":{"1920x1440":{"url":"https:\/\/www.valdallos.com\/medias\/images\/prestataires\/multitailles\/1920x1440_137801-raquette_parcours_la_lumineuse_valdallos_sommet_marin_pascal.jpg"},"1200x900":{"url":"https:\/\/www.valdallos.com\/medias\/images\/prestataires\/multitailles\/1200x900_137801-raquette_parcours_la_lumineuse_valdallos_sommet_marin_pascal.jpg"},"800x600":{"url":"https:\/\/www.valdallos.com\/medias\/images\/prestataires\/multitailles\/800x600_137801-raquette_parcours_la_lumineuse_valdallos_sommet_marin_pascal.jpg"},"640x480":{"url":"https:\/\/www.valdallos.com\/medias\/images\/prestataires\/multitailles\/640x480_137801-raquette_parcours_la_lumineuse_valdallos_sommet_marin_pascal.jpg"},"320x240":{"url":"https:\/\/www.valdallos.com\/medias\/images\/prestataires\/multitailles\/320x240_137801-raquette_parcours_la_lumineuse_valdallos_sommet_marin_pascal.jpg"},"160x120":{"url":"https:\/\/www.valdallos.com\/medias\/images\/prestataires\/multitailles\/160x120_137801-raquette_parcours_la_lumineuse_valdallos_sommet_marin_pascal.jpg"},"origine":{"url":"https:\/\/www.valdallos.com\/medias\/images\/prestataires\/137801-raquette_parcours_la_lumineuse_valdallos_sommet_marin_pascal.jpg"}},"urlLien":"","typeLien":"","nofollow":"N","copyright":"R Palomba\/office de tourisme du Val d'Allos"},{"url":"https:\/\/www.valdallos.com\/medias\/images\/prestataires\/137802-raquette_parcours_la_lumineuse_valdallos.jpg","chemin":"..\/medias\/images\/prestataires\/137802-raquette_parcours_la_lumineuse_valdallos.jpg","libelle":"3 randonneurs en raquettes dans une plaine enneig\u00e9e ensoleill\u00e9e, montagnes et conif\u00e8res en arri\u00e8re-plan","extension":"jpg","categorie":"","largeur":800,"theme":"","hauteur":533,"type":"Image","origine":"","liaisonPave":"","langue":"","id":"137802","urlVignette":"https:\/\/www.valdallos.com\/medias\/images\/prestataires\/v-137802-raquette_parcours_la_lumineuse_valdallos.jpg","alt":"3 randonneurs en raquettes dans une plaine enneig\u00e9e ensoleill\u00e9e, montagnes et conif\u00e8res en arri\u00e8re-plan","title":"3 randonneurs en raquettes dans une plaine enneig\u00e9e ensoleill\u00e9e, montagnes et conif\u00e8res en arri\u00e8re-plan - &copy R Palomba\/office de tourisme du Val d'Allos","MultiTaille":{"1920x1440":{"url":"https:\/\/www.valdallos.com\/medias\/images\/prestataires\/multitailles\/1920x1440_137802-raquette_parcours_la_lumineuse_valdallos.jpg"},"1200x900":{"url":"https:\/\/www.valdallos.com\/medias\/images\/prestataires\/multitailles\/1200x900_137802-raquette_parcours_la_lumineuse_valdallos.jpg"},"800x600":{"url":"https:\/\/www.valdallos.com\/medias\/images\/prestataires\/multitailles\/800x600_137802-raquette_parcours_la_lumineuse_valdallos.jpg"},"640x480":{"url":"https:\/\/www.valdallos.com\/medias\/images\/prestataires\/multitailles\/640x480_137802-raquette_parcours_la_lumineuse_valdallos.jpg"},"320x240":{"url":"https:\/\/www.valdallos.com\/medias\/images\/prestataires\/multitailles\/320x240_137802-raquette_parcours_la_lumineuse_valdallos.jpg"},"160x120":{"url":"https:\/\/www.valdallos.com\/medias\/images\/prestataires\/multitailles\/160x120_137802-raquette_parcours_la_lumineuse_valdallos.jpg"},"origine":{"url":"https:\/\/www.valdallos.com\/medias\/images\/prestataires\/137802-raquette_parcours_la_lumineuse_valdallos.jpg"}},"urlLien":"","typeLien":"","nofollow":"N","copyright":"R Palomba\/office de tourisme du Val d'Allos"}],"ByCategorie":{"":[{"url":"https:\/\/www.valdallos.com\/medias\/images\/prestataires\/137801-raquette_parcours_la_lumineuse_valdallos_sommet_marin_pascal.jpg","chemin":"..\/medias\/images\/prestataires\/137801-raquette_parcours_la_lumineuse_valdallos_sommet_marin_pascal.jpg","libelle":"3 randonneurs en raquette au sommet d'un sentier de randonn\u00e9e se situant pr\u00e8s d'un t\u00e9l\u00e9ski visible, grande surfaces enneig\u00e9es et montagnes","extension":"jpg","categorie":"","largeur":800,"theme":"","hauteur":533,"type":"Image","origine":"","liaisonPave":"","langue":"","id":"137801","urlVignette":"https:\/\/www.valdallos.com\/medias\/images\/prestataires\/v-137801-raquette_parcours_la_lumineuse_valdallos_sommet_marin_pascal.jpg","alt":"3 randonneurs en raquette au sommet d'un sentier de randonn\u00e9e se situant pr\u00e8s d'un t\u00e9l\u00e9ski visible, grande surfaces enneig\u00e9es et montagnes","title":"3 randonneurs en raquette au sommet d'un sentier de randonn\u00e9e se situant pr\u00e8s d'un t\u00e9l\u00e9ski visible, grande surfaces enneig\u00e9es et montagnes - &copy R Palomba\/office de tourisme du Val d'Allos","MultiTaille":{"1920x1440":{"url":"https:\/\/www.valdallos.com\/medias\/images\/prestataires\/multitailles\/1920x1440_137801-raquette_parcours_la_lumineuse_valdallos_sommet_marin_pascal.jpg"},"1200x900":{"url":"https:\/\/www.valdallos.com\/medias\/images\/prestataires\/multitailles\/1200x900_137801-raquette_parcours_la_lumineuse_valdallos_sommet_marin_pascal.jpg"},"800x600":{"url":"https:\/\/www.valdallos.com\/medias\/images\/prestataires\/multitailles\/800x600_137801-raquette_parcours_la_lumineuse_valdallos_sommet_marin_pascal.jpg"},"640x480":{"url":"https:\/\/www.valdallos.com\/medias\/images\/prestataires\/multitailles\/640x480_137801-raquette_parcours_la_lumineuse_valdallos_sommet_marin_pascal.jpg"},"320x240":{"url":"https:\/\/www.valdallos.com\/medias\/images\/prestataires\/multitailles\/320x240_137801-raquette_parcours_la_lumineuse_valdallos_sommet_marin_pascal.jpg"},"160x120":{"url":"https:\/\/www.valdallos.com\/medias\/images\/prestataires\/multitailles\/160x120_137801-raquette_parcours_la_lumineuse_valdallos_sommet_marin_pascal.jpg"},"origine":{"url":"https:\/\/www.valdallos.com\/medias\/images\/prestataires\/137801-raquette_parcours_la_lumineuse_valdallos_sommet_marin_pascal.jpg"}},"urlLien":"","typeLien":"","nofollow":"N","copyright":"R Palomba\/office de tourisme du Val d'Allos"},{"url":"https:\/\/www.valdallos.com\/medias\/images\/prestataires\/137803-itineraire_raquettes_marin_pascal.gpx","chemin":"..\/medias\/images\/prestataires\/137803-itineraire_raquettes_marin_pascal.gpx","libelle":"La lumineuse_La Foux d\u2019Allos","extension":"gpx","categorie":"","largeur":"","theme":"","hauteur":"","type":"Document","origine":"","liaisonPave":"","langue":"","id":"137803","poids":"472.64 Ko","alt":"La lumineuse_La Foux d\u2019Allos","title":"La lumineuse_La Foux d\u2019Allos"},{"url":"https:\/\/www.valdallos.com\/medias\/images\/prestataires\/137802-raquette_parcours_la_lumineuse_valdallos.jpg","chemin":"..\/medias\/images\/prestataires\/137802-raquette_parcours_la_lumineuse_valdallos.jpg","libelle":"3 randonneurs en raquettes dans une plaine enneig\u00e9e ensoleill\u00e9e, montagnes et conif\u00e8res en arri\u00e8re-plan","extension":"jpg","categorie":"","largeur":800,"theme":"","hauteur":533,"type":"Image","origine":"","liaisonPave":"","langue":"","id":"137802","urlVignette":"https:\/\/www.valdallos.com\/medias\/images\/prestataires\/v-137802-raquette_parcours_la_lumineuse_valdallos.jpg","alt":"3 randonneurs en raquettes dans une plaine enneig\u00e9e ensoleill\u00e9e, montagnes et conif\u00e8res en arri\u00e8re-plan","title":"3 randonneurs en raquettes dans une plaine enneig\u00e9e ensoleill\u00e9e, montagnes et conif\u00e8res en arri\u00e8re-plan - &copy R Palomba\/office de tourisme du Val d'Allos","MultiTaille":{"1920x1440":{"url":"https:\/\/www.valdallos.com\/medias\/images\/prestataires\/multitailles\/1920x1440_137802-raquette_parcours_la_lumineuse_valdallos.jpg"},"1200x900":{"url":"https:\/\/www.valdallos.com\/medias\/images\/prestataires\/multitailles\/1200x900_137802-raquette_parcours_la_lumineuse_valdallos.jpg"},"800x600":{"url":"https:\/\/www.valdallos.com\/medias\/images\/prestataires\/multitailles\/800x600_137802-raquette_parcours_la_lumineuse_valdallos.jpg"},"640x480":{"url":"https:\/\/www.valdallos.com\/medias\/images\/prestataires\/multitailles\/640x480_137802-raquette_parcours_la_lumineuse_valdallos.jpg"},"320x240":{"url":"https:\/\/www.valdallos.com\/medias\/images\/prestataires\/multitailles\/320x240_137802-raquette_parcours_la_lumineuse_valdallos.jpg"},"160x120":{"url":"https:\/\/www.valdallos.com\/medias\/images\/prestataires\/multitailles\/160x120_137802-raquette_parcours_la_lumineuse_valdallos.jpg"},"origine":{"url":"https:\/\/www.valdallos.com\/medias\/images\/prestataires\/137802-raquette_parcours_la_lumineuse_valdallos.jpg"}},"urlLien":"","typeLien":"","nofollow":"N","copyright":"R Palomba\/office de tourisme du Val d'Allos"}]},"Document":[{"url":"https:\/\/www.valdallos.com\/medias\/images\/prestataires\/137803-itineraire_raquettes_marin_pascal.gpx","chemin":"..\/medias\/images\/prestataires\/137803-itineraire_raquettes_marin_pascal.gpx","libelle":"La lumineuse_La Foux d\u2019Allos","extension":"gpx","categorie":"","largeur":"","theme":"","hauteur":"","type":"Document","origine":"","liaisonPave":"","langue":"","id":"137803","poids":"472.64 Ko","alt":"La lumineuse_La Foux d\u2019Allos","title":"La lumineuse_La Foux d\u2019Allos"}]},"Url":"la-lumineuse-la-foux-dallos.html","Localisation":{"GoogleMap":{"Latitude":"44.293602","Longitude":"6.591092"}},"ZoneGeo":"","Criteres":{"EADHER[EGRAT":"","PUBLICATION[VALDALLOSITI":"","ZONEGEO[FRPA04VAV1800":"","P.prestations[surchargeTourismesAdaptes":"","P.prestations[surchargeDescriptifHandicapMoteur":"","P.prestations[surchargeDescriptifHandicapAuditif":"","P.prestations[surchargeDescriptifHandicapVisuel":"","P.prestations[surchargeDescriptifHandicapMental":"","P.prestations[surchargeNombreFauteuilsRoulants":"","P.languesParlees[1197":"","P.114[416":"","P.114[435":"","P.114[436":"","P.tourismeAffaires[tourismeAffairesEnabled":"","P.tourismeAffaires[devise":"EUR","P.rubrique[2988":"","P.57[3154":"","P.57[3302":"","P.itineraire[denivellationPositive":"122","P.itineraire[distance":"1.7","P.itineraire[itineraireType":"BOUCLE","P.itineraire[itineraireBalise":"","P.itineraire[denivellation":"122","P.naturesTerrain[4238":"","P.CINTSITRA[5662":"","P.CINTSITRA[8809":"","P.6241[126905":"","P.6241[5740912":"","P.3218[311229":"","P.3220[587401":"","P.3220[5575332":"","P.3233[591419":"","P.3221[4876304":"","P.3219[5127066":"","P.3219[5239406":"","P.3240[5778284":"","P.3230[6139211":"","P.VilleSitra[37282":"","P.VillageDeDepart[37282":""},"DateFinPublication":"","PrixAPartirDe":"","PrixPour":"","FicheListeEnCours":"fiche_liste_itineraires_equip_v2018","ParametresModele":{"AfficherPhotos":1,"NbPhotosMax":6,"AfficherReserver":0,"AfficherContact":"1","AfficherSalle":1,"AfficherZoneGeo":0,"AfficherEnSavoirPlus":"0","AfficherUneSeuleOuverture":0,"AfficherContactCarte":1,"AfficherTarifsChaudAPartirDe":0,"AfficherTarifChaudSansRecherche":0,"AfficherAvis":"0","AfficherAvisIngenie":"1","BlocCritereInfo":{"critere1":{"libelle":""},"critere2":{"libelle":""},"critere3":{"libelle":""},"critere4":{"libelle":""},"critere5":{"libelle":""},"critere6":{"libelle":"","liste_critere":["CIDUREE|E","P.prestations|ANINOAD|E","P.itineraire|distance|E","P.itineraire|denivellation|E","P.itineraire|dureeJournaliere|E"]},"critere7":{"libelle":"","liste_critere":["ZONEGEO|FRPA04VAV1800|E","ZONEGEO|FRPA04VAV1500|E","ZONEGEO|FRPA04VAV1400|E"]},"critere8":{"libelle":""},"critere9":{"libelle":""},"afficherpictoetpaslibelle":"1"},"BlocPaveInfo":{"texte1":{"longeurmax":"","afficherLibelle":"0","garderHtml":"0"},"texte3":{"longeurmax":"","afficherLibelle":"0","garderHtml":"0"}},"Criteres":"PUBLICATION[VALDALLOSITI","ModeleUrl":"fiche_itineraires_equip_v2018","PositionBloc":"GALLERIE|NOM|CRITERESORDONNEES|ZONEPRINCIPALFICHEPRESTA|DESCRIPTIF|AVIS|CARNET_VOYAGE|URL","TypePrestataire":"E","ComportementResa":false,"ComportementDispo":false},"AffichageCoordonnees":[],"Coordonnees":{"Ville":"La Foux d\u2019Allos"},"ContexteId":"PRESTATAIRE|E|7248833","ContexteIdHtml":"PRESTATAIRE-E-7248833","cleContexte":"E|7248833","Bloc":{"texte1":"","texte3":"","critere1":{"libelle":"","contenu":[]},"critere2":{"libelle":"","contenu":[]},"critere3":{"libelle":"","contenu":[]},"critere4":{"libelle":"","contenu":[]},"critere5":{"libelle":"","contenu":[]},"critere6":{"libelle":"","contenu":{"P.itineraire":{"libelle":"Itin\u00e9raire","contenu":{"3":"\u003Cspan class=\"libelle\"\u003EDistance (en km)\u003C\/span\u003E \u003Cspan class=\"quantite\"\u003E1.7\u003C\/span\u003E","5":"\u003Cspan class=\"libelle\"\u003ED\u00e9nivellation (en m)\u003C\/span\u003E \u003Cspan class=\"quantite\"\u003E122\u003C\/span\u003E"},"codesValeurs":{"3":"P.itineraire|distance|E","5":"P.itineraire|denivellation|E"},"criteres_datas":{"valeurs":{"3":{"distance":{"descriptif":""}},"5":{"denivellation":{"descriptif":""}}}}}}},"critere7":{"libelle":"","contenu":{"ZONEGEO":{"libelle":"Localisation g\u00e9ographique","contenu":{"1":"Val d'Allos \u2013 La Foux"},"codesValeurs":{"1":"ZONEGEO|FRPA04VAV1800|E"},"criteres_datas":{"valeurs":{"1":{"FRPA04VAV1800":{"descriptif":""}}}}}}},"critere8":{"libelle":"","contenu":[]},"critere9":{"libelle":"","contenu":[]}},"LocalisationGps":{"Latitude":"44.293602","Longitude":"6.591092"},"libelleDuPrestataire":"","listeCriteres":{"EADHER":{"EGRAT":""},"PUBLICATION":{"VALDALLOSITI":""},"ZONEGEO":{"FRPA04VAV1800":""},"P.prestations":{"surchargeTourismesAdaptes":"","surchargeDescriptifHandicapMoteur":"","surchargeDescriptifHandicapAuditif":"","surchargeDescriptifHandicapVisuel":"","surchargeDescriptifHandicapMental":"","surchargeNombreFauteuilsRoulants":""},"P.languesParlees":{"1197":""},"P.114":{"416":"","435":"","436":""},"P.tourismeAffaires":{"tourismeAffairesEnabled":"","devise":"EUR"},"P.rubrique":{"2988":""},"P.57":{"3154":"","3302":""},"P.itineraire":{"denivellationPositive":"122","distance":"1.7","itineraireType":"BOUCLE","itineraireBalise":"","denivellation":"122"},"P.naturesTerrain":{"4238":""},"P.CINTSITRA":{"5662":"","8809":""},"P.6241":{"126905":"","5740912":""},"P.3218":{"311229":""},"P.3220":{"587401":"","5575332":""},"P.3233":{"591419":""},"P.3221":{"4876304":""},"P.3219":{"5127066":"","5239406":""},"P.3240":{"5778284":""},"P.3230":{"6139211":""},"P.VilleSitra":{"37282":""},"P.VillageDeDepart":{"37282":""}},"dansCarnetVoyage":true,"Ouverture":""},"html":" \n \u003Cdiv id=\"CV-PRESTATAIRE-E-7248833\" data-contexte-id=\"PRESTATAIRE|E|7248833\" data-cle=\"E|7248833\" class=\"fiche-liste\"\u003E\n    \n\n    \u003C!-- partie photo --\u003E\n    \u003Cdiv class=\"photo\"\u003E\t\t\t\t\t\t\t\t\t\t\t\t\t\t\t\t\t\t\t\t\t\n        \u003Cdiv class=\"cadre_photo_principale\"\u003E\t\t\n        \n            \t\t\t\t\t\n                    \u003Ca href=\"la-lumineuse-la-foux-dallos.html?origine=carnet#media\"\u003E\n                        \u003Cimg class=\"photo_principale\" alt=\"3 randonneurs en raquette au sommet d'un sentier de randonn\u00e9e se situant pr\u00e8s d'un t\u00e9l\u00e9ski visible, grande surfaces enneig\u00e9es et montagnes\" src=\"https:\/\/www.valdallos.com\/medias\/images\/prestataires\/multitailles\/320x240_137801-raquette_parcours_la_lumineuse_valdallos_sommet_marin_pascal.jpg\" itemprop=\"image\"\u003E\n                    \u003C\/a\u003E\t\t\t\t\t\t\n                \n                    \u003C\/div\u003E\t\t\t\t\t\t\t\t\t\t\t\t\t\t\t\t\t\t\t \t\t\n    \u003C\/div\u003E\n    \n    \u003C!-- partie nom prest --\u003E\n    \u003Cdiv class=\"nom\"\u003E\n        \u003Ch2\u003ELa Lumineuse\u003C\/h2\u003E\n        \n            \u003C\/div\u003E\n\n         \n    \u003C!-- partie adresse --\u003E\n    \u003Cdiv class=\"adresse\"\u003E\n    \n          \n    \u003C\/div\u003E\n    \n    \u003C!-- partie liens --\u003E\n    \u003Cdiv class=\"liens\"\u003E\n            \u003Ca class=\"btn-icon btn-view \" title=\"Voir la fiche d\u00e9taill\u00e9e\" href=\"la-lumineuse-la-foux-dallos.html?origine=carnet\"\u003E\u003C\/a\u003E\u003C!--\u003Ca class=\"btn-icon btn-view \" title=\"\" href=\"?origine=carnet#thaut\"\u003E\u003C\/a\u003E--\u003E\n      \u003Ca class=\"btn-icon btn-trash carnet_voyage_supprimer\" title=\"Supprimer cette fiche de mon carnet de voyage\" href=\"carnet-voyage?action=remove&fiche=E|7248833\"\u003E\u003C\/a\u003E\n    \u003C\/div\u003E\n\n\u003C\/div\u003E\n\n","icon":"https:\/\/static.ingenie.fr\/images\/carnetVoyageV3\/E.png"},"fiche":"E|7248833","popup":"\u003Cdiv id=\"bloc_popup_ajout_fiche_carnet\"\u003E\n    \u003Cdiv class=\"info_popup_ajout_fiche_carnet\"\u003E\n        Vous venez d'ajouter cet \u00e9l\u00e9ment \u00e0 votre s\u00e9lection :    \u003C\/div\u003E\n    \u003Cdiv class=\"prest_popup_ajout_fiche_carnet\"\u003E\n        La Lumineuse    \u003C\/div\u003E\n    \u003Cdiv class=\"bloc_btn_ajout_fiche_carnet form_submit_div\"\u003E\n        \u003Cinput type=\"button\" value=\"Continuer ma s\u00e9lection\" title=\"Continuer ma s\u00e9lection\" name=\"btn_close\" class=\"btn_close_popup_carnet form_submit\" onclick=\"$.colorbox.close()\" \/\u003E\n        \u003Cinput type=\"button\" value=\"Voir ma s\u00e9lection\" title=\"Voir ma s\u00e9lection\" name=\"btn_panier\" class=\"btn_panier_popup_carnet form_submit\" onclick=\"if(typeof CarnetVoyage != 'undefined') {CarnetVoyage.voirCarnet();}\" \/\u003E\n    \u003C\/div\u003E\n    \u003Cdiv class=\"bloc_btn_ajout_fiche_carnet\"\u003E\n        \u003Cinput type=\"checkbox\" value=\"1\" name=\"desactiver_popup\" id=\"desactiver_popup\" \/\u003E\n        \u003Clabel for=\"desactiver_popup\"\u003ENe plus afficher ce message\u003C\/label\u003E\n    \u003C\/div\u003E\n\u003C\/div\u003E","success":1}