{"nbFiches":1,"dataPrest":{"infoPrest":{"pave1":{"libelle":"Descriptif","contenu":"Cette randonn&eacute;e se situe en coeur de parc, qui est un espace r&eacute;glement&eacute;. D&eacute;couvrez en un clin d&#39;oeil&nbsp;\u003Ca href=\"https:\/\/www.calameo.com\/read\/000087338c7542386f1d3\" target=\"_blank\"\u003Eles bons r&eacute;flexes &agrave; adopter\u003C\/a\u003E.\u003Cbr \/\u003E\r\n\u003Cbr \/\u003E\r\n&nbsp;"},"pave2":{"libelle":"Tarifs Hiver","contenu":""},"pave3":{"libelle":"Tarifs Et\u00e9","contenu":""},"pave4":{"libelle":"URL de la r\u00e9servation ou vente en ligne","contenu":""},"pave5":{"libelle":"Descriptif court (old)","contenu":"Randonner jusqu'au lac d'Allos, le plus grand lac naturel d'altitude d'Europe : une balade incontournable au coeur du Parc national du Mercantour.\u003Cbr \/\u003E\r\n\u003Cbr \/\u003E\r\nCette randonn\u00e9e, \u00e9tant situ\u00e9e dans le Parc national du Mercantour, les animaux sont strictement interdits."},"pave6":{"libelle":"Descriptif d\u00e9taill\u00e9","contenu":"Il s'agit comme qui dirait d'un joyau dans un \u00e9crin, le lac d'Allos se d\u00e9couvre \u00e0 pied uniquement.\u003Cbr \/\u003E\r\n\u003Cbr \/\u003E\r\nAcc\u00e8s au lac d'Allos A PIED (temps de marche  indicatif)\u003Cbr \/\u003E\r\n\u003Cbr \/\u003E\r\nD\u00e9part du village d'Allos, par le GR56B : \u003Cbr \/\u003E\r\n7h aller-retour, balisage rouge et blanc ; ce point de d\u00e9part, bien que plus \u00e9loign\u00e9, rend le lac accessible sans prendre de voiture depuis le village.\u003Cbr \/\u003E\r\n\u003Cbr \/\u003E\r\nD\u00e9part du parking de la Cluite (acc\u00e8s r\u00e9glement\u00e9) : \u003Cbr \/\u003E\r\n5h aller-retour\u003Cbr \/\u003E\r\n\u003Cbr \/\u003E\r\nD\u00e9part du parking du Laus (acc\u00e8s r\u00e9glement\u00e9 et limit\u00e9) : \u003Cbr \/\u003E\r\n1h30 aller-retour\u003Cbr \/\u003E\r\n\u003Cbr \/\u003E\r\nUne fois arriv\u00e9 il est \u00e9galement possible d'effectuer le tour du lac (compter 1 heure de marche environ).\u003Cbr \/\u003E\r\n\u003Cbr \/\u003E\r\nSi vous envisagez de rejoindre le lac d'Allos depuis l'un des deux parkings, nous vous recommandons de consulter l'office de tourisme avant votre d\u00e9part, leurs places \u00e9tant limit\u00e9es.\u003Cbr \/\u003E\r\n\u003Cbr \/\u003E\r\nDurant la haute saison, l'acc\u00e8s au parking du Laus (ou parking du lac d'Allos), dans le sens de la mont\u00e9e, est r\u00e9glement\u00e9 et payant de 7h \u00e0 17h.\u003Cbr \/\u003E\r\nLe tarif d'acc\u00e8s est de 12\u20ac par voiture et 6\u20ac pour les deux roues motoris\u00e9s (acc\u00e8s gratuit pour les v\u00e9los), dans la limite des places disponibles.\u003Cbr \/\u003E\r\nCe tarif est un montant forfaitaire quelle que soit la dur\u00e9e de stationnement.\u003Cbr \/\u003E\r\nPossibilit\u00e9 de r\u00e9server une parti des  places du parking sur www.valdallos.com (non \u00e9changeables et non remboursables selon les conditions de vente en vigueur)\u003Cbr \/\u003E\r\n\u003Cbr \/\u003E\r\nCamping-cars\u003Cbr \/\u003E\r\nUn gabarit \u00e0 2m10 est install\u00e9 au parking de la Chaup, l'acc\u00e8s n'est donc pas possible au del\u00e0 pour les v\u00e9hicules qui d\u00e9passent cette hauteur. \u003Cbr \/\u003E\r\n\u003Cbr \/\u003E\r\nPr\u00eat d'une JOELETTE\u003Cbr \/\u003E\r\nPour les personnes en situation d'handicap physique, une jo\u00eblette est mise \u00e0 disposition sur r\u00e9servation, n'h\u00e9sitez pas \u00e0 en profiter (plus d'information et r\u00e9servation gratuite aupr\u00e8s de l'office de tourisme)."},"pave7":{"libelle":"Bons plans","contenu":"En saison d'\u00e9t\u00e9 un service en ligne offre la possibilit\u00e9 de r\u00e9server sa place de parking avant son arriv\u00e9e"},"pave8":{"libelle":"Compl\u00e9ment localisation","contenu":""},"pave9":{"libelle":"Compl\u00e9ment accueil","contenu":""},"pave10":{"libelle":"P\u00e9riodes en clair","contenu":"Du 13\/06 au 01\/11\/2026 les week-ends.\u003Cbr \/\u003E\nDates d'ouverture de l'acc\u00e8s routier variable selon les al\u00e9as climatiques, nous consulter."},"pave11":{"libelle":"Tarifs en clair","contenu":"Acc\u00e8s libre. Durant les p\u00e9riodes de forte fr\u00e9quentation, l'acc\u00e8s au parking du Laus (ou parking du lac d'Allos), dans le sens de la mont\u00e9e, est r\u00e9glement\u00e9 et payant.\u003Cbr \/\u003E\r\n\u003Cbr \/\u003E\r\nLe tarif d'acc\u00e8s est de 12\u20ac par voiture et 6\u20ac pour les deux roues motoris\u00e9s (acc\u00e8s gratuit pour les v\u00e9los), dans la limite des places disponibles.\u003Cbr \/\u003E\r\nCe tarif est un montant forfaitaire quelle que soit la dur\u00e9e de stationnement."},"pave12":{"libelle":"Compl\u00e9ment Tarifs","contenu":"Durant les p\u00e9riodes de forte fr\u00e9quentation, l'acc\u00e8s au parking du Laus (ou parking du lac d'Allos), dans le sens de la mont\u00e9e, est r\u00e9glement\u00e9 et payant.\u003Cbr \/\u003E\r\n\u003Cbr \/\u003E\r\nLe tarif d'acc\u00e8s est de 12\u20ac par voiture et 6\u20ac pour les deux roues motoris\u00e9s (acc\u00e8s gratuit pour les v\u00e9los), dans la limite des places disponibles.\u003Cbr \/\u003E\r\nCe tarif est un montant forfaitaire quelle que soit la dur\u00e9e de stationnement."},"pave13":{"libelle":"Compl\u00e9ment R\u00e9servation","contenu":""},"pave14":{"libelle":"Descriptif court","contenu":""},"pave15":{"libelle":"Descriptif d\u00e9taill\u00e9","contenu":""},"pave16":{"libelle":"Bons plans","contenu":""},"pave17":{"libelle":"Tarifs (Tarifs en clair, Compl\u00e9ment Tarifs)","contenu":""},"pave18":{"libelle":"P\u00e9riodes en clair","contenu":""},"pave19":{"libelle":"Descriptif court","contenu":""},"pave20":{"libelle":"Descriptif d\u00e9taill\u00e9","contenu":""},"pave21":{"libelle":"Bons plans","contenu":""},"pave22":{"libelle":"Tarifs (Tarifs en clair, Compl\u00e9ment Tarifs)","contenu":""},"pave23":{"libelle":"P\u00e9riodes en clair","contenu":""},"pave24":{"libelle":"Dispositions sp\u00e9ciales","contenu":""},"pave25":{"libelle":"","contenu":""},"ContactsParType":{"":{"117881":{"id_contact":"117881","type_contact":"","categorie_contact":"PRESTATAIRE","societe_contact":"","fonction_contact":"","civilite_nom_prenom_contact":"","adresse1_contact":"","adresse2_contact":"","adresse3_contact":"","cpostal_contact":"","ville_contact":"","teldom_contact":"","telbur_contact":"","fax_contact":"","portable_contact":"","email_contact":"","siteweb_contact":"","commentaire_contact":"","langue_contact":"","autre_moyen_com":[]}},"RES":{"117882":{"id_contact":"117882","type_contact":"RES","categorie_contact":"PRESTATAIRE","societe_contact":"","fonction_contact":"","civilite_nom_prenom_contact":"R\u00e9servation du parking ","adresse1_contact":"","adresse2_contact":"","adresse3_contact":"","cpostal_contact":"","ville_contact":"","teldom_contact":"","telbur_contact":"","fax_contact":"","portable_contact":"","email_contact":"","siteweb_contact":"https:\/\/www.valdallos.com\/parking-du-laus.html","commentaire_contact":"","langue_contact":"","autre_moyen_com":[]}}},"Libelle":"Randonn\u00e9e au Lac d'Allos","Nom":"Randonn\u00e9e au Lac d'Allos","Prenom":"","NomPrenom":"Randonn\u00e9e au Lac d'Allos ","CiviliteNomPrenom":"Randonn\u00e9e au Lac d'Allos ","Cle":"E|660803","PrestataireParent":"","ContexteStat":"PRESTATAIRE-E-660803","DateModificationIso":"2026-03-29T00:51:00+01:00","Type":"PRESTATAIRE","TypePrestataire":"E","Adresse":{"LigneAdresse1":"Val d'Allos le Village","LigneAdresse2":"","LigneAdresse3":"","CodePostal":"04260","Ville":"Allos","Cedex":"","Etat":"","Pays":"FRA"},"Email":"","Telephone":"","TelephoneBureau":"","Portable":"","SiteWeb":"https:\/\/www.valdallos.com\/lac-d-allos.html","Fax":"","Id":"e-660803","Code":"E|660803","Fichier":{"Image":[{"url":"https:\/\/www.valdallos.com\/medias\/images\/prestataires\/138333-lacdallos_printemps.jpg","chemin":"..\/medias\/images\/prestataires\/138333-lacdallos_printemps.jpg","libelle":"Le Lac d'Allos en fin de printemps, v\u00e9g\u00e9tation verdoyante autour du lac, montagnes dites t\u00eates du Lac en arri\u00e8re-plan avec neige subsistante","extension":"jpg","categorie":"","largeur":1200,"theme":"","hauteur":900,"type":"Image","origine":"","liaisonPave":"","langue":"","id":"138333","urlVignette":"https:\/\/www.valdallos.com\/medias\/images\/prestataires\/v-138333-lacdallos_printemps.jpg","alt":"Le Lac d'Allos en fin de printemps, v\u00e9g\u00e9tation verdoyante autour du lac, montagnes dites t\u00eates du Lac en arri\u00e8re-plan avec neige subsistante","title":"Le Lac d'Allos en fin de printemps, v\u00e9g\u00e9tation verdoyante autour du lac, montagnes dites t\u00eates du Lac en arri\u00e8re-plan avec neige subsistante - &copy B Courbon","MultiTaille":{"1920x1440":{"url":"https:\/\/www.valdallos.com\/medias\/images\/prestataires\/multitailles\/1920x1440_138333-lacdallos_printemps.jpg"},"1200x900":{"url":"https:\/\/www.valdallos.com\/medias\/images\/prestataires\/multitailles\/1200x900_138333-lacdallos_printemps.jpg"},"800x600":{"url":"https:\/\/www.valdallos.com\/medias\/images\/prestataires\/multitailles\/800x600_138333-lacdallos_printemps.jpg"},"640x480":{"url":"https:\/\/www.valdallos.com\/medias\/images\/prestataires\/multitailles\/640x480_138333-lacdallos_printemps.jpg"},"320x240":{"url":"https:\/\/www.valdallos.com\/medias\/images\/prestataires\/multitailles\/320x240_138333-lacdallos_printemps.jpg"},"160x120":{"url":"https:\/\/www.valdallos.com\/medias\/images\/prestataires\/multitailles\/160x120_138333-lacdallos_printemps.jpg"},"origine":{"url":"https:\/\/www.valdallos.com\/medias\/images\/prestataires\/138333-lacdallos_printemps.jpg"}},"urlLien":"","typeLien":"","nofollow":"N","copyright":"B Courbon"},{"url":"https:\/\/www.valdallos.com\/medias\/images\/prestataires\/138334-lacdallos_valdallos_automne.jpg","chemin":"..\/medias\/images\/prestataires\/138334-lacdallos_valdallos_automne.jpg","libelle":"Le Lac d'Allos en automne, v\u00e9g\u00e9tation autour du lac roussie et m\u00e9l\u00e8zes oranges, montagnes dites Tours du Lac en fond avec neige clairsem\u00e9e","extension":"jpg","categorie":"","largeur":1200,"theme":"","hauteur":900,"type":"Image","origine":"","liaisonPave":"","langue":"","id":"138334","urlVignette":"https:\/\/www.valdallos.com\/medias\/images\/prestataires\/v-138334-lacdallos_valdallos_automne.jpg","alt":"Le Lac d'Allos en automne, v\u00e9g\u00e9tation autour du lac roussie et m\u00e9l\u00e8zes oranges, montagnes dites Tours du Lac en fond avec neige clairsem\u00e9e","title":"Le Lac d'Allos en automne, v\u00e9g\u00e9tation autour du lac roussie et m\u00e9l\u00e8zes oranges, montagnes dites Tours du Lac en fond avec neige clairsem\u00e9e - &copy B Courbon","MultiTaille":{"1920x1440":{"url":"https:\/\/www.valdallos.com\/medias\/images\/prestataires\/multitailles\/1920x1440_138334-lacdallos_valdallos_automne.jpg"},"1200x900":{"url":"https:\/\/www.valdallos.com\/medias\/images\/prestataires\/multitailles\/1200x900_138334-lacdallos_valdallos_automne.jpg"},"800x600":{"url":"https:\/\/www.valdallos.com\/medias\/images\/prestataires\/multitailles\/800x600_138334-lacdallos_valdallos_automne.jpg"},"640x480":{"url":"https:\/\/www.valdallos.com\/medias\/images\/prestataires\/multitailles\/640x480_138334-lacdallos_valdallos_automne.jpg"},"320x240":{"url":"https:\/\/www.valdallos.com\/medias\/images\/prestataires\/multitailles\/320x240_138334-lacdallos_valdallos_automne.jpg"},"160x120":{"url":"https:\/\/www.valdallos.com\/medias\/images\/prestataires\/multitailles\/160x120_138334-lacdallos_valdallos_automne.jpg"},"origine":{"url":"https:\/\/www.valdallos.com\/medias\/images\/prestataires\/138334-lacdallos_valdallos_automne.jpg"}},"urlLien":"","typeLien":"","nofollow":"N","copyright":"B Courbon"},{"url":"https:\/\/www.valdallos.com\/medias\/images\/prestataires\/138335-lac_dallos_valdallos_26.jpg","chemin":"..\/medias\/images\/prestataires\/138335-lac_dallos_valdallos_26.jpg","libelle":"Panorama du lac d'Allos vu depuis le col de l'Encombrette, grand lac bleu entour\u00e9 de for\u00eats de conif\u00e8res et de montagnes","extension":"jpg","categorie":"","largeur":1200,"theme":"","hauteur":900,"type":"Image","origine":"","liaisonPave":"","langue":"","id":"138335","urlVignette":"https:\/\/www.valdallos.com\/medias\/images\/prestataires\/v-138335-lac_dallos_valdallos_26.jpg","alt":"Panorama du lac d'Allos vu depuis le col de l'Encombrette, grand lac bleu entour\u00e9 de for\u00eats de conif\u00e8res et de montagnes","title":"Panorama du lac d'Allos vu depuis le col de l'Encombrette, grand lac bleu entour\u00e9 de for\u00eats de conif\u00e8res et de montagnes - &copy B Courbon","MultiTaille":{"1920x1440":{"url":"https:\/\/www.valdallos.com\/medias\/images\/prestataires\/multitailles\/1920x1440_138335-lac_dallos_valdallos_26.jpg"},"1200x900":{"url":"https:\/\/www.valdallos.com\/medias\/images\/prestataires\/multitailles\/1200x900_138335-lac_dallos_valdallos_26.jpg"},"800x600":{"url":"https:\/\/www.valdallos.com\/medias\/images\/prestataires\/multitailles\/800x600_138335-lac_dallos_valdallos_26.jpg"},"640x480":{"url":"https:\/\/www.valdallos.com\/medias\/images\/prestataires\/multitailles\/640x480_138335-lac_dallos_valdallos_26.jpg"},"320x240":{"url":"https:\/\/www.valdallos.com\/medias\/images\/prestataires\/multitailles\/320x240_138335-lac_dallos_valdallos_26.jpg"},"160x120":{"url":"https:\/\/www.valdallos.com\/medias\/images\/prestataires\/multitailles\/160x120_138335-lac_dallos_valdallos_26.jpg"},"origine":{"url":"https:\/\/www.valdallos.com\/medias\/images\/prestataires\/138335-lac_dallos_valdallos_26.jpg"}},"urlLien":"","typeLien":"","nofollow":"N","copyright":"B Courbon"},{"url":"https:\/\/www.valdallos.com\/medias\/images\/prestataires\/138336-lac_dallos_refuge_27.jpg","chemin":"..\/medias\/images\/prestataires\/138336-lac_dallos_refuge_27.jpg","libelle":"Vue du refuge situ\u00e9 au bord du Lac d'Allos, maison en bois comportant une terrasse avec des tables et chaises, dans un cadre de v\u00e9g\u00e9tation et de conif\u00e8res","extension":"jpg","categorie":"","largeur":1200,"theme":"","hauteur":900,"type":"Image","origine":"","liaisonPave":"","langue":"","id":"138336","urlVignette":"https:\/\/www.valdallos.com\/medias\/images\/prestataires\/v-138336-lac_dallos_refuge_27.jpg","alt":"Vue du refuge situ\u00e9 au bord du Lac d'Allos, maison en bois comportant une terrasse avec des tables et chaises, dans un cadre de v\u00e9g\u00e9tation et de conif\u00e8res","title":"Vue du refuge situ\u00e9 au bord du Lac d'Allos, maison en bois comportant une terrasse avec des tables et chaises, dans un cadre de v\u00e9g\u00e9tation et de conif\u00e8res - &copy B Courbon","MultiTaille":{"1920x1440":{"url":"https:\/\/www.valdallos.com\/medias\/images\/prestataires\/multitailles\/1920x1440_138336-lac_dallos_refuge_27.jpg"},"1200x900":{"url":"https:\/\/www.valdallos.com\/medias\/images\/prestataires\/multitailles\/1200x900_138336-lac_dallos_refuge_27.jpg"},"800x600":{"url":"https:\/\/www.valdallos.com\/medias\/images\/prestataires\/multitailles\/800x600_138336-lac_dallos_refuge_27.jpg"},"640x480":{"url":"https:\/\/www.valdallos.com\/medias\/images\/prestataires\/multitailles\/640x480_138336-lac_dallos_refuge_27.jpg"},"320x240":{"url":"https:\/\/www.valdallos.com\/medias\/images\/prestataires\/multitailles\/320x240_138336-lac_dallos_refuge_27.jpg"},"160x120":{"url":"https:\/\/www.valdallos.com\/medias\/images\/prestataires\/multitailles\/160x120_138336-lac_dallos_refuge_27.jpg"},"origine":{"url":"https:\/\/www.valdallos.com\/medias\/images\/prestataires\/138336-lac_dallos_refuge_27.jpg"}},"urlLien":"","typeLien":"","nofollow":"N","copyright":"B Courbon"},{"url":"https:\/\/www.valdallos.com\/medias\/images\/prestataires\/138337-lac_dallos_reglementation_27.jpg","chemin":"..\/medias\/images\/prestataires\/138337-lac_dallos_reglementation_27.jpg","libelle":"Panneau rappelant la r\u00e9glementation du Parc National du Mercantour, ic\u00f4nes de chien et de drones, \u00e9tant tous les deux interdits et sujets \u00e0 une amende","extension":"jpg","categorie":"","largeur":900,"theme":"","hauteur":1200,"type":"Image","origine":"","liaisonPave":"","langue":"","id":"138337","urlVignette":"https:\/\/www.valdallos.com\/medias\/images\/prestataires\/v-138337-lac_dallos_reglementation_27.jpg","alt":"Panneau rappelant la r\u00e9glementation du Parc National du Mercantour, ic\u00f4nes de chien et de drones, \u00e9tant tous les deux interdits et sujets \u00e0 une amende","title":"Panneau rappelant la r\u00e9glementation du Parc National du Mercantour, ic\u00f4nes de chien et de drones, \u00e9tant tous les deux interdits et sujets \u00e0 une amende - &copy office de tourisme du Val d'Allos","MultiTaille":{"1920x1440":{"url":"https:\/\/www.valdallos.com\/medias\/images\/prestataires\/multitailles\/1920x1440_138337-lac_dallos_reglementation_27.jpg"},"1200x900":{"url":"https:\/\/www.valdallos.com\/medias\/images\/prestataires\/multitailles\/1200x900_138337-lac_dallos_reglementation_27.jpg"},"800x600":{"url":"https:\/\/www.valdallos.com\/medias\/images\/prestataires\/multitailles\/800x600_138337-lac_dallos_reglementation_27.jpg"},"640x480":{"url":"https:\/\/www.valdallos.com\/medias\/images\/prestataires\/multitailles\/640x480_138337-lac_dallos_reglementation_27.jpg"},"320x240":{"url":"https:\/\/www.valdallos.com\/medias\/images\/prestataires\/multitailles\/320x240_138337-lac_dallos_reglementation_27.jpg"},"160x120":{"url":"https:\/\/www.valdallos.com\/medias\/images\/prestataires\/multitailles\/160x120_138337-lac_dallos_reglementation_27.jpg"},"origine":{"url":"https:\/\/www.valdallos.com\/medias\/images\/prestataires\/138337-lac_dallos_reglementation_27.jpg"}},"urlLien":"","typeLien":"","nofollow":"N","copyright":"office de tourisme du Val d'Allos"}],"ByCategorie":{"":[{"url":"https:\/\/www.valdallos.com\/medias\/images\/prestataires\/138333-lacdallos_printemps.jpg","chemin":"..\/medias\/images\/prestataires\/138333-lacdallos_printemps.jpg","libelle":"Le Lac d'Allos en fin de printemps, v\u00e9g\u00e9tation verdoyante autour du lac, montagnes dites t\u00eates du Lac en arri\u00e8re-plan avec neige subsistante","extension":"jpg","categorie":"","largeur":1200,"theme":"","hauteur":900,"type":"Image","origine":"","liaisonPave":"","langue":"","id":"138333","urlVignette":"https:\/\/www.valdallos.com\/medias\/images\/prestataires\/v-138333-lacdallos_printemps.jpg","alt":"Le Lac d'Allos en fin de printemps, v\u00e9g\u00e9tation verdoyante autour du lac, montagnes dites t\u00eates du Lac en arri\u00e8re-plan avec neige subsistante","title":"Le Lac d'Allos en fin de printemps, v\u00e9g\u00e9tation verdoyante autour du lac, montagnes dites t\u00eates du Lac en arri\u00e8re-plan avec neige subsistante - &copy B Courbon","MultiTaille":{"1920x1440":{"url":"https:\/\/www.valdallos.com\/medias\/images\/prestataires\/multitailles\/1920x1440_138333-lacdallos_printemps.jpg"},"1200x900":{"url":"https:\/\/www.valdallos.com\/medias\/images\/prestataires\/multitailles\/1200x900_138333-lacdallos_printemps.jpg"},"800x600":{"url":"https:\/\/www.valdallos.com\/medias\/images\/prestataires\/multitailles\/800x600_138333-lacdallos_printemps.jpg"},"640x480":{"url":"https:\/\/www.valdallos.com\/medias\/images\/prestataires\/multitailles\/640x480_138333-lacdallos_printemps.jpg"},"320x240":{"url":"https:\/\/www.valdallos.com\/medias\/images\/prestataires\/multitailles\/320x240_138333-lacdallos_printemps.jpg"},"160x120":{"url":"https:\/\/www.valdallos.com\/medias\/images\/prestataires\/multitailles\/160x120_138333-lacdallos_printemps.jpg"},"origine":{"url":"https:\/\/www.valdallos.com\/medias\/images\/prestataires\/138333-lacdallos_printemps.jpg"}},"urlLien":"","typeLien":"","nofollow":"N","copyright":"B Courbon"},{"url":"https:\/\/www.valdallos.com\/medias\/images\/prestataires\/138338-name_26.gpx","chemin":"..\/medias\/images\/prestataires\/138338-name_26.gpx","libelle":"Le lac d'Allos","extension":"gpx","categorie":"","largeur":"","theme":"","hauteur":"","type":"Document","origine":"","liaisonPave":"","langue":"","id":"138338","poids":"17.82 Ko","alt":"Le lac d'Allos","title":"Le lac d'Allos"},{"url":"https:\/\/www.valdallos.com\/medias\/images\/prestataires\/138334-lacdallos_valdallos_automne.jpg","chemin":"..\/medias\/images\/prestataires\/138334-lacdallos_valdallos_automne.jpg","libelle":"Le Lac d'Allos en automne, v\u00e9g\u00e9tation autour du lac roussie et m\u00e9l\u00e8zes oranges, montagnes dites Tours du Lac en fond avec neige clairsem\u00e9e","extension":"jpg","categorie":"","largeur":1200,"theme":"","hauteur":900,"type":"Image","origine":"","liaisonPave":"","langue":"","id":"138334","urlVignette":"https:\/\/www.valdallos.com\/medias\/images\/prestataires\/v-138334-lacdallos_valdallos_automne.jpg","alt":"Le Lac d'Allos en automne, v\u00e9g\u00e9tation autour du lac roussie et m\u00e9l\u00e8zes oranges, montagnes dites Tours du Lac en fond avec neige clairsem\u00e9e","title":"Le Lac d'Allos en automne, v\u00e9g\u00e9tation autour du lac roussie et m\u00e9l\u00e8zes oranges, montagnes dites Tours du Lac en fond avec neige clairsem\u00e9e - &copy B Courbon","MultiTaille":{"1920x1440":{"url":"https:\/\/www.valdallos.com\/medias\/images\/prestataires\/multitailles\/1920x1440_138334-lacdallos_valdallos_automne.jpg"},"1200x900":{"url":"https:\/\/www.valdallos.com\/medias\/images\/prestataires\/multitailles\/1200x900_138334-lacdallos_valdallos_automne.jpg"},"800x600":{"url":"https:\/\/www.valdallos.com\/medias\/images\/prestataires\/multitailles\/800x600_138334-lacdallos_valdallos_automne.jpg"},"640x480":{"url":"https:\/\/www.valdallos.com\/medias\/images\/prestataires\/multitailles\/640x480_138334-lacdallos_valdallos_automne.jpg"},"320x240":{"url":"https:\/\/www.valdallos.com\/medias\/images\/prestataires\/multitailles\/320x240_138334-lacdallos_valdallos_automne.jpg"},"160x120":{"url":"https:\/\/www.valdallos.com\/medias\/images\/prestataires\/multitailles\/160x120_138334-lacdallos_valdallos_automne.jpg"},"origine":{"url":"https:\/\/www.valdallos.com\/medias\/images\/prestataires\/138334-lacdallos_valdallos_automne.jpg"}},"urlLien":"","typeLien":"","nofollow":"N","copyright":"B Courbon"},{"url":"https:\/\/www.valdallos.com\/medias\/images\/prestataires\/138335-lac_dallos_valdallos_26.jpg","chemin":"..\/medias\/images\/prestataires\/138335-lac_dallos_valdallos_26.jpg","libelle":"Panorama du lac d'Allos vu depuis le col de l'Encombrette, grand lac bleu entour\u00e9 de for\u00eats de conif\u00e8res et de montagnes","extension":"jpg","categorie":"","largeur":1200,"theme":"","hauteur":900,"type":"Image","origine":"","liaisonPave":"","langue":"","id":"138335","urlVignette":"https:\/\/www.valdallos.com\/medias\/images\/prestataires\/v-138335-lac_dallos_valdallos_26.jpg","alt":"Panorama du lac d'Allos vu depuis le col de l'Encombrette, grand lac bleu entour\u00e9 de for\u00eats de conif\u00e8res et de montagnes","title":"Panorama du lac d'Allos vu depuis le col de l'Encombrette, grand lac bleu entour\u00e9 de for\u00eats de conif\u00e8res et de montagnes - &copy B Courbon","MultiTaille":{"1920x1440":{"url":"https:\/\/www.valdallos.com\/medias\/images\/prestataires\/multitailles\/1920x1440_138335-lac_dallos_valdallos_26.jpg"},"1200x900":{"url":"https:\/\/www.valdallos.com\/medias\/images\/prestataires\/multitailles\/1200x900_138335-lac_dallos_valdallos_26.jpg"},"800x600":{"url":"https:\/\/www.valdallos.com\/medias\/images\/prestataires\/multitailles\/800x600_138335-lac_dallos_valdallos_26.jpg"},"640x480":{"url":"https:\/\/www.valdallos.com\/medias\/images\/prestataires\/multitailles\/640x480_138335-lac_dallos_valdallos_26.jpg"},"320x240":{"url":"https:\/\/www.valdallos.com\/medias\/images\/prestataires\/multitailles\/320x240_138335-lac_dallos_valdallos_26.jpg"},"160x120":{"url":"https:\/\/www.valdallos.com\/medias\/images\/prestataires\/multitailles\/160x120_138335-lac_dallos_valdallos_26.jpg"},"origine":{"url":"https:\/\/www.valdallos.com\/medias\/images\/prestataires\/138335-lac_dallos_valdallos_26.jpg"}},"urlLien":"","typeLien":"","nofollow":"N","copyright":"B Courbon"},{"url":"https:\/\/www.valdallos.com\/medias\/images\/prestataires\/138336-lac_dallos_refuge_27.jpg","chemin":"..\/medias\/images\/prestataires\/138336-lac_dallos_refuge_27.jpg","libelle":"Vue du refuge situ\u00e9 au bord du Lac d'Allos, maison en bois comportant une terrasse avec des tables et chaises, dans un cadre de v\u00e9g\u00e9tation et de conif\u00e8res","extension":"jpg","categorie":"","largeur":1200,"theme":"","hauteur":900,"type":"Image","origine":"","liaisonPave":"","langue":"","id":"138336","urlVignette":"https:\/\/www.valdallos.com\/medias\/images\/prestataires\/v-138336-lac_dallos_refuge_27.jpg","alt":"Vue du refuge situ\u00e9 au bord du Lac d'Allos, maison en bois comportant une terrasse avec des tables et chaises, dans un cadre de v\u00e9g\u00e9tation et de conif\u00e8res","title":"Vue du refuge situ\u00e9 au bord du Lac d'Allos, maison en bois comportant une terrasse avec des tables et chaises, dans un cadre de v\u00e9g\u00e9tation et de conif\u00e8res - &copy B Courbon","MultiTaille":{"1920x1440":{"url":"https:\/\/www.valdallos.com\/medias\/images\/prestataires\/multitailles\/1920x1440_138336-lac_dallos_refuge_27.jpg"},"1200x900":{"url":"https:\/\/www.valdallos.com\/medias\/images\/prestataires\/multitailles\/1200x900_138336-lac_dallos_refuge_27.jpg"},"800x600":{"url":"https:\/\/www.valdallos.com\/medias\/images\/prestataires\/multitailles\/800x600_138336-lac_dallos_refuge_27.jpg"},"640x480":{"url":"https:\/\/www.valdallos.com\/medias\/images\/prestataires\/multitailles\/640x480_138336-lac_dallos_refuge_27.jpg"},"320x240":{"url":"https:\/\/www.valdallos.com\/medias\/images\/prestataires\/multitailles\/320x240_138336-lac_dallos_refuge_27.jpg"},"160x120":{"url":"https:\/\/www.valdallos.com\/medias\/images\/prestataires\/multitailles\/160x120_138336-lac_dallos_refuge_27.jpg"},"origine":{"url":"https:\/\/www.valdallos.com\/medias\/images\/prestataires\/138336-lac_dallos_refuge_27.jpg"}},"urlLien":"","typeLien":"","nofollow":"N","copyright":"B Courbon"},{"url":"https:\/\/www.valdallos.com\/medias\/images\/prestataires\/138337-lac_dallos_reglementation_27.jpg","chemin":"..\/medias\/images\/prestataires\/138337-lac_dallos_reglementation_27.jpg","libelle":"Panneau rappelant la r\u00e9glementation du Parc National du Mercantour, ic\u00f4nes de chien et de drones, \u00e9tant tous les deux interdits et sujets \u00e0 une amende","extension":"jpg","categorie":"","largeur":900,"theme":"","hauteur":1200,"type":"Image","origine":"","liaisonPave":"","langue":"","id":"138337","urlVignette":"https:\/\/www.valdallos.com\/medias\/images\/prestataires\/v-138337-lac_dallos_reglementation_27.jpg","alt":"Panneau rappelant la r\u00e9glementation du Parc National du Mercantour, ic\u00f4nes de chien et de drones, \u00e9tant tous les deux interdits et sujets \u00e0 une amende","title":"Panneau rappelant la r\u00e9glementation du Parc National du Mercantour, ic\u00f4nes de chien et de drones, \u00e9tant tous les deux interdits et sujets \u00e0 une amende - &copy office de tourisme du Val d'Allos","MultiTaille":{"1920x1440":{"url":"https:\/\/www.valdallos.com\/medias\/images\/prestataires\/multitailles\/1920x1440_138337-lac_dallos_reglementation_27.jpg"},"1200x900":{"url":"https:\/\/www.valdallos.com\/medias\/images\/prestataires\/multitailles\/1200x900_138337-lac_dallos_reglementation_27.jpg"},"800x600":{"url":"https:\/\/www.valdallos.com\/medias\/images\/prestataires\/multitailles\/800x600_138337-lac_dallos_reglementation_27.jpg"},"640x480":{"url":"https:\/\/www.valdallos.com\/medias\/images\/prestataires\/multitailles\/640x480_138337-lac_dallos_reglementation_27.jpg"},"320x240":{"url":"https:\/\/www.valdallos.com\/medias\/images\/prestataires\/multitailles\/320x240_138337-lac_dallos_reglementation_27.jpg"},"160x120":{"url":"https:\/\/www.valdallos.com\/medias\/images\/prestataires\/multitailles\/160x120_138337-lac_dallos_reglementation_27.jpg"},"origine":{"url":"https:\/\/www.valdallos.com\/medias\/images\/prestataires\/138337-lac_dallos_reglementation_27.jpg"}},"urlLien":"","typeLien":"","nofollow":"N","copyright":"office de tourisme du Val d'Allos"}]},"Document":[{"url":"https:\/\/www.valdallos.com\/medias\/images\/prestataires\/138338-name_26.gpx","chemin":"..\/medias\/images\/prestataires\/138338-name_26.gpx","libelle":"Le lac d'Allos","extension":"gpx","categorie":"","largeur":"","theme":"","hauteur":"","type":"Document","origine":"","liaisonPave":"","langue":"","id":"138338","poids":"17.82 Ko","alt":"Le lac d'Allos","title":"Le lac d'Allos"}]},"Url":"le-lac-d-allos-allos.html","Localisation":{"GoogleMap":{"Latitude":"44.235459","Longitude":"6.705412"}},"ZoneGeo":"","LiensEtWidgetsParType":{"BI":[{"Id":"16375","TypePrestataire":"E","CodePrestataire":"660803","CodePrestation":"","CodeLibelle":"URL00002366","Type":"BI","Url":"https:\/\/www.calameo.com\/read\/000087338c7542386f1d3","Defaut":"N","Langue":"","Nature":"URL","Import":"SITRA2","LibelleText":"Livret : r\u00e9glementation en c\u0153ur de Parc national du Mercantour","Theme":""}],"R":[{"Id":"16376","TypePrestataire":"E","CodePrestataire":"660803","CodePrestation":"","CodeLibelle":"URL00002367","Type":"R","Url":"https:\/\/www.valdallos.com\/parking-du-laus.html","Defaut":"N","Langue":"","Nature":"URL","Import":"SITRA2","LibelleText":"R\u00e9servation du parking","Theme":""}]},"LiensEtWidgets":[{"Id":"16375","TypePrestataire":"E","CodePrestataire":"660803","CodePrestation":"","CodeLibelle":"URL00002366","Type":"BI","Url":"https:\/\/www.calameo.com\/read\/000087338c7542386f1d3","Defaut":"N","Langue":"","Nature":"URL","Import":"SITRA2","LibelleText":"Livret : r\u00e9glementation en c\u0153ur de Parc national du Mercantour","Theme":""},{"Id":"16376","TypePrestataire":"E","CodePrestataire":"660803","CodePrestation":"","CodeLibelle":"URL00002367","Type":"R","Url":"https:\/\/www.valdallos.com\/parking-du-laus.html","Defaut":"N","Langue":"","Nature":"URL","Import":"SITRA2","LibelleText":"R\u00e9servation du parking","Theme":""}],"Criteres":{"PUBLICATION[VALDALLOSITI":"","EADHER[EGRAT":"","CIDUREE[RANDO4":"","CIDUREE[RANDO5":"","ZONEGEO[FRPA04VAV1400":"","P.prestations[ANINOAD":"","P.113[1593":"","P.typologiesPromoSitra[1599":"","P.typologiesPromoSitra[1676":"","P.34[1602":"","P.prestations[surchargeTourismesAdaptes":"","P.prestations[surchargeDescriptifHandicapMoteur":"","P.prestations[surchargeDescriptifHandicapAuditif":"","P.prestations[surchargeDescriptifHandicapVisuel":"","P.prestations[surchargeDescriptifHandicapMental":"","P.prestations[surchargeNombreFauteuilsRoulants":"","P.languesParlees[1197":"","P.114[416":"","P.114[418":"","P.114[436":"","P.tourismeAffaires[tourismeAffairesEnabled":"","P.tourismeAffaires[devise":"EUR","P.visites[visitable":"","P.prestationsVisitesIndividuelles[480":"","P.rubrique[2988":"","P.61[3184":"","P.61[3331":"","P.61[3333":"","P.itineraire[denivellationPositive":"800","P.itineraire[itineraireType":"Aller \/ Retour","P.itineraire[itineraireBalise":"","P.itineraire[denivellation":"800","P.CINTSITRA[5662":"","P.CINTSITRA[8809":"","P.6241[126905":"","P.6241[5740912":"","P.3218[311229":"","P.3220[587401":"","P.3220[5575332":"","P.3233[591419":"","P.3221[4876304":"","P.3219[5127127":"","P.3219[5239406":"","P.3219[6436838":"","P.3240[5778284":"","P.6242[5843488":"","P.3230[6139211":"","P.VilleSitra[1559":"","P.VillageDeDepart[1559":""},"DateFinPublication":"","PrixAPartirDe":"","PrixPour":"","FicheListeEnCours":"fiche_liste_itineraires_equip_v2018","ParametresModele":{"AfficherPhotos":1,"NbPhotosMax":6,"AfficherReserver":0,"AfficherContact":"1","AfficherSalle":1,"AfficherZoneGeo":0,"AfficherEnSavoirPlus":"0","AfficherUneSeuleOuverture":0,"AfficherContactCarte":1,"AfficherTarifsChaudAPartirDe":0,"AfficherTarifChaudSansRecherche":0,"AfficherAvis":"0","AfficherAvisIngenie":"1","BlocCritereInfo":{"critere1":{"libelle":""},"critere2":{"libelle":""},"critere3":{"libelle":""},"critere4":{"libelle":""},"critere5":{"libelle":""},"critere6":{"libelle":"","liste_critere":["CIDUREE|E","P.prestations|ANINOAD|E","P.itineraire|distance|E","P.itineraire|denivellation|E","P.itineraire|dureeJournaliere|E"]},"critere7":{"libelle":"","liste_critere":["ZONEGEO|FRPA04VAV1800|E","ZONEGEO|FRPA04VAV1500|E","ZONEGEO|FRPA04VAV1400|E"]},"critere8":{"libelle":""},"critere9":{"libelle":""},"afficherpictoetpaslibelle":"1"},"BlocPaveInfo":{"texte1":{"longeurmax":"","afficherLibelle":"0","garderHtml":"0"},"texte3":{"longeurmax":"","afficherLibelle":"0","garderHtml":"0"}},"Criteres":"PUBLICATION[VALDALLOSITI","ModeleUrl":"fiche_itineraires_equip_v2018","PositionBloc":"GALLERIE|NOM|CRITERESORDONNEES|ZONEPRINCIPALFICHEPRESTA|DESCRIPTIF|AVIS|CARNET_VOYAGE|URL","TypePrestataire":"E","ComportementResa":false,"ComportementDispo":false},"AffichageCoordonnees":[],"Coordonnees":{"Ville":"Allos"},"ContexteId":"PRESTATAIRE|E|660803","ContexteIdHtml":"PRESTATAIRE-E-660803","cleContexte":"E|660803","Bloc":{"texte1":"","texte3":"","critere1":{"libelle":"","contenu":[]},"critere2":{"libelle":"","contenu":[]},"critere3":{"libelle":"","contenu":[]},"critere4":{"libelle":"","contenu":[]},"critere5":{"libelle":"","contenu":[]},"critere6":{"libelle":"","contenu":{"CIDUREE":{"libelle":"Typologie de l'itin\u00e9raire rando","contenu":{"4":"Itin\u00e9raire journ\u00e9e","5":"Sp\u00e9cial famille"},"codesValeurs":{"4":"CIDUREE|RANDO4|E","5":"CIDUREE|RANDO5|E"},"criteres_datas":{"valeurs":{"4":{"RANDO4":{"descriptif":""}},"5":{"RANDO5":{"descriptif":""}}}}},"P.prestations":{"libelle":"Prestations","contenu":{"7":"Animaux non admis"},"codesValeurs":{"7":"P.prestations|ANINOAD|E"},"criteres_datas":{"valeurs":{"7":{"ANINOAD":{"descriptif":""}}}}},"P.itineraire":{"libelle":"Itin\u00e9raire","contenu":{"5":"\u003Cspan class=\"libelle\"\u003ED\u00e9nivellation (en m)\u003C\/span\u003E \u003Cspan class=\"quantite\"\u003E800\u003C\/span\u003E"},"codesValeurs":{"5":"P.itineraire|denivellation|E"},"criteres_datas":{"valeurs":{"5":{"denivellation":{"descriptif":""}}}}}}},"critere7":{"libelle":"","contenu":{"ZONEGEO":{"libelle":"Localisation g\u00e9ographique","contenu":{"3":"Val d'Allos - Le village"},"codesValeurs":{"3":"ZONEGEO|FRPA04VAV1400|E"},"criteres_datas":{"valeurs":{"3":{"FRPA04VAV1400":{"descriptif":""}}}}}}},"critere8":{"libelle":"","contenu":[]},"critere9":{"libelle":"","contenu":[]}},"LocalisationGps":{"Latitude":"44.235459","Longitude":"6.705412"},"libelleDuPrestataire":"","listeCriteres":{"PUBLICATION":{"VALDALLOSITI":""},"EADHER":{"EGRAT":""},"CIDUREE":{"RANDO4":"","RANDO5":""},"ZONEGEO":{"FRPA04VAV1400":""},"P.prestations":{"ANINOAD":"","surchargeTourismesAdaptes":"","surchargeDescriptifHandicapMoteur":"","surchargeDescriptifHandicapAuditif":"","surchargeDescriptifHandicapVisuel":"","surchargeDescriptifHandicapMental":"","surchargeNombreFauteuilsRoulants":""},"P.113":{"1593":""},"P.typologiesPromoSitra":{"1599":"","1676":""},"P.34":{"1602":""},"P.languesParlees":{"1197":""},"P.114":{"416":"","418":"","436":""},"P.tourismeAffaires":{"tourismeAffairesEnabled":"","devise":"EUR"},"P.visites":{"visitable":""},"P.prestationsVisitesIndividuelles":{"480":""},"P.rubrique":{"2988":""},"P.61":{"3184":"","3331":"","3333":""},"P.itineraire":{"denivellationPositive":"800","itineraireType":"Aller \/ Retour","itineraireBalise":"","denivellation":"800"},"P.CINTSITRA":{"5662":"","8809":""},"P.6241":{"126905":"","5740912":""},"P.3218":{"311229":""},"P.3220":{"587401":"","5575332":""},"P.3233":{"591419":""},"P.3221":{"4876304":""},"P.3219":{"5127127":"","5239406":"","6436838":""},"P.3240":{"5778284":""},"P.6242":{"5843488":""},"P.3230":{"6139211":""},"P.VilleSitra":{"1559":""},"P.VillageDeDepart":{"1559":""}},"dansCarnetVoyage":true,"Ouverture":""},"html":" \n \u003Cdiv id=\"CV-PRESTATAIRE-E-660803\" data-contexte-id=\"PRESTATAIRE|E|660803\" data-cle=\"E|660803\" class=\"fiche-liste\"\u003E\n    \n\n    \u003C!-- partie photo --\u003E\n    \u003Cdiv class=\"photo\"\u003E\t\t\t\t\t\t\t\t\t\t\t\t\t\t\t\t\t\t\t\t\t\n        \u003Cdiv class=\"cadre_photo_principale\"\u003E\t\t\n        \n            \t\t\t\t\t\n                    \u003Ca href=\"le-lac-d-allos-allos.html?origine=carnet#media\"\u003E\n                        \u003Cimg class=\"photo_principale\" alt=\"Le Lac d'Allos en fin de printemps, v\u00e9g\u00e9tation verdoyante autour du lac, montagnes dites t\u00eates du Lac en arri\u00e8re-plan avec neige subsistante\" src=\"https:\/\/www.valdallos.com\/medias\/images\/prestataires\/multitailles\/320x240_138333-lacdallos_printemps.jpg\" itemprop=\"image\"\u003E\n                    \u003C\/a\u003E\t\t\t\t\t\t\n                \n                    \u003C\/div\u003E\t\t\t\t\t\t\t\t\t\t\t\t\t\t\t\t\t\t\t \t\t\n    \u003C\/div\u003E\n    \n    \u003C!-- partie nom prest --\u003E\n    \u003Cdiv class=\"nom\"\u003E\n        \u003Ch2\u003ERandonn\u00e9e au Lac d'Allos\u003C\/h2\u003E\n        \n            \u003C\/div\u003E\n\n         \n    \u003C!-- partie adresse --\u003E\n    \u003Cdiv class=\"adresse\"\u003E\n    \n          \n    \u003C\/div\u003E\n    \n    \u003C!-- partie liens --\u003E\n    \u003Cdiv class=\"liens\"\u003E\n            \u003Ca class=\"btn-icon btn-view \" title=\"Voir la fiche d\u00e9taill\u00e9e\" href=\"le-lac-d-allos-allos.html?origine=carnet\"\u003E\u003C\/a\u003E\u003C!--\u003Ca class=\"btn-icon btn-view \" title=\"\" href=\"?origine=carnet#thaut\"\u003E\u003C\/a\u003E--\u003E\n      \u003Ca class=\"btn-icon btn-trash carnet_voyage_supprimer\" title=\"Supprimer cette fiche de mon carnet de voyage\" href=\"carnet-voyage?action=remove&fiche=E|660803\"\u003E\u003C\/a\u003E\n    \u003C\/div\u003E\n\n\u003C\/div\u003E\n\n","icon":"https:\/\/static.ingenie.fr\/images\/carnetVoyageV3\/E.png"},"fiche":"E|660803","popup":"\u003Cdiv id=\"bloc_popup_ajout_fiche_carnet\"\u003E\n    \u003Cdiv class=\"info_popup_ajout_fiche_carnet\"\u003E\n        Vous venez d'ajouter cet \u00e9l\u00e9ment \u00e0 votre s\u00e9lection :    \u003C\/div\u003E\n    \u003Cdiv class=\"prest_popup_ajout_fiche_carnet\"\u003E\n        Randonn&eacute;e au Lac d&#039;Allos    \u003C\/div\u003E\n    \u003Cdiv class=\"bloc_btn_ajout_fiche_carnet form_submit_div\"\u003E\n        \u003Cinput type=\"button\" value=\"Continuer ma s\u00e9lection\" title=\"Continuer ma s\u00e9lection\" name=\"btn_close\" class=\"btn_close_popup_carnet form_submit\" onclick=\"$.colorbox.close()\" \/\u003E\n        \u003Cinput type=\"button\" value=\"Voir ma s\u00e9lection\" title=\"Voir ma s\u00e9lection\" name=\"btn_panier\" class=\"btn_panier_popup_carnet form_submit\" onclick=\"if(typeof CarnetVoyage != 'undefined') {CarnetVoyage.voirCarnet();}\" \/\u003E\n    \u003C\/div\u003E\n    \u003Cdiv class=\"bloc_btn_ajout_fiche_carnet\"\u003E\n        \u003Cinput type=\"checkbox\" value=\"1\" name=\"desactiver_popup\" id=\"desactiver_popup\" \/\u003E\n        \u003Clabel for=\"desactiver_popup\"\u003ENe plus afficher ce message\u003C\/label\u003E\n    \u003C\/div\u003E\n\u003C\/div\u003E","success":1}