{"nbFiches":1,"dataPrest":{"infoPrest":{"pave1":{"libelle":"Descriptif","contenu":""},"pave2":{"libelle":"Tarifs Hiver","contenu":""},"pave3":{"libelle":"Tarifs Et\u00e9","contenu":""},"pave4":{"libelle":"URL de la r\u00e9servation ou vente en ligne","contenu":""},"pave5":{"libelle":"Descriptif court (old)","contenu":"Une balade offrant \u00e0 son arriv\u00e9e un tr\u00e8s joli point de vue sur la haute vall\u00e9e du Verdon au milieu de prairies spacieuses"},"pave6":{"libelle":"Descriptif d\u00e9taill\u00e9","contenu":"Cette randonn\u00e9e, sur le point le plus haut, s'ouvre sur un panorama  vous offrant une large vue sur la haute vall\u00e9e du Verdon. \u003Cbr \/\u003E\r\nBosquets de m\u00e9l\u00e8zes,  de pins et vie pastorale locale (p\u00e2turages de vaches et de moutons) vous accueillent au pied du hameau o\u00f9  quelques maisons demeurent encore aujourd'hui.\u003Cbr \/\u003E\r\n\u003Cbr \/\u003E\r\nUne large place s'offre aux pauses pique-nique une fois sur place.\u003Cbr \/\u003E\r\n\u003Cbr \/\u003E\r\n\u003Cbr \/\u003E\r\nPlusieurs d\u00e9parts vous permettent d\u2019acc\u00e9der au hameau et au plateau de Montgros : \u003Cbr \/\u003E\r\n- depuis le parking de la Baumelle. Cette variante est particuli\u00e8rement pris\u00e9e par les familles, situ\u00e9e entre Val d'Allos - Le Village et Val d'Allos - La Foux  (compter 3h de marche et 350m de d\u00e9nivel\u00e9)\u003Cbr \/\u003E\r\n\u003Cbr \/\u003E\r\n- depuis  l'office de tourisme de Val d'Allos - Le Village, au pied de la piste conduisant \u00e0 Bouchier, pour une mont\u00e9e l\u00e9g\u00e8rement plus sportive  et qui rejoindra le plateau en une distance un peu plus courte (3h30 de marche et 350m de d\u00e9nivel\u00e9)"},"pave7":{"libelle":"Bons plans","contenu":""},"pave8":{"libelle":"Compl\u00e9ment localisation","contenu":""},"pave9":{"libelle":"Compl\u00e9ment accueil","contenu":""},"pave10":{"libelle":"P\u00e9riodes en clair","contenu":""},"pave11":{"libelle":"Tarifs en clair","contenu":"Gratuit."},"pave12":{"libelle":"Compl\u00e9ment Tarifs","contenu":""},"pave13":{"libelle":"Compl\u00e9ment R\u00e9servation","contenu":""},"pave14":{"libelle":"Descriptif court","contenu":""},"pave15":{"libelle":"Descriptif d\u00e9taill\u00e9","contenu":""},"pave16":{"libelle":"Bons plans","contenu":""},"pave17":{"libelle":"Tarifs (Tarifs en clair, Compl\u00e9ment Tarifs)","contenu":""},"pave18":{"libelle":"P\u00e9riodes en clair","contenu":""},"pave19":{"libelle":"Descriptif court","contenu":""},"pave20":{"libelle":"Descriptif d\u00e9taill\u00e9","contenu":""},"pave21":{"libelle":"Bons plans","contenu":""},"pave22":{"libelle":"Tarifs (Tarifs en clair, Compl\u00e9ment Tarifs)","contenu":""},"pave23":{"libelle":"P\u00e9riodes en clair","contenu":""},"pave24":{"libelle":"Dispositions sp\u00e9ciales","contenu":""},"pave25":{"libelle":"","contenu":""},"Libelle":"Randonn\u00e9e : Montgros","Nom":"Randonn\u00e9e : Montgros","Prenom":"","NomPrenom":"Randonn\u00e9e : Montgros ","CiviliteNomPrenom":"Randonn\u00e9e : Montgros ","Cle":"E|5603761","PrestataireParent":"","ContexteStat":"PRESTATAIRE-E-5603761","DateModificationIso":"2026-04-05T00:06:00+02:00","Type":"PRESTATAIRE","TypePrestataire":"E","Adresse":{"LigneAdresse1":"place de la coop\u00e9rative","LigneAdresse2":"Val d'Allos -le  Village","LigneAdresse3":"","CodePostal":"04260","Ville":"Allos","Cedex":"","Etat":"","Pays":"FRA"},"Email":"","Telephone":"04 92 83 02 81","TelephoneBureau":"","Portable":"","SiteWeb":"https:\/\/www.valdallos.com","Fax":"","Id":"e-5603761","Code":"E|5603761","Fichier":{"Image":[{"url":"https:\/\/www.valdallos.com\/medias\/images\/prestataires\/138590-montgros25.jpg","chemin":"..\/medias\/images\/prestataires\/138590-montgros25.jpg","libelle":"Panorama d'une montagne enneig\u00e9e vue depuis une for\u00eat de m\u00e9l\u00e8zes en automne","extension":"jpg","categorie":"","largeur":1200,"theme":"","hauteur":900,"type":"Image","origine":"","liaisonPave":"","langue":"","id":"138590","urlVignette":"https:\/\/www.valdallos.com\/medias\/images\/prestataires\/v-138590-montgros25.jpg","alt":"Panorama d'une montagne enneig\u00e9e vue depuis une for\u00eat de m\u00e9l\u00e8zes en automne","title":"Panorama d'une montagne enneig\u00e9e vue depuis une for\u00eat de m\u00e9l\u00e8zes en automne - &copy office de tourisme du Val d'Allos","MultiTaille":{"1920x1440":{"url":"https:\/\/www.valdallos.com\/medias\/images\/prestataires\/multitailles\/1920x1440_138590-montgros25.jpg"},"1200x900":{"url":"https:\/\/www.valdallos.com\/medias\/images\/prestataires\/multitailles\/1200x900_138590-montgros25.jpg"},"800x600":{"url":"https:\/\/www.valdallos.com\/medias\/images\/prestataires\/multitailles\/800x600_138590-montgros25.jpg"},"640x480":{"url":"https:\/\/www.valdallos.com\/medias\/images\/prestataires\/multitailles\/640x480_138590-montgros25.jpg"},"320x240":{"url":"https:\/\/www.valdallos.com\/medias\/images\/prestataires\/multitailles\/320x240_138590-montgros25.jpg"},"160x120":{"url":"https:\/\/www.valdallos.com\/medias\/images\/prestataires\/multitailles\/160x120_138590-montgros25.jpg"},"origine":{"url":"https:\/\/www.valdallos.com\/medias\/images\/prestataires\/138590-montgros25.jpg"}},"urlLien":"","typeLien":"","nofollow":"N","copyright":"office de tourisme du Val d'Allos"},{"url":"https:\/\/www.valdallos.com\/medias\/images\/prestataires\/138591-montgros_valdallos_25.jpg","chemin":"..\/medias\/images\/prestataires\/138591-montgros_valdallos_25.jpg","libelle":"Panorama du village d'Allos et du Val d'Allos depuis la montagne de Montgros en automne. Vue sur le village, le parc de loisirs, for\u00eats et montagnes","extension":"jpg","categorie":"","largeur":1200,"theme":"","hauteur":900,"type":"Image","origine":"","liaisonPave":"","langue":"","id":"138591","urlVignette":"https:\/\/www.valdallos.com\/medias\/images\/prestataires\/v-138591-montgros_valdallos_25.jpg","alt":"Panorama du village d'Allos et du Val d'Allos depuis la montagne de Montgros en automne. Vue sur le village, le parc de loisirs, for\u00eats et montagnes","title":"Panorama du village d'Allos et du Val d'Allos depuis la montagne de Montgros en automne. Vue sur le village, le parc de loisirs, for\u00eats et montagnes - &copy office de tourisme du Val d'Allos","MultiTaille":{"1920x1440":{"url":"https:\/\/www.valdallos.com\/medias\/images\/prestataires\/multitailles\/1920x1440_138591-montgros_valdallos_25.jpg"},"1200x900":{"url":"https:\/\/www.valdallos.com\/medias\/images\/prestataires\/multitailles\/1200x900_138591-montgros_valdallos_25.jpg"},"800x600":{"url":"https:\/\/www.valdallos.com\/medias\/images\/prestataires\/multitailles\/800x600_138591-montgros_valdallos_25.jpg"},"640x480":{"url":"https:\/\/www.valdallos.com\/medias\/images\/prestataires\/multitailles\/640x480_138591-montgros_valdallos_25.jpg"},"320x240":{"url":"https:\/\/www.valdallos.com\/medias\/images\/prestataires\/multitailles\/320x240_138591-montgros_valdallos_25.jpg"},"160x120":{"url":"https:\/\/www.valdallos.com\/medias\/images\/prestataires\/multitailles\/160x120_138591-montgros_valdallos_25.jpg"},"origine":{"url":"https:\/\/www.valdallos.com\/medias\/images\/prestataires\/138591-montgros_valdallos_25.jpg"}},"urlLien":"","typeLien":"","nofollow":"N","copyright":"office de tourisme du Val d'Allos"},{"url":"https:\/\/www.valdallos.com\/medias\/images\/prestataires\/138592-montgros_25_valdallos.jpg","chemin":"..\/medias\/images\/prestataires\/138592-montgros_25_valdallos.jpg","libelle":"Prairie de montagne en bord de for\u00eat, cabane foresti\u00e8re, v\u00e9g\u00e9tation","extension":"jpg","categorie":"","largeur":1200,"theme":"","hauteur":900,"type":"Image","origine":"","liaisonPave":"","langue":"","id":"138592","urlVignette":"https:\/\/www.valdallos.com\/medias\/images\/prestataires\/v-138592-montgros_25_valdallos.jpg","alt":"Prairie de montagne en bord de for\u00eat, cabane foresti\u00e8re, v\u00e9g\u00e9tation","title":"Prairie de montagne en bord de for\u00eat, cabane foresti\u00e8re, v\u00e9g\u00e9tation - &copy B Courbon","MultiTaille":{"1920x1440":{"url":"https:\/\/www.valdallos.com\/medias\/images\/prestataires\/multitailles\/1920x1440_138592-montgros_25_valdallos.jpg"},"1200x900":{"url":"https:\/\/www.valdallos.com\/medias\/images\/prestataires\/multitailles\/1200x900_138592-montgros_25_valdallos.jpg"},"800x600":{"url":"https:\/\/www.valdallos.com\/medias\/images\/prestataires\/multitailles\/800x600_138592-montgros_25_valdallos.jpg"},"640x480":{"url":"https:\/\/www.valdallos.com\/medias\/images\/prestataires\/multitailles\/640x480_138592-montgros_25_valdallos.jpg"},"320x240":{"url":"https:\/\/www.valdallos.com\/medias\/images\/prestataires\/multitailles\/320x240_138592-montgros_25_valdallos.jpg"},"160x120":{"url":"https:\/\/www.valdallos.com\/medias\/images\/prestataires\/multitailles\/160x120_138592-montgros_25_valdallos.jpg"},"origine":{"url":"https:\/\/www.valdallos.com\/medias\/images\/prestataires\/138592-montgros_25_valdallos.jpg"}},"urlLien":"","typeLien":"","nofollow":"N","copyright":"B Courbon"},{"url":"https:\/\/www.valdallos.com\/medias\/images\/prestataires\/138593-montgros26_valdallos.jpg","chemin":"..\/medias\/images\/prestataires\/138593-montgros26_valdallos.jpg","libelle":"Panorama d'un promontoire de montagne d\u00e9gag\u00e9, quelques arbres et v\u00e9g\u00e9tation","extension":"jpg","categorie":"","largeur":1200,"theme":"","hauteur":900,"type":"Image","origine":"","liaisonPave":"","langue":"","id":"138593","urlVignette":"https:\/\/www.valdallos.com\/medias\/images\/prestataires\/v-138593-montgros26_valdallos.jpg","alt":"Panorama d'un promontoire de montagne d\u00e9gag\u00e9, quelques arbres et v\u00e9g\u00e9tation","title":"Panorama d'un promontoire de montagne d\u00e9gag\u00e9, quelques arbres et v\u00e9g\u00e9tation - &copy B Courbon","MultiTaille":{"1920x1440":{"url":"https:\/\/www.valdallos.com\/medias\/images\/prestataires\/multitailles\/1920x1440_138593-montgros26_valdallos.jpg"},"1200x900":{"url":"https:\/\/www.valdallos.com\/medias\/images\/prestataires\/multitailles\/1200x900_138593-montgros26_valdallos.jpg"},"800x600":{"url":"https:\/\/www.valdallos.com\/medias\/images\/prestataires\/multitailles\/800x600_138593-montgros26_valdallos.jpg"},"640x480":{"url":"https:\/\/www.valdallos.com\/medias\/images\/prestataires\/multitailles\/640x480_138593-montgros26_valdallos.jpg"},"320x240":{"url":"https:\/\/www.valdallos.com\/medias\/images\/prestataires\/multitailles\/320x240_138593-montgros26_valdallos.jpg"},"160x120":{"url":"https:\/\/www.valdallos.com\/medias\/images\/prestataires\/multitailles\/160x120_138593-montgros26_valdallos.jpg"},"origine":{"url":"https:\/\/www.valdallos.com\/medias\/images\/prestataires\/138593-montgros26_valdallos.jpg"}},"urlLien":"","typeLien":"","nofollow":"N","copyright":"B Courbon"}],"ByCategorie":{"":[{"url":"https:\/\/www.valdallos.com\/medias\/images\/prestataires\/138590-montgros25.jpg","chemin":"..\/medias\/images\/prestataires\/138590-montgros25.jpg","libelle":"Panorama d'une montagne enneig\u00e9e vue depuis une for\u00eat de m\u00e9l\u00e8zes en automne","extension":"jpg","categorie":"","largeur":1200,"theme":"","hauteur":900,"type":"Image","origine":"","liaisonPave":"","langue":"","id":"138590","urlVignette":"https:\/\/www.valdallos.com\/medias\/images\/prestataires\/v-138590-montgros25.jpg","alt":"Panorama d'une montagne enneig\u00e9e vue depuis une for\u00eat de m\u00e9l\u00e8zes en automne","title":"Panorama d'une montagne enneig\u00e9e vue depuis une for\u00eat de m\u00e9l\u00e8zes en automne - &copy office de tourisme du Val d'Allos","MultiTaille":{"1920x1440":{"url":"https:\/\/www.valdallos.com\/medias\/images\/prestataires\/multitailles\/1920x1440_138590-montgros25.jpg"},"1200x900":{"url":"https:\/\/www.valdallos.com\/medias\/images\/prestataires\/multitailles\/1200x900_138590-montgros25.jpg"},"800x600":{"url":"https:\/\/www.valdallos.com\/medias\/images\/prestataires\/multitailles\/800x600_138590-montgros25.jpg"},"640x480":{"url":"https:\/\/www.valdallos.com\/medias\/images\/prestataires\/multitailles\/640x480_138590-montgros25.jpg"},"320x240":{"url":"https:\/\/www.valdallos.com\/medias\/images\/prestataires\/multitailles\/320x240_138590-montgros25.jpg"},"160x120":{"url":"https:\/\/www.valdallos.com\/medias\/images\/prestataires\/multitailles\/160x120_138590-montgros25.jpg"},"origine":{"url":"https:\/\/www.valdallos.com\/medias\/images\/prestataires\/138590-montgros25.jpg"}},"urlLien":"","typeLien":"","nofollow":"N","copyright":"office de tourisme du Val d'Allos"},{"url":"https:\/\/www.valdallos.com\/medias\/images\/prestataires\/138594-name_31.gpx","chemin":"..\/medias\/images\/prestataires\/138594-name_31.gpx","libelle":"Montgros","extension":"gpx","categorie":"","largeur":"","theme":"","hauteur":"","type":"Document","origine":"","liaisonPave":"","langue":"","id":"138594","poids":"8.28 Ko","alt":"Montgros","title":"Montgros"},{"url":"https:\/\/www.valdallos.com\/medias\/images\/prestataires\/138591-montgros_valdallos_25.jpg","chemin":"..\/medias\/images\/prestataires\/138591-montgros_valdallos_25.jpg","libelle":"Panorama du village d'Allos et du Val d'Allos depuis la montagne de Montgros en automne. Vue sur le village, le parc de loisirs, for\u00eats et montagnes","extension":"jpg","categorie":"","largeur":1200,"theme":"","hauteur":900,"type":"Image","origine":"","liaisonPave":"","langue":"","id":"138591","urlVignette":"https:\/\/www.valdallos.com\/medias\/images\/prestataires\/v-138591-montgros_valdallos_25.jpg","alt":"Panorama du village d'Allos et du Val d'Allos depuis la montagne de Montgros en automne. Vue sur le village, le parc de loisirs, for\u00eats et montagnes","title":"Panorama du village d'Allos et du Val d'Allos depuis la montagne de Montgros en automne. Vue sur le village, le parc de loisirs, for\u00eats et montagnes - &copy office de tourisme du Val d'Allos","MultiTaille":{"1920x1440":{"url":"https:\/\/www.valdallos.com\/medias\/images\/prestataires\/multitailles\/1920x1440_138591-montgros_valdallos_25.jpg"},"1200x900":{"url":"https:\/\/www.valdallos.com\/medias\/images\/prestataires\/multitailles\/1200x900_138591-montgros_valdallos_25.jpg"},"800x600":{"url":"https:\/\/www.valdallos.com\/medias\/images\/prestataires\/multitailles\/800x600_138591-montgros_valdallos_25.jpg"},"640x480":{"url":"https:\/\/www.valdallos.com\/medias\/images\/prestataires\/multitailles\/640x480_138591-montgros_valdallos_25.jpg"},"320x240":{"url":"https:\/\/www.valdallos.com\/medias\/images\/prestataires\/multitailles\/320x240_138591-montgros_valdallos_25.jpg"},"160x120":{"url":"https:\/\/www.valdallos.com\/medias\/images\/prestataires\/multitailles\/160x120_138591-montgros_valdallos_25.jpg"},"origine":{"url":"https:\/\/www.valdallos.com\/medias\/images\/prestataires\/138591-montgros_valdallos_25.jpg"}},"urlLien":"","typeLien":"","nofollow":"N","copyright":"office de tourisme du Val d'Allos"},{"url":"https:\/\/www.valdallos.com\/medias\/images\/prestataires\/138592-montgros_25_valdallos.jpg","chemin":"..\/medias\/images\/prestataires\/138592-montgros_25_valdallos.jpg","libelle":"Prairie de montagne en bord de for\u00eat, cabane foresti\u00e8re, v\u00e9g\u00e9tation","extension":"jpg","categorie":"","largeur":1200,"theme":"","hauteur":900,"type":"Image","origine":"","liaisonPave":"","langue":"","id":"138592","urlVignette":"https:\/\/www.valdallos.com\/medias\/images\/prestataires\/v-138592-montgros_25_valdallos.jpg","alt":"Prairie de montagne en bord de for\u00eat, cabane foresti\u00e8re, v\u00e9g\u00e9tation","title":"Prairie de montagne en bord de for\u00eat, cabane foresti\u00e8re, v\u00e9g\u00e9tation - &copy B Courbon","MultiTaille":{"1920x1440":{"url":"https:\/\/www.valdallos.com\/medias\/images\/prestataires\/multitailles\/1920x1440_138592-montgros_25_valdallos.jpg"},"1200x900":{"url":"https:\/\/www.valdallos.com\/medias\/images\/prestataires\/multitailles\/1200x900_138592-montgros_25_valdallos.jpg"},"800x600":{"url":"https:\/\/www.valdallos.com\/medias\/images\/prestataires\/multitailles\/800x600_138592-montgros_25_valdallos.jpg"},"640x480":{"url":"https:\/\/www.valdallos.com\/medias\/images\/prestataires\/multitailles\/640x480_138592-montgros_25_valdallos.jpg"},"320x240":{"url":"https:\/\/www.valdallos.com\/medias\/images\/prestataires\/multitailles\/320x240_138592-montgros_25_valdallos.jpg"},"160x120":{"url":"https:\/\/www.valdallos.com\/medias\/images\/prestataires\/multitailles\/160x120_138592-montgros_25_valdallos.jpg"},"origine":{"url":"https:\/\/www.valdallos.com\/medias\/images\/prestataires\/138592-montgros_25_valdallos.jpg"}},"urlLien":"","typeLien":"","nofollow":"N","copyright":"B Courbon"},{"url":"https:\/\/www.valdallos.com\/medias\/images\/prestataires\/138593-montgros26_valdallos.jpg","chemin":"..\/medias\/images\/prestataires\/138593-montgros26_valdallos.jpg","libelle":"Panorama d'un promontoire de montagne d\u00e9gag\u00e9, quelques arbres et v\u00e9g\u00e9tation","extension":"jpg","categorie":"","largeur":1200,"theme":"","hauteur":900,"type":"Image","origine":"","liaisonPave":"","langue":"","id":"138593","urlVignette":"https:\/\/www.valdallos.com\/medias\/images\/prestataires\/v-138593-montgros26_valdallos.jpg","alt":"Panorama d'un promontoire de montagne d\u00e9gag\u00e9, quelques arbres et v\u00e9g\u00e9tation","title":"Panorama d'un promontoire de montagne d\u00e9gag\u00e9, quelques arbres et v\u00e9g\u00e9tation - &copy B Courbon","MultiTaille":{"1920x1440":{"url":"https:\/\/www.valdallos.com\/medias\/images\/prestataires\/multitailles\/1920x1440_138593-montgros26_valdallos.jpg"},"1200x900":{"url":"https:\/\/www.valdallos.com\/medias\/images\/prestataires\/multitailles\/1200x900_138593-montgros26_valdallos.jpg"},"800x600":{"url":"https:\/\/www.valdallos.com\/medias\/images\/prestataires\/multitailles\/800x600_138593-montgros26_valdallos.jpg"},"640x480":{"url":"https:\/\/www.valdallos.com\/medias\/images\/prestataires\/multitailles\/640x480_138593-montgros26_valdallos.jpg"},"320x240":{"url":"https:\/\/www.valdallos.com\/medias\/images\/prestataires\/multitailles\/320x240_138593-montgros26_valdallos.jpg"},"160x120":{"url":"https:\/\/www.valdallos.com\/medias\/images\/prestataires\/multitailles\/160x120_138593-montgros26_valdallos.jpg"},"origine":{"url":"https:\/\/www.valdallos.com\/medias\/images\/prestataires\/138593-montgros26_valdallos.jpg"}},"urlLien":"","typeLien":"","nofollow":"N","copyright":"B Courbon"}]},"Document":[{"url":"https:\/\/www.valdallos.com\/medias\/images\/prestataires\/138594-name_31.gpx","chemin":"..\/medias\/images\/prestataires\/138594-name_31.gpx","libelle":"Montgros","extension":"gpx","categorie":"","largeur":"","theme":"","hauteur":"","type":"Document","origine":"","liaisonPave":"","langue":"","id":"138594","poids":"8.28 Ko","alt":"Montgros","title":"Montgros"}]},"Url":"montgros-allos.html","Localisation":{"GoogleMap":{"Latitude":"44.241574","Longitude":"6.626753"}},"ZoneGeo":"","Criteres":{"PUBLICATION[VALDALLOSITI":"","EADHER[EGRAT":"","CIDUREE[RANDO3":"","EAGEE[E812AN":"","EAGEE[E12":"","ZONEGEO[FRPA04VAV1400":"","P.typologiesPromoSitra[1599":"","P.typologiesPromoSitra[1676":"","P.34[1602":"","P.113[4830":"","P.113[4971":"","P.services[687":"","P.prestations[animauxAcceptes":"","P.prestations[surchargeTourismesAdaptes":"","P.prestations[surchargeDescriptifHandicapMoteur":"","P.prestations[surchargeDescriptifHandicapAuditif":"","P.prestations[surchargeDescriptifHandicapVisuel":"","P.prestations[surchargeDescriptifHandicapMental":"","P.prestations[surchargeNombreFauteuilsRoulants":"","P.languesParlees[1197":"","P.ouverturesComplementaires[4188":"","P.tourismeAffaires[tourismeAffairesEnabled":"","P.tourismeAffaires[devise":"EUR","P.visites[dureeMoyenneVisiteIndividuelle":"210","P.rubrique[2988":"","P.61[3184":"","P.61[3333":"","P.itineraire[denivellationPositive":"350","P.itineraire[distance":"8","P.itineraire[dureeJournaliere":"210","P.itineraire[itineraireType":"Aller \/ Retour","P.itineraire[itineraireBalise":"","P.itineraire[denivellation":"350","P.CINTSITRA[5662":"","P.CINTSITRA[8809":"","P.6241[126905":"","P.6241[5740912":"","P.3218[311229":"","P.3220[587401":"","P.3220[5575332":"","P.3233[591419":"","P.3221[4876304":"","P.3219[5127127":"","P.3219[5239406":"","P.3219[6436838":"","P.3240[5778284":"","P.6242[5843488":"","P.3230[6139211":"","P.VilleSitra[1559":"","P.VillageDeDepart[1559":"","INDICATIONPRIX[GRATUIT":""},"DateFinPublication":"","PrixAPartirDe":"","PrixPour":"","FicheListeEnCours":"fiche_liste_itineraires_equip_v2018","ParametresModele":{"AfficherPhotos":1,"NbPhotosMax":6,"AfficherReserver":0,"AfficherContact":"1","AfficherSalle":1,"AfficherZoneGeo":0,"AfficherEnSavoirPlus":"0","AfficherUneSeuleOuverture":0,"AfficherContactCarte":1,"AfficherTarifsChaudAPartirDe":0,"AfficherTarifChaudSansRecherche":0,"AfficherAvis":"0","AfficherAvisIngenie":"1","BlocCritereInfo":{"critere1":{"libelle":""},"critere2":{"libelle":""},"critere3":{"libelle":""},"critere4":{"libelle":""},"critere5":{"libelle":""},"critere6":{"libelle":"","liste_critere":["CIDUREE|E","P.prestations|ANINOAD|E","P.itineraire|distance|E","P.itineraire|denivellation|E","P.itineraire|dureeJournaliere|E"]},"critere7":{"libelle":"","liste_critere":["ZONEGEO|FRPA04VAV1800|E","ZONEGEO|FRPA04VAV1500|E","ZONEGEO|FRPA04VAV1400|E"]},"critere8":{"libelle":""},"critere9":{"libelle":""},"afficherpictoetpaslibelle":"1"},"BlocPaveInfo":{"texte1":{"longeurmax":"","afficherLibelle":"0","garderHtml":"0"},"texte3":{"longeurmax":"","afficherLibelle":"0","garderHtml":"0"}},"Criteres":"PUBLICATION[VALDALLOSITI","ModeleUrl":"fiche_itineraires_equip_v2018","PositionBloc":"GALLERIE|NOM|CRITERESORDONNEES|ZONEPRINCIPALFICHEPRESTA|DESCRIPTIF|AVIS|CARNET_VOYAGE|URL","TypePrestataire":"E","ComportementResa":false,"ComportementDispo":false},"AffichageCoordonnees":[],"Coordonnees":{"Ville":"Allos"},"ContexteId":"PRESTATAIRE|E|5603761","ContexteIdHtml":"PRESTATAIRE-E-5603761","cleContexte":"E|5603761","Bloc":{"texte1":"","texte3":"","critere1":{"libelle":"","contenu":[]},"critere2":{"libelle":"","contenu":[]},"critere3":{"libelle":"","contenu":[]},"critere4":{"libelle":"","contenu":[]},"critere5":{"libelle":"","contenu":[]},"critere6":{"libelle":"","contenu":{"CIDUREE":{"libelle":"Typologie de l'itin\u00e9raire rando","contenu":{"3":"Itin\u00e9raire petite journ\u00e9e"},"codesValeurs":{"3":"CIDUREE|RANDO3|E"},"criteres_datas":{"valeurs":{"3":{"RANDO3":{"descriptif":""}}}}},"P.itineraire":{"libelle":"Itin\u00e9raire","contenu":{"3":"\u003Cspan class=\"libelle\"\u003EDistance (en km)\u003C\/span\u003E \u003Cspan class=\"quantite\"\u003E8\u003C\/span\u003E","5":"\u003Cspan class=\"libelle\"\u003ED\u00e9nivellation (en m)\u003C\/span\u003E \u003Cspan class=\"quantite\"\u003E350\u003C\/span\u003E","6":"\u003Cspan class=\"libelle\"\u003EDur\u00e9e journali\u00e8re (en min)\u003C\/span\u003E \u003Cspan class=\"quantite\"\u003E210\u003C\/span\u003E"},"codesValeurs":{"3":"P.itineraire|distance|E","5":"P.itineraire|denivellation|E","6":"P.itineraire|dureeJournaliere|E"},"criteres_datas":{"valeurs":{"3":{"distance":{"descriptif":""}},"5":{"denivellation":{"descriptif":""}},"6":{"dureeJournaliere":{"descriptif":""}}}}}}},"critere7":{"libelle":"","contenu":{"ZONEGEO":{"libelle":"Localisation g\u00e9ographique","contenu":{"3":"Val d'Allos - Le village"},"codesValeurs":{"3":"ZONEGEO|FRPA04VAV1400|E"},"criteres_datas":{"valeurs":{"3":{"FRPA04VAV1400":{"descriptif":""}}}}}}},"critere8":{"libelle":"","contenu":[]},"critere9":{"libelle":"","contenu":[]}},"LocalisationGps":{"Latitude":"44.241574","Longitude":"6.626753"},"libelleDuPrestataire":"","listeCriteres":{"PUBLICATION":{"VALDALLOSITI":""},"EADHER":{"EGRAT":""},"CIDUREE":{"RANDO3":""},"EAGEE":{"E812AN":"","E12":""},"ZONEGEO":{"FRPA04VAV1400":""},"P.typologiesPromoSitra":{"1599":"","1676":""},"P.34":{"1602":""},"P.113":{"4830":"","4971":""},"P.services":{"687":""},"P.prestations":{"animauxAcceptes":"","surchargeTourismesAdaptes":"","surchargeDescriptifHandicapMoteur":"","surchargeDescriptifHandicapAuditif":"","surchargeDescriptifHandicapVisuel":"","surchargeDescriptifHandicapMental":"","surchargeNombreFauteuilsRoulants":""},"P.languesParlees":{"1197":""},"P.ouverturesComplementaires":{"4188":""},"P.tourismeAffaires":{"tourismeAffairesEnabled":"","devise":"EUR"},"P.visites":{"dureeMoyenneVisiteIndividuelle":"210"},"P.rubrique":{"2988":""},"P.61":{"3184":"","3333":""},"P.itineraire":{"denivellationPositive":"350","distance":"8","dureeJournaliere":"210","itineraireType":"Aller \/ Retour","itineraireBalise":"","denivellation":"350"},"P.CINTSITRA":{"5662":"","8809":""},"P.6241":{"126905":"","5740912":""},"P.3218":{"311229":""},"P.3220":{"587401":"","5575332":""},"P.3233":{"591419":""},"P.3221":{"4876304":""},"P.3219":{"5127127":"","5239406":"","6436838":""},"P.3240":{"5778284":""},"P.6242":{"5843488":""},"P.3230":{"6139211":""},"P.VilleSitra":{"1559":""},"P.VillageDeDepart":{"1559":""},"INDICATIONPRIX":{"GRATUIT":""}},"dansCarnetVoyage":true,"Ouverture":""},"html":" \n \u003Cdiv id=\"CV-PRESTATAIRE-E-5603761\" data-contexte-id=\"PRESTATAIRE|E|5603761\" data-cle=\"E|5603761\" class=\"fiche-liste\"\u003E\n    \n\n    \u003C!-- partie photo --\u003E\n    \u003Cdiv class=\"photo\"\u003E\t\t\t\t\t\t\t\t\t\t\t\t\t\t\t\t\t\t\t\t\t\n        \u003Cdiv class=\"cadre_photo_principale\"\u003E\t\t\n        \n            \t\t\t\t\t\n                    \u003Ca href=\"montgros-allos.html?origine=carnet#media\"\u003E\n                        \u003Cimg class=\"photo_principale\" alt=\"Panorama d'une montagne enneig\u00e9e vue depuis une for\u00eat de m\u00e9l\u00e8zes en automne\" src=\"https:\/\/www.valdallos.com\/medias\/images\/prestataires\/multitailles\/320x240_138590-montgros25.jpg\" itemprop=\"image\"\u003E\n                    \u003C\/a\u003E\t\t\t\t\t\t\n                \n                    \u003C\/div\u003E\t\t\t\t\t\t\t\t\t\t\t\t\t\t\t\t\t\t\t \t\t\n    \u003C\/div\u003E\n    \n    \u003C!-- partie nom prest --\u003E\n    \u003Cdiv class=\"nom\"\u003E\n        \u003Ch2\u003ERandonn\u00e9e : Montgros\u003C\/h2\u003E\n        \n            \u003C\/div\u003E\n\n         \n    \u003C!-- partie adresse --\u003E\n    \u003Cdiv class=\"adresse\"\u003E\n    \n          \n    \u003C\/div\u003E\n    \n    \u003C!-- partie liens --\u003E\n    \u003Cdiv class=\"liens\"\u003E\n            \u003Ca class=\"btn-icon btn-view \" title=\"Voir la fiche d\u00e9taill\u00e9e\" href=\"montgros-allos.html?origine=carnet\"\u003E\u003C\/a\u003E\u003C!--\u003Ca class=\"btn-icon btn-view \" title=\"\" href=\"?origine=carnet#thaut\"\u003E\u003C\/a\u003E--\u003E\n      \u003Ca class=\"btn-icon btn-trash carnet_voyage_supprimer\" title=\"Supprimer cette fiche de mon carnet de voyage\" href=\"carnet-voyage?action=remove&fiche=E|5603761\"\u003E\u003C\/a\u003E\n    \u003C\/div\u003E\n\n\u003C\/div\u003E\n\n","icon":"https:\/\/static.ingenie.fr\/images\/carnetVoyageV3\/E.png"},"fiche":"E|5603761","popup":"\u003Cdiv id=\"bloc_popup_ajout_fiche_carnet\"\u003E\n    \u003Cdiv class=\"info_popup_ajout_fiche_carnet\"\u003E\n        Vous venez d'ajouter cet \u00e9l\u00e9ment \u00e0 votre s\u00e9lection :    \u003C\/div\u003E\n    \u003Cdiv class=\"prest_popup_ajout_fiche_carnet\"\u003E\n        Randonn&eacute;e : Montgros    \u003C\/div\u003E\n    \u003Cdiv class=\"bloc_btn_ajout_fiche_carnet form_submit_div\"\u003E\n        \u003Cinput type=\"button\" value=\"Continuer ma s\u00e9lection\" title=\"Continuer ma s\u00e9lection\" name=\"btn_close\" class=\"btn_close_popup_carnet form_submit\" onclick=\"$.colorbox.close()\" \/\u003E\n        \u003Cinput type=\"button\" value=\"Voir ma s\u00e9lection\" title=\"Voir ma s\u00e9lection\" name=\"btn_panier\" class=\"btn_panier_popup_carnet form_submit\" onclick=\"if(typeof CarnetVoyage != 'undefined') {CarnetVoyage.voirCarnet();}\" \/\u003E\n    \u003C\/div\u003E\n    \u003Cdiv class=\"bloc_btn_ajout_fiche_carnet\"\u003E\n        \u003Cinput type=\"checkbox\" value=\"1\" name=\"desactiver_popup\" id=\"desactiver_popup\" \/\u003E\n        \u003Clabel for=\"desactiver_popup\"\u003ENe plus afficher ce message\u003C\/label\u003E\n    \u003C\/div\u003E\n\u003C\/div\u003E","success":1}