{"nbFiches":1,"dataPrest":{"infoPrest":{"pave1":{"libelle":"Descriptif","contenu":"Cette randonn&eacute;e se situe en coeur de parc, qui est un espace r&eacute;glement&eacute;. D&eacute;couvrez en un clin d&#39;oeil&nbsp;\u003Ca href=\"https:\/\/www.calameo.com\/read\/000087338c7542386f1d3\" target=\"_blank\"\u003Eles bons r&eacute;flexes &agrave; adopter\u003C\/a\u003E.\u003Cbr \/\u003E\r\n\u003Cbr \/\u003E\r\n&nbsp;"},"pave2":{"libelle":"Tarifs Hiver","contenu":""},"pave3":{"libelle":"Tarifs Et\u00e9","contenu":""},"pave4":{"libelle":"URL de la r\u00e9servation ou vente en ligne","contenu":""},"pave5":{"libelle":"Descriptif court (old)","contenu":"D\u00e9couverte des 4 lacs glaciaires dans le c\u0153ur du Parc national du Mercantour"},"pave6":{"libelle":"Descriptif d\u00e9taill\u00e9","contenu":"Au d\u00e9part du parking du Laus (attention acc\u00e8s r\u00e9glement\u00e9), vous emprunterez le sentier principal en direction du Lac d'allos, pour ensuite prendre sur votre gauche la direction du plateau de M\u00e9ouilles et du  Col de la Petite Cayolle. \u003Cbr \/\u003E\r\n\u003Cbr \/\u003E\r\nApr\u00e8s une mont\u00e9e en altitude, vous d\u00e9couvrirez en premier lieu le joli  lac de la petite Cayolle lov\u00e9 au creux des montagnes.\u003Cbr \/\u003E\r\nLe sentier vous conduira jusqu'au col du m\u00eame nom avec vue sur le refuge de la Cayolle.\u003Cbr \/\u003E\r\nLa balade se poursuit sur un plateau vallonn\u00e9 en direction des  Garrets puis du Pas du Lausson. \u003Cbr \/\u003E\r\nAu bout de ce plateau,  la montagne de l'avalanche se dessine sur votre gauche et face \u00e0 vous  une vue imprenable sur le lac d'Allos vous est offerte.\u003Cbr \/\u003E\r\n\u003Cbr \/\u003E\r\nEnfin le parcours, tout en descente, vous permet de rejoindre le plateau de M\u00e9ouilles initialement travers\u00e9."},"pave7":{"libelle":"Bons plans","contenu":""},"pave8":{"libelle":"Compl\u00e9ment localisation","contenu":"Parking du Laus r\u00e9glement\u00e9 en Juillet et en Ao\u00fbt ; Renseignements aupr\u00e8s de l'Office de Tourisme"},"pave9":{"libelle":"Compl\u00e9ment accueil","contenu":""},"pave10":{"libelle":"P\u00e9riodes en clair","contenu":""},"pave11":{"libelle":"Tarifs en clair","contenu":"Entr\u00e9e libre. Durant la haute saison, l'acc\u00e8s au parking du Laus est \u00e0 la fois limit\u00e9 et r\u00e9glement\u00e9, consulter l'office de tourisme."},"pave12":{"libelle":"Compl\u00e9ment Tarifs","contenu":"Durant la haute saison, l'acc\u00e8s au parking du Laus est \u00e0 la fois limit\u00e9 et r\u00e9glement\u00e9, consulter l'office de tourisme."},"pave13":{"libelle":"Compl\u00e9ment R\u00e9servation","contenu":""},"pave14":{"libelle":"Descriptif court","contenu":""},"pave15":{"libelle":"Descriptif d\u00e9taill\u00e9","contenu":""},"pave16":{"libelle":"Bons plans","contenu":""},"pave17":{"libelle":"Tarifs (Tarifs en clair, Compl\u00e9ment Tarifs)","contenu":""},"pave18":{"libelle":"P\u00e9riodes en clair","contenu":""},"pave19":{"libelle":"Descriptif court","contenu":""},"pave20":{"libelle":"Descriptif d\u00e9taill\u00e9","contenu":""},"pave21":{"libelle":"Bons plans","contenu":""},"pave22":{"libelle":"Tarifs (Tarifs en clair, Compl\u00e9ment Tarifs)","contenu":""},"pave23":{"libelle":"P\u00e9riodes en clair","contenu":""},"pave24":{"libelle":"Dispositions sp\u00e9ciales","contenu":""},"pave25":{"libelle":"","contenu":""},"Libelle":"Randonn\u00e9e de la Boucle des Lacs","Nom":"Randonn\u00e9e de la Boucle des Lacs","Prenom":"","NomPrenom":"Randonn\u00e9e de la Boucle des Lacs ","CiviliteNomPrenom":"Randonn\u00e9e de la Boucle des Lacs ","Cle":"E|5505709","PrestataireParent":"","ContexteStat":"PRESTATAIRE-E-5505709","DateModificationIso":"2026-03-31T09:02:00+02:00","Type":"PRESTATAIRE","TypePrestataire":"E","Adresse":{"LigneAdresse1":"","LigneAdresse2":"","LigneAdresse3":"","CodePostal":"04260","Ville":"Allos","Cedex":"","Etat":"","Pays":"FRA"},"Email":"","Telephone":"","TelephoneBureau":"","Portable":"","SiteWeb":"https:\/\/www.valdallos.com","Fax":"","Id":"e-5505709","Code":"E|5505709","Fichier":{"Image":[{"url":"https:\/\/www.valdallos.com\/medias\/images\/prestataires\/138286-bouclelacs1.jpg","chemin":"..\/medias\/images\/prestataires\/138286-bouclelacs1.jpg","libelle":"Lac de la Cayolle, grande \u00e9tendue d'eau au milieu d'un promontoire rocheux \u00e0 la v\u00e9g\u00e9tation rare. Montagnes en arri\u00e8re-plan","extension":"jpg","categorie":"","largeur":1200,"theme":"","hauteur":900,"type":"Image","origine":"","liaisonPave":"","langue":"","id":"138286","urlVignette":"https:\/\/www.valdallos.com\/medias\/images\/prestataires\/v-138286-bouclelacs1.jpg","alt":"Lac de la Cayolle, grande \u00e9tendue d'eau au milieu d'un promontoire rocheux \u00e0 la v\u00e9g\u00e9tation rare. Montagnes en arri\u00e8re-plan","title":"Lac de la Cayolle, grande \u00e9tendue d'eau au milieu d'un promontoire rocheux \u00e0 la v\u00e9g\u00e9tation rare. Montagnes en arri\u00e8re-plan - &copy B Courbon","MultiTaille":{"1920x1440":{"url":"https:\/\/www.valdallos.com\/medias\/images\/prestataires\/multitailles\/1920x1440_138286-bouclelacs1.jpg"},"1200x900":{"url":"https:\/\/www.valdallos.com\/medias\/images\/prestataires\/multitailles\/1200x900_138286-bouclelacs1.jpg"},"800x600":{"url":"https:\/\/www.valdallos.com\/medias\/images\/prestataires\/multitailles\/800x600_138286-bouclelacs1.jpg"},"640x480":{"url":"https:\/\/www.valdallos.com\/medias\/images\/prestataires\/multitailles\/640x480_138286-bouclelacs1.jpg"},"320x240":{"url":"https:\/\/www.valdallos.com\/medias\/images\/prestataires\/multitailles\/320x240_138286-bouclelacs1.jpg"},"160x120":{"url":"https:\/\/www.valdallos.com\/medias\/images\/prestataires\/multitailles\/160x120_138286-bouclelacs1.jpg"},"origine":{"url":"https:\/\/www.valdallos.com\/medias\/images\/prestataires\/138286-bouclelacs1.jpg"}},"urlLien":"","typeLien":"","nofollow":"N","copyright":"B Courbon"},{"url":"https:\/\/www.valdallos.com\/medias\/images\/prestataires\/138287-bouclelacs2.jpg","chemin":"..\/medias\/images\/prestataires\/138287-bouclelacs2.jpg","libelle":"Lac des Garrets, \u00e9tendue d'eau situ\u00e9e en creux de promontoire, entour\u00e9e par de la v\u00e9g\u00e9tation, fleurs, un sentier de terre","extension":"jpg","categorie":"","largeur":1200,"theme":"","hauteur":900,"type":"Image","origine":"","liaisonPave":"","langue":"","id":"138287","urlVignette":"https:\/\/www.valdallos.com\/medias\/images\/prestataires\/v-138287-bouclelacs2.jpg","alt":"Lac des Garrets, \u00e9tendue d'eau situ\u00e9e en creux de promontoire, entour\u00e9e par de la v\u00e9g\u00e9tation, fleurs, un sentier de terre","title":"Lac des Garrets, \u00e9tendue d'eau situ\u00e9e en creux de promontoire, entour\u00e9e par de la v\u00e9g\u00e9tation, fleurs, un sentier de terre - &copy B Courbon","MultiTaille":{"1920x1440":{"url":"https:\/\/www.valdallos.com\/medias\/images\/prestataires\/multitailles\/1920x1440_138287-bouclelacs2.jpg"},"1200x900":{"url":"https:\/\/www.valdallos.com\/medias\/images\/prestataires\/multitailles\/1200x900_138287-bouclelacs2.jpg"},"800x600":{"url":"https:\/\/www.valdallos.com\/medias\/images\/prestataires\/multitailles\/800x600_138287-bouclelacs2.jpg"},"640x480":{"url":"https:\/\/www.valdallos.com\/medias\/images\/prestataires\/multitailles\/640x480_138287-bouclelacs2.jpg"},"320x240":{"url":"https:\/\/www.valdallos.com\/medias\/images\/prestataires\/multitailles\/320x240_138287-bouclelacs2.jpg"},"160x120":{"url":"https:\/\/www.valdallos.com\/medias\/images\/prestataires\/multitailles\/160x120_138287-bouclelacs2.jpg"},"origine":{"url":"https:\/\/www.valdallos.com\/medias\/images\/prestataires\/138287-bouclelacs2.jpg"}},"urlLien":"","typeLien":"","nofollow":"N","copyright":"B Courbon"},{"url":"https:\/\/www.valdallos.com\/medias\/images\/prestataires\/138288-bouclelacs3.jpg","chemin":"..\/medias\/images\/prestataires\/138288-bouclelacs3.jpg","libelle":"Borne en pierre du Pas du Lausson, 2602m, situ\u00e9e sur un promontoire et indiquant plusieurs directions","extension":"jpg","categorie":"","largeur":900,"theme":"","hauteur":1200,"type":"Image","origine":"","liaisonPave":"","langue":"","id":"138288","urlVignette":"https:\/\/www.valdallos.com\/medias\/images\/prestataires\/v-138288-bouclelacs3.jpg","alt":"Borne en pierre du Pas du Lausson, 2602m, situ\u00e9e sur un promontoire et indiquant plusieurs directions","title":"Borne en pierre du Pas du Lausson, 2602m, situ\u00e9e sur un promontoire et indiquant plusieurs directions - &copy B Courbon","MultiTaille":{"1920x1440":{"url":"https:\/\/www.valdallos.com\/medias\/images\/prestataires\/multitailles\/1920x1440_138288-bouclelacs3.jpg"},"1200x900":{"url":"https:\/\/www.valdallos.com\/medias\/images\/prestataires\/multitailles\/1200x900_138288-bouclelacs3.jpg"},"800x600":{"url":"https:\/\/www.valdallos.com\/medias\/images\/prestataires\/multitailles\/800x600_138288-bouclelacs3.jpg"},"640x480":{"url":"https:\/\/www.valdallos.com\/medias\/images\/prestataires\/multitailles\/640x480_138288-bouclelacs3.jpg"},"320x240":{"url":"https:\/\/www.valdallos.com\/medias\/images\/prestataires\/multitailles\/320x240_138288-bouclelacs3.jpg"},"160x120":{"url":"https:\/\/www.valdallos.com\/medias\/images\/prestataires\/multitailles\/160x120_138288-bouclelacs3.jpg"},"origine":{"url":"https:\/\/www.valdallos.com\/medias\/images\/prestataires\/138288-bouclelacs3.jpg"}},"urlLien":"","typeLien":"","nofollow":"N","copyright":"B Courbon"},{"url":"https:\/\/www.valdallos.com\/medias\/images\/prestataires\/138289-bouclelacs4.jpg","chemin":"..\/medias\/images\/prestataires\/138289-bouclelacs4.jpg","libelle":"Lac d'Allos vu depuis un point \u00e9lev\u00e9. Grande \u00e9tendue d'eau entour\u00e9e de montagnes et de v\u00e9g\u00e9tation","extension":"jpg","categorie":"","largeur":1200,"theme":"","hauteur":900,"type":"Image","origine":"","liaisonPave":"","langue":"","id":"138289","urlVignette":"https:\/\/www.valdallos.com\/medias\/images\/prestataires\/v-138289-bouclelacs4.jpg","alt":"Lac d'Allos vu depuis un point \u00e9lev\u00e9. Grande \u00e9tendue d'eau entour\u00e9e de montagnes et de v\u00e9g\u00e9tation","title":"Lac d'Allos vu depuis un point \u00e9lev\u00e9. Grande \u00e9tendue d'eau entour\u00e9e de montagnes et de v\u00e9g\u00e9tation - &copy B Courbon","MultiTaille":{"1920x1440":{"url":"https:\/\/www.valdallos.com\/medias\/images\/prestataires\/multitailles\/1920x1440_138289-bouclelacs4.jpg"},"1200x900":{"url":"https:\/\/www.valdallos.com\/medias\/images\/prestataires\/multitailles\/1200x900_138289-bouclelacs4.jpg"},"800x600":{"url":"https:\/\/www.valdallos.com\/medias\/images\/prestataires\/multitailles\/800x600_138289-bouclelacs4.jpg"},"640x480":{"url":"https:\/\/www.valdallos.com\/medias\/images\/prestataires\/multitailles\/640x480_138289-bouclelacs4.jpg"},"320x240":{"url":"https:\/\/www.valdallos.com\/medias\/images\/prestataires\/multitailles\/320x240_138289-bouclelacs4.jpg"},"160x120":{"url":"https:\/\/www.valdallos.com\/medias\/images\/prestataires\/multitailles\/160x120_138289-bouclelacs4.jpg"},"origine":{"url":"https:\/\/www.valdallos.com\/medias\/images\/prestataires\/138289-bouclelacs4.jpg"}},"urlLien":"","typeLien":"","nofollow":"N","copyright":"B Courbon"}],"ByCategorie":{"":[{"url":"https:\/\/www.valdallos.com\/medias\/images\/prestataires\/138286-bouclelacs1.jpg","chemin":"..\/medias\/images\/prestataires\/138286-bouclelacs1.jpg","libelle":"Lac de la Cayolle, grande \u00e9tendue d'eau au milieu d'un promontoire rocheux \u00e0 la v\u00e9g\u00e9tation rare. Montagnes en arri\u00e8re-plan","extension":"jpg","categorie":"","largeur":1200,"theme":"","hauteur":900,"type":"Image","origine":"","liaisonPave":"","langue":"","id":"138286","urlVignette":"https:\/\/www.valdallos.com\/medias\/images\/prestataires\/v-138286-bouclelacs1.jpg","alt":"Lac de la Cayolle, grande \u00e9tendue d'eau au milieu d'un promontoire rocheux \u00e0 la v\u00e9g\u00e9tation rare. Montagnes en arri\u00e8re-plan","title":"Lac de la Cayolle, grande \u00e9tendue d'eau au milieu d'un promontoire rocheux \u00e0 la v\u00e9g\u00e9tation rare. Montagnes en arri\u00e8re-plan - &copy B Courbon","MultiTaille":{"1920x1440":{"url":"https:\/\/www.valdallos.com\/medias\/images\/prestataires\/multitailles\/1920x1440_138286-bouclelacs1.jpg"},"1200x900":{"url":"https:\/\/www.valdallos.com\/medias\/images\/prestataires\/multitailles\/1200x900_138286-bouclelacs1.jpg"},"800x600":{"url":"https:\/\/www.valdallos.com\/medias\/images\/prestataires\/multitailles\/800x600_138286-bouclelacs1.jpg"},"640x480":{"url":"https:\/\/www.valdallos.com\/medias\/images\/prestataires\/multitailles\/640x480_138286-bouclelacs1.jpg"},"320x240":{"url":"https:\/\/www.valdallos.com\/medias\/images\/prestataires\/multitailles\/320x240_138286-bouclelacs1.jpg"},"160x120":{"url":"https:\/\/www.valdallos.com\/medias\/images\/prestataires\/multitailles\/160x120_138286-bouclelacs1.jpg"},"origine":{"url":"https:\/\/www.valdallos.com\/medias\/images\/prestataires\/138286-bouclelacs1.jpg"}},"urlLien":"","typeLien":"","nofollow":"N","copyright":"B Courbon"},{"url":"https:\/\/www.valdallos.com\/medias\/images\/prestataires\/138290-name_27.gpx","chemin":"..\/medias\/images\/prestataires\/138290-name_27.gpx","libelle":"La boucle des lacs","extension":"gpx","categorie":"","largeur":"","theme":"","hauteur":"","type":"Document","origine":"","liaisonPave":"","langue":"","id":"138290","poids":"31.21 Ko","alt":"La boucle des lacs","title":"La boucle des lacs"},{"url":"https:\/\/www.valdallos.com\/medias\/images\/prestataires\/138287-bouclelacs2.jpg","chemin":"..\/medias\/images\/prestataires\/138287-bouclelacs2.jpg","libelle":"Lac des Garrets, \u00e9tendue d'eau situ\u00e9e en creux de promontoire, entour\u00e9e par de la v\u00e9g\u00e9tation, fleurs, un sentier de terre","extension":"jpg","categorie":"","largeur":1200,"theme":"","hauteur":900,"type":"Image","origine":"","liaisonPave":"","langue":"","id":"138287","urlVignette":"https:\/\/www.valdallos.com\/medias\/images\/prestataires\/v-138287-bouclelacs2.jpg","alt":"Lac des Garrets, \u00e9tendue d'eau situ\u00e9e en creux de promontoire, entour\u00e9e par de la v\u00e9g\u00e9tation, fleurs, un sentier de terre","title":"Lac des Garrets, \u00e9tendue d'eau situ\u00e9e en creux de promontoire, entour\u00e9e par de la v\u00e9g\u00e9tation, fleurs, un sentier de terre - &copy B Courbon","MultiTaille":{"1920x1440":{"url":"https:\/\/www.valdallos.com\/medias\/images\/prestataires\/multitailles\/1920x1440_138287-bouclelacs2.jpg"},"1200x900":{"url":"https:\/\/www.valdallos.com\/medias\/images\/prestataires\/multitailles\/1200x900_138287-bouclelacs2.jpg"},"800x600":{"url":"https:\/\/www.valdallos.com\/medias\/images\/prestataires\/multitailles\/800x600_138287-bouclelacs2.jpg"},"640x480":{"url":"https:\/\/www.valdallos.com\/medias\/images\/prestataires\/multitailles\/640x480_138287-bouclelacs2.jpg"},"320x240":{"url":"https:\/\/www.valdallos.com\/medias\/images\/prestataires\/multitailles\/320x240_138287-bouclelacs2.jpg"},"160x120":{"url":"https:\/\/www.valdallos.com\/medias\/images\/prestataires\/multitailles\/160x120_138287-bouclelacs2.jpg"},"origine":{"url":"https:\/\/www.valdallos.com\/medias\/images\/prestataires\/138287-bouclelacs2.jpg"}},"urlLien":"","typeLien":"","nofollow":"N","copyright":"B Courbon"},{"url":"https:\/\/www.valdallos.com\/medias\/images\/prestataires\/138288-bouclelacs3.jpg","chemin":"..\/medias\/images\/prestataires\/138288-bouclelacs3.jpg","libelle":"Borne en pierre du Pas du Lausson, 2602m, situ\u00e9e sur un promontoire et indiquant plusieurs directions","extension":"jpg","categorie":"","largeur":900,"theme":"","hauteur":1200,"type":"Image","origine":"","liaisonPave":"","langue":"","id":"138288","urlVignette":"https:\/\/www.valdallos.com\/medias\/images\/prestataires\/v-138288-bouclelacs3.jpg","alt":"Borne en pierre du Pas du Lausson, 2602m, situ\u00e9e sur un promontoire et indiquant plusieurs directions","title":"Borne en pierre du Pas du Lausson, 2602m, situ\u00e9e sur un promontoire et indiquant plusieurs directions - &copy B Courbon","MultiTaille":{"1920x1440":{"url":"https:\/\/www.valdallos.com\/medias\/images\/prestataires\/multitailles\/1920x1440_138288-bouclelacs3.jpg"},"1200x900":{"url":"https:\/\/www.valdallos.com\/medias\/images\/prestataires\/multitailles\/1200x900_138288-bouclelacs3.jpg"},"800x600":{"url":"https:\/\/www.valdallos.com\/medias\/images\/prestataires\/multitailles\/800x600_138288-bouclelacs3.jpg"},"640x480":{"url":"https:\/\/www.valdallos.com\/medias\/images\/prestataires\/multitailles\/640x480_138288-bouclelacs3.jpg"},"320x240":{"url":"https:\/\/www.valdallos.com\/medias\/images\/prestataires\/multitailles\/320x240_138288-bouclelacs3.jpg"},"160x120":{"url":"https:\/\/www.valdallos.com\/medias\/images\/prestataires\/multitailles\/160x120_138288-bouclelacs3.jpg"},"origine":{"url":"https:\/\/www.valdallos.com\/medias\/images\/prestataires\/138288-bouclelacs3.jpg"}},"urlLien":"","typeLien":"","nofollow":"N","copyright":"B Courbon"},{"url":"https:\/\/www.valdallos.com\/medias\/images\/prestataires\/138289-bouclelacs4.jpg","chemin":"..\/medias\/images\/prestataires\/138289-bouclelacs4.jpg","libelle":"Lac d'Allos vu depuis un point \u00e9lev\u00e9. Grande \u00e9tendue d'eau entour\u00e9e de montagnes et de v\u00e9g\u00e9tation","extension":"jpg","categorie":"","largeur":1200,"theme":"","hauteur":900,"type":"Image","origine":"","liaisonPave":"","langue":"","id":"138289","urlVignette":"https:\/\/www.valdallos.com\/medias\/images\/prestataires\/v-138289-bouclelacs4.jpg","alt":"Lac d'Allos vu depuis un point \u00e9lev\u00e9. Grande \u00e9tendue d'eau entour\u00e9e de montagnes et de v\u00e9g\u00e9tation","title":"Lac d'Allos vu depuis un point \u00e9lev\u00e9. Grande \u00e9tendue d'eau entour\u00e9e de montagnes et de v\u00e9g\u00e9tation - &copy B Courbon","MultiTaille":{"1920x1440":{"url":"https:\/\/www.valdallos.com\/medias\/images\/prestataires\/multitailles\/1920x1440_138289-bouclelacs4.jpg"},"1200x900":{"url":"https:\/\/www.valdallos.com\/medias\/images\/prestataires\/multitailles\/1200x900_138289-bouclelacs4.jpg"},"800x600":{"url":"https:\/\/www.valdallos.com\/medias\/images\/prestataires\/multitailles\/800x600_138289-bouclelacs4.jpg"},"640x480":{"url":"https:\/\/www.valdallos.com\/medias\/images\/prestataires\/multitailles\/640x480_138289-bouclelacs4.jpg"},"320x240":{"url":"https:\/\/www.valdallos.com\/medias\/images\/prestataires\/multitailles\/320x240_138289-bouclelacs4.jpg"},"160x120":{"url":"https:\/\/www.valdallos.com\/medias\/images\/prestataires\/multitailles\/160x120_138289-bouclelacs4.jpg"},"origine":{"url":"https:\/\/www.valdallos.com\/medias\/images\/prestataires\/138289-bouclelacs4.jpg"}},"urlLien":"","typeLien":"","nofollow":"N","copyright":"B Courbon"}]},"Document":[{"url":"https:\/\/www.valdallos.com\/medias\/images\/prestataires\/138290-name_27.gpx","chemin":"..\/medias\/images\/prestataires\/138290-name_27.gpx","libelle":"La boucle des lacs","extension":"gpx","categorie":"","largeur":"","theme":"","hauteur":"","type":"Document","origine":"","liaisonPave":"","langue":"","id":"138290","poids":"31.21 Ko","alt":"La boucle des lacs","title":"La boucle des lacs"}]},"Url":"boucle-des-lacs-allos.html","Localisation":{"GoogleMap":{"Latitude":"44.252221","Longitude":"6.715293"}},"ZoneGeo":"","LiensEtWidgetsParType":{"BI":[{"Id":"16372","TypePrestataire":"E","CodePrestataire":"5505709","CodePrestation":"","CodeLibelle":"URL00002363","Type":"BI","Url":"https:\/\/www.calameo.com\/read\/000087338c7542386f1d3","Defaut":"N","Langue":"","Nature":"URL","Import":"SITRA2","LibelleText":"Livret : r\u00e9glementation en c\u0153ur de Parc national du Mercantour","Theme":""}]},"LiensEtWidgets":[{"Id":"16372","TypePrestataire":"E","CodePrestataire":"5505709","CodePrestation":"","CodeLibelle":"URL00002363","Type":"BI","Url":"https:\/\/www.calameo.com\/read\/000087338c7542386f1d3","Defaut":"N","Langue":"","Nature":"URL","Import":"SITRA2","LibelleText":"Livret : r\u00e9glementation en c\u0153ur de Parc national du Mercantour","Theme":""}],"Criteres":{"PUBLICATION[VALDALLOSITI":"","EADHER[EGRAT":"","CIDUREE[RANDO4":"","ZONEGEO[FRPA04VAV1400":"","P.113[4971":"","P.CINTSITRA[8809":"","P.CINTSITRA[5662":"","P.prestations[ANINOAD":"","P.prestations[surchargeTourismesAdaptes":"","P.prestations[surchargeDescriptifHandicapMoteur":"","P.prestations[surchargeDescriptifHandicapAuditif":"","P.prestations[surchargeDescriptifHandicapVisuel":"","P.prestations[surchargeDescriptifHandicapMental":"","P.prestations[surchargeNombreFauteuilsRoulants":"","P.prestationsVisitesIndividuelles[480":"","P.itineraire[itineraireBalise":"","P.itineraire[denivellationPositive":"632","P.itineraire[distance":"10.5","P.itineraire[itineraireType":"BOUCLE","P.itineraire[dureeJournaliere":"330","P.itineraire[altitudeMaximum":"2657","P.environnements[171":"","P.visites[dureeMoyenneVisiteIndividuelle":"330","P.typologiesPromoSitra[1599":"","P.languesParlees[1197":"","P.rubrique[2988":"","P.61[3184":"","P.61[3333":"","P.61[3331":"","P.naturesTerrain[4246":"","P.VilleSitra[1559":"","P.3220[587401":"","P.3220[5575332":"","P.3221[4876304":"","P.3218[311229":"","P.3233[591419":"","P.3219[5127127":"","P.3219[5239406":"","P.3219[6436838":"","P.prestationsVisitesGroupees[488":"","P.6241[126905":"","P.6241[5740912":"","P.6242[5843488":"","P.3240[5778284":"","P.VillageDeDepart[1559":"","P.3230[6139211":"","P.34[1602":"","P.tourismeAffaires[tourismeAffairesEnabled":"","P.tourismeAffaires[devise":"EUR"},"DateFinPublication":"","PrixAPartirDe":"","PrixPour":"","FicheListeEnCours":"fiche_liste_itineraires_equip_v2018","ParametresModele":{"AfficherPhotos":1,"NbPhotosMax":6,"AfficherReserver":0,"AfficherContact":"1","AfficherSalle":1,"AfficherZoneGeo":0,"AfficherEnSavoirPlus":"0","AfficherUneSeuleOuverture":0,"AfficherContactCarte":1,"AfficherTarifsChaudAPartirDe":0,"AfficherTarifChaudSansRecherche":0,"AfficherAvis":"0","AfficherAvisIngenie":"1","BlocCritereInfo":{"critere1":{"libelle":""},"critere2":{"libelle":""},"critere3":{"libelle":""},"critere4":{"libelle":""},"critere5":{"libelle":""},"critere6":{"libelle":"","liste_critere":["CIDUREE|E","P.prestations|ANINOAD|E","P.itineraire|distance|E","P.itineraire|denivellation|E","P.itineraire|dureeJournaliere|E"]},"critere7":{"libelle":"","liste_critere":["ZONEGEO|FRPA04VAV1800|E","ZONEGEO|FRPA04VAV1500|E","ZONEGEO|FRPA04VAV1400|E"]},"critere8":{"libelle":""},"critere9":{"libelle":""},"afficherpictoetpaslibelle":"1"},"BlocPaveInfo":{"texte1":{"longeurmax":"","afficherLibelle":"0","garderHtml":"0"},"texte3":{"longeurmax":"","afficherLibelle":"0","garderHtml":"0"}},"Criteres":"PUBLICATION[VALDALLOSITI","ModeleUrl":"fiche_itineraires_equip_v2018","PositionBloc":"GALLERIE|NOM|CRITERESORDONNEES|ZONEPRINCIPALFICHEPRESTA|DESCRIPTIF|AVIS|CARNET_VOYAGE|URL","TypePrestataire":"E","ComportementResa":false,"ComportementDispo":false},"AffichageCoordonnees":[],"Coordonnees":{"Ville":"Allos"},"ContexteId":"PRESTATAIRE|E|5505709","ContexteIdHtml":"PRESTATAIRE-E-5505709","cleContexte":"E|5505709","Bloc":{"texte1":"","texte3":"","critere1":{"libelle":"","contenu":[]},"critere2":{"libelle":"","contenu":[]},"critere3":{"libelle":"","contenu":[]},"critere4":{"libelle":"","contenu":[]},"critere5":{"libelle":"","contenu":[]},"critere6":{"libelle":"","contenu":{"CIDUREE":{"libelle":"Typologie de l'itin\u00e9raire rando","contenu":{"4":"Itin\u00e9raire journ\u00e9e"},"codesValeurs":{"4":"CIDUREE|RANDO4|E"},"criteres_datas":{"valeurs":{"4":{"RANDO4":{"descriptif":""}}}}},"P.prestations":{"libelle":"Prestations","contenu":{"7":"Animaux non admis"},"codesValeurs":{"7":"P.prestations|ANINOAD|E"},"criteres_datas":{"valeurs":{"7":{"ANINOAD":{"descriptif":""}}}}},"P.itineraire":{"libelle":"Itin\u00e9raire","contenu":{"3":"\u003Cspan class=\"libelle\"\u003EDistance (en km)\u003C\/span\u003E \u003Cspan class=\"quantite\"\u003E10.5\u003C\/span\u003E","6":"\u003Cspan class=\"libelle\"\u003EDur\u00e9e journali\u00e8re (en min)\u003C\/span\u003E \u003Cspan class=\"quantite\"\u003E330\u003C\/span\u003E"},"codesValeurs":{"3":"P.itineraire|distance|E","6":"P.itineraire|dureeJournaliere|E"},"criteres_datas":{"valeurs":{"3":{"distance":{"descriptif":""}},"6":{"dureeJournaliere":{"descriptif":""}}}}}}},"critere7":{"libelle":"","contenu":{"ZONEGEO":{"libelle":"Localisation g\u00e9ographique","contenu":{"3":"Val d'Allos - Le village"},"codesValeurs":{"3":"ZONEGEO|FRPA04VAV1400|E"},"criteres_datas":{"valeurs":{"3":{"FRPA04VAV1400":{"descriptif":""}}}}}}},"critere8":{"libelle":"","contenu":[]},"critere9":{"libelle":"","contenu":[]}},"LocalisationGps":{"Latitude":"44.252221","Longitude":"6.715293"},"libelleDuPrestataire":"","listeCriteres":{"PUBLICATION":{"VALDALLOSITI":""},"EADHER":{"EGRAT":""},"CIDUREE":{"RANDO4":""},"ZONEGEO":{"FRPA04VAV1400":""},"P.113":{"4971":""},"P.CINTSITRA":{"8809":"","5662":""},"P.prestations":{"ANINOAD":"","surchargeTourismesAdaptes":"","surchargeDescriptifHandicapMoteur":"","surchargeDescriptifHandicapAuditif":"","surchargeDescriptifHandicapVisuel":"","surchargeDescriptifHandicapMental":"","surchargeNombreFauteuilsRoulants":""},"P.prestationsVisitesIndividuelles":{"480":""},"P.itineraire":{"itineraireBalise":"","denivellationPositive":"632","distance":"10.5","itineraireType":"BOUCLE","dureeJournaliere":"330","altitudeMaximum":"2657"},"P.environnements":{"171":""},"P.visites":{"dureeMoyenneVisiteIndividuelle":"330"},"P.typologiesPromoSitra":{"1599":""},"P.languesParlees":{"1197":""},"P.rubrique":{"2988":""},"P.61":{"3184":"","3333":"","3331":""},"P.naturesTerrain":{"4246":""},"P.VilleSitra":{"1559":""},"P.3220":{"587401":"","5575332":""},"P.3221":{"4876304":""},"P.3218":{"311229":""},"P.3233":{"591419":""},"P.3219":{"5127127":"","5239406":"","6436838":""},"P.prestationsVisitesGroupees":{"488":""},"P.6241":{"126905":"","5740912":""},"P.6242":{"5843488":""},"P.3240":{"5778284":""},"P.VillageDeDepart":{"1559":""},"P.3230":{"6139211":""},"P.34":{"1602":""},"P.tourismeAffaires":{"tourismeAffairesEnabled":"","devise":"EUR"}},"dansCarnetVoyage":true,"Ouverture":""},"html":" \n \u003Cdiv id=\"CV-PRESTATAIRE-E-5505709\" data-contexte-id=\"PRESTATAIRE|E|5505709\" data-cle=\"E|5505709\" class=\"fiche-liste\"\u003E\n    \n\n    \u003C!-- partie photo --\u003E\n    \u003Cdiv class=\"photo\"\u003E\t\t\t\t\t\t\t\t\t\t\t\t\t\t\t\t\t\t\t\t\t\n        \u003Cdiv class=\"cadre_photo_principale\"\u003E\t\t\n        \n            \t\t\t\t\t\n                    \u003Ca href=\"boucle-des-lacs-allos.html?origine=carnet#media\"\u003E\n                        \u003Cimg class=\"photo_principale\" alt=\"Lac de la Cayolle, grande \u00e9tendue d'eau au milieu d'un promontoire rocheux \u00e0 la v\u00e9g\u00e9tation rare. Montagnes en arri\u00e8re-plan\" src=\"https:\/\/www.valdallos.com\/medias\/images\/prestataires\/multitailles\/320x240_138286-bouclelacs1.jpg\" itemprop=\"image\"\u003E\n                    \u003C\/a\u003E\t\t\t\t\t\t\n                \n                    \u003C\/div\u003E\t\t\t\t\t\t\t\t\t\t\t\t\t\t\t\t\t\t\t \t\t\n    \u003C\/div\u003E\n    \n    \u003C!-- partie nom prest --\u003E\n    \u003Cdiv class=\"nom\"\u003E\n        \u003Ch2\u003ERandonn\u00e9e de la Boucle des Lacs\u003C\/h2\u003E\n        \n            \u003C\/div\u003E\n\n         \n    \u003C!-- partie adresse --\u003E\n    \u003Cdiv class=\"adresse\"\u003E\n    \n          \n    \u003C\/div\u003E\n    \n    \u003C!-- partie liens --\u003E\n    \u003Cdiv class=\"liens\"\u003E\n            \u003Ca class=\"btn-icon btn-view \" title=\"Voir la fiche d\u00e9taill\u00e9e\" href=\"boucle-des-lacs-allos.html?origine=carnet\"\u003E\u003C\/a\u003E\u003C!--\u003Ca class=\"btn-icon btn-view \" title=\"\" href=\"?origine=carnet#thaut\"\u003E\u003C\/a\u003E--\u003E\n      \u003Ca class=\"btn-icon btn-trash carnet_voyage_supprimer\" title=\"Supprimer cette fiche de mon carnet de voyage\" href=\"carnet-voyage?action=remove&fiche=E|5505709\"\u003E\u003C\/a\u003E\n    \u003C\/div\u003E\n\n\u003C\/div\u003E\n\n","icon":"https:\/\/static.ingenie.fr\/images\/carnetVoyageV3\/E.png"},"fiche":"E|5505709","popup":"\u003Cdiv id=\"bloc_popup_ajout_fiche_carnet\"\u003E\n    \u003Cdiv class=\"info_popup_ajout_fiche_carnet\"\u003E\n        Vous venez d'ajouter cet \u00e9l\u00e9ment \u00e0 votre s\u00e9lection :    \u003C\/div\u003E\n    \u003Cdiv class=\"prest_popup_ajout_fiche_carnet\"\u003E\n        Randonn&eacute;e de la Boucle des Lacs    \u003C\/div\u003E\n    \u003Cdiv class=\"bloc_btn_ajout_fiche_carnet form_submit_div\"\u003E\n        \u003Cinput type=\"button\" value=\"Continuer ma s\u00e9lection\" title=\"Continuer ma s\u00e9lection\" name=\"btn_close\" class=\"btn_close_popup_carnet form_submit\" onclick=\"$.colorbox.close()\" \/\u003E\n        \u003Cinput type=\"button\" value=\"Voir ma s\u00e9lection\" title=\"Voir ma s\u00e9lection\" name=\"btn_panier\" class=\"btn_panier_popup_carnet form_submit\" onclick=\"if(typeof CarnetVoyage != 'undefined') {CarnetVoyage.voirCarnet();}\" \/\u003E\n    \u003C\/div\u003E\n    \u003Cdiv class=\"bloc_btn_ajout_fiche_carnet\"\u003E\n        \u003Cinput type=\"checkbox\" value=\"1\" name=\"desactiver_popup\" id=\"desactiver_popup\" \/\u003E\n        \u003Clabel for=\"desactiver_popup\"\u003ENe plus afficher ce message\u003C\/label\u003E\n    \u003C\/div\u003E\n\u003C\/div\u003E","success":1}