{"nbFiches":1,"dataPrest":{"infoPrest":{"pave1":{"libelle":"Descriptif","contenu":""},"pave2":{"libelle":"Tarifs Hiver","contenu":""},"pave3":{"libelle":"Tarifs Et\u00e9","contenu":""},"pave4":{"libelle":"URL de la r\u00e9servation ou vente en ligne","contenu":""},"pave5":{"libelle":"Descriptif court (old)","contenu":"Contes, l\u00e9gendes et histoires sont au rendez-vous"},"pave6":{"libelle":"Descriptif d\u00e9taill\u00e9","contenu":"Le d\u00e9part de ce circuit se prend au fond et \u00e0 droite du parking du parc de loisirs. Une fois la voiture gar\u00e9e c'est \u00e0 pied que se d\u00e9couvre la boucle des f\u00e9es.\u003Cbr \/\u003E\r\n\u003Cbr \/\u003E\r\nVous allez dans un premier temps longer le cours d'eau du Verdon sur une piste large et facile d'acc\u00e8s ; une fois pass\u00e9 le centre \u00e9questre qui se trouvera sur votre gauche, vous traverserez une passerelle en bois. \u003Cbr \/\u003E\r\n\u003Cbr \/\u003E\r\nPlus que quelques enjamb\u00e9es et l'entr\u00e9e de la boucle des f\u00e9es se dessinera sur votre droite (attention la v\u00e9g\u00e9tation quelquefois \u00e9toff\u00e9e est susceptible de cacher un peu l'entr\u00e9e, mat\u00e9rialis\u00e9e par deux poteaux en bois).\u003Cbr \/\u003E\r\n\u003Cbr \/\u003E\r\nUn peu \u00e0 l'image d'un square en pleine nature, un v\u00e9ritable havre de paix ou histoires et l\u00e9gendes se d\u00e9couvrent de tables en tables.\u003Cbr \/\u003E\r\nCe petit jardin secret est \u00e9galement dot\u00e9 de plusieurs bancs pour qui voudrait faire une pause ombrag\u00e9e."},"pave7":{"libelle":"Bons plans","contenu":""},"pave8":{"libelle":"Compl\u00e9ment localisation","contenu":""},"pave9":{"libelle":"Compl\u00e9ment accueil","contenu":""},"pave10":{"libelle":"P\u00e9riodes en clair","contenu":"Du 01\/04 au 30\/11 tous les jours.\u003Cbr \/\u003E\nEn p\u00e9riode le parcours n'est pas balis\u00e9."},"pave11":{"libelle":"Tarifs en clair","contenu":"Gratuit."},"pave12":{"libelle":"Compl\u00e9ment Tarifs","contenu":""},"pave13":{"libelle":"Compl\u00e9ment R\u00e9servation","contenu":""},"pave14":{"libelle":"Descriptif court","contenu":""},"pave15":{"libelle":"Descriptif d\u00e9taill\u00e9","contenu":""},"pave16":{"libelle":"Bons plans","contenu":""},"pave17":{"libelle":"Tarifs (Tarifs en clair, Compl\u00e9ment Tarifs)","contenu":""},"pave18":{"libelle":"P\u00e9riodes en clair","contenu":""},"pave19":{"libelle":"Descriptif court","contenu":""},"pave20":{"libelle":"Descriptif d\u00e9taill\u00e9","contenu":""},"pave21":{"libelle":"Bons plans","contenu":""},"pave22":{"libelle":"Tarifs (Tarifs en clair, Compl\u00e9ment Tarifs)","contenu":""},"pave23":{"libelle":"P\u00e9riodes en clair","contenu":""},"pave24":{"libelle":"Dispositions sp\u00e9ciales","contenu":""},"pave25":{"libelle":"","contenu":""},"ZoneGeoLibelle":"Val d\u2019Allos \u2013 Le village","Libelle":"Circuit th\u00e9matique  La boucle des f\u00e9es","Nom":"Circuit th\u00e9matique  La boucle des f\u00e9es","Prenom":"","NomPrenom":"Circuit th\u00e9matique  La boucle des f\u00e9es ","CiviliteNomPrenom":"Circuit th\u00e9matique  La boucle des f\u00e9es ","Cle":"E|5436136","PrestataireParent":"","ContexteStat":"PRESTATAIRE-E-5436136","DateModificationIso":"2026-03-14T00:22:00+01:00","Type":"PRESTATAIRE","TypePrestataire":"E","Adresse":{"LigneAdresse1":"le plan","LigneAdresse2":"Val d'Allos le Village","LigneAdresse3":"","CodePostal":"04260","Ville":"Allos","Cedex":"","Etat":"","Pays":"FRA"},"Email":"","Telephone":"04 92 83 02 81","TelephoneBureau":"","Portable":"","SiteWeb":"","Fax":"","Id":"e-5436136","Code":"E|5436136","Fichier":{"Image":[{"url":"https:\/\/www.valdallos.com\/medias\/images\/prestataires\/137360-boucle_des_fees.jpg","chemin":"..\/medias\/images\/prestataires\/137360-boucle_des_fees.jpg","libelle":"Panneau d'information au d\u00e9part de la randonn\u00e9e dans une for\u00eat, inscription \"La Boucle des F\u00e9es\"","extension":"jpg","categorie":"","largeur":1200,"theme":"","hauteur":900,"type":"Image","origine":"","liaisonPave":"","langue":"","id":"137360","urlVignette":"https:\/\/www.valdallos.com\/medias\/images\/prestataires\/v-137360-boucle_des_fees.jpg","alt":"Panneau d'information au d\u00e9part de la randonn\u00e9e dans une for\u00eat, inscription \"La Boucle des F\u00e9es\"","title":"Panneau d'information au d\u00e9part de la randonn\u00e9e dans une for\u00eat, inscription \"La Boucle des F\u00e9es\" - &copy office de tourisme du Val d'Allos","MultiTaille":{"1920x1440":{"url":"https:\/\/www.valdallos.com\/medias\/images\/prestataires\/multitailles\/1920x1440_137360-boucle_des_fees.jpg"},"1200x900":{"url":"https:\/\/www.valdallos.com\/medias\/images\/prestataires\/multitailles\/1200x900_137360-boucle_des_fees.jpg"},"800x600":{"url":"https:\/\/www.valdallos.com\/medias\/images\/prestataires\/multitailles\/800x600_137360-boucle_des_fees.jpg"},"640x480":{"url":"https:\/\/www.valdallos.com\/medias\/images\/prestataires\/multitailles\/640x480_137360-boucle_des_fees.jpg"},"320x240":{"url":"https:\/\/www.valdallos.com\/medias\/images\/prestataires\/multitailles\/320x240_137360-boucle_des_fees.jpg"},"160x120":{"url":"https:\/\/www.valdallos.com\/medias\/images\/prestataires\/multitailles\/160x120_137360-boucle_des_fees.jpg"},"origine":{"url":"https:\/\/www.valdallos.com\/medias\/images\/prestataires\/137360-boucle_des_fees.jpg"}},"urlLien":"","typeLien":"","nofollow":"N","copyright":"office de tourisme du Val d'Allos"},{"url":"https:\/\/www.valdallos.com\/medias\/images\/prestataires\/137361-bouclefees.jpg","chemin":"..\/medias\/images\/prestataires\/137361-bouclefees.jpg","libelle":"Gros plan sur le panneau d'information au d\u00e9part de la randonn\u00e9e, inscription \"La Boucle des F\u00e9es\", \"Les F\u00e9es vous invitent \u00e0 une balade au coeur des L\u00e9gende set des Coutumes du Val d'Allos\". Illustrations et plans imag\u00e9s de la randonn\u00e9e","extension":"jpg","categorie":"","largeur":800,"theme":"","hauteur":533,"type":"Image","origine":"","liaisonPave":"","langue":"","id":"137361","urlVignette":"https:\/\/www.valdallos.com\/medias\/images\/prestataires\/v-137361-bouclefees.jpg","alt":"Gros plan sur le panneau d'information au d\u00e9part de la randonn\u00e9e, inscription \"La Boucle des F\u00e9es\", \"Les F\u00e9es vous invitent \u00e0 une balade au coeur des L\u00e9gende set des Coutumes du Val d'Allos\". Illustrations et plans imag\u00e9s de la randonn\u00e9e","title":"Gros plan sur le panneau d'information au d\u00e9part de la randonn\u00e9e, inscription \"La Boucle des F\u00e9es\", \"Les F\u00e9es vous invitent \u00e0 une balade au coeur des L\u00e9gende set des Coutumes du Val d'Allos\". Illustrations et plans imag\u00e9s de la randonn\u00e9e - &copy office de tourisme du Val d'Allos","MultiTaille":{"1920x1440":{"url":"https:\/\/www.valdallos.com\/medias\/images\/prestataires\/multitailles\/1920x1440_137361-bouclefees.jpg"},"1200x900":{"url":"https:\/\/www.valdallos.com\/medias\/images\/prestataires\/multitailles\/1200x900_137361-bouclefees.jpg"},"800x600":{"url":"https:\/\/www.valdallos.com\/medias\/images\/prestataires\/multitailles\/800x600_137361-bouclefees.jpg"},"640x480":{"url":"https:\/\/www.valdallos.com\/medias\/images\/prestataires\/multitailles\/640x480_137361-bouclefees.jpg"},"320x240":{"url":"https:\/\/www.valdallos.com\/medias\/images\/prestataires\/multitailles\/320x240_137361-bouclefees.jpg"},"160x120":{"url":"https:\/\/www.valdallos.com\/medias\/images\/prestataires\/multitailles\/160x120_137361-bouclefees.jpg"},"origine":{"url":"https:\/\/www.valdallos.com\/medias\/images\/prestataires\/137361-bouclefees.jpg"}},"urlLien":"","typeLien":"","nofollow":"N","copyright":"office de tourisme du Val d'Allos"},{"url":"https:\/\/www.valdallos.com\/medias\/images\/prestataires\/137362-bouclefees4.jpg","chemin":"..\/medias\/images\/prestataires\/137362-bouclefees4.jpg","libelle":"Un des panneaux du parcours de randonn\u00e9e, inscription \"La Pierre Sacr\u00e9e du Lac d'Allos\", illustrations et descriptifs. Cadre forestier","extension":"jpg","categorie":"","largeur":1200,"theme":"","hauteur":900,"type":"Image","origine":"","liaisonPave":"","langue":"","id":"137362","urlVignette":"https:\/\/www.valdallos.com\/medias\/images\/prestataires\/v-137362-bouclefees4.jpg","alt":"Un des panneaux du parcours de randonn\u00e9e, inscription \"La Pierre Sacr\u00e9e du Lac d'Allos\", illustrations et descriptifs. Cadre forestier","title":"Un des panneaux du parcours de randonn\u00e9e, inscription \"La Pierre Sacr\u00e9e du Lac d'Allos\", illustrations et descriptifs. Cadre forestier - &copy B Courbon","MultiTaille":{"1920x1440":{"url":"https:\/\/www.valdallos.com\/medias\/images\/prestataires\/multitailles\/1920x1440_137362-bouclefees4.jpg"},"1200x900":{"url":"https:\/\/www.valdallos.com\/medias\/images\/prestataires\/multitailles\/1200x900_137362-bouclefees4.jpg"},"800x600":{"url":"https:\/\/www.valdallos.com\/medias\/images\/prestataires\/multitailles\/800x600_137362-bouclefees4.jpg"},"640x480":{"url":"https:\/\/www.valdallos.com\/medias\/images\/prestataires\/multitailles\/640x480_137362-bouclefees4.jpg"},"320x240":{"url":"https:\/\/www.valdallos.com\/medias\/images\/prestataires\/multitailles\/320x240_137362-bouclefees4.jpg"},"160x120":{"url":"https:\/\/www.valdallos.com\/medias\/images\/prestataires\/multitailles\/160x120_137362-bouclefees4.jpg"},"origine":{"url":"https:\/\/www.valdallos.com\/medias\/images\/prestataires\/137362-bouclefees4.jpg"}},"urlLien":"","typeLien":"","nofollow":"N","copyright":"B Courbon"}],"ByCategorie":{"":[{"url":"https:\/\/www.valdallos.com\/medias\/images\/prestataires\/137360-boucle_des_fees.jpg","chemin":"..\/medias\/images\/prestataires\/137360-boucle_des_fees.jpg","libelle":"Panneau d'information au d\u00e9part de la randonn\u00e9e dans une for\u00eat, inscription \"La Boucle des F\u00e9es\"","extension":"jpg","categorie":"","largeur":1200,"theme":"","hauteur":900,"type":"Image","origine":"","liaisonPave":"","langue":"","id":"137360","urlVignette":"https:\/\/www.valdallos.com\/medias\/images\/prestataires\/v-137360-boucle_des_fees.jpg","alt":"Panneau d'information au d\u00e9part de la randonn\u00e9e dans une for\u00eat, inscription \"La Boucle des F\u00e9es\"","title":"Panneau d'information au d\u00e9part de la randonn\u00e9e dans une for\u00eat, inscription \"La Boucle des F\u00e9es\" - &copy office de tourisme du Val d'Allos","MultiTaille":{"1920x1440":{"url":"https:\/\/www.valdallos.com\/medias\/images\/prestataires\/multitailles\/1920x1440_137360-boucle_des_fees.jpg"},"1200x900":{"url":"https:\/\/www.valdallos.com\/medias\/images\/prestataires\/multitailles\/1200x900_137360-boucle_des_fees.jpg"},"800x600":{"url":"https:\/\/www.valdallos.com\/medias\/images\/prestataires\/multitailles\/800x600_137360-boucle_des_fees.jpg"},"640x480":{"url":"https:\/\/www.valdallos.com\/medias\/images\/prestataires\/multitailles\/640x480_137360-boucle_des_fees.jpg"},"320x240":{"url":"https:\/\/www.valdallos.com\/medias\/images\/prestataires\/multitailles\/320x240_137360-boucle_des_fees.jpg"},"160x120":{"url":"https:\/\/www.valdallos.com\/medias\/images\/prestataires\/multitailles\/160x120_137360-boucle_des_fees.jpg"},"origine":{"url":"https:\/\/www.valdallos.com\/medias\/images\/prestataires\/137360-boucle_des_fees.jpg"}},"urlLien":"","typeLien":"","nofollow":"N","copyright":"office de tourisme du Val d'Allos"},{"url":"https:\/\/www.valdallos.com\/medias\/images\/prestataires\/137363-boucledesfees.gpx","chemin":"..\/medias\/images\/prestataires\/137363-boucledesfees.gpx","libelle":"Circuit th\u00e9matique  La boucle des f\u00e9es_Allos","extension":"gpx","categorie":"","largeur":"","theme":"","hauteur":"","type":"Document","origine":"","liaisonPave":"","langue":"","id":"137363","poids":"39.19 Ko","alt":"Circuit th\u00e9matique  La boucle des f\u00e9es_Allos","title":"Circuit th\u00e9matique  La boucle des f\u00e9es_Allos"},{"url":"https:\/\/www.valdallos.com\/medias\/images\/prestataires\/137361-bouclefees.jpg","chemin":"..\/medias\/images\/prestataires\/137361-bouclefees.jpg","libelle":"Gros plan sur le panneau d'information au d\u00e9part de la randonn\u00e9e, inscription \"La Boucle des F\u00e9es\", \"Les F\u00e9es vous invitent \u00e0 une balade au coeur des L\u00e9gende set des Coutumes du Val d'Allos\". Illustrations et plans imag\u00e9s de la randonn\u00e9e","extension":"jpg","categorie":"","largeur":800,"theme":"","hauteur":533,"type":"Image","origine":"","liaisonPave":"","langue":"","id":"137361","urlVignette":"https:\/\/www.valdallos.com\/medias\/images\/prestataires\/v-137361-bouclefees.jpg","alt":"Gros plan sur le panneau d'information au d\u00e9part de la randonn\u00e9e, inscription \"La Boucle des F\u00e9es\", \"Les F\u00e9es vous invitent \u00e0 une balade au coeur des L\u00e9gende set des Coutumes du Val d'Allos\". Illustrations et plans imag\u00e9s de la randonn\u00e9e","title":"Gros plan sur le panneau d'information au d\u00e9part de la randonn\u00e9e, inscription \"La Boucle des F\u00e9es\", \"Les F\u00e9es vous invitent \u00e0 une balade au coeur des L\u00e9gende set des Coutumes du Val d'Allos\". Illustrations et plans imag\u00e9s de la randonn\u00e9e - &copy office de tourisme du Val d'Allos","MultiTaille":{"1920x1440":{"url":"https:\/\/www.valdallos.com\/medias\/images\/prestataires\/multitailles\/1920x1440_137361-bouclefees.jpg"},"1200x900":{"url":"https:\/\/www.valdallos.com\/medias\/images\/prestataires\/multitailles\/1200x900_137361-bouclefees.jpg"},"800x600":{"url":"https:\/\/www.valdallos.com\/medias\/images\/prestataires\/multitailles\/800x600_137361-bouclefees.jpg"},"640x480":{"url":"https:\/\/www.valdallos.com\/medias\/images\/prestataires\/multitailles\/640x480_137361-bouclefees.jpg"},"320x240":{"url":"https:\/\/www.valdallos.com\/medias\/images\/prestataires\/multitailles\/320x240_137361-bouclefees.jpg"},"160x120":{"url":"https:\/\/www.valdallos.com\/medias\/images\/prestataires\/multitailles\/160x120_137361-bouclefees.jpg"},"origine":{"url":"https:\/\/www.valdallos.com\/medias\/images\/prestataires\/137361-bouclefees.jpg"}},"urlLien":"","typeLien":"","nofollow":"N","copyright":"office de tourisme du Val d'Allos"},{"url":"https:\/\/www.valdallos.com\/medias\/images\/prestataires\/137362-bouclefees4.jpg","chemin":"..\/medias\/images\/prestataires\/137362-bouclefees4.jpg","libelle":"Un des panneaux du parcours de randonn\u00e9e, inscription \"La Pierre Sacr\u00e9e du Lac d'Allos\", illustrations et descriptifs. Cadre forestier","extension":"jpg","categorie":"","largeur":1200,"theme":"","hauteur":900,"type":"Image","origine":"","liaisonPave":"","langue":"","id":"137362","urlVignette":"https:\/\/www.valdallos.com\/medias\/images\/prestataires\/v-137362-bouclefees4.jpg","alt":"Un des panneaux du parcours de randonn\u00e9e, inscription \"La Pierre Sacr\u00e9e du Lac d'Allos\", illustrations et descriptifs. Cadre forestier","title":"Un des panneaux du parcours de randonn\u00e9e, inscription \"La Pierre Sacr\u00e9e du Lac d'Allos\", illustrations et descriptifs. Cadre forestier - &copy B Courbon","MultiTaille":{"1920x1440":{"url":"https:\/\/www.valdallos.com\/medias\/images\/prestataires\/multitailles\/1920x1440_137362-bouclefees4.jpg"},"1200x900":{"url":"https:\/\/www.valdallos.com\/medias\/images\/prestataires\/multitailles\/1200x900_137362-bouclefees4.jpg"},"800x600":{"url":"https:\/\/www.valdallos.com\/medias\/images\/prestataires\/multitailles\/800x600_137362-bouclefees4.jpg"},"640x480":{"url":"https:\/\/www.valdallos.com\/medias\/images\/prestataires\/multitailles\/640x480_137362-bouclefees4.jpg"},"320x240":{"url":"https:\/\/www.valdallos.com\/medias\/images\/prestataires\/multitailles\/320x240_137362-bouclefees4.jpg"},"160x120":{"url":"https:\/\/www.valdallos.com\/medias\/images\/prestataires\/multitailles\/160x120_137362-bouclefees4.jpg"},"origine":{"url":"https:\/\/www.valdallos.com\/medias\/images\/prestataires\/137362-bouclefees4.jpg"}},"urlLien":"","typeLien":"","nofollow":"N","copyright":"B Courbon"}]},"Document":[{"url":"https:\/\/www.valdallos.com\/medias\/images\/prestataires\/137363-boucledesfees.gpx","chemin":"..\/medias\/images\/prestataires\/137363-boucledesfees.gpx","libelle":"Circuit th\u00e9matique  La boucle des f\u00e9es_Allos","extension":"gpx","categorie":"","largeur":"","theme":"","hauteur":"","type":"Document","origine":"","liaisonPave":"","langue":"","id":"137363","poids":"39.19 Ko","alt":"Circuit th\u00e9matique  La boucle des f\u00e9es_Allos","title":"Circuit th\u00e9matique  La boucle des f\u00e9es_Allos"}]},"Url":"circuit-la-boucle-des-fees-allos.html","Localisation":{"GoogleMap":{"Latitude":"44.229593","Longitude":"6.627628"},"PlanStation":{"idPlan":"7","nomPlan":"[NEW] Plan Village Allos","carte":"\/plan\/plan_village_2018[HIVER_FR[.jpg","PositionAbs":"1435","PositionOrd":"517"}},"ZoneGeo":"","Criteres":{"PUBLICATION[VALDALLOSITI":"","EADHER[EGRAT":"","CIDUREE[RANDO1":"","CIDUREE[RANDO5":"","EAGEE[EMOIN4":"","EAGEE[E4ANS":"","EAGEE[E812AN":"","EAGEE[E12":"","ZONEGEO[FRPA04VAV1400":"","ELMTA[EMANEG":"","P.113[1593":"","P.services[687":"","P.prestations[animauxAcceptes":"","P.prestations[surchargeTourismesAdaptes":"","P.prestations[surchargeDescriptifHandicapMoteur":"","P.prestations[surchargeDescriptifHandicapAuditif":"","P.prestations[surchargeDescriptifHandicapVisuel":"","P.prestations[surchargeDescriptifHandicapMental":"","P.prestations[surchargeNombreFauteuilsRoulants":"","P.languesParlees[1197":"","P.2[513":"","P.114[416":"","P.114[418":"","P.114[436":"","P.tourismeAffaires[tourismeAffairesEnabled":"","P.tourismeAffaires[devise":"EUR","P.visites[dureeMoyenneVisiteIndividuelle":"90","P.rubrique[2988":"","P.61[3184":"","P.61[3331":"","P.61[3333":"","P.itineraire[distance":"4","P.itineraire[dureeJournaliere":"90","P.itineraire[itineraireType":"Aller \/ Retour","P.itineraire[itineraireBalise":"","P.passagesDelicats[AUCUN":"","P.CINTSITRA[5662":"","P.CINTSITRA[5663":"","P.CINTSITRA[8809":"","P.6241[126905":"","P.6241[5740912":"","P.3218[311229":"","P.3220[587401":"","P.3220[5575332":"","P.3233[591419":"","P.3221[4876304":"","P.3219[5127127":"","P.3219[5239406":"","P.3219[6436838":"","P.3240[5778284":"","P.6242[5843488":"","P.3230[6139211":"","P.VilleSitra[1559":"","P.VillageDeDepart[1559":"","INDICATIONPRIX[GRATUIT":""},"DateFinPublication":"","PrixAPartirDe":"","PrixPour":"","FicheListeEnCours":"fiche_liste_itineraires_equip_v2018","ParametresModele":{"AfficherPhotos":1,"NbPhotosMax":6,"AfficherReserver":0,"AfficherContact":"1","AfficherSalle":1,"AfficherZoneGeo":0,"AfficherEnSavoirPlus":"0","AfficherUneSeuleOuverture":0,"AfficherContactCarte":1,"AfficherTarifsChaudAPartirDe":0,"AfficherTarifChaudSansRecherche":0,"AfficherAvis":"0","AfficherAvisIngenie":"1","BlocCritereInfo":{"critere1":{"libelle":""},"critere2":{"libelle":""},"critere3":{"libelle":""},"critere4":{"libelle":""},"critere5":{"libelle":""},"critere6":{"libelle":"","liste_critere":["CIDUREE|E","P.prestations|ANINOAD|E","P.itineraire|distance|E","P.itineraire|denivellation|E","P.itineraire|dureeJournaliere|E"]},"critere7":{"libelle":"","liste_critere":["ZONEGEO|FRPA04VAV1800|E","ZONEGEO|FRPA04VAV1500|E","ZONEGEO|FRPA04VAV1400|E"]},"critere8":{"libelle":""},"critere9":{"libelle":""},"afficherpictoetpaslibelle":"1"},"BlocPaveInfo":{"texte1":{"longeurmax":"","afficherLibelle":"0","garderHtml":"0"},"texte3":{"longeurmax":"","afficherLibelle":"0","garderHtml":"0"}},"Criteres":"PUBLICATION[VALDALLOSITI","ModeleUrl":"fiche_itineraires_equip_v2018","PositionBloc":"GALLERIE|NOM|CRITERESORDONNEES|ZONEPRINCIPALFICHEPRESTA|DESCRIPTIF|AVIS|CARNET_VOYAGE|URL","TypePrestataire":"E","ComportementResa":false,"ComportementDispo":false},"AffichageCoordonnees":[],"Coordonnees":{"Ville":"Allos"},"ContexteId":"PRESTATAIRE|E|5436136","ContexteIdHtml":"PRESTATAIRE-E-5436136","cleContexte":"E|5436136","Bloc":{"texte1":"","texte3":"","critere1":{"libelle":"","contenu":[]},"critere2":{"libelle":"","contenu":[]},"critere3":{"libelle":"","contenu":[]},"critere4":{"libelle":"","contenu":[]},"critere5":{"libelle":"","contenu":[]},"critere6":{"libelle":"","contenu":{"CIDUREE":{"libelle":"Typologie de l'itin\u00e9raire rando","contenu":{"1":"Itin\u00e9raire 1 \u00e0 2h","5":"Sp\u00e9cial famille"},"codesValeurs":{"1":"CIDUREE|RANDO1|E","5":"CIDUREE|RANDO5|E"},"criteres_datas":{"valeurs":{"1":{"RANDO1":{"descriptif":""}},"5":{"RANDO5":{"descriptif":""}}}}},"P.itineraire":{"libelle":"Itin\u00e9raire","contenu":{"3":"\u003Cspan class=\"libelle\"\u003EDistance (en km)\u003C\/span\u003E \u003Cspan class=\"quantite\"\u003E4\u003C\/span\u003E","6":"\u003Cspan class=\"libelle\"\u003EDur\u00e9e journali\u00e8re (en min)\u003C\/span\u003E \u003Cspan class=\"quantite\"\u003E90\u003C\/span\u003E"},"codesValeurs":{"3":"P.itineraire|distance|E","6":"P.itineraire|dureeJournaliere|E"},"criteres_datas":{"valeurs":{"3":{"distance":{"descriptif":""}},"6":{"dureeJournaliere":{"descriptif":""}}}}}}},"critere7":{"libelle":"","contenu":{"ZONEGEO":{"libelle":"Localisation g\u00e9ographique","contenu":{"3":"Val d'Allos - Le village"},"codesValeurs":{"3":"ZONEGEO|FRPA04VAV1400|E"},"criteres_datas":{"valeurs":{"3":{"FRPA04VAV1400":{"descriptif":""}}}}}}},"critere8":{"libelle":"","contenu":[]},"critere9":{"libelle":"","contenu":[]}},"LocalisationGps":{"Latitude":"44.229593","Longitude":"6.627628"},"libelleDuPrestataire":"","listeCriteres":{"PUBLICATION":{"VALDALLOSITI":""},"EADHER":{"EGRAT":""},"CIDUREE":{"RANDO1":"","RANDO5":""},"EAGEE":{"EMOIN4":"","E4ANS":"","E812AN":"","E12":""},"ZONEGEO":{"FRPA04VAV1400":""},"ELMTA":{"EMANEG":""},"P.113":{"1593":""},"P.services":{"687":""},"P.prestations":{"animauxAcceptes":"","surchargeTourismesAdaptes":"","surchargeDescriptifHandicapMoteur":"","surchargeDescriptifHandicapAuditif":"","surchargeDescriptifHandicapVisuel":"","surchargeDescriptifHandicapMental":"","surchargeNombreFauteuilsRoulants":""},"P.languesParlees":{"1197":""},"P.2":{"513":""},"P.114":{"416":"","418":"","436":""},"P.tourismeAffaires":{"tourismeAffairesEnabled":"","devise":"EUR"},"P.visites":{"dureeMoyenneVisiteIndividuelle":"90"},"P.rubrique":{"2988":""},"P.61":{"3184":"","3331":"","3333":""},"P.itineraire":{"distance":"4","dureeJournaliere":"90","itineraireType":"Aller \/ Retour","itineraireBalise":""},"P.passagesDelicats":{"AUCUN":""},"P.CINTSITRA":{"5662":"","5663":"","8809":""},"P.6241":{"126905":"","5740912":""},"P.3218":{"311229":""},"P.3220":{"587401":"","5575332":""},"P.3233":{"591419":""},"P.3221":{"4876304":""},"P.3219":{"5127127":"","5239406":"","6436838":""},"P.3240":{"5778284":""},"P.6242":{"5843488":""},"P.3230":{"6139211":""},"P.VilleSitra":{"1559":""},"P.VillageDeDepart":{"1559":""},"INDICATIONPRIX":{"GRATUIT":""}},"dansCarnetVoyage":true,"Ouverture":""},"html":" \n \u003Cdiv id=\"CV-PRESTATAIRE-E-5436136\" data-contexte-id=\"PRESTATAIRE|E|5436136\" data-cle=\"E|5436136\" class=\"fiche-liste\"\u003E\n    \n\n    \u003C!-- partie photo --\u003E\n    \u003Cdiv class=\"photo\"\u003E\t\t\t\t\t\t\t\t\t\t\t\t\t\t\t\t\t\t\t\t\t\n        \u003Cdiv class=\"cadre_photo_principale\"\u003E\t\t\n        \n            \t\t\t\t\t\n                    \u003Ca href=\"circuit-la-boucle-des-fees-allos.html?origine=carnet#media\"\u003E\n                        \u003Cimg class=\"photo_principale\" alt=\"Panneau d'information au d\u00e9part de la randonn\u00e9e dans une for\u00eat, inscription \"La Boucle des F\u00e9es\"\" src=\"https:\/\/www.valdallos.com\/medias\/images\/prestataires\/multitailles\/320x240_137360-boucle_des_fees.jpg\" itemprop=\"image\"\u003E\n                    \u003C\/a\u003E\t\t\t\t\t\t\n                \n                    \u003C\/div\u003E\t\t\t\t\t\t\t\t\t\t\t\t\t\t\t\t\t\t\t \t\t\n    \u003C\/div\u003E\n    \n    \u003C!-- partie nom prest --\u003E\n    \u003Cdiv class=\"nom\"\u003E\n        \u003Ch2\u003ECircuit th\u00e9matique  La boucle des f\u00e9es\u003C\/h2\u003E\n        \n            \u003C\/div\u003E\n\n         \n    \u003C!-- partie adresse --\u003E\n    \u003Cdiv class=\"adresse\"\u003E\n    \n          \n    \u003C\/div\u003E\n    \n    \u003C!-- partie liens --\u003E\n    \u003Cdiv class=\"liens\"\u003E\n            \u003Ca class=\"btn-icon btn-view \" title=\"Voir la fiche d\u00e9taill\u00e9e\" href=\"circuit-la-boucle-des-fees-allos.html?origine=carnet\"\u003E\u003C\/a\u003E\u003C!--\u003Ca class=\"btn-icon btn-view \" title=\"\" href=\"?origine=carnet#thaut\"\u003E\u003C\/a\u003E--\u003E\n      \u003Ca class=\"btn-icon btn-trash carnet_voyage_supprimer\" title=\"Supprimer cette fiche de mon carnet de voyage\" href=\"carnet-voyage?action=remove&fiche=E|5436136\"\u003E\u003C\/a\u003E\n    \u003C\/div\u003E\n\n\u003C\/div\u003E\n\n","icon":"https:\/\/static.ingenie.fr\/images\/carnetVoyageV3\/E.png"},"fiche":"E|5436136","popup":"\u003Cdiv id=\"bloc_popup_ajout_fiche_carnet\"\u003E\n    \u003Cdiv class=\"info_popup_ajout_fiche_carnet\"\u003E\n        Vous venez d'ajouter cet \u00e9l\u00e9ment \u00e0 votre s\u00e9lection :    \u003C\/div\u003E\n    \u003Cdiv class=\"prest_popup_ajout_fiche_carnet\"\u003E\n        Circuit th&eacute;matique  La boucle des f&eacute;es    \u003C\/div\u003E\n    \u003Cdiv class=\"bloc_btn_ajout_fiche_carnet form_submit_div\"\u003E\n        \u003Cinput type=\"button\" value=\"Continuer ma s\u00e9lection\" title=\"Continuer ma s\u00e9lection\" name=\"btn_close\" class=\"btn_close_popup_carnet form_submit\" onclick=\"$.colorbox.close()\" \/\u003E\n        \u003Cinput type=\"button\" value=\"Voir ma s\u00e9lection\" title=\"Voir ma s\u00e9lection\" name=\"btn_panier\" class=\"btn_panier_popup_carnet form_submit\" onclick=\"if(typeof CarnetVoyage != 'undefined') {CarnetVoyage.voirCarnet();}\" \/\u003E\n    \u003C\/div\u003E\n    \u003Cdiv class=\"bloc_btn_ajout_fiche_carnet\"\u003E\n        \u003Cinput type=\"checkbox\" value=\"1\" name=\"desactiver_popup\" id=\"desactiver_popup\" \/\u003E\n        \u003Clabel for=\"desactiver_popup\"\u003ENe plus afficher ce message\u003C\/label\u003E\n    \u003C\/div\u003E\n\u003C\/div\u003E","success":1}