{"nbFiches":1,"dataPrest":{"infoPrest":{"pave1":{"libelle":"Descriptif","contenu":""},"pave2":{"libelle":"Tarifs Hiver","contenu":""},"pave3":{"libelle":"Tarifs Et\u00e9","contenu":""},"pave4":{"libelle":"URL de la r\u00e9servation ou vente en ligne","contenu":""},"pave5":{"libelle":"Descriptif court (old)","contenu":"Parcours pi\u00e9tons et raquettes, \u00e0 la fois familial et ludique, qui longe la rivi\u00e8re du Verdon."},"pave6":{"libelle":"Descriptif d\u00e9taill\u00e9","contenu":"Ce parcours est aussi le si\u00e8ge du Circuit Trappeur, un itin\u00e9raire ludique \u00e0 la d\u00e9couverte de la montagne l'hiver. \u003Cbr \/\u003E\r\n\u003Cbr \/\u003E\r\nTout au long de l'itin\u00e9raire des panneaux d'explications sur la faune et la flore ponctuent cette balade.\u003Cbr \/\u003E\r\n\u003Cbr \/\u003E\r\nC\u2019est au d\u00e9part du village d\u2019Allos, \u00e0 l\u2019angle du parking du parc de loisirs, que d\u00e9bute le circuit trappeur. Itin\u00e9raire tout \u00e0 la fois accessible, familial et ludique.\u003Cbr \/\u003E\r\nTout au long de l\u2019ann\u00e9e \u00e0 pied, ou en raquette lorsque l\u2019itin\u00e9raire est enneig\u00e9, petits et grands d\u00e9couvrent la nature en s\u2019amusant.\u003Cbr \/\u003E\r\nLe Verdon, mais o\u00f9 file cette rivi\u00e8re ? \u003Cbr \/\u003E\r\nPartons \u00e0 la d\u00e9couverte des montagnes\u003Cbr \/\u003E\r\nConnais-tu ces oiseaux ?\u003Cbr \/\u003E\r\nChaque \u00e9tape te conduira \u00e0 de nouvelles d\u00e9couvertes autour de la nature, de ses richesses avec pour toile de fond le Parc national du Mercantour."},"pave7":{"libelle":"Bons plans","contenu":""},"pave8":{"libelle":"Compl\u00e9ment localisation","contenu":""},"pave9":{"libelle":"Compl\u00e9ment accueil","contenu":""},"pave10":{"libelle":"P\u00e9riodes en clair","contenu":"Du 01\/12 au 30\/04 tous les jours.\u003Cbr \/\u003E\nSous conditions d'enneigement."},"pave11":{"libelle":"Tarifs en clair","contenu":"Acc\u00e8s libre."},"pave12":{"libelle":"Compl\u00e9ment Tarifs","contenu":""},"pave13":{"libelle":"Compl\u00e9ment R\u00e9servation","contenu":""},"pave14":{"libelle":"Descriptif court","contenu":""},"pave15":{"libelle":"Descriptif d\u00e9taill\u00e9","contenu":""},"pave16":{"libelle":"Bons plans","contenu":""},"pave17":{"libelle":"Tarifs (Tarifs en clair, Compl\u00e9ment Tarifs)","contenu":""},"pave18":{"libelle":"P\u00e9riodes en clair","contenu":""},"pave19":{"libelle":"Descriptif court","contenu":""},"pave20":{"libelle":"Descriptif d\u00e9taill\u00e9","contenu":""},"pave21":{"libelle":"Bons plans","contenu":""},"pave22":{"libelle":"Tarifs (Tarifs en clair, Compl\u00e9ment Tarifs)","contenu":""},"pave23":{"libelle":"P\u00e9riodes en clair","contenu":""},"pave24":{"libelle":"Dispositions sp\u00e9ciales","contenu":""},"pave25":{"libelle":"","contenu":""},"ZoneGeoLibelle":"Val d\u2019Allos \u2013 Le village","Libelle":"Le Plan et le Circuit Trappeur","Nom":"Le Plan et le Circuit Trappeur","Prenom":"","NomPrenom":"Le Plan et le Circuit Trappeur ","CiviliteNomPrenom":"Le Plan et le Circuit Trappeur ","Cle":"E|5069765","PrestataireParent":"","ContexteStat":"PRESTATAIRE-E-5069765","DateModificationIso":"2026-03-27T00:20:00+01:00","Type":"PRESTATAIRE","TypePrestataire":"E","Adresse":{"LigneAdresse1":"Val d'Allos - le Village","LigneAdresse2":"Parking du parc de loisirs","LigneAdresse3":"","CodePostal":"04260","Ville":"Allos","Cedex":"","Etat":"","Pays":"FRA"},"Email":"","Telephone":"","TelephoneBureau":"","Portable":"","SiteWeb":"https:\/\/www.valdallos.com","Fax":"","Id":"e-5069765","Code":"E|5069765","Fichier":{"Image":[{"url":"https:\/\/www.valdallos.com\/medias\/images\/prestataires\/138161-raquettes_circuit_trappeur.jpg","chemin":"..\/medias\/images\/prestataires\/138161-raquettes_circuit_trappeur.jpg","libelle":"2 randonneurs en raquettes sur un sentier enneig\u00e9 en bord de Verdon, v\u00e9g\u00e9tation \u00e9parse","extension":"jpg","categorie":"","largeur":800,"theme":"","hauteur":600,"type":"Image","origine":"","liaisonPave":"","langue":"","id":"138161","urlVignette":"https:\/\/www.valdallos.com\/medias\/images\/prestataires\/v-138161-raquettes_circuit_trappeur.jpg","alt":"2 randonneurs en raquettes sur un sentier enneig\u00e9 en bord de Verdon, v\u00e9g\u00e9tation \u00e9parse","title":"2 randonneurs en raquettes sur un sentier enneig\u00e9 en bord de Verdon, v\u00e9g\u00e9tation \u00e9parse - &copy R Palomba\/office de tourisme du Val d'Allos","MultiTaille":{"1920x1440":{"url":"https:\/\/www.valdallos.com\/medias\/images\/prestataires\/multitailles\/1920x1440_138161-raquettes_circuit_trappeur.jpg"},"1200x900":{"url":"https:\/\/www.valdallos.com\/medias\/images\/prestataires\/multitailles\/1200x900_138161-raquettes_circuit_trappeur.jpg"},"800x600":{"url":"https:\/\/www.valdallos.com\/medias\/images\/prestataires\/multitailles\/800x600_138161-raquettes_circuit_trappeur.jpg"},"640x480":{"url":"https:\/\/www.valdallos.com\/medias\/images\/prestataires\/multitailles\/640x480_138161-raquettes_circuit_trappeur.jpg"},"320x240":{"url":"https:\/\/www.valdallos.com\/medias\/images\/prestataires\/multitailles\/320x240_138161-raquettes_circuit_trappeur.jpg"},"160x120":{"url":"https:\/\/www.valdallos.com\/medias\/images\/prestataires\/multitailles\/160x120_138161-raquettes_circuit_trappeur.jpg"},"origine":{"url":"https:\/\/www.valdallos.com\/medias\/images\/prestataires\/138161-raquettes_circuit_trappeur.jpg"}},"urlLien":"","typeLien":"","nofollow":"N","copyright":"R Palomba\/office de tourisme du Val d'Allos"}],"ByCategorie":{"":[{"url":"https:\/\/www.valdallos.com\/medias\/images\/prestataires\/138161-raquettes_circuit_trappeur.jpg","chemin":"..\/medias\/images\/prestataires\/138161-raquettes_circuit_trappeur.jpg","libelle":"2 randonneurs en raquettes sur un sentier enneig\u00e9 en bord de Verdon, v\u00e9g\u00e9tation \u00e9parse","extension":"jpg","categorie":"","largeur":800,"theme":"","hauteur":600,"type":"Image","origine":"","liaisonPave":"","langue":"","id":"138161","urlVignette":"https:\/\/www.valdallos.com\/medias\/images\/prestataires\/v-138161-raquettes_circuit_trappeur.jpg","alt":"2 randonneurs en raquettes sur un sentier enneig\u00e9 en bord de Verdon, v\u00e9g\u00e9tation \u00e9parse","title":"2 randonneurs en raquettes sur un sentier enneig\u00e9 en bord de Verdon, v\u00e9g\u00e9tation \u00e9parse - &copy R Palomba\/office de tourisme du Val d'Allos","MultiTaille":{"1920x1440":{"url":"https:\/\/www.valdallos.com\/medias\/images\/prestataires\/multitailles\/1920x1440_138161-raquettes_circuit_trappeur.jpg"},"1200x900":{"url":"https:\/\/www.valdallos.com\/medias\/images\/prestataires\/multitailles\/1200x900_138161-raquettes_circuit_trappeur.jpg"},"800x600":{"url":"https:\/\/www.valdallos.com\/medias\/images\/prestataires\/multitailles\/800x600_138161-raquettes_circuit_trappeur.jpg"},"640x480":{"url":"https:\/\/www.valdallos.com\/medias\/images\/prestataires\/multitailles\/640x480_138161-raquettes_circuit_trappeur.jpg"},"320x240":{"url":"https:\/\/www.valdallos.com\/medias\/images\/prestataires\/multitailles\/320x240_138161-raquettes_circuit_trappeur.jpg"},"160x120":{"url":"https:\/\/www.valdallos.com\/medias\/images\/prestataires\/multitailles\/160x120_138161-raquettes_circuit_trappeur.jpg"},"origine":{"url":"https:\/\/www.valdallos.com\/medias\/images\/prestataires\/138161-raquettes_circuit_trappeur.jpg"}},"urlLien":"","typeLien":"","nofollow":"N","copyright":"R Palomba\/office de tourisme du Val d'Allos"},{"url":"https:\/\/www.valdallos.com\/medias\/images\/prestataires\/138162-name_2_le_plan_et_le_circuit_trappeur.gpx","chemin":"..\/medias\/images\/prestataires\/138162-name_2_le_plan_et_le_circuit_trappeur.gpx","libelle":"Le Plan et le circuit Trappeur","extension":"gpx","categorie":"","largeur":"","theme":"","hauteur":"","type":"Document","origine":"","liaisonPave":"","langue":"","id":"138162","poids":"7.34 Ko","alt":"Le Plan et le circuit Trappeur","title":"Le Plan et le circuit Trappeur"}]},"Document":[{"url":"https:\/\/www.valdallos.com\/medias\/images\/prestataires\/138162-name_2_le_plan_et_le_circuit_trappeur.gpx","chemin":"..\/medias\/images\/prestataires\/138162-name_2_le_plan_et_le_circuit_trappeur.gpx","libelle":"Le Plan et le circuit Trappeur","extension":"gpx","categorie":"","largeur":"","theme":"","hauteur":"","type":"Document","origine":"","liaisonPave":"","langue":"","id":"138162","poids":"7.34 Ko","alt":"Le Plan et le circuit Trappeur","title":"Le Plan et le circuit Trappeur"}]},"Url":"le-plan-et-le-circuit-trappeur-allos.html","Localisation":{"GoogleMap":{"Latitude":"44.241309","Longitude":"6.621457"},"PlanStation":{"idPlan":"7","nomPlan":"[NEW] Plan Village Allos","carte":"\/plan\/plan_village_2018[HIVER_FR[.jpg","PositionAbs":"926","PositionOrd":"488"}},"ZoneGeo":"","Criteres":{"PUBLICATION[VALDALLOSITI":"","EADHER[EGRAT":"","CIDUREE[RANDO1":"","CIDUREE[RANDO5":"","EAGE[4ANS8":"","EAGE[8ANS12":"","EAGE[PLU12":"","ZONEGEO[FRPA04VAV1400":"","EJARDI[EACTI":"","ELMTA[EMANEG":"","P.113[1593":"","P.prestations[surchargeTourismesAdaptes":"","P.prestations[surchargeDescriptifHandicapMoteur":"","P.prestations[surchargeDescriptifHandicapAuditif":"","P.prestations[surchargeDescriptifHandicapVisuel":"","P.prestations[surchargeDescriptifHandicapMental":"","P.prestations[surchargeNombreFauteuilsRoulants":"","P.languesParlees[1197":"","P.35[588":"","P.environnements[171":"","P.114[416":"","P.114[435":"","P.114[436":"","P.tourismeAffaires[tourismeAffairesEnabled":"","P.tourismeAffaires[devise":"EUR","P.visites[visitable":"","P.visites[dureeMoyenneVisiteIndividuelle":"90","P.prestationsVisitesIndividuelles[480":"","P.prestationsVisitesGroupees[488":"","P.rubrique[2988":"","P.57[3154":"","P.57[3302":"","P.itineraire[denivellationPositive":"40","P.itineraire[distance":"3.7","P.itineraire[dureeJournaliere":"90","P.itineraire[altitudeMaximum":"1420","P.itineraire[itineraireType":"Aller \/ Retour","P.itineraire[itineraireBalise":"","P.itineraire[denivellation":"40","P.naturesTerrain[4237":"","P.CINTSITRA[5662":"","P.CINTSITRA[5664":"","P.CINTSITRA[8809":"","P.6241[126905":"","P.6241[5740912":"","P.3218[311229":"","P.3220[587401":"","P.3220[5575332":"","P.3233[591419":"","P.3221[4876304":"","P.3219[5127127":"","P.3219[5239406":"","P.3219[6436838":"","P.3240[5778284":"","P.6242[5843488":"","P.3230[6139211":"","P.VilleSitra[1559":"","P.VillageDeDepart[1559":""},"DateFinPublication":"","PrixAPartirDe":"","PrixPour":"","FicheListeEnCours":"fiche_liste_itineraires_equip_v2018","ParametresModele":{"AfficherPhotos":1,"NbPhotosMax":6,"AfficherReserver":0,"AfficherContact":"1","AfficherSalle":1,"AfficherZoneGeo":0,"AfficherEnSavoirPlus":"0","AfficherUneSeuleOuverture":0,"AfficherContactCarte":1,"AfficherTarifsChaudAPartirDe":0,"AfficherTarifChaudSansRecherche":0,"AfficherAvis":"0","AfficherAvisIngenie":"1","BlocCritereInfo":{"critere1":{"libelle":""},"critere2":{"libelle":""},"critere3":{"libelle":""},"critere4":{"libelle":""},"critere5":{"libelle":""},"critere6":{"libelle":"","liste_critere":["CIDUREE|E","P.prestations|ANINOAD|E","P.itineraire|distance|E","P.itineraire|denivellation|E","P.itineraire|dureeJournaliere|E"]},"critere7":{"libelle":"","liste_critere":["ZONEGEO|FRPA04VAV1800|E","ZONEGEO|FRPA04VAV1500|E","ZONEGEO|FRPA04VAV1400|E"]},"critere8":{"libelle":""},"critere9":{"libelle":""},"afficherpictoetpaslibelle":"1"},"BlocPaveInfo":{"texte1":{"longeurmax":"","afficherLibelle":"0","garderHtml":"0"},"texte3":{"longeurmax":"","afficherLibelle":"0","garderHtml":"0"}},"Criteres":"PUBLICATION[VALDALLOSITI","ModeleUrl":"fiche_itineraires_equip_v2018","PositionBloc":"GALLERIE|NOM|CRITERESORDONNEES|ZONEPRINCIPALFICHEPRESTA|DESCRIPTIF|AVIS|CARNET_VOYAGE|URL","TypePrestataire":"E","ComportementResa":false,"ComportementDispo":false},"AffichageCoordonnees":[],"Coordonnees":{"Ville":"Allos"},"ContexteId":"PRESTATAIRE|E|5069765","ContexteIdHtml":"PRESTATAIRE-E-5069765","cleContexte":"E|5069765","Bloc":{"texte1":"","texte3":"","critere1":{"libelle":"","contenu":[]},"critere2":{"libelle":"","contenu":[]},"critere3":{"libelle":"","contenu":[]},"critere4":{"libelle":"","contenu":[]},"critere5":{"libelle":"","contenu":[]},"critere6":{"libelle":"","contenu":{"CIDUREE":{"libelle":"Typologie de l'itin\u00e9raire rando","contenu":{"1":"Itin\u00e9raire 1 \u00e0 2h","5":"Sp\u00e9cial famille"},"codesValeurs":{"1":"CIDUREE|RANDO1|E","5":"CIDUREE|RANDO5|E"},"criteres_datas":{"valeurs":{"1":{"RANDO1":{"descriptif":""}},"5":{"RANDO5":{"descriptif":""}}}}},"P.itineraire":{"libelle":"Itin\u00e9raire","contenu":{"3":"\u003Cspan class=\"libelle\"\u003EDistance (en km)\u003C\/span\u003E \u003Cspan class=\"quantite\"\u003E3.7\u003C\/span\u003E","5":"\u003Cspan class=\"libelle\"\u003ED\u00e9nivellation (en m)\u003C\/span\u003E \u003Cspan class=\"quantite\"\u003E40\u003C\/span\u003E","6":"\u003Cspan class=\"libelle\"\u003EDur\u00e9e journali\u00e8re (en min)\u003C\/span\u003E \u003Cspan class=\"quantite\"\u003E90\u003C\/span\u003E"},"codesValeurs":{"3":"P.itineraire|distance|E","5":"P.itineraire|denivellation|E","6":"P.itineraire|dureeJournaliere|E"},"criteres_datas":{"valeurs":{"3":{"distance":{"descriptif":""}},"5":{"denivellation":{"descriptif":""}},"6":{"dureeJournaliere":{"descriptif":""}}}}}}},"critere7":{"libelle":"","contenu":{"ZONEGEO":{"libelle":"Localisation g\u00e9ographique","contenu":{"3":"Val d'Allos - Le village"},"codesValeurs":{"3":"ZONEGEO|FRPA04VAV1400|E"},"criteres_datas":{"valeurs":{"3":{"FRPA04VAV1400":{"descriptif":""}}}}}}},"critere8":{"libelle":"","contenu":[]},"critere9":{"libelle":"","contenu":[]}},"LocalisationGps":{"Latitude":"44.241309","Longitude":"6.621457"},"libelleDuPrestataire":"","listeCriteres":{"PUBLICATION":{"VALDALLOSITI":""},"EADHER":{"EGRAT":""},"CIDUREE":{"RANDO1":"","RANDO5":""},"EAGE":{"4ANS8":"","8ANS12":"","PLU12":""},"ZONEGEO":{"FRPA04VAV1400":""},"EJARDI":{"EACTI":""},"ELMTA":{"EMANEG":""},"P.113":{"1593":""},"P.prestations":{"surchargeTourismesAdaptes":"","surchargeDescriptifHandicapMoteur":"","surchargeDescriptifHandicapAuditif":"","surchargeDescriptifHandicapVisuel":"","surchargeDescriptifHandicapMental":"","surchargeNombreFauteuilsRoulants":""},"P.languesParlees":{"1197":""},"P.35":{"588":""},"P.environnements":{"171":""},"P.114":{"416":"","435":"","436":""},"P.tourismeAffaires":{"tourismeAffairesEnabled":"","devise":"EUR"},"P.visites":{"visitable":"","dureeMoyenneVisiteIndividuelle":"90"},"P.prestationsVisitesIndividuelles":{"480":""},"P.prestationsVisitesGroupees":{"488":""},"P.rubrique":{"2988":""},"P.57":{"3154":"","3302":""},"P.itineraire":{"denivellationPositive":"40","distance":"3.7","dureeJournaliere":"90","altitudeMaximum":"1420","itineraireType":"Aller \/ Retour","itineraireBalise":"","denivellation":"40"},"P.naturesTerrain":{"4237":""},"P.CINTSITRA":{"5662":"","5664":"","8809":""},"P.6241":{"126905":"","5740912":""},"P.3218":{"311229":""},"P.3220":{"587401":"","5575332":""},"P.3233":{"591419":""},"P.3221":{"4876304":""},"P.3219":{"5127127":"","5239406":"","6436838":""},"P.3240":{"5778284":""},"P.6242":{"5843488":""},"P.3230":{"6139211":""},"P.VilleSitra":{"1559":""},"P.VillageDeDepart":{"1559":""}},"dansCarnetVoyage":true,"Ouverture":""},"html":" \n \u003Cdiv id=\"CV-PRESTATAIRE-E-5069765\" data-contexte-id=\"PRESTATAIRE|E|5069765\" data-cle=\"E|5069765\" class=\"fiche-liste\"\u003E\n    \n\n    \u003C!-- partie photo --\u003E\n    \u003Cdiv class=\"photo\"\u003E\t\t\t\t\t\t\t\t\t\t\t\t\t\t\t\t\t\t\t\t\t\n        \u003Cdiv class=\"cadre_photo_principale\"\u003E\t\t\n        \n            \t\t\t\t\t\n                    \u003Ca href=\"le-plan-et-le-circuit-trappeur-allos.html?origine=carnet#media\"\u003E\n                        \u003Cimg class=\"photo_principale\" alt=\"2 randonneurs en raquettes sur un sentier enneig\u00e9 en bord de Verdon, v\u00e9g\u00e9tation \u00e9parse\" src=\"https:\/\/www.valdallos.com\/medias\/images\/prestataires\/multitailles\/320x240_138161-raquettes_circuit_trappeur.jpg\" itemprop=\"image\"\u003E\n                    \u003C\/a\u003E\t\t\t\t\t\t\n                \n                    \u003C\/div\u003E\t\t\t\t\t\t\t\t\t\t\t\t\t\t\t\t\t\t\t \t\t\n    \u003C\/div\u003E\n    \n    \u003C!-- partie nom prest --\u003E\n    \u003Cdiv class=\"nom\"\u003E\n        \u003Ch2\u003ELe Plan et le Circuit Trappeur\u003C\/h2\u003E\n        \n            \u003C\/div\u003E\n\n         \n    \u003C!-- partie adresse --\u003E\n    \u003Cdiv class=\"adresse\"\u003E\n    \n          \n    \u003C\/div\u003E\n    \n    \u003C!-- partie liens --\u003E\n    \u003Cdiv class=\"liens\"\u003E\n            \u003Ca class=\"btn-icon btn-view \" title=\"Voir la fiche d\u00e9taill\u00e9e\" href=\"le-plan-et-le-circuit-trappeur-allos.html?origine=carnet\"\u003E\u003C\/a\u003E\u003C!--\u003Ca class=\"btn-icon btn-view \" title=\"\" href=\"?origine=carnet#thaut\"\u003E\u003C\/a\u003E--\u003E\n      \u003Ca class=\"btn-icon btn-trash carnet_voyage_supprimer\" title=\"Supprimer cette fiche de mon carnet de voyage\" href=\"carnet-voyage?action=remove&fiche=E|5069765\"\u003E\u003C\/a\u003E\n    \u003C\/div\u003E\n\n\u003C\/div\u003E\n\n","icon":"https:\/\/static.ingenie.fr\/images\/carnetVoyageV3\/E.png"},"fiche":"E|5069765","popup":"\u003Cdiv id=\"bloc_popup_ajout_fiche_carnet\"\u003E\n    \u003Cdiv class=\"info_popup_ajout_fiche_carnet\"\u003E\n        Vous venez d'ajouter cet \u00e9l\u00e9ment \u00e0 votre s\u00e9lection :    \u003C\/div\u003E\n    \u003Cdiv class=\"prest_popup_ajout_fiche_carnet\"\u003E\n        Le Plan et le Circuit Trappeur    \u003C\/div\u003E\n    \u003Cdiv class=\"bloc_btn_ajout_fiche_carnet form_submit_div\"\u003E\n        \u003Cinput type=\"button\" value=\"Continuer ma s\u00e9lection\" title=\"Continuer ma s\u00e9lection\" name=\"btn_close\" class=\"btn_close_popup_carnet form_submit\" onclick=\"$.colorbox.close()\" \/\u003E\n        \u003Cinput type=\"button\" value=\"Voir ma s\u00e9lection\" title=\"Voir ma s\u00e9lection\" name=\"btn_panier\" class=\"btn_panier_popup_carnet form_submit\" onclick=\"if(typeof CarnetVoyage != 'undefined') {CarnetVoyage.voirCarnet();}\" \/\u003E\n    \u003C\/div\u003E\n    \u003Cdiv class=\"bloc_btn_ajout_fiche_carnet\"\u003E\n        \u003Cinput type=\"checkbox\" value=\"1\" name=\"desactiver_popup\" id=\"desactiver_popup\" \/\u003E\n        \u003Clabel for=\"desactiver_popup\"\u003ENe plus afficher ce message\u003C\/label\u003E\n    \u003C\/div\u003E\n\u003C\/div\u003E","success":1}