{"nbFiches":1,"dataPrest":{"infoPrest":{"pave1":{"libelle":"Descriptif","contenu":""},"pave2":{"libelle":"Tarifs Hiver","contenu":""},"pave3":{"libelle":"Tarifs Et\u00e9","contenu":""},"pave4":{"libelle":"URL de la r\u00e9servation ou vente en ligne","contenu":""},"pave5":{"libelle":"Descriptif court (old)","contenu":"Vous d\u00e9couvrirez le secteur de l'Auriac."},"pave6":{"libelle":"Descriptif d\u00e9taill\u00e9","contenu":"A l'entr\u00e9e de la station, \u00e0 c\u00f4t\u00e9 du Pont de Labrau qui enjambe le Verdon, une mont\u00e9e sillonne dans un premier temps dans des sous-bois.\u003Cbr \/\u003E\r\nLe parcours vous conduit ensuite vers un paysage ouvert et vous offre une vue imprenable.\u003Cbr \/\u003E\r\nCet itin\u00e9raire est un aller-retour, mais forme une boucle sur la partie sup\u00e9rieure."},"pave7":{"libelle":"Bons plans","contenu":""},"pave8":{"libelle":"Compl\u00e9ment localisation","contenu":""},"pave9":{"libelle":"Compl\u00e9ment accueil","contenu":""},"pave10":{"libelle":"P\u00e9riodes en clair","contenu":"Du 01\/12 au 30\/04 tous les jours.\u003Cbr \/\u003E\nSous r\u00e9serve des conditions d'enneigement."},"pave11":{"libelle":"Tarifs en clair","contenu":"Acc\u00e8s libre."},"pave12":{"libelle":"Compl\u00e9ment Tarifs","contenu":""},"pave13":{"libelle":"Compl\u00e9ment R\u00e9servation","contenu":""},"pave14":{"libelle":"Descriptif court","contenu":""},"pave15":{"libelle":"Descriptif d\u00e9taill\u00e9","contenu":""},"pave16":{"libelle":"Bons plans","contenu":""},"pave17":{"libelle":"Tarifs (Tarifs en clair, Compl\u00e9ment Tarifs)","contenu":""},"pave18":{"libelle":"P\u00e9riodes en clair","contenu":""},"pave19":{"libelle":"Descriptif court","contenu":""},"pave20":{"libelle":"Descriptif d\u00e9taill\u00e9","contenu":""},"pave21":{"libelle":"Bons plans","contenu":""},"pave22":{"libelle":"Tarifs (Tarifs en clair, Compl\u00e9ment Tarifs)","contenu":""},"pave23":{"libelle":"P\u00e9riodes en clair","contenu":""},"pave24":{"libelle":"Dispositions sp\u00e9ciales","contenu":""},"pave25":{"libelle":"","contenu":""},"Libelle":"Grand Pr\u00e8s","Nom":"Grand Pr\u00e8s","Prenom":"","NomPrenom":"Grand Pr\u00e8s ","CiviliteNomPrenom":"Grand Pr\u00e8s ","Cle":"E|5067400","PrestataireParent":"","ContexteStat":"PRESTATAIRE-E-5067400","DateModificationIso":"2026-03-15T00:13:00+01:00","Type":"PRESTATAIRE","TypePrestataire":"E","Adresse":{"LigneAdresse1":"Val d'Allos - La Foux","LigneAdresse2":"Quartier du Pont de Labrau","LigneAdresse3":"","CodePostal":"04260","Ville":"La Foux d\u2019Allos","Cedex":"","Etat":"","Pays":"FRA"},"Email":"","Telephone":"","TelephoneBureau":"","Portable":"","SiteWeb":"https:\/\/www.valdallos.com","Fax":"","Id":"e-5067400","Code":"E|5067400","Fichier":{"Image":[{"url":"https:\/\/www.valdallos.com\/medias\/images\/prestataires\/137435-randonnee_raquettes_la_foux_d_allos_3_web.jpg","chemin":"..\/medias\/images\/prestataires\/137435-randonnee_raquettes_la_foux_d_allos_3_web.jpg","libelle":"Vue des montagnes et des for\u00eats enneig\u00e9es de Val d'Allos - La Foux depuis un panneau violet de l'itin\u00e9raire de randonn\u00e9e raquettes des Grands Pr\u00e9s","extension":"jpg","categorie":"","largeur":801,"theme":"","hauteur":533,"type":"Image","origine":"","liaisonPave":"","langue":"","id":"137435","urlVignette":"https:\/\/www.valdallos.com\/medias\/images\/prestataires\/v-137435-randonnee_raquettes_la_foux_d_allos_3_web.jpg","alt":"Vue des montagnes et des for\u00eats enneig\u00e9es de Val d'Allos - La Foux depuis un panneau violet de l'itin\u00e9raire de randonn\u00e9e raquettes des Grands Pr\u00e9s","title":"Vue des montagnes et des for\u00eats enneig\u00e9es de Val d'Allos - La Foux depuis un panneau violet de l'itin\u00e9raire de randonn\u00e9e raquettes des Grands Pr\u00e9s - &copy Louis Boc\u00e9no","MultiTaille":{"1920x1440":{"url":"https:\/\/www.valdallos.com\/medias\/images\/prestataires\/multitailles\/1920x1440_137435-randonnee_raquettes_la_foux_d_allos_3_web.jpg"},"1200x900":{"url":"https:\/\/www.valdallos.com\/medias\/images\/prestataires\/multitailles\/1200x900_137435-randonnee_raquettes_la_foux_d_allos_3_web.jpg"},"800x600":{"url":"https:\/\/www.valdallos.com\/medias\/images\/prestataires\/multitailles\/800x600_137435-randonnee_raquettes_la_foux_d_allos_3_web.jpg"},"640x480":{"url":"https:\/\/www.valdallos.com\/medias\/images\/prestataires\/multitailles\/640x480_137435-randonnee_raquettes_la_foux_d_allos_3_web.jpg"},"320x240":{"url":"https:\/\/www.valdallos.com\/medias\/images\/prestataires\/multitailles\/320x240_137435-randonnee_raquettes_la_foux_d_allos_3_web.jpg"},"160x120":{"url":"https:\/\/www.valdallos.com\/medias\/images\/prestataires\/multitailles\/160x120_137435-randonnee_raquettes_la_foux_d_allos_3_web.jpg"},"origine":{"url":"https:\/\/www.valdallos.com\/medias\/images\/prestataires\/137435-randonnee_raquettes_la_foux_d_allos_3_web.jpg"}},"urlLien":"","typeLien":"","nofollow":"N","copyright":"Louis Boc\u00e9no"},{"url":"https:\/\/www.valdallos.com\/medias\/images\/prestataires\/137436-randonnee_raquettes_la_foux_d_allos_4_web.jpg","chemin":"..\/medias\/images\/prestataires\/137436-randonnee_raquettes_la_foux_d_allos_4_web.jpg","libelle":"Vue des montagnes et des for\u00eats enneig\u00e9es de Val d'Allos - La Foux depuis le sentier raquettes des Grands Pr\u00e9s, ciel bleu en arri\u00e8re-plan","extension":"jpg","categorie":"","largeur":800,"theme":"","hauteur":533,"type":"Image","origine":"","liaisonPave":"","langue":"","id":"137436","urlVignette":"https:\/\/www.valdallos.com\/medias\/images\/prestataires\/v-137436-randonnee_raquettes_la_foux_d_allos_4_web.jpg","alt":"Vue des montagnes et des for\u00eats enneig\u00e9es de Val d'Allos - La Foux depuis le sentier raquettes des Grands Pr\u00e9s, ciel bleu en arri\u00e8re-plan","title":"Vue des montagnes et des for\u00eats enneig\u00e9es de Val d'Allos - La Foux depuis le sentier raquettes des Grands Pr\u00e9s, ciel bleu en arri\u00e8re-plan - &copy Louis Boc\u00e9no","MultiTaille":{"1920x1440":{"url":"https:\/\/www.valdallos.com\/medias\/images\/prestataires\/multitailles\/1920x1440_137436-randonnee_raquettes_la_foux_d_allos_4_web.jpg"},"1200x900":{"url":"https:\/\/www.valdallos.com\/medias\/images\/prestataires\/multitailles\/1200x900_137436-randonnee_raquettes_la_foux_d_allos_4_web.jpg"},"800x600":{"url":"https:\/\/www.valdallos.com\/medias\/images\/prestataires\/multitailles\/800x600_137436-randonnee_raquettes_la_foux_d_allos_4_web.jpg"},"640x480":{"url":"https:\/\/www.valdallos.com\/medias\/images\/prestataires\/multitailles\/640x480_137436-randonnee_raquettes_la_foux_d_allos_4_web.jpg"},"320x240":{"url":"https:\/\/www.valdallos.com\/medias\/images\/prestataires\/multitailles\/320x240_137436-randonnee_raquettes_la_foux_d_allos_4_web.jpg"},"160x120":{"url":"https:\/\/www.valdallos.com\/medias\/images\/prestataires\/multitailles\/160x120_137436-randonnee_raquettes_la_foux_d_allos_4_web.jpg"},"origine":{"url":"https:\/\/www.valdallos.com\/medias\/images\/prestataires\/137436-randonnee_raquettes_la_foux_d_allos_4_web.jpg"}},"urlLien":"","typeLien":"","nofollow":"N","copyright":"Louis Boc\u00e9no"}],"ByCategorie":{"":[{"url":"https:\/\/www.valdallos.com\/medias\/images\/prestataires\/137435-randonnee_raquettes_la_foux_d_allos_3_web.jpg","chemin":"..\/medias\/images\/prestataires\/137435-randonnee_raquettes_la_foux_d_allos_3_web.jpg","libelle":"Vue des montagnes et des for\u00eats enneig\u00e9es de Val d'Allos - La Foux depuis un panneau violet de l'itin\u00e9raire de randonn\u00e9e raquettes des Grands Pr\u00e9s","extension":"jpg","categorie":"","largeur":801,"theme":"","hauteur":533,"type":"Image","origine":"","liaisonPave":"","langue":"","id":"137435","urlVignette":"https:\/\/www.valdallos.com\/medias\/images\/prestataires\/v-137435-randonnee_raquettes_la_foux_d_allos_3_web.jpg","alt":"Vue des montagnes et des for\u00eats enneig\u00e9es de Val d'Allos - La Foux depuis un panneau violet de l'itin\u00e9raire de randonn\u00e9e raquettes des Grands Pr\u00e9s","title":"Vue des montagnes et des for\u00eats enneig\u00e9es de Val d'Allos - La Foux depuis un panneau violet de l'itin\u00e9raire de randonn\u00e9e raquettes des Grands Pr\u00e9s - &copy Louis Boc\u00e9no","MultiTaille":{"1920x1440":{"url":"https:\/\/www.valdallos.com\/medias\/images\/prestataires\/multitailles\/1920x1440_137435-randonnee_raquettes_la_foux_d_allos_3_web.jpg"},"1200x900":{"url":"https:\/\/www.valdallos.com\/medias\/images\/prestataires\/multitailles\/1200x900_137435-randonnee_raquettes_la_foux_d_allos_3_web.jpg"},"800x600":{"url":"https:\/\/www.valdallos.com\/medias\/images\/prestataires\/multitailles\/800x600_137435-randonnee_raquettes_la_foux_d_allos_3_web.jpg"},"640x480":{"url":"https:\/\/www.valdallos.com\/medias\/images\/prestataires\/multitailles\/640x480_137435-randonnee_raquettes_la_foux_d_allos_3_web.jpg"},"320x240":{"url":"https:\/\/www.valdallos.com\/medias\/images\/prestataires\/multitailles\/320x240_137435-randonnee_raquettes_la_foux_d_allos_3_web.jpg"},"160x120":{"url":"https:\/\/www.valdallos.com\/medias\/images\/prestataires\/multitailles\/160x120_137435-randonnee_raquettes_la_foux_d_allos_3_web.jpg"},"origine":{"url":"https:\/\/www.valdallos.com\/medias\/images\/prestataires\/137435-randonnee_raquettes_la_foux_d_allos_3_web.jpg"}},"urlLien":"","typeLien":"","nofollow":"N","copyright":"Louis Boc\u00e9no"},{"url":"https:\/\/www.valdallos.com\/medias\/images\/prestataires\/137437-name_4_grand_pres.gpx","chemin":"..\/medias\/images\/prestataires\/137437-name_4_grand_pres.gpx","libelle":"Grand Pr\u00e8s_La Foux d\u2019Allos","extension":"gpx","categorie":"","largeur":"","theme":"","hauteur":"","type":"Document","origine":"","liaisonPave":"","langue":"","id":"137437","poids":"5.39 Ko","alt":"Grand Pr\u00e8s_La Foux d\u2019Allos","title":"Grand Pr\u00e8s_La Foux d\u2019Allos"},{"url":"https:\/\/www.valdallos.com\/medias\/images\/prestataires\/137436-randonnee_raquettes_la_foux_d_allos_4_web.jpg","chemin":"..\/medias\/images\/prestataires\/137436-randonnee_raquettes_la_foux_d_allos_4_web.jpg","libelle":"Vue des montagnes et des for\u00eats enneig\u00e9es de Val d'Allos - La Foux depuis le sentier raquettes des Grands Pr\u00e9s, ciel bleu en arri\u00e8re-plan","extension":"jpg","categorie":"","largeur":800,"theme":"","hauteur":533,"type":"Image","origine":"","liaisonPave":"","langue":"","id":"137436","urlVignette":"https:\/\/www.valdallos.com\/medias\/images\/prestataires\/v-137436-randonnee_raquettes_la_foux_d_allos_4_web.jpg","alt":"Vue des montagnes et des for\u00eats enneig\u00e9es de Val d'Allos - La Foux depuis le sentier raquettes des Grands Pr\u00e9s, ciel bleu en arri\u00e8re-plan","title":"Vue des montagnes et des for\u00eats enneig\u00e9es de Val d'Allos - La Foux depuis le sentier raquettes des Grands Pr\u00e9s, ciel bleu en arri\u00e8re-plan - &copy Louis Boc\u00e9no","MultiTaille":{"1920x1440":{"url":"https:\/\/www.valdallos.com\/medias\/images\/prestataires\/multitailles\/1920x1440_137436-randonnee_raquettes_la_foux_d_allos_4_web.jpg"},"1200x900":{"url":"https:\/\/www.valdallos.com\/medias\/images\/prestataires\/multitailles\/1200x900_137436-randonnee_raquettes_la_foux_d_allos_4_web.jpg"},"800x600":{"url":"https:\/\/www.valdallos.com\/medias\/images\/prestataires\/multitailles\/800x600_137436-randonnee_raquettes_la_foux_d_allos_4_web.jpg"},"640x480":{"url":"https:\/\/www.valdallos.com\/medias\/images\/prestataires\/multitailles\/640x480_137436-randonnee_raquettes_la_foux_d_allos_4_web.jpg"},"320x240":{"url":"https:\/\/www.valdallos.com\/medias\/images\/prestataires\/multitailles\/320x240_137436-randonnee_raquettes_la_foux_d_allos_4_web.jpg"},"160x120":{"url":"https:\/\/www.valdallos.com\/medias\/images\/prestataires\/multitailles\/160x120_137436-randonnee_raquettes_la_foux_d_allos_4_web.jpg"},"origine":{"url":"https:\/\/www.valdallos.com\/medias\/images\/prestataires\/137436-randonnee_raquettes_la_foux_d_allos_4_web.jpg"}},"urlLien":"","typeLien":"","nofollow":"N","copyright":"Louis Boc\u00e9no"}]},"Document":[{"url":"https:\/\/www.valdallos.com\/medias\/images\/prestataires\/137437-name_4_grand_pres.gpx","chemin":"..\/medias\/images\/prestataires\/137437-name_4_grand_pres.gpx","libelle":"Grand Pr\u00e8s_La Foux d\u2019Allos","extension":"gpx","categorie":"","largeur":"","theme":"","hauteur":"","type":"Document","origine":"","liaisonPave":"","langue":"","id":"137437","poids":"5.39 Ko","alt":"Grand Pr\u00e8s_La Foux d\u2019Allos","title":"Grand Pr\u00e8s_La Foux d\u2019Allos"}]},"Url":"grand-pres-la-foux-dallos.html","Localisation":{"GoogleMap":{"Latitude":"44.283606","Longitude":"6.5723"},"PlanStation":{"idPlan":"6","nomPlan":"[NEW] Plan La Foux","carte":"\/plan\/plan_station_2018[HIVER_FR[.jpg","PositionAbs":"173","PositionOrd":"281"}},"ZoneGeo":"","Criteres":{"EADHER[EGRAT":"","CIDUREE[RANDO1":"","CIDUREE[RANDO5":"","ZONEGEO[FRPA04VAV1800":"","PUBLICATION[VALDALLOSITI":"","P.prestations[surchargeTourismesAdaptes":"","P.prestations[surchargeDescriptifHandicapMoteur":"","P.prestations[surchargeDescriptifHandicapAuditif":"","P.prestations[surchargeDescriptifHandicapVisuel":"","P.prestations[surchargeDescriptifHandicapMental":"","P.prestations[surchargeNombreFauteuilsRoulants":"","P.languesParlees[1197":"","P.35[588":"","P.environnements[171":"","P.environnements[193":"","P.114[416":"","P.114[435":"","P.114[436":"","P.tourismeAffaires[tourismeAffairesEnabled":"","P.tourismeAffaires[devise":"EUR","P.visites[visitable":"","P.visites[dureeMoyenneVisiteIndividuelle":"120","P.prestationsVisitesIndividuelles[480":"","P.prestationsVisitesGroupees[488":"","P.rubrique[2988":"","P.57[3154":"","P.57[3302":"","P.itineraire[denivellationPositive":"170","P.itineraire[distance":"3.2","P.itineraire[dureeJournaliere":"120","P.itineraire[altitudeMaximum":"1930","P.itineraire[itineraireType":"Aller \/ Retour","P.itineraire[itineraireBalise":"","P.itineraire[denivellation":"170","P.passagesDelicats[PASSERELLEDANSLAPREM":"","P.naturesTerrain[4238":"","P.CINTSITRA[5662":"","P.CINTSITRA[8809":"","P.6241[126905":"","P.6241[5740912":"","P.3218[311229":"","P.3220[587401":"","P.3220[5575332":"","P.3233[591419":"","P.3221[4876304":"","P.3219[5127066":"","P.3219[5239406":"","P.3240[5778284":"","P.3230[6139211":"","P.VilleSitra[37282":"","P.VillageDeDepart[37282":""},"DateFinPublication":"","PrixAPartirDe":"","PrixPour":"","FicheListeEnCours":"fiche_liste_itineraires_equip_v2018","ParametresModele":{"AfficherPhotos":1,"NbPhotosMax":6,"AfficherReserver":0,"AfficherContact":"1","AfficherSalle":1,"AfficherZoneGeo":0,"AfficherEnSavoirPlus":"0","AfficherUneSeuleOuverture":0,"AfficherContactCarte":1,"AfficherTarifsChaudAPartirDe":0,"AfficherTarifChaudSansRecherche":0,"AfficherAvis":"0","AfficherAvisIngenie":"1","BlocCritereInfo":{"critere1":{"libelle":""},"critere2":{"libelle":""},"critere3":{"libelle":""},"critere4":{"libelle":""},"critere5":{"libelle":""},"critere6":{"libelle":"","liste_critere":["CIDUREE|E","P.prestations|ANINOAD|E","P.itineraire|distance|E","P.itineraire|denivellation|E","P.itineraire|dureeJournaliere|E"]},"critere7":{"libelle":"","liste_critere":["ZONEGEO|FRPA04VAV1800|E","ZONEGEO|FRPA04VAV1500|E","ZONEGEO|FRPA04VAV1400|E"]},"critere8":{"libelle":""},"critere9":{"libelle":""},"afficherpictoetpaslibelle":"1"},"BlocPaveInfo":{"texte1":{"longeurmax":"","afficherLibelle":"0","garderHtml":"0"},"texte3":{"longeurmax":"","afficherLibelle":"0","garderHtml":"0"}},"Criteres":"PUBLICATION[VALDALLOSITI","ModeleUrl":"fiche_itineraires_equip_v2018","PositionBloc":"GALLERIE|NOM|CRITERESORDONNEES|ZONEPRINCIPALFICHEPRESTA|DESCRIPTIF|AVIS|CARNET_VOYAGE|URL","TypePrestataire":"E","ComportementResa":false,"ComportementDispo":false},"AffichageCoordonnees":[],"Coordonnees":{"Ville":"La Foux d\u2019Allos"},"ContexteId":"PRESTATAIRE|E|5067400","ContexteIdHtml":"PRESTATAIRE-E-5067400","cleContexte":"E|5067400","Bloc":{"texte1":"","texte3":"","critere1":{"libelle":"","contenu":[]},"critere2":{"libelle":"","contenu":[]},"critere3":{"libelle":"","contenu":[]},"critere4":{"libelle":"","contenu":[]},"critere5":{"libelle":"","contenu":[]},"critere6":{"libelle":"","contenu":{"CIDUREE":{"libelle":"Typologie de l'itin\u00e9raire rando","contenu":{"1":"Itin\u00e9raire 1 \u00e0 2h","5":"Sp\u00e9cial famille"},"codesValeurs":{"1":"CIDUREE|RANDO1|E","5":"CIDUREE|RANDO5|E"},"criteres_datas":{"valeurs":{"1":{"RANDO1":{"descriptif":""}},"5":{"RANDO5":{"descriptif":""}}}}},"P.itineraire":{"libelle":"Itin\u00e9raire","contenu":{"3":"\u003Cspan class=\"libelle\"\u003EDistance (en km)\u003C\/span\u003E \u003Cspan class=\"quantite\"\u003E3.2\u003C\/span\u003E","5":"\u003Cspan class=\"libelle\"\u003ED\u00e9nivellation (en m)\u003C\/span\u003E \u003Cspan class=\"quantite\"\u003E170\u003C\/span\u003E","6":"\u003Cspan class=\"libelle\"\u003EDur\u00e9e journali\u00e8re (en min)\u003C\/span\u003E \u003Cspan class=\"quantite\"\u003E120\u003C\/span\u003E"},"codesValeurs":{"3":"P.itineraire|distance|E","5":"P.itineraire|denivellation|E","6":"P.itineraire|dureeJournaliere|E"},"criteres_datas":{"valeurs":{"3":{"distance":{"descriptif":""}},"5":{"denivellation":{"descriptif":""}},"6":{"dureeJournaliere":{"descriptif":""}}}}}}},"critere7":{"libelle":"","contenu":{"ZONEGEO":{"libelle":"Localisation g\u00e9ographique","contenu":{"1":"Val d'Allos \u2013 La Foux"},"codesValeurs":{"1":"ZONEGEO|FRPA04VAV1800|E"},"criteres_datas":{"valeurs":{"1":{"FRPA04VAV1800":{"descriptif":""}}}}}}},"critere8":{"libelle":"","contenu":[]},"critere9":{"libelle":"","contenu":[]}},"LocalisationGps":{"Latitude":"44.283606","Longitude":"6.5723"},"libelleDuPrestataire":"","listeCriteres":{"EADHER":{"EGRAT":""},"CIDUREE":{"RANDO1":"","RANDO5":""},"ZONEGEO":{"FRPA04VAV1800":""},"PUBLICATION":{"VALDALLOSITI":""},"P.prestations":{"surchargeTourismesAdaptes":"","surchargeDescriptifHandicapMoteur":"","surchargeDescriptifHandicapAuditif":"","surchargeDescriptifHandicapVisuel":"","surchargeDescriptifHandicapMental":"","surchargeNombreFauteuilsRoulants":""},"P.languesParlees":{"1197":""},"P.35":{"588":""},"P.environnements":{"171":"","193":""},"P.114":{"416":"","435":"","436":""},"P.tourismeAffaires":{"tourismeAffairesEnabled":"","devise":"EUR"},"P.visites":{"visitable":"","dureeMoyenneVisiteIndividuelle":"120"},"P.prestationsVisitesIndividuelles":{"480":""},"P.prestationsVisitesGroupees":{"488":""},"P.rubrique":{"2988":""},"P.57":{"3154":"","3302":""},"P.itineraire":{"denivellationPositive":"170","distance":"3.2","dureeJournaliere":"120","altitudeMaximum":"1930","itineraireType":"Aller \/ Retour","itineraireBalise":"","denivellation":"170"},"P.passagesDelicats":{"PASSERELLEDANSLAPREM":""},"P.naturesTerrain":{"4238":""},"P.CINTSITRA":{"5662":"","8809":""},"P.6241":{"126905":"","5740912":""},"P.3218":{"311229":""},"P.3220":{"587401":"","5575332":""},"P.3233":{"591419":""},"P.3221":{"4876304":""},"P.3219":{"5127066":"","5239406":""},"P.3240":{"5778284":""},"P.3230":{"6139211":""},"P.VilleSitra":{"37282":""},"P.VillageDeDepart":{"37282":""}},"dansCarnetVoyage":true,"Ouverture":""},"html":" \n \u003Cdiv id=\"CV-PRESTATAIRE-E-5067400\" data-contexte-id=\"PRESTATAIRE|E|5067400\" data-cle=\"E|5067400\" class=\"fiche-liste\"\u003E\n    \n\n    \u003C!-- partie photo --\u003E\n    \u003Cdiv class=\"photo\"\u003E\t\t\t\t\t\t\t\t\t\t\t\t\t\t\t\t\t\t\t\t\t\n        \u003Cdiv class=\"cadre_photo_principale\"\u003E\t\t\n        \n            \t\t\t\t\t\n                    \u003Ca href=\"grand-pres-la-foux-dallos.html?origine=carnet#media\"\u003E\n                        \u003Cimg class=\"photo_principale\" alt=\"Vue des montagnes et des for\u00eats enneig\u00e9es de Val d'Allos - La Foux depuis un panneau violet de l'itin\u00e9raire de randonn\u00e9e raquettes des Grands Pr\u00e9s\" src=\"https:\/\/www.valdallos.com\/medias\/images\/prestataires\/multitailles\/320x240_137435-randonnee_raquettes_la_foux_d_allos_3_web.jpg\" itemprop=\"image\"\u003E\n                    \u003C\/a\u003E\t\t\t\t\t\t\n                \n                    \u003C\/div\u003E\t\t\t\t\t\t\t\t\t\t\t\t\t\t\t\t\t\t\t \t\t\n    \u003C\/div\u003E\n    \n    \u003C!-- partie nom prest --\u003E\n    \u003Cdiv class=\"nom\"\u003E\n        \u003Ch2\u003EGrand Pr\u00e8s\u003C\/h2\u003E\n        \n            \u003C\/div\u003E\n\n         \n    \u003C!-- partie adresse --\u003E\n    \u003Cdiv class=\"adresse\"\u003E\n    \n          \n    \u003C\/div\u003E\n    \n    \u003C!-- partie liens --\u003E\n    \u003Cdiv class=\"liens\"\u003E\n            \u003Ca class=\"btn-icon btn-view \" title=\"Voir la fiche d\u00e9taill\u00e9e\" href=\"grand-pres-la-foux-dallos.html?origine=carnet\"\u003E\u003C\/a\u003E\u003C!--\u003Ca class=\"btn-icon btn-view \" title=\"\" href=\"?origine=carnet#thaut\"\u003E\u003C\/a\u003E--\u003E\n      \u003Ca class=\"btn-icon btn-trash carnet_voyage_supprimer\" title=\"Supprimer cette fiche de mon carnet de voyage\" href=\"carnet-voyage?action=remove&fiche=E|5067400\"\u003E\u003C\/a\u003E\n    \u003C\/div\u003E\n\n\u003C\/div\u003E\n\n","icon":"https:\/\/static.ingenie.fr\/images\/carnetVoyageV3\/E.png"},"fiche":"E|5067400","popup":"\u003Cdiv id=\"bloc_popup_ajout_fiche_carnet\"\u003E\n    \u003Cdiv class=\"info_popup_ajout_fiche_carnet\"\u003E\n        Vous venez d'ajouter cet \u00e9l\u00e9ment \u00e0 votre s\u00e9lection :    \u003C\/div\u003E\n    \u003Cdiv class=\"prest_popup_ajout_fiche_carnet\"\u003E\n        Grand Pr&egrave;s    \u003C\/div\u003E\n    \u003Cdiv class=\"bloc_btn_ajout_fiche_carnet form_submit_div\"\u003E\n        \u003Cinput type=\"button\" value=\"Continuer ma s\u00e9lection\" title=\"Continuer ma s\u00e9lection\" name=\"btn_close\" class=\"btn_close_popup_carnet form_submit\" onclick=\"$.colorbox.close()\" \/\u003E\n        \u003Cinput type=\"button\" value=\"Voir ma s\u00e9lection\" title=\"Voir ma s\u00e9lection\" name=\"btn_panier\" class=\"btn_panier_popup_carnet form_submit\" onclick=\"if(typeof CarnetVoyage != 'undefined') {CarnetVoyage.voirCarnet();}\" \/\u003E\n    \u003C\/div\u003E\n    \u003Cdiv class=\"bloc_btn_ajout_fiche_carnet\"\u003E\n        \u003Cinput type=\"checkbox\" value=\"1\" name=\"desactiver_popup\" id=\"desactiver_popup\" \/\u003E\n        \u003Clabel for=\"desactiver_popup\"\u003ENe plus afficher ce message\u003C\/label\u003E\n    \u003C\/div\u003E\n\u003C\/div\u003E","success":1}