{"nbFiches":1,"dataPrest":{"infoPrest":{"pave1":{"libelle":"Descriptif","contenu":"Cette randonn&eacute;e se situe en coeur de parc, qui est un espace r&eacute;glement&eacute;. D&eacute;couvrez en un clin d&#39;oeil&nbsp;\u003Ca href=\"https:\/\/www.calameo.com\/read\/000087338c7542386f1d3\" target=\"_blank\"\u003Eles bons r&eacute;flexes &agrave; adopter\u003C\/a\u003E.\u003Cbr \/\u003E\r\n\u003Cbr \/\u003E\r\n&nbsp;"},"pave2":{"libelle":"Tarifs Hiver","contenu":""},"pave3":{"libelle":"Tarifs Et\u00e9","contenu":""},"pave4":{"libelle":"URL de la r\u00e9servation ou vente en ligne","contenu":""},"pave5":{"libelle":"Descriptif court (old)","contenu":"Belle vue sur la Cascade du Pich et ascension jusqu'\u00e0 la Cascade du Cimet en passant par la for\u00eat de Vacheresse et les cabanes de Talon"},"pave6":{"libelle":"Descriptif d\u00e9taill\u00e9","contenu":"Au d\u00e9part de la barri\u00e8re du Bois de la Vacheresse, vous d\u00e9couvrirez un parcours bois\u00e9 traversant la dite for\u00eat.\u003Cbr \/\u003E\r\nCe paysage frais et vari\u00e9 vous am\u00e8ne  jusqu'\u00e0 la cascade du Pich (170m de d\u00e9nivel\u00e9)\u003Cbr \/\u003E\r\nPoursuivre ensuite son ascension, jusqu'\u00e0 la cascade du Cimet plus large et au d\u00e9bit plus important que la cascade pr\u00e9c\u00e9dente. Clin d'oeil au passage aux deux jolies cabanes de talon lov\u00e9es dans une clairi\u00e8re verdoyante.\u003Cbr \/\u003E\r\n\u003Cbr \/\u003E\r\n\u003Cbr \/\u003E\r\nVariante pour les plus sportifs : si vous d\u00e9cidez de poursuivre votre randonn\u00e9e une mont\u00e9e au plus pr\u00e8s de la cascade vous permet de rejoindre un plateau vallonn\u00e9 souvent occup\u00e9 par les chamois. Une fois travers\u00e9 vous rejoindrez le lac du cimet puis le petit col de talon.\u003Cbr \/\u003E\r\nLe sommet du cimet n'est plus tr\u00e8s loin, il s'agit du deuxi\u00e8me sommet le plus haut de la  vall\u00e9e du Verdon culmiant \u00e0 3020m d'altitude.\u003Cbr \/\u003E\r\n\u003Cbr \/\u003E\r\nCe parcours est situ\u00e9 en coeur du Parc national du Mercantour."},"pave7":{"libelle":"Bons plans","contenu":""},"pave8":{"libelle":"Compl\u00e9ment localisation","contenu":""},"pave9":{"libelle":"Compl\u00e9ment accueil","contenu":""},"pave10":{"libelle":"P\u00e9riodes en clair","contenu":"Du 01\/05 au 03\/11 tous les jours.\u003Cbr \/\u003E\nAccessibilit\u00e9 variable selon conditions m\u00e9t\u00e9os."},"pave11":{"libelle":"Tarifs en clair","contenu":"Gratuit."},"pave12":{"libelle":"Compl\u00e9ment Tarifs","contenu":""},"pave13":{"libelle":"Compl\u00e9ment R\u00e9servation","contenu":""},"pave14":{"libelle":"Descriptif court","contenu":""},"pave15":{"libelle":"Descriptif d\u00e9taill\u00e9","contenu":""},"pave16":{"libelle":"Bons plans","contenu":""},"pave17":{"libelle":"Tarifs (Tarifs en clair, Compl\u00e9ment Tarifs)","contenu":""},"pave18":{"libelle":"P\u00e9riodes en clair","contenu":""},"pave19":{"libelle":"Descriptif court","contenu":""},"pave20":{"libelle":"Descriptif d\u00e9taill\u00e9","contenu":""},"pave21":{"libelle":"Bons plans","contenu":""},"pave22":{"libelle":"Tarifs (Tarifs en clair, Compl\u00e9ment Tarifs)","contenu":""},"pave23":{"libelle":"P\u00e9riodes en clair","contenu":""},"pave24":{"libelle":"Dispositions sp\u00e9ciales","contenu":""},"pave25":{"libelle":"","contenu":""},"Libelle":"Randonn\u00e9e Cascade du  Cimet","Nom":"Randonn\u00e9e Cascade du  Cimet","Prenom":"","NomPrenom":"Randonn\u00e9e Cascade du  Cimet ","CiviliteNomPrenom":"Randonn\u00e9e Cascade du  Cimet ","Cle":"E|4979505","PrestataireParent":"","ContexteStat":"PRESTATAIRE-E-4979505","DateModificationIso":"2026-03-31T09:01:00+02:00","Type":"PRESTATAIRE","TypePrestataire":"E","Adresse":{"LigneAdresse1":"place de la coop\u00e9rative","LigneAdresse2":"Val d'Allos -le  Village","LigneAdresse3":"","CodePostal":"04260","Ville":"Allos","Cedex":"","Etat":"","Pays":"FRA"},"Email":"","Telephone":"","TelephoneBureau":"","Portable":"","SiteWeb":"https:\/\/www.valdallos.com","Fax":"","Id":"e-4979505","Code":"E|4979505","Fichier":{"Image":[{"url":"https:\/\/www.valdallos.com\/medias\/images\/prestataires\/138270-cimet2.jpg","chemin":"..\/medias\/images\/prestataires\/138270-cimet2.jpg","libelle":"Vue de face de la cascade du Cimet, grande chute sur une \u00e9tendue rocheuse situ\u00e9e face \u00e0 une for\u00eat de conif\u00e8res","extension":"jpg","categorie":"","largeur":1200,"theme":"","hauteur":900,"type":"Image","origine":"","liaisonPave":"","langue":"","id":"138270","urlVignette":"https:\/\/www.valdallos.com\/medias\/images\/prestataires\/v-138270-cimet2.jpg","alt":"Vue de face de la cascade du Cimet, grande chute sur une \u00e9tendue rocheuse situ\u00e9e face \u00e0 une for\u00eat de conif\u00e8res","title":"Vue de face de la cascade du Cimet, grande chute sur une \u00e9tendue rocheuse situ\u00e9e face \u00e0 une for\u00eat de conif\u00e8res - &copy B Courbon","MultiTaille":{"1920x1440":{"url":"https:\/\/www.valdallos.com\/medias\/images\/prestataires\/multitailles\/1920x1440_138270-cimet2.jpg"},"1200x900":{"url":"https:\/\/www.valdallos.com\/medias\/images\/prestataires\/multitailles\/1200x900_138270-cimet2.jpg"},"800x600":{"url":"https:\/\/www.valdallos.com\/medias\/images\/prestataires\/multitailles\/800x600_138270-cimet2.jpg"},"640x480":{"url":"https:\/\/www.valdallos.com\/medias\/images\/prestataires\/multitailles\/640x480_138270-cimet2.jpg"},"320x240":{"url":"https:\/\/www.valdallos.com\/medias\/images\/prestataires\/multitailles\/320x240_138270-cimet2.jpg"},"160x120":{"url":"https:\/\/www.valdallos.com\/medias\/images\/prestataires\/multitailles\/160x120_138270-cimet2.jpg"},"origine":{"url":"https:\/\/www.valdallos.com\/medias\/images\/prestataires\/138270-cimet2.jpg"}},"urlLien":"","typeLien":"","nofollow":"N","copyright":"B Courbon"},{"url":"https:\/\/www.valdallos.com\/medias\/images\/prestataires\/138271-cimet3.jpg","chemin":"..\/medias\/images\/prestataires\/138271-cimet3.jpg","libelle":"Cabanes de Talon, deux cabanes situ\u00e9es dans une prairie en creux de vall\u00e9e foresti\u00e8re","extension":"jpg","categorie":"","largeur":1200,"theme":"","hauteur":900,"type":"Image","origine":"","liaisonPave":"","langue":"","id":"138271","urlVignette":"https:\/\/www.valdallos.com\/medias\/images\/prestataires\/v-138271-cimet3.jpg","alt":"Cabanes de Talon, deux cabanes situ\u00e9es dans une prairie en creux de vall\u00e9e foresti\u00e8re","title":"Cabanes de Talon, deux cabanes situ\u00e9es dans une prairie en creux de vall\u00e9e foresti\u00e8re - &copy B Courbon","MultiTaille":{"1920x1440":{"url":"https:\/\/www.valdallos.com\/medias\/images\/prestataires\/multitailles\/1920x1440_138271-cimet3.jpg"},"1200x900":{"url":"https:\/\/www.valdallos.com\/medias\/images\/prestataires\/multitailles\/1200x900_138271-cimet3.jpg"},"800x600":{"url":"https:\/\/www.valdallos.com\/medias\/images\/prestataires\/multitailles\/800x600_138271-cimet3.jpg"},"640x480":{"url":"https:\/\/www.valdallos.com\/medias\/images\/prestataires\/multitailles\/640x480_138271-cimet3.jpg"},"320x240":{"url":"https:\/\/www.valdallos.com\/medias\/images\/prestataires\/multitailles\/320x240_138271-cimet3.jpg"},"160x120":{"url":"https:\/\/www.valdallos.com\/medias\/images\/prestataires\/multitailles\/160x120_138271-cimet3.jpg"},"origine":{"url":"https:\/\/www.valdallos.com\/medias\/images\/prestataires\/138271-cimet3.jpg"}},"urlLien":"","typeLien":"","nofollow":"N","copyright":"B Courbon"},{"url":"https:\/\/www.valdallos.com\/medias\/images\/prestataires\/138272-cimet4.jpg","chemin":"..\/medias\/images\/prestataires\/138272-cimet4.jpg","libelle":"Cours d'eau serpentant dans le creux d'une vall\u00e9e de montagne, sentier de la randonn\u00e9e de la Cascade du Cimet visible au milieu, for\u00eat et montagne en arri\u00e8re-plan","extension":"jpg","categorie":"","largeur":1200,"theme":"","hauteur":900,"type":"Image","origine":"","liaisonPave":"","langue":"","id":"138272","urlVignette":"https:\/\/www.valdallos.com\/medias\/images\/prestataires\/v-138272-cimet4.jpg","alt":"Cours d'eau serpentant dans le creux d'une vall\u00e9e de montagne, sentier de la randonn\u00e9e de la Cascade du Cimet visible au milieu, for\u00eat et montagne en arri\u00e8re-plan","title":"Cours d'eau serpentant dans le creux d'une vall\u00e9e de montagne, sentier de la randonn\u00e9e de la Cascade du Cimet visible au milieu, for\u00eat et montagne en arri\u00e8re-plan - &copy B Courbon","MultiTaille":{"1920x1440":{"url":"https:\/\/www.valdallos.com\/medias\/images\/prestataires\/multitailles\/1920x1440_138272-cimet4.jpg"},"1200x900":{"url":"https:\/\/www.valdallos.com\/medias\/images\/prestataires\/multitailles\/1200x900_138272-cimet4.jpg"},"800x600":{"url":"https:\/\/www.valdallos.com\/medias\/images\/prestataires\/multitailles\/800x600_138272-cimet4.jpg"},"640x480":{"url":"https:\/\/www.valdallos.com\/medias\/images\/prestataires\/multitailles\/640x480_138272-cimet4.jpg"},"320x240":{"url":"https:\/\/www.valdallos.com\/medias\/images\/prestataires\/multitailles\/320x240_138272-cimet4.jpg"},"160x120":{"url":"https:\/\/www.valdallos.com\/medias\/images\/prestataires\/multitailles\/160x120_138272-cimet4.jpg"},"origine":{"url":"https:\/\/www.valdallos.com\/medias\/images\/prestataires\/138272-cimet4.jpg"}},"urlLien":"","typeLien":"","nofollow":"N","copyright":"B Courbon"},{"url":"https:\/\/www.valdallos.com\/medias\/images\/prestataires\/138273-cimet1.jpg","chemin":"..\/medias\/images\/prestataires\/138273-cimet1.jpg","libelle":"Vue de face de la cascade du Cimet, grande chute sur une \u00e9tendue rocheuse situ\u00e9e face \u00e0 une for\u00eat de conif\u00e8res","extension":"jpg","categorie":"","largeur":1200,"theme":"","hauteur":900,"type":"Image","origine":"","liaisonPave":"","langue":"","id":"138273","urlVignette":"https:\/\/www.valdallos.com\/medias\/images\/prestataires\/v-138273-cimet1.jpg","alt":"Vue de face de la cascade du Cimet, grande chute sur une \u00e9tendue rocheuse situ\u00e9e face \u00e0 une for\u00eat de conif\u00e8res","title":"Vue de face de la cascade du Cimet, grande chute sur une \u00e9tendue rocheuse situ\u00e9e face \u00e0 une for\u00eat de conif\u00e8res - &copy B Courbon","MultiTaille":{"1920x1440":{"url":"https:\/\/www.valdallos.com\/medias\/images\/prestataires\/multitailles\/1920x1440_138273-cimet1.jpg"},"1200x900":{"url":"https:\/\/www.valdallos.com\/medias\/images\/prestataires\/multitailles\/1200x900_138273-cimet1.jpg"},"800x600":{"url":"https:\/\/www.valdallos.com\/medias\/images\/prestataires\/multitailles\/800x600_138273-cimet1.jpg"},"640x480":{"url":"https:\/\/www.valdallos.com\/medias\/images\/prestataires\/multitailles\/640x480_138273-cimet1.jpg"},"320x240":{"url":"https:\/\/www.valdallos.com\/medias\/images\/prestataires\/multitailles\/320x240_138273-cimet1.jpg"},"160x120":{"url":"https:\/\/www.valdallos.com\/medias\/images\/prestataires\/multitailles\/160x120_138273-cimet1.jpg"},"origine":{"url":"https:\/\/www.valdallos.com\/medias\/images\/prestataires\/138273-cimet1.jpg"}},"urlLien":"","typeLien":"","nofollow":"N","copyright":"B Courbon"}],"ByCategorie":{"":[{"url":"https:\/\/www.valdallos.com\/medias\/images\/prestataires\/138270-cimet2.jpg","chemin":"..\/medias\/images\/prestataires\/138270-cimet2.jpg","libelle":"Vue de face de la cascade du Cimet, grande chute sur une \u00e9tendue rocheuse situ\u00e9e face \u00e0 une for\u00eat de conif\u00e8res","extension":"jpg","categorie":"","largeur":1200,"theme":"","hauteur":900,"type":"Image","origine":"","liaisonPave":"","langue":"","id":"138270","urlVignette":"https:\/\/www.valdallos.com\/medias\/images\/prestataires\/v-138270-cimet2.jpg","alt":"Vue de face de la cascade du Cimet, grande chute sur une \u00e9tendue rocheuse situ\u00e9e face \u00e0 une for\u00eat de conif\u00e8res","title":"Vue de face de la cascade du Cimet, grande chute sur une \u00e9tendue rocheuse situ\u00e9e face \u00e0 une for\u00eat de conif\u00e8res - &copy B Courbon","MultiTaille":{"1920x1440":{"url":"https:\/\/www.valdallos.com\/medias\/images\/prestataires\/multitailles\/1920x1440_138270-cimet2.jpg"},"1200x900":{"url":"https:\/\/www.valdallos.com\/medias\/images\/prestataires\/multitailles\/1200x900_138270-cimet2.jpg"},"800x600":{"url":"https:\/\/www.valdallos.com\/medias\/images\/prestataires\/multitailles\/800x600_138270-cimet2.jpg"},"640x480":{"url":"https:\/\/www.valdallos.com\/medias\/images\/prestataires\/multitailles\/640x480_138270-cimet2.jpg"},"320x240":{"url":"https:\/\/www.valdallos.com\/medias\/images\/prestataires\/multitailles\/320x240_138270-cimet2.jpg"},"160x120":{"url":"https:\/\/www.valdallos.com\/medias\/images\/prestataires\/multitailles\/160x120_138270-cimet2.jpg"},"origine":{"url":"https:\/\/www.valdallos.com\/medias\/images\/prestataires\/138270-cimet2.jpg"}},"urlLien":"","typeLien":"","nofollow":"N","copyright":"B Courbon"},{"url":"https:\/\/www.valdallos.com\/medias\/images\/prestataires\/138274-name_33.gpx","chemin":"..\/medias\/images\/prestataires\/138274-name_33.gpx","libelle":"Cascades du pich et du cimet","extension":"gpx","categorie":"","largeur":"","theme":"","hauteur":"","type":"Document","origine":"","liaisonPave":"","langue":"","id":"138274","poids":"63.56 Ko","alt":"Cascades du pich et du cimet","title":"Cascades du pich et du cimet"},{"url":"https:\/\/www.valdallos.com\/medias\/images\/prestataires\/138271-cimet3.jpg","chemin":"..\/medias\/images\/prestataires\/138271-cimet3.jpg","libelle":"Cabanes de Talon, deux cabanes situ\u00e9es dans une prairie en creux de vall\u00e9e foresti\u00e8re","extension":"jpg","categorie":"","largeur":1200,"theme":"","hauteur":900,"type":"Image","origine":"","liaisonPave":"","langue":"","id":"138271","urlVignette":"https:\/\/www.valdallos.com\/medias\/images\/prestataires\/v-138271-cimet3.jpg","alt":"Cabanes de Talon, deux cabanes situ\u00e9es dans une prairie en creux de vall\u00e9e foresti\u00e8re","title":"Cabanes de Talon, deux cabanes situ\u00e9es dans une prairie en creux de vall\u00e9e foresti\u00e8re - &copy B Courbon","MultiTaille":{"1920x1440":{"url":"https:\/\/www.valdallos.com\/medias\/images\/prestataires\/multitailles\/1920x1440_138271-cimet3.jpg"},"1200x900":{"url":"https:\/\/www.valdallos.com\/medias\/images\/prestataires\/multitailles\/1200x900_138271-cimet3.jpg"},"800x600":{"url":"https:\/\/www.valdallos.com\/medias\/images\/prestataires\/multitailles\/800x600_138271-cimet3.jpg"},"640x480":{"url":"https:\/\/www.valdallos.com\/medias\/images\/prestataires\/multitailles\/640x480_138271-cimet3.jpg"},"320x240":{"url":"https:\/\/www.valdallos.com\/medias\/images\/prestataires\/multitailles\/320x240_138271-cimet3.jpg"},"160x120":{"url":"https:\/\/www.valdallos.com\/medias\/images\/prestataires\/multitailles\/160x120_138271-cimet3.jpg"},"origine":{"url":"https:\/\/www.valdallos.com\/medias\/images\/prestataires\/138271-cimet3.jpg"}},"urlLien":"","typeLien":"","nofollow":"N","copyright":"B Courbon"},{"url":"https:\/\/www.valdallos.com\/medias\/images\/prestataires\/138272-cimet4.jpg","chemin":"..\/medias\/images\/prestataires\/138272-cimet4.jpg","libelle":"Cours d'eau serpentant dans le creux d'une vall\u00e9e de montagne, sentier de la randonn\u00e9e de la Cascade du Cimet visible au milieu, for\u00eat et montagne en arri\u00e8re-plan","extension":"jpg","categorie":"","largeur":1200,"theme":"","hauteur":900,"type":"Image","origine":"","liaisonPave":"","langue":"","id":"138272","urlVignette":"https:\/\/www.valdallos.com\/medias\/images\/prestataires\/v-138272-cimet4.jpg","alt":"Cours d'eau serpentant dans le creux d'une vall\u00e9e de montagne, sentier de la randonn\u00e9e de la Cascade du Cimet visible au milieu, for\u00eat et montagne en arri\u00e8re-plan","title":"Cours d'eau serpentant dans le creux d'une vall\u00e9e de montagne, sentier de la randonn\u00e9e de la Cascade du Cimet visible au milieu, for\u00eat et montagne en arri\u00e8re-plan - &copy B Courbon","MultiTaille":{"1920x1440":{"url":"https:\/\/www.valdallos.com\/medias\/images\/prestataires\/multitailles\/1920x1440_138272-cimet4.jpg"},"1200x900":{"url":"https:\/\/www.valdallos.com\/medias\/images\/prestataires\/multitailles\/1200x900_138272-cimet4.jpg"},"800x600":{"url":"https:\/\/www.valdallos.com\/medias\/images\/prestataires\/multitailles\/800x600_138272-cimet4.jpg"},"640x480":{"url":"https:\/\/www.valdallos.com\/medias\/images\/prestataires\/multitailles\/640x480_138272-cimet4.jpg"},"320x240":{"url":"https:\/\/www.valdallos.com\/medias\/images\/prestataires\/multitailles\/320x240_138272-cimet4.jpg"},"160x120":{"url":"https:\/\/www.valdallos.com\/medias\/images\/prestataires\/multitailles\/160x120_138272-cimet4.jpg"},"origine":{"url":"https:\/\/www.valdallos.com\/medias\/images\/prestataires\/138272-cimet4.jpg"}},"urlLien":"","typeLien":"","nofollow":"N","copyright":"B Courbon"},{"url":"https:\/\/www.valdallos.com\/medias\/images\/prestataires\/138273-cimet1.jpg","chemin":"..\/medias\/images\/prestataires\/138273-cimet1.jpg","libelle":"Vue de face de la cascade du Cimet, grande chute sur une \u00e9tendue rocheuse situ\u00e9e face \u00e0 une for\u00eat de conif\u00e8res","extension":"jpg","categorie":"","largeur":1200,"theme":"","hauteur":900,"type":"Image","origine":"","liaisonPave":"","langue":"","id":"138273","urlVignette":"https:\/\/www.valdallos.com\/medias\/images\/prestataires\/v-138273-cimet1.jpg","alt":"Vue de face de la cascade du Cimet, grande chute sur une \u00e9tendue rocheuse situ\u00e9e face \u00e0 une for\u00eat de conif\u00e8res","title":"Vue de face de la cascade du Cimet, grande chute sur une \u00e9tendue rocheuse situ\u00e9e face \u00e0 une for\u00eat de conif\u00e8res - &copy B Courbon","MultiTaille":{"1920x1440":{"url":"https:\/\/www.valdallos.com\/medias\/images\/prestataires\/multitailles\/1920x1440_138273-cimet1.jpg"},"1200x900":{"url":"https:\/\/www.valdallos.com\/medias\/images\/prestataires\/multitailles\/1200x900_138273-cimet1.jpg"},"800x600":{"url":"https:\/\/www.valdallos.com\/medias\/images\/prestataires\/multitailles\/800x600_138273-cimet1.jpg"},"640x480":{"url":"https:\/\/www.valdallos.com\/medias\/images\/prestataires\/multitailles\/640x480_138273-cimet1.jpg"},"320x240":{"url":"https:\/\/www.valdallos.com\/medias\/images\/prestataires\/multitailles\/320x240_138273-cimet1.jpg"},"160x120":{"url":"https:\/\/www.valdallos.com\/medias\/images\/prestataires\/multitailles\/160x120_138273-cimet1.jpg"},"origine":{"url":"https:\/\/www.valdallos.com\/medias\/images\/prestataires\/138273-cimet1.jpg"}},"urlLien":"","typeLien":"","nofollow":"N","copyright":"B Courbon"}]},"Document":[{"url":"https:\/\/www.valdallos.com\/medias\/images\/prestataires\/138274-name_33.gpx","chemin":"..\/medias\/images\/prestataires\/138274-name_33.gpx","libelle":"Cascades du pich et du cimet","extension":"gpx","categorie":"","largeur":"","theme":"","hauteur":"","type":"Document","origine":"","liaisonPave":"","langue":"","id":"138274","poids":"63.56 Ko","alt":"Cascades du pich et du cimet","title":"Cascades du pich et du cimet"}]},"Url":"randonnee-cascade-du-cimet-allos.html","Localisation":{"GoogleMap":{"Latitude":"44.258312","Longitude":"6.650485"},"PlanStation":{"idPlan":"7","nomPlan":"[NEW] Plan Village Allos","carte":"\/plan\/plan_village_2018[HIVER_FR[.jpg","PositionAbs":"1172","PositionOrd":"292"}},"ZoneGeo":"","LiensEtWidgetsParType":{"BI":[{"Id":"16370","TypePrestataire":"E","CodePrestataire":"4979505","CodePrestation":"","CodeLibelle":"URL00002361","Type":"BI","Url":"https:\/\/www.calameo.com\/read\/000087338c7542386f1d3","Defaut":"N","Langue":"","Nature":"URL","Import":"SITRA2","LibelleText":"Livret : r\u00e9glementation en c\u0153ur de Parc national du Mercantour","Theme":""}]},"LiensEtWidgets":[{"Id":"16370","TypePrestataire":"E","CodePrestataire":"4979505","CodePrestation":"","CodeLibelle":"URL00002361","Type":"BI","Url":"https:\/\/www.calameo.com\/read\/000087338c7542386f1d3","Defaut":"N","Langue":"","Nature":"URL","Import":"SITRA2","LibelleText":"Livret : r\u00e9glementation en c\u0153ur de Parc national du Mercantour","Theme":""}],"Criteres":{"PUBLICATION[VALDALLOSITI":"","EADHER[EGRAT":"","CIDUREE[RANDO4":"","ZONEGEO[FRPA04VAV1400":"","P.113[1593":"","P.113[4971":"","P.CINTSITRA[8809":"","P.CINTSITRA[5662":"","P.prestations[ANINOAD":"","P.prestations[surchargeTourismesAdaptes":"","P.prestations[surchargeDescriptifHandicapMoteur":"","P.prestations[surchargeDescriptifHandicapAuditif":"","P.prestations[surchargeDescriptifHandicapVisuel":"","P.prestations[surchargeDescriptifHandicapMental":"","P.prestations[surchargeNombreFauteuilsRoulants":"","P.prestationsVisitesIndividuelles[480":"","P.itineraire[itineraireBalise":"","P.itineraire[denivellationPositive":"400","P.itineraire[distance":"21","P.itineraire[itineraireType":"Aller \/ Retour","P.itineraire[dureeJournaliere":"360","P.itineraire[altitudeMoyenne":"2090","P.itineraire[altitudeMaximum":"2385","P.environnements[171":"","P.114[418":"","P.114[416":"","P.114[436":"","P.visites[visitable":"","P.visites[dureeMoyenneVisiteIndividuelle":"360","P.typologiesPromoSitra[1599":"","P.typologiesPromoSitra[1676":"","INDICATIONPRIX[GRATUIT":"","P.languesParlees[1197":"","P.rubrique[2988":"","P.61[3184":"","P.61[3333":"","P.61[3331":"","P.VilleSitra[1559":"","P.3220[587401":"","P.3220[5575332":"","P.3221[4876304":"","P.3218[311229":"","P.3233[591419":"","P.3219[5127127":"","P.3219[5239406":"","P.3219[6436838":"","P.prestationsVisitesGroupees[488":"","P.6241[126905":"","P.6241[5740912":"","P.6242[5843488":"","P.3240[5778284":"","P.VillageDeDepart[1559":"","P.3230[6139211":"","P.34[1602":"","P.tourismeAffaires[tourismeAffairesEnabled":"","P.tourismeAffaires[devise":"EUR"},"DateFinPublication":"","PrixAPartirDe":"","PrixPour":"","FicheListeEnCours":"fiche_liste_itineraires_equip_v2018","ParametresModele":{"AfficherPhotos":1,"NbPhotosMax":6,"AfficherReserver":0,"AfficherContact":"1","AfficherSalle":1,"AfficherZoneGeo":0,"AfficherEnSavoirPlus":"0","AfficherUneSeuleOuverture":0,"AfficherContactCarte":1,"AfficherTarifsChaudAPartirDe":0,"AfficherTarifChaudSansRecherche":0,"AfficherAvis":"0","AfficherAvisIngenie":"1","BlocCritereInfo":{"critere1":{"libelle":""},"critere2":{"libelle":""},"critere3":{"libelle":""},"critere4":{"libelle":""},"critere5":{"libelle":""},"critere6":{"libelle":"","liste_critere":["CIDUREE|E","P.prestations|ANINOAD|E","P.itineraire|distance|E","P.itineraire|denivellation|E","P.itineraire|dureeJournaliere|E"]},"critere7":{"libelle":"","liste_critere":["ZONEGEO|FRPA04VAV1800|E","ZONEGEO|FRPA04VAV1500|E","ZONEGEO|FRPA04VAV1400|E"]},"critere8":{"libelle":""},"critere9":{"libelle":""},"afficherpictoetpaslibelle":"1"},"BlocPaveInfo":{"texte1":{"longeurmax":"","afficherLibelle":"0","garderHtml":"0"},"texte3":{"longeurmax":"","afficherLibelle":"0","garderHtml":"0"}},"Criteres":"PUBLICATION[VALDALLOSITI","ModeleUrl":"fiche_itineraires_equip_v2018","PositionBloc":"GALLERIE|NOM|CRITERESORDONNEES|ZONEPRINCIPALFICHEPRESTA|DESCRIPTIF|AVIS|CARNET_VOYAGE|URL","TypePrestataire":"E","ComportementResa":false,"ComportementDispo":false},"AffichageCoordonnees":[],"Coordonnees":{"Ville":"Allos"},"ContexteId":"PRESTATAIRE|E|4979505","ContexteIdHtml":"PRESTATAIRE-E-4979505","cleContexte":"E|4979505","Bloc":{"texte1":"","texte3":"","critere1":{"libelle":"","contenu":[]},"critere2":{"libelle":"","contenu":[]},"critere3":{"libelle":"","contenu":[]},"critere4":{"libelle":"","contenu":[]},"critere5":{"libelle":"","contenu":[]},"critere6":{"libelle":"","contenu":{"CIDUREE":{"libelle":"Typologie de l'itin\u00e9raire rando","contenu":{"4":"Itin\u00e9raire journ\u00e9e"},"codesValeurs":{"4":"CIDUREE|RANDO4|E"},"criteres_datas":{"valeurs":{"4":{"RANDO4":{"descriptif":""}}}}},"P.prestations":{"libelle":"Prestations","contenu":{"7":"Animaux non admis"},"codesValeurs":{"7":"P.prestations|ANINOAD|E"},"criteres_datas":{"valeurs":{"7":{"ANINOAD":{"descriptif":""}}}}},"P.itineraire":{"libelle":"Itin\u00e9raire","contenu":{"3":"\u003Cspan class=\"libelle\"\u003EDistance (en km)\u003C\/span\u003E \u003Cspan class=\"quantite\"\u003E21\u003C\/span\u003E","6":"\u003Cspan class=\"libelle\"\u003EDur\u00e9e journali\u00e8re (en min)\u003C\/span\u003E \u003Cspan class=\"quantite\"\u003E360\u003C\/span\u003E"},"codesValeurs":{"3":"P.itineraire|distance|E","6":"P.itineraire|dureeJournaliere|E"},"criteres_datas":{"valeurs":{"3":{"distance":{"descriptif":""}},"6":{"dureeJournaliere":{"descriptif":""}}}}}}},"critere7":{"libelle":"","contenu":{"ZONEGEO":{"libelle":"Localisation g\u00e9ographique","contenu":{"3":"Val d'Allos - Le village"},"codesValeurs":{"3":"ZONEGEO|FRPA04VAV1400|E"},"criteres_datas":{"valeurs":{"3":{"FRPA04VAV1400":{"descriptif":""}}}}}}},"critere8":{"libelle":"","contenu":[]},"critere9":{"libelle":"","contenu":[]}},"LocalisationGps":{"Latitude":"44.258312","Longitude":"6.650485"},"libelleDuPrestataire":"","listeCriteres":{"PUBLICATION":{"VALDALLOSITI":""},"EADHER":{"EGRAT":""},"CIDUREE":{"RANDO4":""},"ZONEGEO":{"FRPA04VAV1400":""},"P.113":{"1593":"","4971":""},"P.CINTSITRA":{"8809":"","5662":""},"P.prestations":{"ANINOAD":"","surchargeTourismesAdaptes":"","surchargeDescriptifHandicapMoteur":"","surchargeDescriptifHandicapAuditif":"","surchargeDescriptifHandicapVisuel":"","surchargeDescriptifHandicapMental":"","surchargeNombreFauteuilsRoulants":""},"P.prestationsVisitesIndividuelles":{"480":""},"P.itineraire":{"itineraireBalise":"","denivellationPositive":"400","distance":"21","itineraireType":"Aller \/ Retour","dureeJournaliere":"360","altitudeMoyenne":"2090","altitudeMaximum":"2385"},"P.environnements":{"171":""},"P.114":{"418":"","416":"","436":""},"P.visites":{"visitable":"","dureeMoyenneVisiteIndividuelle":"360"},"P.typologiesPromoSitra":{"1599":"","1676":""},"INDICATIONPRIX":{"GRATUIT":""},"P.languesParlees":{"1197":""},"P.rubrique":{"2988":""},"P.61":{"3184":"","3333":"","3331":""},"P.VilleSitra":{"1559":""},"P.3220":{"587401":"","5575332":""},"P.3221":{"4876304":""},"P.3218":{"311229":""},"P.3233":{"591419":""},"P.3219":{"5127127":"","5239406":"","6436838":""},"P.prestationsVisitesGroupees":{"488":""},"P.6241":{"126905":"","5740912":""},"P.6242":{"5843488":""},"P.3240":{"5778284":""},"P.VillageDeDepart":{"1559":""},"P.3230":{"6139211":""},"P.34":{"1602":""},"P.tourismeAffaires":{"tourismeAffairesEnabled":"","devise":"EUR"}},"dansCarnetVoyage":true,"Ouverture":""},"html":" \n \u003Cdiv id=\"CV-PRESTATAIRE-E-4979505\" data-contexte-id=\"PRESTATAIRE|E|4979505\" data-cle=\"E|4979505\" class=\"fiche-liste\"\u003E\n    \n\n    \u003C!-- partie photo --\u003E\n    \u003Cdiv class=\"photo\"\u003E\t\t\t\t\t\t\t\t\t\t\t\t\t\t\t\t\t\t\t\t\t\n        \u003Cdiv class=\"cadre_photo_principale\"\u003E\t\t\n        \n            \t\t\t\t\t\n                    \u003Ca href=\"randonnee-cascade-du-cimet-allos.html?origine=carnet#media\"\u003E\n                        \u003Cimg class=\"photo_principale\" alt=\"Vue de face de la cascade du Cimet, grande chute sur une \u00e9tendue rocheuse situ\u00e9e face \u00e0 une for\u00eat de conif\u00e8res\" src=\"https:\/\/www.valdallos.com\/medias\/images\/prestataires\/multitailles\/320x240_138270-cimet2.jpg\" itemprop=\"image\"\u003E\n                    \u003C\/a\u003E\t\t\t\t\t\t\n                \n                    \u003C\/div\u003E\t\t\t\t\t\t\t\t\t\t\t\t\t\t\t\t\t\t\t \t\t\n    \u003C\/div\u003E\n    \n    \u003C!-- partie nom prest --\u003E\n    \u003Cdiv class=\"nom\"\u003E\n        \u003Ch2\u003ERandonn\u00e9e Cascade du  Cimet\u003C\/h2\u003E\n        \n            \u003C\/div\u003E\n\n         \n    \u003C!-- partie adresse --\u003E\n    \u003Cdiv class=\"adresse\"\u003E\n    \n          \n    \u003C\/div\u003E\n    \n    \u003C!-- partie liens --\u003E\n    \u003Cdiv class=\"liens\"\u003E\n            \u003Ca class=\"btn-icon btn-view \" title=\"Voir la fiche d\u00e9taill\u00e9e\" href=\"randonnee-cascade-du-cimet-allos.html?origine=carnet\"\u003E\u003C\/a\u003E\u003C!--\u003Ca class=\"btn-icon btn-view \" title=\"\" href=\"?origine=carnet#thaut\"\u003E\u003C\/a\u003E--\u003E\n      \u003Ca class=\"btn-icon btn-trash carnet_voyage_supprimer\" title=\"Supprimer cette fiche de mon carnet de voyage\" href=\"carnet-voyage?action=remove&fiche=E|4979505\"\u003E\u003C\/a\u003E\n    \u003C\/div\u003E\n\n\u003C\/div\u003E\n\n","icon":"https:\/\/static.ingenie.fr\/images\/carnetVoyageV3\/E.png"},"fiche":"E|4979505","popup":"\u003Cdiv id=\"bloc_popup_ajout_fiche_carnet\"\u003E\n    \u003Cdiv class=\"info_popup_ajout_fiche_carnet\"\u003E\n        Vous venez d'ajouter cet \u00e9l\u00e9ment \u00e0 votre s\u00e9lection :    \u003C\/div\u003E\n    \u003Cdiv class=\"prest_popup_ajout_fiche_carnet\"\u003E\n        Randonn&eacute;e Cascade du  Cimet    \u003C\/div\u003E\n    \u003Cdiv class=\"bloc_btn_ajout_fiche_carnet form_submit_div\"\u003E\n        \u003Cinput type=\"button\" value=\"Continuer ma s\u00e9lection\" title=\"Continuer ma s\u00e9lection\" name=\"btn_close\" class=\"btn_close_popup_carnet form_submit\" onclick=\"$.colorbox.close()\" \/\u003E\n        \u003Cinput type=\"button\" value=\"Voir ma s\u00e9lection\" title=\"Voir ma s\u00e9lection\" name=\"btn_panier\" class=\"btn_panier_popup_carnet form_submit\" onclick=\"if(typeof CarnetVoyage != 'undefined') {CarnetVoyage.voirCarnet();}\" \/\u003E\n    \u003C\/div\u003E\n    \u003Cdiv class=\"bloc_btn_ajout_fiche_carnet\"\u003E\n        \u003Cinput type=\"checkbox\" value=\"1\" name=\"desactiver_popup\" id=\"desactiver_popup\" \/\u003E\n        \u003Clabel for=\"desactiver_popup\"\u003ENe plus afficher ce message\u003C\/label\u003E\n    \u003C\/div\u003E\n\u003C\/div\u003E","success":1}