{"nbFiches":1,"dataPrest":{"infoPrest":{"pave1":{"libelle":"Descriptif","contenu":""},"pave2":{"libelle":"Tarifs Hiver","contenu":""},"pave3":{"libelle":"Tarifs Et\u00e9","contenu":""},"pave4":{"libelle":"URL de la r\u00e9servation ou vente en ligne","contenu":""},"pave5":{"libelle":"Descriptif court (old)","contenu":"Accessible du col d'Allos, le sommet de Rochegrand, belv\u00e9d\u00e8re du Haut Verdon, permet la d\u00e9couverte d'un superbe paysage."},"pave6":{"libelle":"Descriptif d\u00e9taill\u00e9","contenu":"Attention l'acc\u00e8s au col d'Allos sera restreint en raison de travaux pendant l'\u00e9t\u00e9 2025.  Si vous envisagez d'effectuer cette randonn\u00e9e nous vous recommandons de contacter l'office de tourisme avant votre d\u00e9part.\u003Cbr \/\u003E\r\n\u003Cbr \/\u003E\r\n\u003Cbr \/\u003E\r\nDepuis Rochegrand, un v\u00e9ritable panoramique \u00e0 360\u00b0 des grands sommets dominant le Val d\u2019Allos vous attend : Cimet, Mont Pelat, Autapie, Grande S\u00e9olane\u2026 pas un ne manque.\u003Cbr \/\u003E\r\n\u003Cbr \/\u003E\r\nAu d\u00e9part du col d'Allos vous rejoindrez dans un premier temps la baisse de Pr\u00e9nier. Direction ensuite \u00e0 droite vers Rochegrand, parcours vallonn\u00e9 o\u00f9 de nombreuses prairies vous conduiront jusqu'au sommet.\u003Cbr \/\u003E\r\nUne fois arriv\u00e9 une vue imprenable vous est offerte sur le village d'Allos et les sommets du Haut Verdon ."},"pave7":{"libelle":"Bons plans","contenu":""},"pave8":{"libelle":"Compl\u00e9ment localisation","contenu":""},"pave9":{"libelle":"Compl\u00e9ment accueil","contenu":"Le col d'Allos est ouvert \u00e0 la circulation de courant mai \u00e0 courant novembre (dates variables selon conditions m\u00e9t\u00e9o)\u003Cbr \/\u003E\r\nLa circulation n'est pas autoris\u00e9e aux v\u00e9hicules de plus de 3,5T (col \u00e9troit)\u003Cbr \/\u003E\r\nIl est exclusivement r\u00e9serv\u00e9 \u00e0 la pratique du cyclisme, le vendredi, du 13 juillet au 24 ao\u00fbt, de 8h \u00e0 11h."},"pave10":{"libelle":"P\u00e9riodes en clair","contenu":"Du 15\/06 au 28\/10 tous les jours.\u003Cbr \/\u003E\nSelon conditions m\u00e9t\u00e9o et enneigement.\u003Cbr \/\u003E\n\u003Cbr \/\u003E\nSous r\u00e9serve de conditions m\u00e9t\u00e9o favorables."},"pave11":{"libelle":"Tarifs en clair","contenu":"Gratuit."},"pave12":{"libelle":"Compl\u00e9ment Tarifs","contenu":""},"pave13":{"libelle":"Compl\u00e9ment R\u00e9servation","contenu":""},"pave14":{"libelle":"Descriptif court","contenu":""},"pave15":{"libelle":"Descriptif d\u00e9taill\u00e9","contenu":""},"pave16":{"libelle":"Bons plans","contenu":""},"pave17":{"libelle":"Tarifs (Tarifs en clair, Compl\u00e9ment Tarifs)","contenu":""},"pave18":{"libelle":"P\u00e9riodes en clair","contenu":""},"pave19":{"libelle":"Descriptif court","contenu":""},"pave20":{"libelle":"Descriptif d\u00e9taill\u00e9","contenu":""},"pave21":{"libelle":"Bons plans","contenu":""},"pave22":{"libelle":"Tarifs (Tarifs en clair, Compl\u00e9ment Tarifs)","contenu":""},"pave23":{"libelle":"P\u00e9riodes en clair","contenu":""},"pave24":{"libelle":"Dispositions sp\u00e9ciales","contenu":""},"pave25":{"libelle":"","contenu":""},"Libelle":"Randonn\u00e9e de Rochegrand","Nom":"Randonn\u00e9e de Rochegrand","Prenom":"","NomPrenom":"Randonn\u00e9e de Rochegrand ","CiviliteNomPrenom":"Randonn\u00e9e de Rochegrand ","Cle":"E|4978681","PrestataireParent":"","ContexteStat":"PRESTATAIRE-E-4978681","DateModificationIso":"2026-03-31T09:00:00+02:00","Type":"PRESTATAIRE","TypePrestataire":"E","Adresse":{"LigneAdresse1":"place de la coop\u00e9rative","LigneAdresse2":"Val d'Allos -la Foux","LigneAdresse3":"","CodePostal":"04260","Ville":"La Foux d\u2019Allos","Cedex":"","Etat":"","Pays":"FRA"},"Email":"","Telephone":"","TelephoneBureau":"","Portable":"","SiteWeb":"https:\/\/www.valdallos.com","Fax":"","Id":"e-4978681","Code":"E|4978681","Fichier":{"Image":[{"url":"https:\/\/www.valdallos.com\/medias\/images\/prestataires\/138260-rochegrand1.jpg","chemin":"..\/medias\/images\/prestataires\/138260-rochegrand1.jpg","libelle":"Etendue d'eau situ\u00e9e dans une prairie d'altitude. Montagnes en arri\u00e8re-plan","extension":"jpg","categorie":"","largeur":800,"theme":"","hauteur":600,"type":"Image","origine":"","liaisonPave":"","langue":"","id":"138260","urlVignette":"https:\/\/www.valdallos.com\/medias\/images\/prestataires\/v-138260-rochegrand1.jpg","alt":"Etendue d'eau situ\u00e9e dans une prairie d'altitude. Montagnes en arri\u00e8re-plan","title":"Etendue d'eau situ\u00e9e dans une prairie d'altitude. Montagnes en arri\u00e8re-plan - &copy CB\/office de tourisme du Val d'Allos","MultiTaille":{"1920x1440":{"url":"https:\/\/www.valdallos.com\/medias\/images\/prestataires\/multitailles\/1920x1440_138260-rochegrand1.jpg"},"1200x900":{"url":"https:\/\/www.valdallos.com\/medias\/images\/prestataires\/multitailles\/1200x900_138260-rochegrand1.jpg"},"800x600":{"url":"https:\/\/www.valdallos.com\/medias\/images\/prestataires\/multitailles\/800x600_138260-rochegrand1.jpg"},"640x480":{"url":"https:\/\/www.valdallos.com\/medias\/images\/prestataires\/multitailles\/640x480_138260-rochegrand1.jpg"},"320x240":{"url":"https:\/\/www.valdallos.com\/medias\/images\/prestataires\/multitailles\/320x240_138260-rochegrand1.jpg"},"160x120":{"url":"https:\/\/www.valdallos.com\/medias\/images\/prestataires\/multitailles\/160x120_138260-rochegrand1.jpg"},"origine":{"url":"https:\/\/www.valdallos.com\/medias\/images\/prestataires\/138260-rochegrand1.jpg"}},"urlLien":"","typeLien":"","nofollow":"N","copyright":"CB\/office de tourisme du Val d'Allos"},{"url":"https:\/\/www.valdallos.com\/medias\/images\/prestataires\/138261-rochegrand_valdallos_col_dallos.jpg","chemin":"..\/medias\/images\/prestataires\/138261-rochegrand_valdallos_col_dallos.jpg","libelle":"Grande \u00e9tendue de prairie dans un paysage montagneux","extension":"jpg","categorie":"","largeur":1200,"theme":"","hauteur":900,"type":"Image","origine":"","liaisonPave":"","langue":"","id":"138261","urlVignette":"https:\/\/www.valdallos.com\/medias\/images\/prestataires\/v-138261-rochegrand_valdallos_col_dallos.jpg","alt":"Grande \u00e9tendue de prairie dans un paysage montagneux","title":"Grande \u00e9tendue de prairie dans un paysage montagneux - &copy B Courbon","MultiTaille":{"1920x1440":{"url":"https:\/\/www.valdallos.com\/medias\/images\/prestataires\/multitailles\/1920x1440_138261-rochegrand_valdallos_col_dallos.jpg"},"1200x900":{"url":"https:\/\/www.valdallos.com\/medias\/images\/prestataires\/multitailles\/1200x900_138261-rochegrand_valdallos_col_dallos.jpg"},"800x600":{"url":"https:\/\/www.valdallos.com\/medias\/images\/prestataires\/multitailles\/800x600_138261-rochegrand_valdallos_col_dallos.jpg"},"640x480":{"url":"https:\/\/www.valdallos.com\/medias\/images\/prestataires\/multitailles\/640x480_138261-rochegrand_valdallos_col_dallos.jpg"},"320x240":{"url":"https:\/\/www.valdallos.com\/medias\/images\/prestataires\/multitailles\/320x240_138261-rochegrand_valdallos_col_dallos.jpg"},"160x120":{"url":"https:\/\/www.valdallos.com\/medias\/images\/prestataires\/multitailles\/160x120_138261-rochegrand_valdallos_col_dallos.jpg"},"origine":{"url":"https:\/\/www.valdallos.com\/medias\/images\/prestataires\/138261-rochegrand_valdallos_col_dallos.jpg"}},"urlLien":"","typeLien":"","nofollow":"N","copyright":"B Courbon"},{"url":"https:\/\/www.valdallos.com\/medias\/images\/prestataires\/138262-rochegrand.jpg","chemin":"..\/medias\/images\/prestataires\/138262-rochegrand.jpg","libelle":"Grande prairie de montagne en fleurs au printemps, vue sur des cr\u00eates et montagnes verdoyantes en arri\u00e8re-plan","extension":"jpg","categorie":"","largeur":800,"theme":"","hauteur":600,"type":"Image","origine":"","liaisonPave":"","langue":"","id":"138262","urlVignette":"https:\/\/www.valdallos.com\/medias\/images\/prestataires\/v-138262-rochegrand.jpg","alt":"Grande prairie de montagne en fleurs au printemps, vue sur des cr\u00eates et montagnes verdoyantes en arri\u00e8re-plan","title":"Grande prairie de montagne en fleurs au printemps, vue sur des cr\u00eates et montagnes verdoyantes en arri\u00e8re-plan - &copy office de tourisme du Val d'Allos CB","MultiTaille":{"1920x1440":{"url":"https:\/\/www.valdallos.com\/medias\/images\/prestataires\/multitailles\/1920x1440_138262-rochegrand.jpg"},"1200x900":{"url":"https:\/\/www.valdallos.com\/medias\/images\/prestataires\/multitailles\/1200x900_138262-rochegrand.jpg"},"800x600":{"url":"https:\/\/www.valdallos.com\/medias\/images\/prestataires\/multitailles\/800x600_138262-rochegrand.jpg"},"640x480":{"url":"https:\/\/www.valdallos.com\/medias\/images\/prestataires\/multitailles\/640x480_138262-rochegrand.jpg"},"320x240":{"url":"https:\/\/www.valdallos.com\/medias\/images\/prestataires\/multitailles\/320x240_138262-rochegrand.jpg"},"160x120":{"url":"https:\/\/www.valdallos.com\/medias\/images\/prestataires\/multitailles\/160x120_138262-rochegrand.jpg"},"origine":{"url":"https:\/\/www.valdallos.com\/medias\/images\/prestataires\/138262-rochegrand.jpg"}},"urlLien":"","typeLien":"","nofollow":"N","copyright":"office de tourisme du Val d'Allos CB"},{"url":"https:\/\/www.valdallos.com\/medias\/images\/prestataires\/138263-rochegrand_valdallos.jpg","chemin":"..\/medias\/images\/prestataires\/138263-rochegrand_valdallos.jpg","libelle":"Grande prairie de montagne verdoyante comportant un sentier de terre traversant une for\u00eat de conif\u00e8res","extension":"jpg","categorie":"","largeur":1200,"theme":"","hauteur":675,"type":"Image","origine":"","liaisonPave":"","langue":"","id":"138263","urlVignette":"https:\/\/www.valdallos.com\/medias\/images\/prestataires\/v-138263-rochegrand_valdallos.jpg","alt":"Grande prairie de montagne verdoyante comportant un sentier de terre traversant une for\u00eat de conif\u00e8res","title":"Grande prairie de montagne verdoyante comportant un sentier de terre traversant une for\u00eat de conif\u00e8res - &copy B Courbon","MultiTaille":{"1920x1440":{"url":"https:\/\/www.valdallos.com\/medias\/images\/prestataires\/multitailles\/1920x1440_138263-rochegrand_valdallos.jpg"},"1200x900":{"url":"https:\/\/www.valdallos.com\/medias\/images\/prestataires\/multitailles\/1200x900_138263-rochegrand_valdallos.jpg"},"800x600":{"url":"https:\/\/www.valdallos.com\/medias\/images\/prestataires\/multitailles\/800x600_138263-rochegrand_valdallos.jpg"},"640x480":{"url":"https:\/\/www.valdallos.com\/medias\/images\/prestataires\/multitailles\/640x480_138263-rochegrand_valdallos.jpg"},"320x240":{"url":"https:\/\/www.valdallos.com\/medias\/images\/prestataires\/multitailles\/320x240_138263-rochegrand_valdallos.jpg"},"160x120":{"url":"https:\/\/www.valdallos.com\/medias\/images\/prestataires\/multitailles\/160x120_138263-rochegrand_valdallos.jpg"},"origine":{"url":"https:\/\/www.valdallos.com\/medias\/images\/prestataires\/138263-rochegrand_valdallos.jpg"}},"urlLien":"","typeLien":"","nofollow":"N","copyright":"B Courbon"},{"url":"https:\/\/www.valdallos.com\/medias\/images\/prestataires\/138264-rochegrand_valdallos_04.jpg","chemin":"..\/medias\/images\/prestataires\/138264-rochegrand_valdallos_04.jpg","libelle":"Vue depuis la randonn\u00e9e de Rochegrand sur le Col d'Allos et la Grande S\u00e9olane.","extension":"jpg","categorie":"","largeur":1200,"theme":"","hauteur":900,"type":"Image","origine":"","liaisonPave":"","langue":"","id":"138264","urlVignette":"https:\/\/www.valdallos.com\/medias\/images\/prestataires\/v-138264-rochegrand_valdallos_04.jpg","alt":"Vue depuis la randonn\u00e9e de Rochegrand sur le Col d'Allos et la Grande S\u00e9olane.","title":"Vue depuis la randonn\u00e9e de Rochegrand sur le Col d'Allos et la Grande S\u00e9olane. - &copy B Courbon","MultiTaille":{"1920x1440":{"url":"https:\/\/www.valdallos.com\/medias\/images\/prestataires\/multitailles\/1920x1440_138264-rochegrand_valdallos_04.jpg"},"1200x900":{"url":"https:\/\/www.valdallos.com\/medias\/images\/prestataires\/multitailles\/1200x900_138264-rochegrand_valdallos_04.jpg"},"800x600":{"url":"https:\/\/www.valdallos.com\/medias\/images\/prestataires\/multitailles\/800x600_138264-rochegrand_valdallos_04.jpg"},"640x480":{"url":"https:\/\/www.valdallos.com\/medias\/images\/prestataires\/multitailles\/640x480_138264-rochegrand_valdallos_04.jpg"},"320x240":{"url":"https:\/\/www.valdallos.com\/medias\/images\/prestataires\/multitailles\/320x240_138264-rochegrand_valdallos_04.jpg"},"160x120":{"url":"https:\/\/www.valdallos.com\/medias\/images\/prestataires\/multitailles\/160x120_138264-rochegrand_valdallos_04.jpg"},"origine":{"url":"https:\/\/www.valdallos.com\/medias\/images\/prestataires\/138264-rochegrand_valdallos_04.jpg"}},"urlLien":"","typeLien":"","nofollow":"N","copyright":"B Courbon"}],"ByCategorie":{"":[{"url":"https:\/\/www.valdallos.com\/medias\/images\/prestataires\/138260-rochegrand1.jpg","chemin":"..\/medias\/images\/prestataires\/138260-rochegrand1.jpg","libelle":"Etendue d'eau situ\u00e9e dans une prairie d'altitude. Montagnes en arri\u00e8re-plan","extension":"jpg","categorie":"","largeur":800,"theme":"","hauteur":600,"type":"Image","origine":"","liaisonPave":"","langue":"","id":"138260","urlVignette":"https:\/\/www.valdallos.com\/medias\/images\/prestataires\/v-138260-rochegrand1.jpg","alt":"Etendue d'eau situ\u00e9e dans une prairie d'altitude. Montagnes en arri\u00e8re-plan","title":"Etendue d'eau situ\u00e9e dans une prairie d'altitude. Montagnes en arri\u00e8re-plan - &copy CB\/office de tourisme du Val d'Allos","MultiTaille":{"1920x1440":{"url":"https:\/\/www.valdallos.com\/medias\/images\/prestataires\/multitailles\/1920x1440_138260-rochegrand1.jpg"},"1200x900":{"url":"https:\/\/www.valdallos.com\/medias\/images\/prestataires\/multitailles\/1200x900_138260-rochegrand1.jpg"},"800x600":{"url":"https:\/\/www.valdallos.com\/medias\/images\/prestataires\/multitailles\/800x600_138260-rochegrand1.jpg"},"640x480":{"url":"https:\/\/www.valdallos.com\/medias\/images\/prestataires\/multitailles\/640x480_138260-rochegrand1.jpg"},"320x240":{"url":"https:\/\/www.valdallos.com\/medias\/images\/prestataires\/multitailles\/320x240_138260-rochegrand1.jpg"},"160x120":{"url":"https:\/\/www.valdallos.com\/medias\/images\/prestataires\/multitailles\/160x120_138260-rochegrand1.jpg"},"origine":{"url":"https:\/\/www.valdallos.com\/medias\/images\/prestataires\/138260-rochegrand1.jpg"}},"urlLien":"","typeLien":"","nofollow":"N","copyright":"CB\/office de tourisme du Val d'Allos"},{"url":"https:\/\/www.valdallos.com\/medias\/images\/prestataires\/138265-name_34.gpx","chemin":"..\/medias\/images\/prestataires\/138265-name_34.gpx","libelle":"Rochegrand","extension":"gpx","categorie":"","largeur":"","theme":"","hauteur":"","type":"Document","origine":"","liaisonPave":"","langue":"","id":"138265","poids":"15.52 Ko","alt":"Rochegrand","title":"Rochegrand"},{"url":"https:\/\/www.valdallos.com\/medias\/images\/prestataires\/138261-rochegrand_valdallos_col_dallos.jpg","chemin":"..\/medias\/images\/prestataires\/138261-rochegrand_valdallos_col_dallos.jpg","libelle":"Grande \u00e9tendue de prairie dans un paysage montagneux","extension":"jpg","categorie":"","largeur":1200,"theme":"","hauteur":900,"type":"Image","origine":"","liaisonPave":"","langue":"","id":"138261","urlVignette":"https:\/\/www.valdallos.com\/medias\/images\/prestataires\/v-138261-rochegrand_valdallos_col_dallos.jpg","alt":"Grande \u00e9tendue de prairie dans un paysage montagneux","title":"Grande \u00e9tendue de prairie dans un paysage montagneux - &copy B Courbon","MultiTaille":{"1920x1440":{"url":"https:\/\/www.valdallos.com\/medias\/images\/prestataires\/multitailles\/1920x1440_138261-rochegrand_valdallos_col_dallos.jpg"},"1200x900":{"url":"https:\/\/www.valdallos.com\/medias\/images\/prestataires\/multitailles\/1200x900_138261-rochegrand_valdallos_col_dallos.jpg"},"800x600":{"url":"https:\/\/www.valdallos.com\/medias\/images\/prestataires\/multitailles\/800x600_138261-rochegrand_valdallos_col_dallos.jpg"},"640x480":{"url":"https:\/\/www.valdallos.com\/medias\/images\/prestataires\/multitailles\/640x480_138261-rochegrand_valdallos_col_dallos.jpg"},"320x240":{"url":"https:\/\/www.valdallos.com\/medias\/images\/prestataires\/multitailles\/320x240_138261-rochegrand_valdallos_col_dallos.jpg"},"160x120":{"url":"https:\/\/www.valdallos.com\/medias\/images\/prestataires\/multitailles\/160x120_138261-rochegrand_valdallos_col_dallos.jpg"},"origine":{"url":"https:\/\/www.valdallos.com\/medias\/images\/prestataires\/138261-rochegrand_valdallos_col_dallos.jpg"}},"urlLien":"","typeLien":"","nofollow":"N","copyright":"B Courbon"},{"url":"https:\/\/www.valdallos.com\/medias\/images\/prestataires\/138262-rochegrand.jpg","chemin":"..\/medias\/images\/prestataires\/138262-rochegrand.jpg","libelle":"Grande prairie de montagne en fleurs au printemps, vue sur des cr\u00eates et montagnes verdoyantes en arri\u00e8re-plan","extension":"jpg","categorie":"","largeur":800,"theme":"","hauteur":600,"type":"Image","origine":"","liaisonPave":"","langue":"","id":"138262","urlVignette":"https:\/\/www.valdallos.com\/medias\/images\/prestataires\/v-138262-rochegrand.jpg","alt":"Grande prairie de montagne en fleurs au printemps, vue sur des cr\u00eates et montagnes verdoyantes en arri\u00e8re-plan","title":"Grande prairie de montagne en fleurs au printemps, vue sur des cr\u00eates et montagnes verdoyantes en arri\u00e8re-plan - &copy office de tourisme du Val d'Allos CB","MultiTaille":{"1920x1440":{"url":"https:\/\/www.valdallos.com\/medias\/images\/prestataires\/multitailles\/1920x1440_138262-rochegrand.jpg"},"1200x900":{"url":"https:\/\/www.valdallos.com\/medias\/images\/prestataires\/multitailles\/1200x900_138262-rochegrand.jpg"},"800x600":{"url":"https:\/\/www.valdallos.com\/medias\/images\/prestataires\/multitailles\/800x600_138262-rochegrand.jpg"},"640x480":{"url":"https:\/\/www.valdallos.com\/medias\/images\/prestataires\/multitailles\/640x480_138262-rochegrand.jpg"},"320x240":{"url":"https:\/\/www.valdallos.com\/medias\/images\/prestataires\/multitailles\/320x240_138262-rochegrand.jpg"},"160x120":{"url":"https:\/\/www.valdallos.com\/medias\/images\/prestataires\/multitailles\/160x120_138262-rochegrand.jpg"},"origine":{"url":"https:\/\/www.valdallos.com\/medias\/images\/prestataires\/138262-rochegrand.jpg"}},"urlLien":"","typeLien":"","nofollow":"N","copyright":"office de tourisme du Val d'Allos CB"},{"url":"https:\/\/www.valdallos.com\/medias\/images\/prestataires\/138263-rochegrand_valdallos.jpg","chemin":"..\/medias\/images\/prestataires\/138263-rochegrand_valdallos.jpg","libelle":"Grande prairie de montagne verdoyante comportant un sentier de terre traversant une for\u00eat de conif\u00e8res","extension":"jpg","categorie":"","largeur":1200,"theme":"","hauteur":675,"type":"Image","origine":"","liaisonPave":"","langue":"","id":"138263","urlVignette":"https:\/\/www.valdallos.com\/medias\/images\/prestataires\/v-138263-rochegrand_valdallos.jpg","alt":"Grande prairie de montagne verdoyante comportant un sentier de terre traversant une for\u00eat de conif\u00e8res","title":"Grande prairie de montagne verdoyante comportant un sentier de terre traversant une for\u00eat de conif\u00e8res - &copy B Courbon","MultiTaille":{"1920x1440":{"url":"https:\/\/www.valdallos.com\/medias\/images\/prestataires\/multitailles\/1920x1440_138263-rochegrand_valdallos.jpg"},"1200x900":{"url":"https:\/\/www.valdallos.com\/medias\/images\/prestataires\/multitailles\/1200x900_138263-rochegrand_valdallos.jpg"},"800x600":{"url":"https:\/\/www.valdallos.com\/medias\/images\/prestataires\/multitailles\/800x600_138263-rochegrand_valdallos.jpg"},"640x480":{"url":"https:\/\/www.valdallos.com\/medias\/images\/prestataires\/multitailles\/640x480_138263-rochegrand_valdallos.jpg"},"320x240":{"url":"https:\/\/www.valdallos.com\/medias\/images\/prestataires\/multitailles\/320x240_138263-rochegrand_valdallos.jpg"},"160x120":{"url":"https:\/\/www.valdallos.com\/medias\/images\/prestataires\/multitailles\/160x120_138263-rochegrand_valdallos.jpg"},"origine":{"url":"https:\/\/www.valdallos.com\/medias\/images\/prestataires\/138263-rochegrand_valdallos.jpg"}},"urlLien":"","typeLien":"","nofollow":"N","copyright":"B Courbon"},{"url":"https:\/\/www.valdallos.com\/medias\/images\/prestataires\/138264-rochegrand_valdallos_04.jpg","chemin":"..\/medias\/images\/prestataires\/138264-rochegrand_valdallos_04.jpg","libelle":"Vue depuis la randonn\u00e9e de Rochegrand sur le Col d'Allos et la Grande S\u00e9olane.","extension":"jpg","categorie":"","largeur":1200,"theme":"","hauteur":900,"type":"Image","origine":"","liaisonPave":"","langue":"","id":"138264","urlVignette":"https:\/\/www.valdallos.com\/medias\/images\/prestataires\/v-138264-rochegrand_valdallos_04.jpg","alt":"Vue depuis la randonn\u00e9e de Rochegrand sur le Col d'Allos et la Grande S\u00e9olane.","title":"Vue depuis la randonn\u00e9e de Rochegrand sur le Col d'Allos et la Grande S\u00e9olane. - &copy B Courbon","MultiTaille":{"1920x1440":{"url":"https:\/\/www.valdallos.com\/medias\/images\/prestataires\/multitailles\/1920x1440_138264-rochegrand_valdallos_04.jpg"},"1200x900":{"url":"https:\/\/www.valdallos.com\/medias\/images\/prestataires\/multitailles\/1200x900_138264-rochegrand_valdallos_04.jpg"},"800x600":{"url":"https:\/\/www.valdallos.com\/medias\/images\/prestataires\/multitailles\/800x600_138264-rochegrand_valdallos_04.jpg"},"640x480":{"url":"https:\/\/www.valdallos.com\/medias\/images\/prestataires\/multitailles\/640x480_138264-rochegrand_valdallos_04.jpg"},"320x240":{"url":"https:\/\/www.valdallos.com\/medias\/images\/prestataires\/multitailles\/320x240_138264-rochegrand_valdallos_04.jpg"},"160x120":{"url":"https:\/\/www.valdallos.com\/medias\/images\/prestataires\/multitailles\/160x120_138264-rochegrand_valdallos_04.jpg"},"origine":{"url":"https:\/\/www.valdallos.com\/medias\/images\/prestataires\/138264-rochegrand_valdallos_04.jpg"}},"urlLien":"","typeLien":"","nofollow":"N","copyright":"B Courbon"}]},"Document":[{"url":"https:\/\/www.valdallos.com\/medias\/images\/prestataires\/138265-name_34.gpx","chemin":"..\/medias\/images\/prestataires\/138265-name_34.gpx","libelle":"Rochegrand","extension":"gpx","categorie":"","largeur":"","theme":"","hauteur":"","type":"Document","origine":"","liaisonPave":"","langue":"","id":"138265","poids":"15.52 Ko","alt":"Rochegrand","title":"Rochegrand"}]},"Url":"rochegrand-la-foux-dallos.html","Localisation":{"GoogleMap":{"Latitude":"44.296827","Longitude":"6.594738"}},"ZoneGeo":"","Criteres":{"PUBLICATION[VALDALLOSITI":"","EADHER[EGRAT":"","CIDUREE[RANDO3":"","CIDUREE[RANDO5":"","ZONEGEO[FRPA04VAV1800":"","P.113[1593":"","P.113[4971":"","P.CINTSITRA[8809":"","P.CINTSITRA[5662":"","P.prestations[animauxAcceptes":"","P.prestations[surchargeTourismesAdaptes":"","P.prestations[surchargeDescriptifHandicapMoteur":"","P.prestations[surchargeDescriptifHandicapAuditif":"","P.prestations[surchargeDescriptifHandicapVisuel":"","P.prestations[surchargeDescriptifHandicapMental":"","P.prestations[surchargeNombreFauteuilsRoulants":"","P.services[687":"","P.prestationsVisitesIndividuelles[480":"","P.itineraire[itineraireBalise":"","P.itineraire[denivellationPositive":"340","P.itineraire[distance":"10","P.itineraire[itineraireType":"Aller \/ Retour","P.itineraire[dureeJournaliere":"180","P.itineraire[altitudeMaximum":"2409","P.environnements[171":"","P.114[418":"","P.114[416":"","P.114[436":"","P.visites[dureeMoyenneVisiteIndividuelle":"180","P.ouverturesComplementaires[4188":"","P.typologiesPromoSitra[1599":"","P.typologiesPromoSitra[1676":"","INDICATIONPRIX[GRATUIT":"","P.languesParlees[1197":"","P.rubrique[2988":"","P.61[3184":"","P.61[3333":"","P.61[3331":"","P.naturesTerrain[4246":"","P.VilleSitra[37282":"","P.3220[587401":"","P.3220[5575332":"","P.3221[4876304":"","P.3218[311229":"","P.3233[591419":"","P.3219[5127066":"","P.3219[5239406":"","P.6241[126905":"","P.6241[5740912":"","P.3240[5778284":"","P.VillageDeDepart[37282":"","P.3230[6139211":"","P.34[1602":"","P.tourismeAffaires[tourismeAffairesEnabled":"","P.tourismeAffaires[devise":"EUR"},"DateFinPublication":"","PrixAPartirDe":"","PrixPour":"","FicheListeEnCours":"fiche_liste_itineraires_equip_v2018","ParametresModele":{"AfficherPhotos":1,"NbPhotosMax":6,"AfficherReserver":0,"AfficherContact":"1","AfficherSalle":1,"AfficherZoneGeo":0,"AfficherEnSavoirPlus":"0","AfficherUneSeuleOuverture":0,"AfficherContactCarte":1,"AfficherTarifsChaudAPartirDe":0,"AfficherTarifChaudSansRecherche":0,"AfficherAvis":"0","AfficherAvisIngenie":"1","BlocCritereInfo":{"critere1":{"libelle":""},"critere2":{"libelle":""},"critere3":{"libelle":""},"critere4":{"libelle":""},"critere5":{"libelle":""},"critere6":{"libelle":"","liste_critere":["CIDUREE|E","P.prestations|ANINOAD|E","P.itineraire|distance|E","P.itineraire|denivellation|E","P.itineraire|dureeJournaliere|E"]},"critere7":{"libelle":"","liste_critere":["ZONEGEO|FRPA04VAV1800|E","ZONEGEO|FRPA04VAV1500|E","ZONEGEO|FRPA04VAV1400|E"]},"critere8":{"libelle":""},"critere9":{"libelle":""},"afficherpictoetpaslibelle":"1"},"BlocPaveInfo":{"texte1":{"longeurmax":"","afficherLibelle":"0","garderHtml":"0"},"texte3":{"longeurmax":"","afficherLibelle":"0","garderHtml":"0"}},"Criteres":"PUBLICATION[VALDALLOSITI","ModeleUrl":"fiche_itineraires_equip_v2018","PositionBloc":"GALLERIE|NOM|CRITERESORDONNEES|ZONEPRINCIPALFICHEPRESTA|DESCRIPTIF|AVIS|CARNET_VOYAGE|URL","TypePrestataire":"E","ComportementResa":false,"ComportementDispo":false},"AffichageCoordonnees":[],"Coordonnees":{"Ville":"La Foux d\u2019Allos"},"ContexteId":"PRESTATAIRE|E|4978681","ContexteIdHtml":"PRESTATAIRE-E-4978681","cleContexte":"E|4978681","Bloc":{"texte1":"","texte3":"","critere1":{"libelle":"","contenu":[]},"critere2":{"libelle":"","contenu":[]},"critere3":{"libelle":"","contenu":[]},"critere4":{"libelle":"","contenu":[]},"critere5":{"libelle":"","contenu":[]},"critere6":{"libelle":"","contenu":{"CIDUREE":{"libelle":"Typologie de l'itin\u00e9raire rando","contenu":{"3":"Itin\u00e9raire petite journ\u00e9e","5":"Sp\u00e9cial famille"},"codesValeurs":{"3":"CIDUREE|RANDO3|E","5":"CIDUREE|RANDO5|E"},"criteres_datas":{"valeurs":{"3":{"RANDO3":{"descriptif":""}},"5":{"RANDO5":{"descriptif":""}}}}},"P.itineraire":{"libelle":"Itin\u00e9raire","contenu":{"3":"\u003Cspan class=\"libelle\"\u003EDistance (en km)\u003C\/span\u003E \u003Cspan class=\"quantite\"\u003E10\u003C\/span\u003E","6":"\u003Cspan class=\"libelle\"\u003EDur\u00e9e journali\u00e8re (en min)\u003C\/span\u003E \u003Cspan class=\"quantite\"\u003E180\u003C\/span\u003E"},"codesValeurs":{"3":"P.itineraire|distance|E","6":"P.itineraire|dureeJournaliere|E"},"criteres_datas":{"valeurs":{"3":{"distance":{"descriptif":""}},"6":{"dureeJournaliere":{"descriptif":""}}}}}}},"critere7":{"libelle":"","contenu":{"ZONEGEO":{"libelle":"Localisation g\u00e9ographique","contenu":{"1":"Val d'Allos \u2013 La Foux"},"codesValeurs":{"1":"ZONEGEO|FRPA04VAV1800|E"},"criteres_datas":{"valeurs":{"1":{"FRPA04VAV1800":{"descriptif":""}}}}}}},"critere8":{"libelle":"","contenu":[]},"critere9":{"libelle":"","contenu":[]}},"LocalisationGps":{"Latitude":"44.296827","Longitude":"6.594738"},"libelleDuPrestataire":"","listeCriteres":{"PUBLICATION":{"VALDALLOSITI":""},"EADHER":{"EGRAT":""},"CIDUREE":{"RANDO3":"","RANDO5":""},"ZONEGEO":{"FRPA04VAV1800":""},"P.113":{"1593":"","4971":""},"P.CINTSITRA":{"8809":"","5662":""},"P.prestations":{"animauxAcceptes":"","surchargeTourismesAdaptes":"","surchargeDescriptifHandicapMoteur":"","surchargeDescriptifHandicapAuditif":"","surchargeDescriptifHandicapVisuel":"","surchargeDescriptifHandicapMental":"","surchargeNombreFauteuilsRoulants":""},"P.services":{"687":""},"P.prestationsVisitesIndividuelles":{"480":""},"P.itineraire":{"itineraireBalise":"","denivellationPositive":"340","distance":"10","itineraireType":"Aller \/ Retour","dureeJournaliere":"180","altitudeMaximum":"2409"},"P.environnements":{"171":""},"P.114":{"418":"","416":"","436":""},"P.visites":{"dureeMoyenneVisiteIndividuelle":"180"},"P.ouverturesComplementaires":{"4188":""},"P.typologiesPromoSitra":{"1599":"","1676":""},"INDICATIONPRIX":{"GRATUIT":""},"P.languesParlees":{"1197":""},"P.rubrique":{"2988":""},"P.61":{"3184":"","3333":"","3331":""},"P.naturesTerrain":{"4246":""},"P.VilleSitra":{"37282":""},"P.3220":{"587401":"","5575332":""},"P.3221":{"4876304":""},"P.3218":{"311229":""},"P.3233":{"591419":""},"P.3219":{"5127066":"","5239406":""},"P.6241":{"126905":"","5740912":""},"P.3240":{"5778284":""},"P.VillageDeDepart":{"37282":""},"P.3230":{"6139211":""},"P.34":{"1602":""},"P.tourismeAffaires":{"tourismeAffairesEnabled":"","devise":"EUR"}},"dansCarnetVoyage":true,"Ouverture":""},"html":" \n \u003Cdiv id=\"CV-PRESTATAIRE-E-4978681\" data-contexte-id=\"PRESTATAIRE|E|4978681\" data-cle=\"E|4978681\" class=\"fiche-liste\"\u003E\n    \n\n    \u003C!-- partie photo --\u003E\n    \u003Cdiv class=\"photo\"\u003E\t\t\t\t\t\t\t\t\t\t\t\t\t\t\t\t\t\t\t\t\t\n        \u003Cdiv class=\"cadre_photo_principale\"\u003E\t\t\n        \n            \t\t\t\t\t\n                    \u003Ca href=\"rochegrand-la-foux-dallos.html?origine=carnet#media\"\u003E\n                        \u003Cimg class=\"photo_principale\" alt=\"Etendue d'eau situ\u00e9e dans une prairie d'altitude. Montagnes en arri\u00e8re-plan\" src=\"https:\/\/www.valdallos.com\/medias\/images\/prestataires\/multitailles\/320x240_138260-rochegrand1.jpg\" itemprop=\"image\"\u003E\n                    \u003C\/a\u003E\t\t\t\t\t\t\n                \n                    \u003C\/div\u003E\t\t\t\t\t\t\t\t\t\t\t\t\t\t\t\t\t\t\t \t\t\n    \u003C\/div\u003E\n    \n    \u003C!-- partie nom prest --\u003E\n    \u003Cdiv class=\"nom\"\u003E\n        \u003Ch2\u003ERandonn\u00e9e de Rochegrand\u003C\/h2\u003E\n        \n            \u003C\/div\u003E\n\n         \n    \u003C!-- partie adresse --\u003E\n    \u003Cdiv class=\"adresse\"\u003E\n    \n          \n    \u003C\/div\u003E\n    \n    \u003C!-- partie liens --\u003E\n    \u003Cdiv class=\"liens\"\u003E\n            \u003Ca class=\"btn-icon btn-view \" title=\"Voir la fiche d\u00e9taill\u00e9e\" href=\"rochegrand-la-foux-dallos.html?origine=carnet\"\u003E\u003C\/a\u003E\u003C!--\u003Ca class=\"btn-icon btn-view \" title=\"\" href=\"?origine=carnet#thaut\"\u003E\u003C\/a\u003E--\u003E\n      \u003Ca class=\"btn-icon btn-trash carnet_voyage_supprimer\" title=\"Supprimer cette fiche de mon carnet de voyage\" href=\"carnet-voyage?action=remove&fiche=E|4978681\"\u003E\u003C\/a\u003E\n    \u003C\/div\u003E\n\n\u003C\/div\u003E\n\n","icon":"https:\/\/static.ingenie.fr\/images\/carnetVoyageV3\/E.png"},"fiche":"E|4978681","popup":"\u003Cdiv id=\"bloc_popup_ajout_fiche_carnet\"\u003E\n    \u003Cdiv class=\"info_popup_ajout_fiche_carnet\"\u003E\n        Vous venez d'ajouter cet \u00e9l\u00e9ment \u00e0 votre s\u00e9lection :    \u003C\/div\u003E\n    \u003Cdiv class=\"prest_popup_ajout_fiche_carnet\"\u003E\n        Randonn&eacute;e de Rochegrand    \u003C\/div\u003E\n    \u003Cdiv class=\"bloc_btn_ajout_fiche_carnet form_submit_div\"\u003E\n        \u003Cinput type=\"button\" value=\"Continuer ma s\u00e9lection\" title=\"Continuer ma s\u00e9lection\" name=\"btn_close\" class=\"btn_close_popup_carnet form_submit\" onclick=\"$.colorbox.close()\" \/\u003E\n        \u003Cinput type=\"button\" value=\"Voir ma s\u00e9lection\" title=\"Voir ma s\u00e9lection\" name=\"btn_panier\" class=\"btn_panier_popup_carnet form_submit\" onclick=\"if(typeof CarnetVoyage != 'undefined') {CarnetVoyage.voirCarnet();}\" \/\u003E\n    \u003C\/div\u003E\n    \u003Cdiv class=\"bloc_btn_ajout_fiche_carnet\"\u003E\n        \u003Cinput type=\"checkbox\" value=\"1\" name=\"desactiver_popup\" id=\"desactiver_popup\" \/\u003E\n        \u003Clabel for=\"desactiver_popup\"\u003ENe plus afficher ce message\u003C\/label\u003E\n    \u003C\/div\u003E\n\u003C\/div\u003E","success":1}