{"nbFiches":1,"dataPrest":{"infoPrest":{"pave1":{"libelle":"Descriptif","contenu":"Ce service est d\u00e9di\u00e9 \u00e0 l\u2019accompagnement des propri\u00e9taires dans la gestion et la valorisation de leurs logements en location"},"pave2":{"libelle":"URL de la r\u00e9servation ou vente en ligne","contenu":""},"pave3":{"libelle":"Descriptif court (old)","contenu":""},"pave4":{"libelle":"Descriptif d\u00e9taill\u00e9","contenu":"La maison des propri\u00e9taires est un service permettant de vous accompagner dans des d\u00e9marches administratives, la r\u00e9novation, la mise aux normes pour l\u2019occupation ou la mise en location de votre logement"},"pave5":{"libelle":"Bons plans","contenu":""},"pave6":{"libelle":"Compl\u00e9ment localisation","contenu":""},"pave7":{"libelle":"Compl\u00e9ment accueil","contenu":""},"pave8":{"libelle":"P\u00e9riodes en clair","contenu":"Toute l'ann\u00e9e du lundi au vendredi."},"pave9":{"libelle":"Tarifs en clair","contenu":""},"pave10":{"libelle":"Compl\u00e9ment Tarifs","contenu":""},"pave11":{"libelle":"Compl\u00e9ment R\u00e9servation","contenu":""},"pave12":{"libelle":"Descriptif court","contenu":""},"pave13":{"libelle":"Descriptif d\u00e9taill\u00e9","contenu":""},"pave14":{"libelle":"Bons plans","contenu":""},"pave15":{"libelle":"Tarifs (Tarifs en clair, Compl\u00e9ment Tarifs)","contenu":""},"pave16":{"libelle":"P\u00e9riodes en clair","contenu":""},"pave17":{"libelle":"Descriptif court","contenu":""},"pave18":{"libelle":"Descriptif d\u00e9taill\u00e9","contenu":""},"pave19":{"libelle":"Bons plans","contenu":""},"pave20":{"libelle":"Tarifs (Tarifs en clair, Compl\u00e9ment Tarifs)","contenu":""},"pave21":{"libelle":"P\u00e9riodes en clair","contenu":""},"pave22":{"libelle":"Dispositions sp\u00e9ciales","contenu":""},"pave23":{"libelle":"Nouveaut\u00e9s","contenu":""},"pave24":{"libelle":"Gestes pour l'environnement","contenu":""},"pave25":{"libelle":"","contenu":""},"Libelle":"Maison des propri\u00e9taires","Nom":"Maison des propri\u00e9taires","Prenom":"","NomPrenom":"Maison des propri\u00e9taires ","CiviliteNomPrenom":"Maison des propri\u00e9taires ","Cle":"A|7709579","PrestataireParent":"","ContexteStat":"PRESTATAIRE-A-7709579","DateModificationIso":"2026-03-11T00:16:00+01:00","Type":"PRESTATAIRE","TypePrestataire":"A","Adresse":{"LigneAdresse1":"","LigneAdresse2":"","LigneAdresse3":"","CodePostal":"04260","Ville":"Allos","Cedex":"","Etat":"","Pays":"FRA"},"Email":"maisondesproprietaires@mairie-allos.fr","Telephone":"","TelephoneBureau":"","Portable":"06 72 14 14 79","SiteWeb":"https:\/\/lamaisondesproprietaires.fr\/","Fax":"","Id":"a-7709579","Code":"A|7709579","Fichier":{"ByCategorie":{"DEFAUT":[{"url":"https:\/\/www.valdallos.com\/medias\/images\/info_menu\/defaut-1771.jpg","chemin":"..\/medias\/images\/info_menu\/defaut-1771.jpg","libelle":"Defaut","extension":"jpg","categorie":"SOMM2014","largeur":640,"theme":"","hauteur":426,"type":"Image","origine":"","liaisonPave":"","langue":"","id":"1771","urlVignette":"https:\/\/www.valdallos.com\/medias\/images\/info_menu\/v-defaut-1771.jpg","alt":"Defaut","title":"D\u00e9faut","MultiTaille":{"1920x1440":{"url":"https:\/\/www.valdallos.com\/medias\/images\/info_menu\/multitailles\/1920x1440_defaut-1771.jpg"},"1200x900":{"url":"https:\/\/www.valdallos.com\/medias\/images\/info_menu\/multitailles\/1200x900_defaut-1771.jpg"},"800x600":{"url":"https:\/\/www.valdallos.com\/medias\/images\/info_menu\/multitailles\/800x600_defaut-1771.jpg"},"640x480":{"url":"https:\/\/www.valdallos.com\/medias\/images\/info_menu\/multitailles\/640x480_defaut-1771.jpg"},"320x240":{"url":"https:\/\/www.valdallos.com\/medias\/images\/info_menu\/multitailles\/320x240_defaut-1771.jpg"},"160x120":{"url":"https:\/\/www.valdallos.com\/medias\/images\/info_menu\/multitailles\/160x120_defaut-1771.jpg"},"origine":{"url":"https:\/\/www.valdallos.com\/medias\/images\/info_menu\/defaut-1771.jpg"}},"urlLien":"","typeLien":"|","nofollow":"N","copyright":""}]},"Image":[{"url":"https:\/\/www.valdallos.com\/medias\/images\/info_menu\/defaut-1771.jpg","chemin":"..\/medias\/images\/info_menu\/defaut-1771.jpg","libelle":"Defaut","extension":"jpg","categorie":"SOMM2014","largeur":640,"theme":"","hauteur":426,"type":"Image","origine":"","liaisonPave":"","langue":"","id":"1771","urlVignette":"https:\/\/www.valdallos.com\/medias\/images\/info_menu\/v-defaut-1771.jpg","alt":"Defaut","title":"D\u00e9faut","MultiTaille":{"1920x1440":{"url":"https:\/\/www.valdallos.com\/medias\/images\/info_menu\/multitailles\/1920x1440_defaut-1771.jpg"},"1200x900":{"url":"https:\/\/www.valdallos.com\/medias\/images\/info_menu\/multitailles\/1200x900_defaut-1771.jpg"},"800x600":{"url":"https:\/\/www.valdallos.com\/medias\/images\/info_menu\/multitailles\/800x600_defaut-1771.jpg"},"640x480":{"url":"https:\/\/www.valdallos.com\/medias\/images\/info_menu\/multitailles\/640x480_defaut-1771.jpg"},"320x240":{"url":"https:\/\/www.valdallos.com\/medias\/images\/info_menu\/multitailles\/320x240_defaut-1771.jpg"},"160x120":{"url":"https:\/\/www.valdallos.com\/medias\/images\/info_menu\/multitailles\/160x120_defaut-1771.jpg"},"origine":{"url":"https:\/\/www.valdallos.com\/medias\/images\/info_menu\/defaut-1771.jpg"}},"urlLien":"","typeLien":"|","nofollow":"N","copyright":""}]},"Url":"services-maison-des-proprietaires.html","Localisation":{"GoogleMap":{"Latitude":"44.240857","Longitude":"6.629012"}},"ZoneGeo":"","Criteres":{"P.prestations[surchargeTourismesAdaptes":"","P.prestations[surchargeDescriptifHandicapMoteur":"","P.prestations[surchargeDescriptifHandicapAuditif":"","P.prestations[surchargeDescriptifHandicapVisuel":"","P.prestations[surchargeDescriptifHandicapMental":"","P.prestations[surchargeNombreFauteuilsRoulants":"","P.languesParlees[1197":"","P.114[416":"","P.114[418":"","P.114[435":"","P.114[436":"","P.tourismeAffaires[tourismeAffairesEnabled":"","P.tourismeAffaires[devise":"EUR","P.commerceEtServiceType[1875":"","P.16[2355":"","P.CINTSITRA[5662":"","P.CINTSITRA[5663":"","P.CINTSITRA[5664":"","P.CINTSITRA[8809":"","P.6241[126905":"","P.6241[5740912":"","P.3218[311229":"","P.3220[587401":"","P.3220[5575332":"","P.3233[591419":"","P.3221[4876304":"","P.3219[5127127":"","P.3219[5239406":"","P.3219[6436838":"","P.3240[5778284":"","P.6242[5843488":"","P.3230[6139211":"","P.VilleSitra[1559":"","P.VillageDeDepart[1559":"","AADHER[AGRAT":"","ACOMM[ALANGU":"","PUBLICATION[VALDALLOS":"","ZONEGEO[FRPA04VAV1400":"","P.114[439":""},"DateFinPublication":"","PrixAPartirDe":"","PrixPour":"","FicheListeEnCours":"fiche_liste_commerces_services_OT_v3","ParametresModele":{"AfficherPhotos":1,"NbPhotosMax":6,"AfficherReserver":0,"AfficherContact":0,"AfficherSalle":1,"AfficherZoneGeo":0,"AfficherEnSavoirPlus":"0","AfficherUneSeuleOuverture":0,"AfficherContactCarte":1,"AfficherTarifsChaudAPartirDe":0,"AfficherTarifChaudSansRecherche":0,"BlocCritereInfo":{"critere1":{"libelle":""},"critere2":{"libelle":"","liste_critere":["ZONEGEO|A"]},"critere3":{"libelle":""},"critere4":{"libelle":""},"critere5":{"libelle":"","liste_critere":["ACOMM|A","ASANTE|A"]},"critere6":{"libelle":"","liste_critere":["ALABEL|A"]},"critere7":{"libelle":""},"critere8":{"libelle":""},"afficherpictoetpaslibelle":"1"},"BlocPaveInfo":{"texte1":{"pave":["1","12","17"],"longeurmax":"250","afficherLibelle":"0","garderHtml":"0"}},"PositionBloc":"GALLERIE|ZONEPRINCIPALFICHEPRESTA|NOM|CARNET_VOYAGE","TypePrestataire":"A","ComportementResa":false,"ComportementDispo":false},"AffichageCoordonnees":[],"Coordonnees":{"Ville":"Allos"},"ContexteId":"PRESTATAIRE|A|7709579","ContexteIdHtml":"PRESTATAIRE-A-7709579","cleContexte":"A|7709579","Bloc":{"texte1":"Ce service est d\u00e9di\u00e9 \u00e0 l\u2019accompagnement des propri\u00e9taires dans la gestion et la valorisation de leurs logements en location","texte3":"","critere1":{"libelle":"","contenu":[]},"critere2":{"libelle":"","contenu":{"ZONEGEO":{"libelle":"Localisation g\u00e9ographique","contenu":{"3":"Val d\u2019Allos \u2013 Le village"},"codesValeurs":{"3":"ZONEGEO|FRPA04VAV1400|A"},"criteres_datas":{"valeurs":{"3":{"FRPA04VAV1400":{"descriptif":""}}}}}}},"critere3":{"libelle":"","contenu":[]},"critere4":{"libelle":"","contenu":[]},"critere5":{"libelle":"","contenu":{"ACOMM":{"libelle":"Commerce","contenu":{"19":"Services"},"codesValeurs":{"19":"ACOMM|ALANGU|A"},"criteres_datas":{"valeurs":{"19":{"ALANGU":{"descriptif":""}}}}}}},"critere6":{"libelle":"","contenu":[]},"critere7":{"libelle":"","contenu":[]},"critere8":{"libelle":"","contenu":[]},"critere9":{"libelle":"","contenu":[]}},"LocalisationGps":{"Latitude":"44.240857","Longitude":"6.629012"},"libelleDuPrestataire":"","listeCriteres":{"P.prestations":{"surchargeTourismesAdaptes":"","surchargeDescriptifHandicapMoteur":"","surchargeDescriptifHandicapAuditif":"","surchargeDescriptifHandicapVisuel":"","surchargeDescriptifHandicapMental":"","surchargeNombreFauteuilsRoulants":""},"P.languesParlees":{"1197":""},"P.114":{"416":"","418":"","435":"","436":"","439":""},"P.tourismeAffaires":{"tourismeAffairesEnabled":"","devise":"EUR"},"P.commerceEtServiceType":{"1875":""},"P.16":{"2355":""},"P.CINTSITRA":{"5662":"","5663":"","5664":"","8809":""},"P.6241":{"126905":"","5740912":""},"P.3218":{"311229":""},"P.3220":{"587401":"","5575332":""},"P.3233":{"591419":""},"P.3221":{"4876304":""},"P.3219":{"5127127":"","5239406":"","6436838":""},"P.3240":{"5778284":""},"P.6242":{"5843488":""},"P.3230":{"6139211":""},"P.VilleSitra":{"1559":""},"P.VillageDeDepart":{"1559":""},"AADHER":{"AGRAT":""},"ACOMM":{"ALANGU":""},"PUBLICATION":{"VALDALLOS":""},"ZONEGEO":{"FRPA04VAV1400":""}},"dansCarnetVoyage":true,"Ouverture":""},"html":" \n \u003Cdiv id=\"CV-PRESTATAIRE-A-7709579\" data-contexte-id=\"PRESTATAIRE|A|7709579\" data-cle=\"A|7709579\" class=\"fiche-liste\"\u003E\n    \n\n    \u003C!-- partie photo --\u003E\n    \u003Cdiv class=\"photo\"\u003E\t\t\t\t\t\t\t\t\t\t\t\t\t\t\t\t\t\t\t\t\t\n        \u003Cdiv class=\"cadre_photo_principale\"\u003E\t\t\n        \n            \t\t\t\t\t\n                    \u003Ca href=\"services-maison-des-proprietaires.html?origine=carnet#media\"\u003E\n                        \u003Cimg class=\"photo_principale\" alt=\"Defaut\" src=\"https:\/\/www.valdallos.com\/medias\/images\/info_menu\/multitailles\/320x240_defaut-1771.jpg\" itemprop=\"image\"\u003E\n                    \u003C\/a\u003E\t\t\t\t\t\t\n                \n                    \u003C\/div\u003E\t\t\t\t\t\t\t\t\t\t\t\t\t\t\t\t\t\t\t \t\t\n    \u003C\/div\u003E\n    \n    \u003C!-- partie nom prest --\u003E\n    \u003Cdiv class=\"nom\"\u003E\n        \u003Ch2\u003EMaison des propri\u00e9taires\u003C\/h2\u003E\n        \n            \u003C\/div\u003E\n\n         \n    \u003C!-- partie adresse --\u003E\n    \u003Cdiv class=\"adresse\"\u003E\n    \n          \n    \u003C\/div\u003E\n    \n    \u003C!-- partie liens --\u003E\n    \u003Cdiv class=\"liens\"\u003E\n            \u003Ca class=\"btn-icon btn-view \" title=\"Voir la fiche d\u00e9taill\u00e9e\" href=\"services-maison-des-proprietaires.html?origine=carnet\"\u003E\u003C\/a\u003E\u003C!--\u003Ca class=\"btn-icon btn-view \" title=\"\" href=\"?origine=carnet#thaut\"\u003E\u003C\/a\u003E--\u003E\n      \u003Ca class=\"btn-icon btn-trash carnet_voyage_supprimer\" title=\"Supprimer cette fiche de mon carnet de voyage\" href=\"carnet-voyage?action=remove&fiche=A|7709579\"\u003E\u003C\/a\u003E\n    \u003C\/div\u003E\n\n\u003C\/div\u003E\n\n","icon":"https:\/\/static.ingenie.fr\/images\/carnetVoyageV3\/A.png"},"fiche":"A|7709579","popup":"\u003Cdiv id=\"bloc_popup_ajout_fiche_carnet\"\u003E\n    \u003Cdiv class=\"info_popup_ajout_fiche_carnet\"\u003E\n        Vous venez d'ajouter cet \u00e9l\u00e9ment \u00e0 votre s\u00e9lection :    \u003C\/div\u003E\n    \u003Cdiv class=\"prest_popup_ajout_fiche_carnet\"\u003E\n        Maison des propri&eacute;taires    \u003C\/div\u003E\n    \u003Cdiv class=\"bloc_btn_ajout_fiche_carnet form_submit_div\"\u003E\n        \u003Cinput type=\"button\" value=\"Continuer ma s\u00e9lection\" title=\"Continuer ma s\u00e9lection\" name=\"btn_close\" class=\"btn_close_popup_carnet form_submit\" onclick=\"$.colorbox.close()\" \/\u003E\n        \u003Cinput type=\"button\" value=\"Voir ma s\u00e9lection\" title=\"Voir ma s\u00e9lection\" name=\"btn_panier\" class=\"btn_panier_popup_carnet form_submit\" onclick=\"if(typeof CarnetVoyage != 'undefined') {CarnetVoyage.voirCarnet();}\" \/\u003E\n    \u003C\/div\u003E\n    \u003Cdiv class=\"bloc_btn_ajout_fiche_carnet\"\u003E\n        \u003Cinput type=\"checkbox\" value=\"1\" name=\"desactiver_popup\" id=\"desactiver_popup\" \/\u003E\n        \u003Clabel for=\"desactiver_popup\"\u003ENe plus afficher ce message\u003C\/label\u003E\n    \u003C\/div\u003E\n\u003C\/div\u003E","success":1}