{"nbFiches":1,"dataPrest":{"infoPrest":{"pave1":{"libelle":"Descriptif","contenu":"Lieu d\u2019accueil et d\u2019information du public au sein du territoire du Mercantour, le point d'information du Parc National du Mercantour - Val d'Allos est \u00e0 votre disposition."},"pave2":{"libelle":"URL de la r\u00e9servation ou vente en ligne","contenu":"http:\/\/www.mercantour.eu\/index.php\/boutique"},"pave3":{"libelle":"Descriptif court (old)","contenu":""},"pave4":{"libelle":"Descriptif d\u00e9taill\u00e9","contenu":"Le mercantour est un parc National, cr\u00e9e en 1979, dont le coeur s'\u00e9tend des Alpes jusqu'aux confins de la M\u00e9diterran\u00e9e.\u003Cbr \/\u003E\r\n\u003Cbr \/\u003E\r\nDans la haute vall\u00e9e du Verdon, le coeur prot\u00e9g\u00e9 et r\u00e9glement\u00e9 du parc couvre 54km\u00b2 entre le col d'Allos et le col des Champs.\u003Cbr \/\u003E\r\n\u003Cbr \/\u003E\r\nG\u00e9r\u00e9 par un \u00e9tablissement public il a pour mission la conservation et la gestion du patrimoine. Le parc national du Mercantour a aussi pour mission l'accueil et la sensibilisation du public \u00e0 l'environnement et collabore \u00e9galement  au d\u00e9veloppement durable des communes."},"pave5":{"libelle":"Bons plans","contenu":""},"pave6":{"libelle":"Compl\u00e9ment localisation","contenu":"Point d'accueil et de vente ouvert au public au parking du Laus (parking du lac d'Allos) en saison d'\u00e9t\u00e9 de fin juin \u00e0 d\u00e9but septembre."},"pave7":{"libelle":"Compl\u00e9ment accueil","contenu":""},"pave8":{"libelle":"P\u00e9riodes en clair","contenu":"Toute l'ann\u00e9e. Tous les jours.\u003Cbr \/\u003E\nFerm\u00e9 samedi et dimanche."},"pave9":{"libelle":"Tarifs en clair","contenu":""},"pave10":{"libelle":"Compl\u00e9ment Tarifs","contenu":""},"pave11":{"libelle":"Compl\u00e9ment R\u00e9servation","contenu":""},"pave12":{"libelle":"Descriptif court","contenu":""},"pave13":{"libelle":"Descriptif d\u00e9taill\u00e9","contenu":""},"pave14":{"libelle":"Bons plans","contenu":""},"pave15":{"libelle":"Tarifs (Tarifs en clair, Compl\u00e9ment Tarifs)","contenu":""},"pave16":{"libelle":"P\u00e9riodes en clair","contenu":""},"pave17":{"libelle":"Descriptif court","contenu":""},"pave18":{"libelle":"Descriptif d\u00e9taill\u00e9","contenu":""},"pave19":{"libelle":"Bons plans","contenu":""},"pave20":{"libelle":"Tarifs (Tarifs en clair, Compl\u00e9ment Tarifs)","contenu":""},"pave21":{"libelle":"P\u00e9riodes en clair","contenu":""},"pave22":{"libelle":"Dispositions sp\u00e9ciales","contenu":""},"pave23":{"libelle":"Nouveaut\u00e9s","contenu":""},"pave24":{"libelle":"Gestes pour l'environnement","contenu":""},"pave25":{"libelle":"","contenu":""},"ContactsParType":{"INF":{"115003":{"id_contact":"115003","type_contact":"INF","categorie_contact":"PRESTATAIRE","societe_contact":"","fonction_contact":"","civilite_nom_prenom_contact":"","adresse1_contact":"","adresse2_contact":"","adresse3_contact":"","cpostal_contact":"","ville_contact":"","teldom_contact":"04 92 83 04 18","telbur_contact":"","fax_contact":"","portable_contact":"","email_contact":"verdon@mercantour-parcnational.fr","siteweb_contact":"","commentaire_contact":"","langue_contact":"","autre_moyen_com":[]}}},"ZoneGeoLibelle":"Val d\u2019Allos \u2013 Le village","Libelle":"Point d'information du Parc national du Mercantour - Val d'Allos","Nom":"Point d'information du Parc national du Mercantour - Val d'Allos","Prenom":"","NomPrenom":"Point d'information du Parc national du Mercantour - Val d'Allos ","CiviliteNomPrenom":"Point d'information du Parc national du Mercantour - Val d'Allos ","Cle":"A|4645645","PrestataireParent":"","ContexteStat":"PRESTATAIRE-A-4645645","DateModificationIso":"2025-11-25T01:49:00+01:00","Type":"PRESTATAIRE","TypePrestataire":"A","Adresse":{"LigneAdresse1":"place de la coop\u00e9rative","LigneAdresse2":"Val d'Allos le Village","LigneAdresse3":"","CodePostal":"04260","Ville":"Allos","Cedex":"","Etat":"","Pays":"FRA"},"Email":"verdon@mercantour-parcnational.fr","Telephone":"04 92 83 04 18","TelephoneBureau":"","Portable":"","SiteWeb":"https:\/\/www.mercantour-parcnational.fr\/fr","Fax":"","Id":"a-4645645","Code":"A|4645645","Fichier":{"Image":[{"url":"https:\/\/www.valdallos.com\/medias\/images\/prestataires\/parc-du-mercantour-602.jpg","chemin":"..\/medias\/images\/prestataires\/parc-du-mercantour-602.jpg","libelle":"parc-du-mercantour","extension":"jpg","categorie":"","largeur":950,"theme":"","hauteur":800,"type":"Image","origine":"","liaisonPave":"","langue":"","id":"602","urlVignette":"https:\/\/www.valdallos.com\/medias\/images\/prestataires\/v-parc-du-mercantour-602.jpg","alt":"parc-du-mercantour","title":"parc-du-mercantour","MultiTaille":{"1920x1440":{"url":"https:\/\/www.valdallos.com\/medias\/images\/prestataires\/multitailles\/1920x1440_parc-du-mercantour-602.jpg"},"1200x900":{"url":"https:\/\/www.valdallos.com\/medias\/images\/prestataires\/multitailles\/1200x900_parc-du-mercantour-602.jpg"},"800x600":{"url":"https:\/\/www.valdallos.com\/medias\/images\/prestataires\/multitailles\/800x600_parc-du-mercantour-602.jpg"},"640x480":{"url":"https:\/\/www.valdallos.com\/medias\/images\/prestataires\/multitailles\/640x480_parc-du-mercantour-602.jpg"},"320x240":{"url":"https:\/\/www.valdallos.com\/medias\/images\/prestataires\/multitailles\/320x240_parc-du-mercantour-602.jpg"},"160x120":{"url":"https:\/\/www.valdallos.com\/medias\/images\/prestataires\/multitailles\/160x120_parc-du-mercantour-602.jpg"},"origine":{"url":"https:\/\/www.valdallos.com\/medias\/images\/prestataires\/parc-du-mercantour-602.jpg"}},"urlLien":"","typeLien":"|","nofollow":"N","copyright":""},{"url":"https:\/\/www.valdallos.com\/medias\/images\/prestataires\/131367-parc_national_du_mercantour.jpg","chemin":"..\/medias\/images\/prestataires\/131367-parc_national_du_mercantour.jpg","libelle":"parc national du mercantour","extension":"jpg","categorie":"","largeur":743,"theme":"","hauteur":626,"type":"Image","origine":"","liaisonPave":"","langue":"","id":"131367","urlVignette":"https:\/\/www.valdallos.com\/medias\/images\/prestataires\/v-131367-parc_national_du_mercantour.jpg","alt":"parc national du mercantour","title":"parc national du mercantour - &copy parc national du mercantour","MultiTaille":{"1920x1440":{"url":"https:\/\/www.valdallos.com\/medias\/images\/prestataires\/multitailles\/1920x1440_131367-parc_national_du_mercantour.jpg"},"1200x900":{"url":"https:\/\/www.valdallos.com\/medias\/images\/prestataires\/multitailles\/1200x900_131367-parc_national_du_mercantour.jpg"},"800x600":{"url":"https:\/\/www.valdallos.com\/medias\/images\/prestataires\/multitailles\/800x600_131367-parc_national_du_mercantour.jpg"},"640x480":{"url":"https:\/\/www.valdallos.com\/medias\/images\/prestataires\/multitailles\/640x480_131367-parc_national_du_mercantour.jpg"},"320x240":{"url":"https:\/\/www.valdallos.com\/medias\/images\/prestataires\/multitailles\/320x240_131367-parc_national_du_mercantour.jpg"},"160x120":{"url":"https:\/\/www.valdallos.com\/medias\/images\/prestataires\/multitailles\/160x120_131367-parc_national_du_mercantour.jpg"},"origine":{"url":"https:\/\/www.valdallos.com\/medias\/images\/prestataires\/131367-parc_national_du_mercantour.jpg"}},"urlLien":"","typeLien":"","nofollow":"N","copyright":"parc national du mercantour"}],"ByCategorie":{"":[{"url":"https:\/\/www.valdallos.com\/medias\/images\/prestataires\/parc-du-mercantour-602.jpg","chemin":"..\/medias\/images\/prestataires\/parc-du-mercantour-602.jpg","libelle":"parc-du-mercantour","extension":"jpg","categorie":"","largeur":950,"theme":"","hauteur":800,"type":"Image","origine":"","liaisonPave":"","langue":"","id":"602","urlVignette":"https:\/\/www.valdallos.com\/medias\/images\/prestataires\/v-parc-du-mercantour-602.jpg","alt":"parc-du-mercantour","title":"parc-du-mercantour","MultiTaille":{"1920x1440":{"url":"https:\/\/www.valdallos.com\/medias\/images\/prestataires\/multitailles\/1920x1440_parc-du-mercantour-602.jpg"},"1200x900":{"url":"https:\/\/www.valdallos.com\/medias\/images\/prestataires\/multitailles\/1200x900_parc-du-mercantour-602.jpg"},"800x600":{"url":"https:\/\/www.valdallos.com\/medias\/images\/prestataires\/multitailles\/800x600_parc-du-mercantour-602.jpg"},"640x480":{"url":"https:\/\/www.valdallos.com\/medias\/images\/prestataires\/multitailles\/640x480_parc-du-mercantour-602.jpg"},"320x240":{"url":"https:\/\/www.valdallos.com\/medias\/images\/prestataires\/multitailles\/320x240_parc-du-mercantour-602.jpg"},"160x120":{"url":"https:\/\/www.valdallos.com\/medias\/images\/prestataires\/multitailles\/160x120_parc-du-mercantour-602.jpg"},"origine":{"url":"https:\/\/www.valdallos.com\/medias\/images\/prestataires\/parc-du-mercantour-602.jpg"}},"urlLien":"","typeLien":"|","nofollow":"N","copyright":""},{"url":"https:\/\/www.valdallos.com\/medias\/images\/prestataires\/131367-parc_national_du_mercantour.jpg","chemin":"..\/medias\/images\/prestataires\/131367-parc_national_du_mercantour.jpg","libelle":"parc national du mercantour","extension":"jpg","categorie":"","largeur":743,"theme":"","hauteur":626,"type":"Image","origine":"","liaisonPave":"","langue":"","id":"131367","urlVignette":"https:\/\/www.valdallos.com\/medias\/images\/prestataires\/v-131367-parc_national_du_mercantour.jpg","alt":"parc national du mercantour","title":"parc national du mercantour - &copy parc national du mercantour","MultiTaille":{"1920x1440":{"url":"https:\/\/www.valdallos.com\/medias\/images\/prestataires\/multitailles\/1920x1440_131367-parc_national_du_mercantour.jpg"},"1200x900":{"url":"https:\/\/www.valdallos.com\/medias\/images\/prestataires\/multitailles\/1200x900_131367-parc_national_du_mercantour.jpg"},"800x600":{"url":"https:\/\/www.valdallos.com\/medias\/images\/prestataires\/multitailles\/800x600_131367-parc_national_du_mercantour.jpg"},"640x480":{"url":"https:\/\/www.valdallos.com\/medias\/images\/prestataires\/multitailles\/640x480_131367-parc_national_du_mercantour.jpg"},"320x240":{"url":"https:\/\/www.valdallos.com\/medias\/images\/prestataires\/multitailles\/320x240_131367-parc_national_du_mercantour.jpg"},"160x120":{"url":"https:\/\/www.valdallos.com\/medias\/images\/prestataires\/multitailles\/160x120_131367-parc_national_du_mercantour.jpg"},"origine":{"url":"https:\/\/www.valdallos.com\/medias\/images\/prestataires\/131367-parc_national_du_mercantour.jpg"}},"urlLien":"","typeLien":"","nofollow":"N","copyright":"parc national du mercantour"}]}},"Url":"point-d-information-du-parc-national-du-mercantour-val-d-allos-val-dallos-le-village.html","Localisation":{"GoogleMap":{"Latitude":"44.241645","Longitude":"6.626782"},"PlanStation":{"idPlan":"7","nomPlan":"[NEW] Plan Village Allos","carte":"\/plan\/plan_village_2018[HIVER_FR[.jpg","PositionAbs":"1138","PositionOrd":"305"}},"ZoneGeo":"","Criteres":{"AADHER[AGRAT":"","ZONEGEO[FRPA04VAV1400":"","PUBLICATION[VALDALLOS":"","P.4790[4933":"","P.prestations[surchargeTourismesAdaptes":"","P.prestations[surchargeDescriptifHandicapMoteur":"","P.prestations[surchargeDescriptifHandicapAuditif":"","P.prestations[surchargeDescriptifHandicapVisuel":"","P.prestations[surchargeDescriptifHandicapMental":"","P.prestations[surchargeNombreFauteuilsRoulants":"","P.languesParlees[1197":"","P.114[416":"","P.114[418":"","P.114[435":"","P.114[436":"","P.commerceEtServiceType[4013":"","P.typesDetailles[4031":"","P.CINTSITRA[5662":"","P.CINTSITRA[5663":"","P.CINTSITRA[5664":"","P.CINTSITRA[8809":"","P.6241[126905":"","P.6241[5740912":"","P.3218[311229":"","P.3220[587401":"","P.3220[5575332":"","P.3233[591419":"","P.3221[4876304":"","P.3219[5127127":"","P.3219[5239406":"","P.3219[6436838":"","P.3240[5778284":"","P.6242[5843488":"","P.3230[6139211":"","P.VilleSitra[1559":"","P.VillageDeDepart[1559":"","P.114[439":""},"DateFinPublication":"","PrixAPartirDe":"","PrixPour":"","FicheListeEnCours":"fiche_liste_commerces_services_OT_v3","ParametresModele":{"AfficherPhotos":1,"NbPhotosMax":6,"AfficherReserver":0,"AfficherContact":0,"AfficherSalle":1,"AfficherZoneGeo":0,"AfficherEnSavoirPlus":"0","AfficherUneSeuleOuverture":0,"AfficherContactCarte":1,"AfficherTarifsChaudAPartirDe":0,"AfficherTarifChaudSansRecherche":0,"BlocCritereInfo":{"critere1":{"libelle":""},"critere2":{"libelle":"","liste_critere":["ZONEGEO|A"]},"critere3":{"libelle":""},"critere4":{"libelle":""},"critere5":{"libelle":"","liste_critere":["ACOMM|A","ASANTE|A"]},"critere6":{"libelle":"","liste_critere":["ALABEL|A"]},"critere7":{"libelle":""},"critere8":{"libelle":""},"afficherpictoetpaslibelle":"1"},"BlocPaveInfo":{"texte1":{"pave":["1","12","17"],"longeurmax":"250","afficherLibelle":"0","garderHtml":"0"}},"PositionBloc":"GALLERIE|ZONEPRINCIPALFICHEPRESTA|NOM|CARNET_VOYAGE","TypePrestataire":"A","ComportementResa":false,"ComportementDispo":false},"AffichageCoordonnees":[],"Coordonnees":{"Ville":"Allos"},"ContexteId":"PRESTATAIRE|A|4645645","ContexteIdHtml":"PRESTATAIRE-A-4645645","cleContexte":"A|4645645","Bloc":{"texte1":"Lieu d\u2019accueil et d\u2019information du public au sein du territoire du Mercantour, le point d'information du Parc National du Mercantour - Val d'Allos est \u00e0 votre disposition.","texte3":"","critere1":{"libelle":"","contenu":[]},"critere2":{"libelle":"","contenu":{"ZONEGEO":{"libelle":"Localisation g\u00e9ographique","contenu":{"3":"Val d\u2019Allos \u2013 Le village"},"codesValeurs":{"3":"ZONEGEO|FRPA04VAV1400|A"},"criteres_datas":{"valeurs":{"3":{"FRPA04VAV1400":{"descriptif":""}}}}}}},"critere3":{"libelle":"","contenu":[]},"critere4":{"libelle":"","contenu":[]},"critere5":{"libelle":"","contenu":[]},"critere6":{"libelle":"","contenu":[]},"critere7":{"libelle":"","contenu":[]},"critere8":{"libelle":"","contenu":[]},"critere9":{"libelle":"","contenu":[]}},"LocalisationGps":{"Latitude":"44.241645","Longitude":"6.626782"},"libelleDuPrestataire":"","listeCriteres":{"AADHER":{"AGRAT":""},"ZONEGEO":{"FRPA04VAV1400":""},"PUBLICATION":{"VALDALLOS":""},"P.4790":{"4933":""},"P.prestations":{"surchargeTourismesAdaptes":"","surchargeDescriptifHandicapMoteur":"","surchargeDescriptifHandicapAuditif":"","surchargeDescriptifHandicapVisuel":"","surchargeDescriptifHandicapMental":"","surchargeNombreFauteuilsRoulants":""},"P.languesParlees":{"1197":""},"P.114":{"416":"","418":"","435":"","436":"","439":""},"P.commerceEtServiceType":{"4013":""},"P.typesDetailles":{"4031":""},"P.CINTSITRA":{"5662":"","5663":"","5664":"","8809":""},"P.6241":{"126905":"","5740912":""},"P.3218":{"311229":""},"P.3220":{"587401":"","5575332":""},"P.3233":{"591419":""},"P.3221":{"4876304":""},"P.3219":{"5127127":"","5239406":"","6436838":""},"P.3240":{"5778284":""},"P.6242":{"5843488":""},"P.3230":{"6139211":""},"P.VilleSitra":{"1559":""},"P.VillageDeDepart":{"1559":""}},"dansCarnetVoyage":true,"Ouverture":""},"html":" \n \u003Cdiv id=\"CV-PRESTATAIRE-A-4645645\" data-contexte-id=\"PRESTATAIRE|A|4645645\" data-cle=\"A|4645645\" class=\"fiche-liste\"\u003E\n    \n\n    \u003C!-- partie photo --\u003E\n    \u003Cdiv class=\"photo\"\u003E\t\t\t\t\t\t\t\t\t\t\t\t\t\t\t\t\t\t\t\t\t\n        \u003Cdiv class=\"cadre_photo_principale\"\u003E\t\t\n        \n            \t\t\t\t\t\n                    \u003Ca href=\"point-d-information-du-parc-national-du-mercantour-val-d-allos-val-dallos-le-village.html?origine=carnet#media\"\u003E\n                        \u003Cimg class=\"photo_principale\" alt=\"parc-du-mercantour\" src=\"https:\/\/www.valdallos.com\/medias\/images\/prestataires\/multitailles\/320x240_parc-du-mercantour-602.jpg\" itemprop=\"image\"\u003E\n                    \u003C\/a\u003E\t\t\t\t\t\t\n                \n                    \u003C\/div\u003E\t\t\t\t\t\t\t\t\t\t\t\t\t\t\t\t\t\t\t \t\t\n    \u003C\/div\u003E\n    \n    \u003C!-- partie nom prest --\u003E\n    \u003Cdiv class=\"nom\"\u003E\n        \u003Ch2\u003EPoint d'information du Parc national du Mercantour - Val d'Allos\u003C\/h2\u003E\n        \n            \u003C\/div\u003E\n\n         \n    \u003C!-- partie adresse --\u003E\n    \u003Cdiv class=\"adresse\"\u003E\n    \n          \n    \u003C\/div\u003E\n    \n    \u003C!-- partie liens --\u003E\n    \u003Cdiv class=\"liens\"\u003E\n            \u003Ca class=\"btn-icon btn-view \" title=\"Voir la fiche d\u00e9taill\u00e9e\" href=\"point-d-information-du-parc-national-du-mercantour-val-d-allos-val-dallos-le-village.html?origine=carnet\"\u003E\u003C\/a\u003E\u003C!--\u003Ca class=\"btn-icon btn-view \" title=\"\" href=\"?origine=carnet#thaut\"\u003E\u003C\/a\u003E--\u003E\n      \u003Ca class=\"btn-icon btn-trash carnet_voyage_supprimer\" title=\"Supprimer cette fiche de mon carnet de voyage\" href=\"carnet-voyage?action=remove&fiche=A|4645645\"\u003E\u003C\/a\u003E\n    \u003C\/div\u003E\n\n\u003C\/div\u003E\n\n","icon":"https:\/\/static.ingenie.fr\/images\/carnetVoyageV3\/A.png"},"fiche":"A|4645645","popup":"\u003Cdiv id=\"bloc_popup_ajout_fiche_carnet\"\u003E\n    \u003Cdiv class=\"info_popup_ajout_fiche_carnet\"\u003E\n        Vous venez d'ajouter cet \u00e9l\u00e9ment \u00e0 votre s\u00e9lection :    \u003C\/div\u003E\n    \u003Cdiv class=\"prest_popup_ajout_fiche_carnet\"\u003E\n        Point d&#039;information du Parc national du Mercantour - Val d&#039;Allos    \u003C\/div\u003E\n    \u003Cdiv class=\"bloc_btn_ajout_fiche_carnet form_submit_div\"\u003E\n        \u003Cinput type=\"button\" value=\"Continuer ma s\u00e9lection\" title=\"Continuer ma s\u00e9lection\" name=\"btn_close\" class=\"btn_close_popup_carnet form_submit\" onclick=\"$.colorbox.close()\" \/\u003E\n        \u003Cinput type=\"button\" value=\"Voir ma s\u00e9lection\" title=\"Voir ma s\u00e9lection\" name=\"btn_panier\" class=\"btn_panier_popup_carnet form_submit\" onclick=\"if(typeof CarnetVoyage != 'undefined') {CarnetVoyage.voirCarnet();}\" \/\u003E\n    \u003C\/div\u003E\n    \u003Cdiv class=\"bloc_btn_ajout_fiche_carnet\"\u003E\n        \u003Cinput type=\"checkbox\" value=\"1\" name=\"desactiver_popup\" id=\"desactiver_popup\" \/\u003E\n        \u003Clabel for=\"desactiver_popup\"\u003ENe plus afficher ce message\u003C\/label\u003E\n    \u003C\/div\u003E\n\u003C\/div\u003E","success":1}